{"id":14804,"date":"2023-03-03T11:22:16","date_gmt":"2023-03-03T11:22:16","guid":{"rendered":"https:\/\/ferrangarreta.net\/aviso-legal-y-politica-de-privacidad\/"},"modified":"2023-05-11T14:06:30","modified_gmt":"2023-05-11T14:06:30","slug":"aviso-legal-y-politica-de-privacidad","status":"publish","type":"page","link":"https:\/\/www.ferrangarreta.com\/es\/aviso-legal-y-politica-de-privacidad\/","title":{"rendered":"Aviso legal y pol\u00edtica de privacidad"},"content":{"rendered":"\t\t<div data-elementor-type=\"wp-page\" data-elementor-id=\"14804\" class=\"elementor elementor-14804 elementor-1365\" data-elementor-post-type=\"page\">\n\t\t\t\t\t\t<section class=\"elementor-section elementor-top-section elementor-element elementor-element-be86ec7 elementor-section-boxed elementor-section-height-default elementor-section-height-default\" data-id=\"be86ec7\" data-element_type=\"section\" data-e-type=\"section\" data-settings=\"{&quot;shape_divider_bottom&quot;:&quot;mountains&quot;}\">\n\t\t\t\t\t<div class=\"elementor-shape elementor-shape-bottom\" aria-hidden=\"true\" data-negative=\"false\">\n\t\t\t<svg xmlns=\"http:\/\/www.w3.org\/2000\/svg\" viewBox=\"0 0 1000 100\" preserveAspectRatio=\"none\">\n\t<path class=\"elementor-shape-fill\" opacity=\"0.33\" d=\"M473,67.3c-203.9,88.3-263.1-34-320.3,0C66,119.1,0,59.7,0,59.7V0h1000v59.7 c0,0-62.1,26.1-94.9,29.3c-32.8,3.3-62.8-12.3-75.8-22.1C806,49.6,745.3,8.7,694.9,4.7S492.4,59,473,67.3z\"\/>\n\t<path class=\"elementor-shape-fill\" opacity=\"0.66\" d=\"M734,67.3c-45.5,0-77.2-23.2-129.1-39.1c-28.6-8.7-150.3-10.1-254,39.1 s-91.7-34.4-149.2,0C115.7,118.3,0,39.8,0,39.8V0h1000v36.5c0,0-28.2-18.5-92.1-18.5C810.2,18.1,775.7,67.3,734,67.3z\"\/>\n\t<path class=\"elementor-shape-fill\" d=\"M766.1,28.9c-200-57.5-266,65.5-395.1,19.5C242,1.8,242,5.4,184.8,20.6C128,35.8,132.3,44.9,89.9,52.5C28.6,63.7,0,0,0,0 h1000c0,0-9.9,40.9-83.6,48.1S829.6,47,766.1,28.9z\"\/>\n<\/svg>\t\t<\/div>\n\t\t\t\t\t<div class=\"elementor-container elementor-column-gap-default\">\n\t\t\t\t\t<div class=\"elementor-column elementor-col-100 elementor-top-column elementor-element elementor-element-0c69186\" data-id=\"0c69186\" data-element_type=\"column\" data-e-type=\"column\">\n\t\t\t<div class=\"elementor-widget-wrap elementor-element-populated\">\n\t\t\t\t\t\t<section class=\"elementor-section elementor-inner-section elementor-element elementor-element-0746ff6 elementor-section-boxed elementor-section-height-default elementor-section-height-default\" data-id=\"0746ff6\" data-element_type=\"section\" data-e-type=\"section\">\n\t\t\t\t\t\t<div class=\"elementor-container elementor-column-gap-default\">\n\t\t\t\t\t<div class=\"elementor-column elementor-col-100 elementor-inner-column elementor-element elementor-element-5b205ca\" data-id=\"5b205ca\" data-element_type=\"column\" data-e-type=\"column\">\n\t\t\t<div class=\"elementor-widget-wrap elementor-element-populated\">\n\t\t\t\t\t\t<div class=\"elementor-element elementor-element-a52691f elementor-widget elementor-widget-heading\" data-id=\"a52691f\" data-element_type=\"widget\" data-e-type=\"widget\" data-widget_type=\"heading.default\">\n\t\t\t\t<div class=\"elementor-widget-container\">\n\t\t\t\t\t<h2 class=\"elementor-heading-title elementor-size-default\">Aviso legal y pol\u00edtica de privacidad<\/h2>\t\t\t\t<\/div>\n\t\t\t\t<\/div>\n\t\t\t\t\t<\/div>\n\t\t<\/div>\n\t\t\t\t\t<\/div>\n\t\t<\/section>\n\t\t\t\t\t<\/div>\n\t\t<\/div>\n\t\t\t\t\t<\/div>\n\t\t<\/section>\n\t\t\t\t<section class=\"elementor-section elementor-top-section elementor-element elementor-element-9b4eb24 elementor-section-boxed elementor-section-height-default elementor-section-height-default\" data-id=\"9b4eb24\" data-element_type=\"section\" data-e-type=\"section\" data-settings=\"{&quot;shape_divider_bottom&quot;:&quot;mountains&quot;}\">\n\t\t\t\t\t<div class=\"elementor-shape elementor-shape-bottom\" aria-hidden=\"true\" data-negative=\"false\">\n\t\t\t<svg xmlns=\"http:\/\/www.w3.org\/2000\/svg\" viewBox=\"0 0 1000 100\" preserveAspectRatio=\"none\">\n\t<path class=\"elementor-shape-fill\" opacity=\"0.33\" d=\"M473,67.3c-203.9,88.3-263.1-34-320.3,0C66,119.1,0,59.7,0,59.7V0h1000v59.7 c0,0-62.1,26.1-94.9,29.3c-32.8,3.3-62.8-12.3-75.8-22.1C806,49.6,745.3,8.7,694.9,4.7S492.4,59,473,67.3z\"\/>\n\t<path class=\"elementor-shape-fill\" opacity=\"0.66\" d=\"M734,67.3c-45.5,0-77.2-23.2-129.1-39.1c-28.6-8.7-150.3-10.1-254,39.1 s-91.7-34.4-149.2,0C115.7,118.3,0,39.8,0,39.8V0h1000v36.5c0,0-28.2-18.5-92.1-18.5C810.2,18.1,775.7,67.3,734,67.3z\"\/>\n\t<path class=\"elementor-shape-fill\" d=\"M766.1,28.9c-200-57.5-266,65.5-395.1,19.5C242,1.8,242,5.4,184.8,20.6C128,35.8,132.3,44.9,89.9,52.5C28.6,63.7,0,0,0,0 h1000c0,0-9.9,40.9-83.6,48.1S829.6,47,766.1,28.9z\"\/>\n<\/svg>\t\t<\/div>\n\t\t\t\t\t<div class=\"elementor-container elementor-column-gap-default\">\n\t\t\t\t\t<div class=\"elementor-column elementor-col-100 elementor-top-column elementor-element elementor-element-b047e29\" data-id=\"b047e29\" data-element_type=\"column\" data-e-type=\"column\">\n\t\t\t<div class=\"elementor-widget-wrap elementor-element-populated\">\n\t\t\t\t\t\t<div class=\"elementor-element elementor-element-9fac4e5 elementor-widget elementor-widget-text-editor\" data-id=\"9fac4e5\" data-element_type=\"widget\" data-e-type=\"widget\" data-widget_type=\"text-editor.default\">\n\t\t\t\t<div class=\"elementor-widget-container\">\n\t\t\t\t\t\t\t\t\t<p class=\"textTitol\">Notas legales<\/p>\n<p class=\"text\"><strong>Informaci\u00f3n general<\/strong><\/p>\n<\/p>\n<p class=\"text\">En cumplimiento de la ley 34\/2002, de 11 de julio, de servicios de la sociedad de la informaci\u00f3n y del comercio electr\u00f3nico:<\/p>\n<\/p>\n<p class=\"text\">Titular de la p\u00e1gina web: Ferran Garreta<\/p>\n<\/p>\n<p class=\"text\">Direcci\u00f3n de correo electr\u00f3nico de contacto: <a href=\"mailto:info@ferrangarreta.com\">info@ferrangarreta.com<\/a><\/p>\n<p><a href=\"https:\/\/www.ferrangarreta.com\/\">www.ferrangarreta.com<\/a> es la direcci\u00f3n web de Ferran Garreta mediante la cual ofrece a los usuarios de internet informaci\u00f3n sobre la empresa y los servicios que ofrece.<\/p>\n<p>Tel. 616774441<\/p>\n<\/p>\n<p class=\"text\"><strong>Propiedad intelectual<\/strong><\/p>\n<\/p>\n<p class=\"text\">\u00a9 Copyright 2008 Ferran Garreta, todos los derechos de explotaci\u00f3n est\u00e1n reservados.<\/p>\n<p>Los derechos de propiedad intelectual sobre el contenido \u00edntegro de esta p\u00e1gina web son propiedad de Ferran Garreta<\/p>\n<p>Queda prohibida la reproducci\u00f3n, retransmisi\u00f3n, copia, cesi\u00f3n o difusi\u00f3n total o parcial de su contenido sin autorizaci\u00f3n expresa y por escrito. As\u00ed como tampoco se autoriza:<\/p>\n<\/p>\n<p class=\"text\">\u2022 Presentaci\u00f3n de una p\u00e1gina del sitio web en una ventana que no pertenece a Ferran Garreta por medio de \u201cframing\u201d.<\/p>\n<p>\u2022 La inserci\u00f3n de una imagen difundida en el sitio web en una p\u00e1gina que no es de Ferran Garreta mediante \u201cin line linking\u201d.<\/p>\n<p>\u2022 La extracci\u00f3n de elementos del sitio web causando perjuicio a Ferran Garreta conforme a las disposiciones vigentes.<\/p>\n<\/p>\n<p class=\"text\"><strong>Responsabilidad de los contenidos y de los enlaces<\/strong><\/p>\n<\/p>\n<p class=\"text\">Ferran Garreta no asume la responsabilidad de las infracciones que los usuarios puedan incurrir o de los da\u00f1os y perjuicios causados por la utilizaci\u00f3n de esta web y se reserva el derecho de actualizaci\u00f3n y modificaci\u00f3n de la informaci\u00f3n sin previo aviso.<\/p>\n<p>Ferran Garreta no asume la responsabilidad del contenido, veracidad y errores en los enlaces a los que se puede acceder a trav\u00e9s de la p\u00e1gina web. La \u00fanica finalidad de los enlaces es proporcionar a los usuarios el acceso a una informaci\u00f3n que puede ser de su inter\u00e9s.<\/p>\n<\/p>\n<p class=\"text\"><strong>Datos de car\u00e1cter personal: pol\u00edtica de privacidad<\/strong><\/p>\n<\/p>\n<p class=\"text\">Los datos que el usuario facilite voluntariamente a trav\u00e9s de esta p\u00e1gina web, ser\u00e1n objeto de tratamiento automatizado y se incorporar\u00e1n a un archivo propiedad de Ferran Garreta a utilizar sus datos personales por funciones comerciales, permitiendo enviar informaciones publicitarias relacionadas con sus productos y servicios. Sus datos podr\u00e1n ser cedidos a otras empresas con fines promocionales y publicitarios.<\/p>\n<p>Seg\u00fan establece la Ley Org\u00e1nica 15\/1999, de 13 de diciembre, de protecci\u00f3n de datos de car\u00e1cter personal, cualquier usuario puede ejercer el derecho de acceso, rectificaci\u00f3n, cancelaci\u00f3n y oposici\u00f3n de sus datos personales facilitados, dirigi\u00e9ndose por escrito en:<\/p>\n<\/p>\n<p class=\"text\">Ferran Garreta<\/p>\n<p>info@ferrangarreta.com<\/p>\n<\/p>\n<p class=\"text\">El sistema de navegaci\u00f3n y el software necesarios para el funcionamiento de este sitio web recoge, en el curso normal para su ejercicio, algunos datos personales cuya transmisi\u00f3n est\u00e1 impl\u00edcita en el uso de los protocolos de comunicaci\u00f3n de internet. Se trata de informaci\u00f3n que no es obtenida por ser asociada a interesados identificados, pero que por su naturaleza podr\u00edan, mediante su elaboraci\u00f3n o asociaci\u00f3n con datos de terceros, permitir su identificaci\u00f3n. Estos datos se utilizan con la exclusiva finalidad de obtener informaci\u00f3n estad\u00edstica an\u00f3nima sobre el uso del sitio web, as\u00ed como tambi\u00e9n para controlar su correcto funcionamiento t\u00e9cnico y se cancelan inmediatamente despu\u00e9s de su elaboraci\u00f3n.<\/p>\n<\/p>\n<p class=\"text\"><strong>Ley y jurisdicci\u00f3n aplicable<\/strong><\/p>\n<\/p>\n<p class=\"text\">Las anteriores condiciones se regir\u00e1n por la normativa espa\u00f1ola.<\/p>\n\t\t\t\t\t\t\t\t<\/div>\n\t\t\t\t<\/div>\n\t\t\t\t\t<\/div>\n\t\t<\/div>\n\t\t\t\t\t<\/div>\n\t\t<\/section>\n\t\t\t\t<\/div>\n\t\t","protected":false},"excerpt":{"rendered":"<p>Aviso legal y pol\u00edtica de privacidad Notas legales Informaci\u00f3n general En cumplimiento de la ley 34\/2002, de 11 de julio, de servicios de la sociedad de la informaci\u00f3n y del comercio electr\u00f3nico: Titular de la p\u00e1gina web: Ferran Garreta Direcci\u00f3n de correo electr\u00f3nico de contacto: info@ferrangarreta.com www.ferrangarreta.com es la direcci\u00f3n web de Ferran Garreta mediante [&hellip;]<\/p>\n","protected":false},"author":4,"featured_media":0,"parent":0,"menu_order":0,"comment_status":"closed","ping_status":"closed","template":"","meta":{"footnotes":""},"class_list":["post-14804","page","type-page","status-publish","hentry"],"yoast_head":"<!-- This site is optimized with the Yoast SEO plugin v27.5 - https:\/\/yoast.com\/product\/yoast-seo-wordpress\/ -->\n<title>Aviso legal y pol\u00edtica de privacidad - Ferran Garreta<\/title>\n<meta name=\"robots\" content=\"index, follow, max-snippet:-1, max-image-preview:large, max-video-preview:-1\" \/>\n<link rel=\"canonical\" href=\"https:\/\/www.ferrangarreta.com\/es\/aviso-legal-y-politica-de-privacidad\/\" \/>\n<meta property=\"og:locale\" content=\"es_ES\" \/>\n<meta property=\"og:type\" content=\"article\" \/>\n<meta property=\"og:title\" content=\"Aviso legal y pol\u00edtica de privacidad - Ferran Garreta\" \/>\n<meta property=\"og:description\" content=\"Aviso legal y pol\u00edtica de privacidad Notas legales Informaci\u00f3n general En cumplimiento de la ley 34\/2002, de 11 de julio, de servicios de la sociedad de la informaci\u00f3n y del comercio electr\u00f3nico: Titular de la p\u00e1gina web: Ferran Garreta Direcci\u00f3n de correo electr\u00f3nico de contacto: info@ferrangarreta.com www.ferrangarreta.com es la direcci\u00f3n web de Ferran Garreta mediante [&hellip;]\" \/>\n<meta property=\"og:url\" content=\"https:\/\/www.ferrangarreta.com\/es\/aviso-legal-y-politica-de-privacidad\/\" \/>\n<meta property=\"og:site_name\" content=\"Ferran Garreta\" \/>\n<meta property=\"article:modified_time\" content=\"2023-05-11T14:06:30+00:00\" \/>\n<meta name=\"twitter:card\" content=\"summary_large_image\" \/>\n<meta name=\"twitter:label1\" content=\"Tiempo de lectura\" \/>\n\t<meta name=\"twitter:data1\" content=\"3 minutos\" \/>\n<script type=\"application\/ld+json\" class=\"yoast-schema-graph\">{\"@context\":\"https:\\\/\\\/schema.org\",\"@graph\":[{\"@type\":\"WebPage\",\"@id\":\"https:\\\/\\\/www.ferrangarreta.com\\\/es\\\/aviso-legal-y-politica-de-privacidad\\\/\",\"url\":\"https:\\\/\\\/www.ferrangarreta.com\\\/es\\\/aviso-legal-y-politica-de-privacidad\\\/\",\"name\":\"Aviso legal y pol\u00edtica de privacidad - Ferran Garreta\",\"isPartOf\":{\"@id\":\"https:\\\/\\\/www.ferrangarreta.com\\\/es\\\/#website\"},\"datePublished\":\"2023-03-03T11:22:16+00:00\",\"dateModified\":\"2023-05-11T14:06:30+00:00\",\"breadcrumb\":{\"@id\":\"https:\\\/\\\/www.ferrangarreta.com\\\/es\\\/aviso-legal-y-politica-de-privacidad\\\/#breadcrumb\"},\"inLanguage\":\"es\",\"potentialAction\":[{\"@type\":\"ReadAction\",\"target\":[\"https:\\\/\\\/www.ferrangarreta.com\\\/es\\\/aviso-legal-y-politica-de-privacidad\\\/\"]}]},{\"@type\":\"BreadcrumbList\",\"@id\":\"https:\\\/\\\/www.ferrangarreta.com\\\/es\\\/aviso-legal-y-politica-de-privacidad\\\/#breadcrumb\",\"itemListElement\":[{\"@type\":\"ListItem\",\"position\":1,\"name\":\"Inici\",\"item\":\"https:\\\/\\\/www.ferrangarreta.com\\\/es\\\/inicio\\\/\"},{\"@type\":\"ListItem\",\"position\":2,\"name\":\"Aviso legal y pol\u00edtica de privacidad\"}]},{\"@type\":\"WebSite\",\"@id\":\"https:\\\/\\\/www.ferrangarreta.com\\\/es\\\/#website\",\"url\":\"https:\\\/\\\/www.ferrangarreta.com\\\/es\\\/\",\"name\":\"Ferran Garreta\",\"description\":\"Empresa familiar ubicada a la ciutat de Vic (Barcelona), dedicada al treball de l\u2019aram, el llaut\u00f3, la plata i l\u2019or, de forma art\u00edstica i manual.Ferran Garreta \u00e9s una empresa familiar ubicada a la ciutat de Vic (Barcelona), dedicada al treball de l\u2019aram, el llaut\u00f3, la plata i l\u2019or, de forma art\u00edstica i manual.\",\"publisher\":{\"@id\":\"https:\\\/\\\/www.ferrangarreta.com\\\/es\\\/#organization\"},\"potentialAction\":[{\"@type\":\"SearchAction\",\"target\":{\"@type\":\"EntryPoint\",\"urlTemplate\":\"https:\\\/\\\/www.ferrangarreta.com\\\/es\\\/?s={search_term_string}\"},\"query-input\":{\"@type\":\"PropertyValueSpecification\",\"valueRequired\":true,\"valueName\":\"search_term_string\"}}],\"inLanguage\":\"es\"},{\"@type\":\"Organization\",\"@id\":\"https:\\\/\\\/www.ferrangarreta.com\\\/es\\\/#organization\",\"name\":\"Ferran Garreta\",\"url\":\"https:\\\/\\\/www.ferrangarreta.com\\\/es\\\/\",\"logo\":{\"@type\":\"ImageObject\",\"inLanguage\":\"es\",\"@id\":\"https:\\\/\\\/www.ferrangarreta.com\\\/es\\\/#\\\/schema\\\/logo\\\/image\\\/\",\"url\":\"https:\\\/\\\/www.ferrangarreta.com\\\/wp-content\\\/uploads\\\/2023\\\/02\\\/ferran-garreta-logo-w.png\",\"contentUrl\":\"https:\\\/\\\/www.ferrangarreta.com\\\/wp-content\\\/uploads\\\/2023\\\/02\\\/ferran-garreta-logo-w.png\",\"width\":1003,\"height\":184,\"caption\":\"Ferran Garreta\"},\"image\":{\"@id\":\"https:\\\/\\\/www.ferrangarreta.com\\\/es\\\/#\\\/schema\\\/logo\\\/image\\\/\"}}]}<\/script>\n<!-- \/ Yoast SEO plugin. -->","yoast_head_json":{"title":"Aviso legal y pol\u00edtica de privacidad - Ferran Garreta","robots":{"index":"index","follow":"follow","max-snippet":"max-snippet:-1","max-image-preview":"max-image-preview:large","max-video-preview":"max-video-preview:-1"},"canonical":"https:\/\/www.ferrangarreta.com\/es\/aviso-legal-y-politica-de-privacidad\/","og_locale":"es_ES","og_type":"article","og_title":"Aviso legal y pol\u00edtica de privacidad - Ferran Garreta","og_description":"Aviso legal y pol\u00edtica de privacidad Notas legales Informaci\u00f3n general En cumplimiento de la ley 34\/2002, de 11 de julio, de servicios de la sociedad de la informaci\u00f3n y del comercio electr\u00f3nico: Titular de la p\u00e1gina web: Ferran Garreta Direcci\u00f3n de correo electr\u00f3nico de contacto: info@ferrangarreta.com www.ferrangarreta.com es la direcci\u00f3n web de Ferran Garreta mediante [&hellip;]","og_url":"https:\/\/www.ferrangarreta.com\/es\/aviso-legal-y-politica-de-privacidad\/","og_site_name":"Ferran Garreta","article_modified_time":"2023-05-11T14:06:30+00:00","twitter_card":"summary_large_image","twitter_misc":{"Tiempo de lectura":"3 minutos"},"schema":{"@context":"https:\/\/schema.org","@graph":[{"@type":"WebPage","@id":"https:\/\/www.ferrangarreta.com\/es\/aviso-legal-y-politica-de-privacidad\/","url":"https:\/\/www.ferrangarreta.com\/es\/aviso-legal-y-politica-de-privacidad\/","name":"Aviso legal y pol\u00edtica de privacidad - Ferran Garreta","isPartOf":{"@id":"https:\/\/www.ferrangarreta.com\/es\/#website"},"datePublished":"2023-03-03T11:22:16+00:00","dateModified":"2023-05-11T14:06:30+00:00","breadcrumb":{"@id":"https:\/\/www.ferrangarreta.com\/es\/aviso-legal-y-politica-de-privacidad\/#breadcrumb"},"inLanguage":"es","potentialAction":[{"@type":"ReadAction","target":["https:\/\/www.ferrangarreta.com\/es\/aviso-legal-y-politica-de-privacidad\/"]}]},{"@type":"BreadcrumbList","@id":"https:\/\/www.ferrangarreta.com\/es\/aviso-legal-y-politica-de-privacidad\/#breadcrumb","itemListElement":[{"@type":"ListItem","position":1,"name":"Inici","item":"https:\/\/www.ferrangarreta.com\/es\/inicio\/"},{"@type":"ListItem","position":2,"name":"Aviso legal y pol\u00edtica de privacidad"}]},{"@type":"WebSite","@id":"https:\/\/www.ferrangarreta.com\/es\/#website","url":"https:\/\/www.ferrangarreta.com\/es\/","name":"Ferran Garreta","description":"Empresa familiar ubicada a la ciutat de Vic (Barcelona), dedicada al treball de l\u2019aram, el llaut\u00f3, la plata i l\u2019or, de forma art\u00edstica i manual.Ferran Garreta \u00e9s una empresa familiar ubicada a la ciutat de Vic (Barcelona), dedicada al treball de l\u2019aram, el llaut\u00f3, la plata i l\u2019or, de forma art\u00edstica i manual.","publisher":{"@id":"https:\/\/www.ferrangarreta.com\/es\/#organization"},"potentialAction":[{"@type":"SearchAction","target":{"@type":"EntryPoint","urlTemplate":"https:\/\/www.ferrangarreta.com\/es\/?s={search_term_string}"},"query-input":{"@type":"PropertyValueSpecification","valueRequired":true,"valueName":"search_term_string"}}],"inLanguage":"es"},{"@type":"Organization","@id":"https:\/\/www.ferrangarreta.com\/es\/#organization","name":"Ferran Garreta","url":"https:\/\/www.ferrangarreta.com\/es\/","logo":{"@type":"ImageObject","inLanguage":"es","@id":"https:\/\/www.ferrangarreta.com\/es\/#\/schema\/logo\/image\/","url":"https:\/\/www.ferrangarreta.com\/wp-content\/uploads\/2023\/02\/ferran-garreta-logo-w.png","contentUrl":"https:\/\/www.ferrangarreta.com\/wp-content\/uploads\/2023\/02\/ferran-garreta-logo-w.png","width":1003,"height":184,"caption":"Ferran Garreta"},"image":{"@id":"https:\/\/www.ferrangarreta.com\/es\/#\/schema\/logo\/image\/"}}]}},"_links":{"self":[{"href":"https:\/\/www.ferrangarreta.com\/es\/wp-json\/wp\/v2\/pages\/14804","targetHints":{"allow":["GET"]}}],"collection":[{"href":"https:\/\/www.ferrangarreta.com\/es\/wp-json\/wp\/v2\/pages"}],"about":[{"href":"https:\/\/www.ferrangarreta.com\/es\/wp-json\/wp\/v2\/types\/page"}],"author":[{"embeddable":true,"href":"https:\/\/www.ferrangarreta.com\/es\/wp-json\/wp\/v2\/users\/4"}],"replies":[{"embeddable":true,"href":"https:\/\/www.ferrangarreta.com\/es\/wp-json\/wp\/v2\/comments?post=14804"}],"version-history":[{"count":3,"href":"https:\/\/www.ferrangarreta.com\/es\/wp-json\/wp\/v2\/pages\/14804\/revisions"}],"predecessor-version":[{"id":14807,"href":"https:\/\/www.ferrangarreta.com\/es\/wp-json\/wp\/v2\/pages\/14804\/revisions\/14807"}],"wp:attachment":[{"href":"https:\/\/www.ferrangarreta.com\/es\/wp-json\/wp\/v2\/media?parent=14804"}],"curies":[{"name":"wp","href":"https:\/\/api.w.org\/{rel}","templated":true}]}}