{"id":14812,"date":"2023-03-02T16:06:09","date_gmt":"2023-03-02T16:06:09","guid":{"rendered":"https:\/\/ferrangarreta.net\/cascos\/"},"modified":"2023-12-04T20:37:09","modified_gmt":"2023-12-04T20:37:09","slug":"cascos","status":"publish","type":"page","link":"https:\/\/www.ferrangarreta.com\/es\/cascos\/","title":{"rendered":"Cascos"},"content":{"rendered":"\t\t<div data-elementor-type=\"wp-page\" data-elementor-id=\"14812\" class=\"elementor elementor-14812 elementor-507\" data-elementor-post-type=\"page\">\n\t\t\t\t\t\t<section class=\"elementor-section elementor-top-section elementor-element elementor-element-b023d52 elementor-section-full_width elementor-section-height-min-height elementor-section-height-default elementor-section-items-middle\" data-id=\"b023d52\" data-element_type=\"section\" data-e-type=\"section\">\n\t\t\t\t\t\t<div class=\"elementor-container elementor-column-gap-default\">\n\t\t\t\t\t<div class=\"elementor-column elementor-col-100 elementor-top-column elementor-element elementor-element-d1188cf\" data-id=\"d1188cf\" data-element_type=\"column\" data-e-type=\"column\">\n\t\t\t<div class=\"elementor-widget-wrap elementor-element-populated\">\n\t\t\t\t\t\t<div class=\"elementor-element elementor-element-51c6c86 elementor--h-position-center elementor--v-position-middle elementor-arrows-position-inside elementor-pagination-position-inside elementor-widget elementor-widget-slides\" data-id=\"51c6c86\" data-element_type=\"widget\" data-e-type=\"widget\" data-settings=\"{&quot;navigation&quot;:&quot;both&quot;,&quot;autoplay&quot;:&quot;yes&quot;,&quot;pause_on_hover&quot;:&quot;yes&quot;,&quot;pause_on_interaction&quot;:&quot;yes&quot;,&quot;autoplay_speed&quot;:5000,&quot;infinite&quot;:&quot;yes&quot;,&quot;transition&quot;:&quot;slide&quot;,&quot;transition_speed&quot;:500}\" data-widget_type=\"slides.default\">\n\t\t\t\t<div class=\"elementor-widget-container\">\n\t\t\t\t\t\t\t\t\t<div class=\"elementor-swiper\">\n\t\t\t\t\t<div class=\"elementor-slides-wrapper elementor-main-swiper swiper\" role=\"region\" aria-roledescription=\"carousel\" aria-label=\"Diapositivas\" dir=\"ltr\" data-animation=\"fadeInUp\">\n\t\t\t\t<div class=\"swiper-wrapper elementor-slides\">\n\t\t\t\t\t\t\t\t\t\t<div class=\"elementor-repeater-item-85eb97b swiper-slide\" role=\"group\" aria-roledescription=\"slide\"><div class=\"swiper-slide-bg\" role=\"img\" aria-label=\"ferrangarreta.com_cascrect.AA33g\"><\/div><div class=\"swiper-slide-inner\" ><div class=\"swiper-slide-contents\"><\/div><\/div><\/div>\t\t\t\t<\/div>\n\t\t\t\t\t\t\t<\/div>\n\t\t\t\t<\/div>\n\t\t\t\t\t\t\t\t<\/div>\n\t\t\t\t<\/div>\n\t\t\t\t\t<\/div>\n\t\t<\/div>\n\t\t\t\t\t<\/div>\n\t\t<\/section>\n\t\t\t\t<section class=\"elementor-section elementor-top-section elementor-element elementor-element-67ace2e elementor-section-boxed elementor-section-height-default elementor-section-height-default\" data-id=\"67ace2e\" data-element_type=\"section\" data-e-type=\"section\">\n\t\t\t\t\t\t<div class=\"elementor-container elementor-column-gap-default\">\n\t\t\t\t\t<div class=\"elementor-column elementor-col-100 elementor-top-column elementor-element elementor-element-fb48fe4\" data-id=\"fb48fe4\" data-element_type=\"column\" data-e-type=\"column\">\n\t\t\t<div class=\"elementor-widget-wrap elementor-element-populated\">\n\t\t\t\t\t\t<section class=\"elementor-section elementor-inner-section elementor-element elementor-element-e71dc4f elementor-section-boxed elementor-section-height-default elementor-section-height-default\" data-id=\"e71dc4f\" data-element_type=\"section\" data-e-type=\"section\">\n\t\t\t\t\t\t<div class=\"elementor-container elementor-column-gap-default\">\n\t\t\t\t\t<div class=\"elementor-column elementor-col-100 elementor-inner-column elementor-element elementor-element-1e38dc0\" data-id=\"1e38dc0\" data-element_type=\"column\" data-e-type=\"column\">\n\t\t\t<div class=\"elementor-widget-wrap elementor-element-populated\">\n\t\t\t\t\t\t<div class=\"elementor-element elementor-element-92c398d elementor-widget elementor-widget-heading\" data-id=\"92c398d\" data-element_type=\"widget\" data-e-type=\"widget\" data-widget_type=\"heading.default\">\n\t\t\t\t<div class=\"elementor-widget-container\">\n\t\t\t\t\t<h2 class=\"elementor-heading-title elementor-size-default\">Recreaci\u00f3n hist\u00f3rica<\/h2>\t\t\t\t<\/div>\n\t\t\t\t<\/div>\n\t\t\t\t<div class=\"elementor-element elementor-element-0d66870 elementor-widget elementor-widget-heading\" data-id=\"0d66870\" data-element_type=\"widget\" data-e-type=\"widget\" data-widget_type=\"heading.default\">\n\t\t\t\t<div class=\"elementor-widget-container\">\n\t\t\t\t\t<h3 class=\"elementor-heading-title elementor-size-default\">Cascos<\/h3>\t\t\t\t<\/div>\n\t\t\t\t<\/div>\n\t\t\t\t\t<\/div>\n\t\t<\/div>\n\t\t\t\t\t<\/div>\n\t\t<\/section>\n\t\t\t\t<section class=\"elementor-section elementor-inner-section elementor-element elementor-element-d19db89 elementor-section-boxed elementor-section-height-default elementor-section-height-default\" data-id=\"d19db89\" data-element_type=\"section\" data-e-type=\"section\">\n\t\t\t\t\t\t<div class=\"elementor-container elementor-column-gap-default\">\n\t\t\t\t\t<div class=\"elementor-column elementor-col-100 elementor-inner-column elementor-element elementor-element-e6e03e7\" data-id=\"e6e03e7\" data-element_type=\"column\" data-e-type=\"column\">\n\t\t\t<div class=\"elementor-widget-wrap elementor-element-populated\">\n\t\t\t\t\t\t<div class=\"elementor-element elementor-element-1c72465 elementor-widget elementor-widget-text-editor\" data-id=\"1c72465\" data-element_type=\"widget\" data-e-type=\"widget\" data-widget_type=\"text-editor.default\">\n\t\t\t\t<div class=\"elementor-widget-container\">\n\t\t\t\t\t\t\t\t\t<p>A trav\u00e9s de im\u00e1genes y documentaci\u00f3n de piezas aut\u00e9nticas de uso militar de \u00e9poca griega, etrusca, samnita y romana, realizamos r\u00e9plicas en lat\u00f3n, bronce, acero y plata, empleando las mismas t\u00e9cnicas que en la antig\u00fcedad: embutido, grabado, cincelado, forjado y remachado. Obteniendo una pieza \u00fanica, hecha a mano y a medida.<\/p>\n\t\t\t\t\t\t\t\t<\/div>\n\t\t\t\t<\/div>\n\t\t\t\t\t<\/div>\n\t\t<\/div>\n\t\t\t\t\t<\/div>\n\t\t<\/section>\n\t\t\t\t\t<\/div>\n\t\t<\/div>\n\t\t\t\t\t<\/div>\n\t\t<\/section>\n\t\t\t\t<section class=\"elementor-section elementor-top-section elementor-element elementor-element-1734e8d elementor-section-full_width elementor-section-height-default elementor-section-height-default\" data-id=\"1734e8d\" data-element_type=\"section\" data-e-type=\"section\">\n\t\t\t\t\t\t<div class=\"elementor-container elementor-column-gap-default\">\n\t\t\t\t\t<div class=\"elementor-column elementor-col-100 elementor-top-column elementor-element elementor-element-3b29687\" data-id=\"3b29687\" data-element_type=\"column\" data-e-type=\"column\">\n\t\t\t<div class=\"elementor-widget-wrap elementor-element-populated\">\n\t\t\t\t\t\t<div class=\"elementor-element elementor-element-0fb0844 elementor-widget elementor-widget-gallery\" data-id=\"0fb0844\" data-element_type=\"widget\" data-e-type=\"widget\" data-settings=\"{&quot;columns&quot;:5,&quot;columns_tablet&quot;:&quot;3&quot;,&quot;gap&quot;:{&quot;unit&quot;:&quot;px&quot;,&quot;size&quot;:&quot;25&quot;,&quot;sizes&quot;:[]},&quot;aspect_ratio&quot;:&quot;1:1&quot;,&quot;overlay_title&quot;:&quot;title&quot;,&quot;lazyload&quot;:&quot;yes&quot;,&quot;gallery_layout&quot;:&quot;grid&quot;,&quot;columns_mobile&quot;:1,&quot;gap_tablet&quot;:{&quot;unit&quot;:&quot;px&quot;,&quot;size&quot;:10,&quot;sizes&quot;:[]},&quot;gap_mobile&quot;:{&quot;unit&quot;:&quot;px&quot;,&quot;size&quot;:10,&quot;sizes&quot;:[]},&quot;link_to&quot;:&quot;file&quot;,&quot;overlay_background&quot;:&quot;yes&quot;,&quot;content_hover_animation&quot;:&quot;fade-in&quot;}\" data-widget_type=\"gallery.default\">\n\t\t\t\t<div class=\"elementor-widget-container\">\n\t\t\t\t\t\t\t<div class=\"elementor-gallery__container\">\n\t\t\t\t\t\t\t<a class=\"e-gallery-item elementor-gallery-item elementor-animated-content\" href=\"https:\/\/www.ferrangarreta.com\/wp-content\/uploads\/2023\/04\/AA1.1.-Casc-etrusc-de-Lattes.-Llauto.-Segles-VI-i-V-a.C.-Italic.jpg\" data-elementor-open-lightbox=\"yes\" data-elementor-lightbox-slideshow=\"0fb0844\" data-elementor-lightbox-title=\"AA1. Casco etrusco de Lates. Lat\u00f3n. Siglos VI-V a.C. It\u00e1lico.\" data-e-action-hash=\"#elementor-action%3Aaction%3Dlightbox%26settings%3DeyJpZCI6MTEzMzUsInVybCI6Imh0dHBzOlwvXC93d3cuZmVycmFuZ2FycmV0YS5jb21cL3dwLWNvbnRlbnRcL3VwbG9hZHNcLzIwMjNcLzA0XC9BQTEuMS4tQ2FzYy1ldHJ1c2MtZGUtTGF0dGVzLi1MbGF1dG8uLVNlZ2xlcy1WSS1pLVYtYS5DLi1JdGFsaWMuanBnIiwic2xpZGVzaG93IjoiMGZiMDg0NCJ9\">\n\t\t\t\t\t<div class=\"e-gallery-image elementor-gallery-item__image\" data-thumbnail=\"https:\/\/www.ferrangarreta.com\/wp-content\/uploads\/2023\/04\/AA1.1.-Casc-etrusc-de-Lattes.-Llauto.-Segles-VI-i-V-a.C.-Italic.jpg\" data-width=\"330\" data-height=\"413\" aria-label=\"\" role=\"img\" ><\/div>\n\t\t\t\t\t\t\t\t\t\t\t<div class=\"elementor-gallery-item__overlay\"><\/div>\n\t\t\t\t\t\t\t\t\t\t\t\t\t\t\t<div class=\"elementor-gallery-item__content\">\n\t\t\t\t\t\t\t\t\t\t\t\t\t\t<div class=\"elementor-gallery-item__title\">\n\t\t\t\t\t\t\t\t\t\t\t\t\t\t\t\t\t\tAA1. Casco etrusco de Lates. Lat\u00f3n. Siglos VI-V a.C. It\u00e1lico.\t\t\t\t\t\t\t\t<\/div>\n\t\t\t\t\t\t\t\t\t\t\t\t<\/div>\n\t\t\t\t\t\t\t\t\t<\/a>\n\t\t\t\t\t\t\t<a class=\"e-gallery-item elementor-gallery-item elementor-animated-content\" href=\"https:\/\/www.ferrangarreta.com\/wp-content\/uploads\/2023\/04\/AA1.2.-Casc-etrusc-de-Lattes.-Llauto.-Segles-VI-i-V-a.C.-Italic-scaled.jpg\" data-elementor-open-lightbox=\"yes\" data-elementor-lightbox-slideshow=\"0fb0844\" data-elementor-lightbox-title=\"AA2.1. Casco etrusco con m\u00e1scara de Zeus-Ammon. Lat\u00f3n. Siglo V a.C. It\u00e1lico.\" data-e-action-hash=\"#elementor-action%3Aaction%3Dlightbox%26settings%3DeyJpZCI6MTEzMzgsInVybCI6Imh0dHBzOlwvXC93d3cuZmVycmFuZ2FycmV0YS5jb21cL3dwLWNvbnRlbnRcL3VwbG9hZHNcLzIwMjNcLzA0XC9BQTEuMi4tQ2FzYy1ldHJ1c2MtZGUtTGF0dGVzLi1MbGF1dG8uLVNlZ2xlcy1WSS1pLVYtYS5DLi1JdGFsaWMtc2NhbGVkLmpwZyIsInNsaWRlc2hvdyI6IjBmYjA4NDQifQ%3D%3D\">\n\t\t\t\t\t<div class=\"e-gallery-image elementor-gallery-item__image\" data-thumbnail=\"https:\/\/www.ferrangarreta.com\/wp-content\/uploads\/2023\/04\/AA1.2.-Casc-etrusc-de-Lattes.-Llauto.-Segles-VI-i-V-a.C.-Italic-scaled.jpg\" data-width=\"2560\" data-height=\"1920\" aria-label=\"\" role=\"img\" ><\/div>\n\t\t\t\t\t\t\t\t\t\t\t<div class=\"elementor-gallery-item__overlay\"><\/div>\n\t\t\t\t\t\t\t\t\t\t\t\t\t\t\t<div class=\"elementor-gallery-item__content\">\n\t\t\t\t\t\t\t\t\t\t\t\t\t\t<div class=\"elementor-gallery-item__title\">\n\t\t\t\t\t\t\t\t\t\t\t\t\t\t\t\t\t\tAA2.1. Casco etrusco con m\u00e1scara de Zeus-Ammon. Lat\u00f3n. Siglo V a.C. It\u00e1lico.\t\t\t\t\t\t\t\t<\/div>\n\t\t\t\t\t\t\t\t\t\t\t\t<\/div>\n\t\t\t\t\t\t\t\t\t<\/a>\n\t\t\t\t\t\t\t<a class=\"e-gallery-item elementor-gallery-item elementor-animated-content\" href=\"https:\/\/www.ferrangarreta.com\/wp-content\/uploads\/2023\/04\/AA2.-Casc-etrusc-amb-mascara-de-Zeus-Ammon.-Llauto-i-cresta-de-pel-de-cavall.-Segle-V-a.C.-Italic.jpg\" data-elementor-open-lightbox=\"yes\" data-elementor-lightbox-slideshow=\"0fb0844\" data-elementor-lightbox-title=\"AA2.2. Casco etrusco con m\u00e1scara de Zeus-Ammon. Lat\u00f3n y cresta de pelo de caballo. Siglo V a.C. It\u00e1lico.\" data-e-action-hash=\"#elementor-action%3Aaction%3Dlightbox%26settings%3DeyJpZCI6MTEzNDEsInVybCI6Imh0dHBzOlwvXC93d3cuZmVycmFuZ2FycmV0YS5jb21cL3dwLWNvbnRlbnRcL3VwbG9hZHNcLzIwMjNcLzA0XC9BQTIuLUNhc2MtZXRydXNjLWFtYi1tYXNjYXJhLWRlLVpldXMtQW1tb24uLUxsYXV0by1pLWNyZXN0YS1kZS1wZWwtZGUtY2F2YWxsLi1TZWdsZS1WLWEuQy4tSXRhbGljLmpwZyIsInNsaWRlc2hvdyI6IjBmYjA4NDQifQ%3D%3D\">\n\t\t\t\t\t<div class=\"e-gallery-image elementor-gallery-item__image\" data-thumbnail=\"https:\/\/www.ferrangarreta.com\/wp-content\/uploads\/2023\/04\/AA2.-Casc-etrusc-amb-mascara-de-Zeus-Ammon.-Llauto-i-cresta-de-pel-de-cavall.-Segle-V-a.C.-Italic.jpg\" data-width=\"300\" data-height=\"450\" aria-label=\"\" role=\"img\" ><\/div>\n\t\t\t\t\t\t\t\t\t\t\t<div class=\"elementor-gallery-item__overlay\"><\/div>\n\t\t\t\t\t\t\t\t\t\t\t\t\t\t\t<div class=\"elementor-gallery-item__content\">\n\t\t\t\t\t\t\t\t\t\t\t\t\t\t<div class=\"elementor-gallery-item__title\">\n\t\t\t\t\t\t\t\t\t\t\t\t\t\t\t\t\t\tAA2.2. Casco etrusco con m\u00e1scara de Zeus-Ammon. Lat\u00f3n y cresta de pelo de caballo. Siglo V a.C. It\u00e1lico.\t\t\t\t\t\t\t\t<\/div>\n\t\t\t\t\t\t\t\t\t\t\t\t<\/div>\n\t\t\t\t\t\t\t\t\t<\/a>\n\t\t\t\t\t\t\t<a class=\"e-gallery-item elementor-gallery-item elementor-animated-content\" href=\"https:\/\/www.ferrangarreta.com\/wp-content\/uploads\/2023\/04\/AA3.-Casc-grec-de-tipus-calcidic-amb-protectors-facials-en-forma-de-cap-de-cabra.-Llauto.-Segle-V-IV-a.C.jpg\" data-elementor-open-lightbox=\"yes\" data-elementor-lightbox-slideshow=\"0fb0844\" data-elementor-lightbox-title=\"AA3. Casco griego de tipo calc\u00eddico con protectores faciales en forma de cabeza de carnero. Lat\u00f3n. Siglo V-IV a.C.\" data-e-action-hash=\"#elementor-action%3Aaction%3Dlightbox%26settings%3DeyJpZCI6MTEzNDQsInVybCI6Imh0dHBzOlwvXC93d3cuZmVycmFuZ2FycmV0YS5jb21cL3dwLWNvbnRlbnRcL3VwbG9hZHNcLzIwMjNcLzA0XC9BQTMuLUNhc2MtZ3JlYy1kZS10aXB1cy1jYWxjaWRpYy1hbWItcHJvdGVjdG9ycy1mYWNpYWxzLWVuLWZvcm1hLWRlLWNhcC1kZS1jYWJyYS4tTGxhdXRvLi1TZWdsZS1WLUlWLWEuQy5qcGciLCJzbGlkZXNob3ciOiIwZmIwODQ0In0%3D\">\n\t\t\t\t\t<div class=\"e-gallery-image elementor-gallery-item__image\" data-thumbnail=\"https:\/\/www.ferrangarreta.com\/wp-content\/uploads\/2023\/04\/AA3.-Casc-grec-de-tipus-calcidic-amb-protectors-facials-en-forma-de-cap-de-cabra.-Llauto.-Segle-V-IV-a.C.jpg\" data-width=\"766\" data-height=\"1092\" aria-label=\"\" role=\"img\" ><\/div>\n\t\t\t\t\t\t\t\t\t\t\t<div class=\"elementor-gallery-item__overlay\"><\/div>\n\t\t\t\t\t\t\t\t\t\t\t\t\t\t\t<div class=\"elementor-gallery-item__content\">\n\t\t\t\t\t\t\t\t\t\t\t\t\t\t<div class=\"elementor-gallery-item__title\">\n\t\t\t\t\t\t\t\t\t\t\t\t\t\t\t\t\t\tAA3. Casco griego de tipo calc\u00eddico con protectores faciales en forma de cabeza de carnero. Lat\u00f3n. Siglo V-IV a.C.\t\t\t\t\t\t\t\t<\/div>\n\t\t\t\t\t\t\t\t\t\t\t\t<\/div>\n\t\t\t\t\t\t\t\t\t<\/a>\n\t\t\t\t\t\t\t<a class=\"e-gallery-item elementor-gallery-item elementor-animated-content\" href=\"https:\/\/www.ferrangarreta.com\/wp-content\/uploads\/2023\/11\/AA4.jpg\" data-elementor-open-lightbox=\"yes\" data-elementor-lightbox-slideshow=\"0fb0844\" data-elementor-lightbox-title=\"AA4. Casco griego de tipo calc\u00eddico con soporte de cimera en forma de cabeza de cabra. Lat\u00f3n. Siglo V-IV a.C.\" data-e-action-hash=\"#elementor-action%3Aaction%3Dlightbox%26settings%3DeyJpZCI6MTYzMzIsInVybCI6Imh0dHBzOlwvXC93d3cuZmVycmFuZ2FycmV0YS5jb21cL3dwLWNvbnRlbnRcL3VwbG9hZHNcLzIwMjNcLzExXC9BQTQuanBnIiwic2xpZGVzaG93IjoiMGZiMDg0NCJ9\">\n\t\t\t\t\t<div class=\"e-gallery-image elementor-gallery-item__image\" data-thumbnail=\"https:\/\/www.ferrangarreta.com\/wp-content\/uploads\/2023\/11\/AA4.jpg\" data-width=\"693\" data-height=\"1136\" aria-label=\"AA4. Casco griego de tipo calc\u00eddico con soporte de cimera en forma de cabeza de cabra. Lat\u00f3n. Siglo V-IV a.C.\" role=\"img\" ><\/div>\n\t\t\t\t\t\t\t\t\t\t\t<div class=\"elementor-gallery-item__overlay\"><\/div>\n\t\t\t\t\t\t\t\t\t\t\t\t\t\t\t<div class=\"elementor-gallery-item__content\">\n\t\t\t\t\t\t\t\t\t\t\t\t\t\t<div class=\"elementor-gallery-item__title\">\n\t\t\t\t\t\t\t\t\t\t\t\t\t\t\t\t\t\tAA4. Casco griego de tipo calc\u00eddico con soporte de cimera en forma de cabeza de cabra. Lat\u00f3n. Siglo V-IV a.C.\t\t\t\t\t\t\t\t<\/div>\n\t\t\t\t\t\t\t\t\t\t\t\t<\/div>\n\t\t\t\t\t\t\t\t\t<\/a>\n\t\t\t\t\t\t\t<a class=\"e-gallery-item elementor-gallery-item elementor-animated-content\" href=\"https:\/\/www.ferrangarreta.com\/wp-content\/uploads\/2023\/04\/AA5.-Casc-grec-de-tipus-corinti.-Llauto.-Segle-V-a.C.jpg\" data-elementor-open-lightbox=\"yes\" data-elementor-lightbox-slideshow=\"0fb0844\" data-elementor-lightbox-title=\"AA5. Casco griego de tipo corintio. Lat\u00f3n. Siglo V a.C.\" data-e-action-hash=\"#elementor-action%3Aaction%3Dlightbox%26settings%3DeyJpZCI6MTEzNTAsInVybCI6Imh0dHBzOlwvXC93d3cuZmVycmFuZ2FycmV0YS5jb21cL3dwLWNvbnRlbnRcL3VwbG9hZHNcLzIwMjNcLzA0XC9BQTUuLUNhc2MtZ3JlYy1kZS10aXB1cy1jb3JpbnRpLi1MbGF1dG8uLVNlZ2xlLVYtYS5DLmpwZyIsInNsaWRlc2hvdyI6IjBmYjA4NDQifQ%3D%3D\">\n\t\t\t\t\t<div class=\"e-gallery-image elementor-gallery-item__image\" data-thumbnail=\"https:\/\/www.ferrangarreta.com\/wp-content\/uploads\/2023\/04\/AA5.-Casc-grec-de-tipus-corinti.-Llauto.-Segle-V-a.C.jpg\" data-width=\"300\" data-height=\"400\" aria-label=\"AA5. Casco griego de tipo corintio. Lat\u00f3n. Siglo V a.C.\" role=\"img\" ><\/div>\n\t\t\t\t\t\t\t\t\t\t\t<div class=\"elementor-gallery-item__overlay\"><\/div>\n\t\t\t\t\t\t\t\t\t\t\t\t\t\t\t<div class=\"elementor-gallery-item__content\">\n\t\t\t\t\t\t\t\t\t\t\t\t\t\t<div class=\"elementor-gallery-item__title\">\n\t\t\t\t\t\t\t\t\t\t\t\t\t\t\t\t\t\tAA5. Casco griego de tipo corintio. Lat\u00f3n. Siglo V a.C.\t\t\t\t\t\t\t\t<\/div>\n\t\t\t\t\t\t\t\t\t\t\t\t<\/div>\n\t\t\t\t\t\t\t\t\t<\/a>\n\t\t\t\t\t\t\t<a class=\"e-gallery-item elementor-gallery-item elementor-animated-content\" href=\"https:\/\/www.ferrangarreta.com\/wp-content\/uploads\/2023\/04\/AA6.-Casc-grec-de-tipus-corinti-decorat.-Llauto.-Segle-V-a.C.jpg\" data-elementor-open-lightbox=\"yes\" data-elementor-lightbox-slideshow=\"0fb0844\" data-elementor-lightbox-title=\"AA6. Casco griego de tipo corintio decorado. Lat\u00f3n. Siglo V a.C.\" data-e-action-hash=\"#elementor-action%3Aaction%3Dlightbox%26settings%3DeyJpZCI6MTEzNTMsInVybCI6Imh0dHBzOlwvXC93d3cuZmVycmFuZ2FycmV0YS5jb21cL3dwLWNvbnRlbnRcL3VwbG9hZHNcLzIwMjNcLzA0XC9BQTYuLUNhc2MtZ3JlYy1kZS10aXB1cy1jb3JpbnRpLWRlY29yYXQuLUxsYXV0by4tU2VnbGUtVi1hLkMuanBnIiwic2xpZGVzaG93IjoiMGZiMDg0NCJ9\">\n\t\t\t\t\t<div class=\"e-gallery-image elementor-gallery-item__image\" data-thumbnail=\"https:\/\/www.ferrangarreta.com\/wp-content\/uploads\/2023\/04\/AA6.-Casc-grec-de-tipus-corinti-decorat.-Llauto.-Segle-V-a.C.jpg\" data-width=\"300\" data-height=\"400\" aria-label=\"AA6. Casco griego de tipo corintio decorado. Lat\u00f3n. Siglo V a.C.\" role=\"img\" ><\/div>\n\t\t\t\t\t\t\t\t\t\t\t<div class=\"elementor-gallery-item__overlay\"><\/div>\n\t\t\t\t\t\t\t\t\t\t\t\t\t\t\t<div class=\"elementor-gallery-item__content\">\n\t\t\t\t\t\t\t\t\t\t\t\t\t\t<div class=\"elementor-gallery-item__title\">\n\t\t\t\t\t\t\t\t\t\t\t\t\t\t\t\t\t\tAA6. Casco griego de tipo corintio decorado. Lat\u00f3n. Siglo V a.C.\t\t\t\t\t\t\t\t<\/div>\n\t\t\t\t\t\t\t\t\t\t\t\t<\/div>\n\t\t\t\t\t\t\t\t\t<\/a>\n\t\t\t\t\t\t\t<a class=\"e-gallery-item elementor-gallery-item elementor-animated-content\" href=\"https:\/\/www.ferrangarreta.com\/wp-content\/uploads\/2023\/04\/AA7.-Casc-grec-de-tipus-corinti-amb-decoracio.-Llauto-i-cresta-de-pel-de-cavall.-Segle-V-a.C.jpg\" data-elementor-open-lightbox=\"yes\" data-elementor-lightbox-slideshow=\"0fb0844\" data-elementor-lightbox-title=\"AA7. Casco griego tipo corintio con decoraci\u00f3n. Lat\u00f3n y cresta de pelo de caballo. Siglo V a.C.\" data-e-action-hash=\"#elementor-action%3Aaction%3Dlightbox%26settings%3DeyJpZCI6MTEzNTYsInVybCI6Imh0dHBzOlwvXC93d3cuZmVycmFuZ2FycmV0YS5jb21cL3dwLWNvbnRlbnRcL3VwbG9hZHNcLzIwMjNcLzA0XC9BQTcuLUNhc2MtZ3JlYy1kZS10aXB1cy1jb3JpbnRpLWFtYi1kZWNvcmFjaW8uLUxsYXV0by1pLWNyZXN0YS1kZS1wZWwtZGUtY2F2YWxsLi1TZWdsZS1WLWEuQy5qcGciLCJzbGlkZXNob3ciOiIwZmIwODQ0In0%3D\">\n\t\t\t\t\t<div class=\"e-gallery-image elementor-gallery-item__image\" data-thumbnail=\"https:\/\/www.ferrangarreta.com\/wp-content\/uploads\/2023\/04\/AA7.-Casc-grec-de-tipus-corinti-amb-decoracio.-Llauto-i-cresta-de-pel-de-cavall.-Segle-V-a.C.jpg\" data-width=\"300\" data-height=\"425\" aria-label=\"AA7. Casco griego tipo corintio con decoraci\u00f3n. Lat\u00f3n y cresta de pelo de caballo. Siglo V a.C.\" role=\"img\" ><\/div>\n\t\t\t\t\t\t\t\t\t\t\t<div class=\"elementor-gallery-item__overlay\"><\/div>\n\t\t\t\t\t\t\t\t\t\t\t\t\t\t\t<div class=\"elementor-gallery-item__content\">\n\t\t\t\t\t\t\t\t\t\t\t\t\t\t<div class=\"elementor-gallery-item__title\">\n\t\t\t\t\t\t\t\t\t\t\t\t\t\t\t\t\t\tAA7. Casco griego tipo corintio con decoraci\u00f3n. Lat\u00f3n y cresta de pelo de caballo. Siglo V a.C.\t\t\t\t\t\t\t\t<\/div>\n\t\t\t\t\t\t\t\t\t\t\t\t<\/div>\n\t\t\t\t\t\t\t\t\t<\/a>\n\t\t\t\t\t\t\t<a class=\"e-gallery-item elementor-gallery-item elementor-animated-content\" href=\"https:\/\/www.ferrangarreta.com\/wp-content\/uploads\/2023\/04\/AA8.-Casc-grec-de-tipus-corinti-amb-portacrestes-en-forma-de-serps.-Bronze-llauto-i-crestes-de-pel-de-cavall.-Segle-V-a.C.jpg\" data-elementor-open-lightbox=\"yes\" data-elementor-lightbox-slideshow=\"0fb0844\" data-elementor-lightbox-title=\"AA8. Casco griego de tipo corintio con soporte de cimera en forma de serpientes. Bronze, lat\u00f3n y crestas de pelo de caballo. Siglo V a.C.\" data-e-action-hash=\"#elementor-action%3Aaction%3Dlightbox%26settings%3DeyJpZCI6MTEzNTksInVybCI6Imh0dHBzOlwvXC93d3cuZmVycmFuZ2FycmV0YS5jb21cL3dwLWNvbnRlbnRcL3VwbG9hZHNcLzIwMjNcLzA0XC9BQTguLUNhc2MtZ3JlYy1kZS10aXB1cy1jb3JpbnRpLWFtYi1wb3J0YWNyZXN0ZXMtZW4tZm9ybWEtZGUtc2VycHMuLUJyb256ZS1sbGF1dG8taS1jcmVzdGVzLWRlLXBlbC1kZS1jYXZhbGwuLVNlZ2xlLVYtYS5DLmpwZyIsInNsaWRlc2hvdyI6IjBmYjA4NDQifQ%3D%3D\">\n\t\t\t\t\t<div class=\"e-gallery-image elementor-gallery-item__image\" data-thumbnail=\"https:\/\/www.ferrangarreta.com\/wp-content\/uploads\/2023\/04\/AA8.-Casc-grec-de-tipus-corinti-amb-portacrestes-en-forma-de-serps.-Bronze-llauto-i-crestes-de-pel-de-cavall.-Segle-V-a.C.jpg\" data-width=\"320\" data-height=\"430\" aria-label=\"AA8. Casco griego de tipo corintio con soporte de cimera en forma de serpientes. Bronze, lat\u00f3n y crestas de pelo de caballo. Siglo V a.C.\" role=\"img\" ><\/div>\n\t\t\t\t\t\t\t\t\t\t\t<div class=\"elementor-gallery-item__overlay\"><\/div>\n\t\t\t\t\t\t\t\t\t\t\t\t\t\t\t<div class=\"elementor-gallery-item__content\">\n\t\t\t\t\t\t\t\t\t\t\t\t\t\t<div class=\"elementor-gallery-item__title\">\n\t\t\t\t\t\t\t\t\t\t\t\t\t\t\t\t\t\tAA8. Casco griego de tipo corintio con soporte de cimera en forma de serpientes. Bronze, lat\u00f3n y crestas de pelo de caballo. Siglo V a.C.\t\t\t\t\t\t\t\t<\/div>\n\t\t\t\t\t\t\t\t\t\t\t\t<\/div>\n\t\t\t\t\t\t\t\t\t<\/a>\n\t\t\t\t\t\t\t<a class=\"e-gallery-item elementor-gallery-item elementor-animated-content\" href=\"https:\/\/www.ferrangarreta.com\/wp-content\/uploads\/2023\/04\/AA9.-Casc-grec-de-tipus-corinti.-Llauto-i-cresta-de-pel-de-cavall.-Segle-V-a.C.jpg\" data-elementor-open-lightbox=\"yes\" data-elementor-lightbox-slideshow=\"0fb0844\" data-elementor-lightbox-title=\"AA9.1. Casco griego de tipo corintio. Lat\u00f3n y cresta de pelo de caballo. Siglo VI y V a.C.\" data-e-action-hash=\"#elementor-action%3Aaction%3Dlightbox%26settings%3DeyJpZCI6MTEzNjIsInVybCI6Imh0dHBzOlwvXC93d3cuZmVycmFuZ2FycmV0YS5jb21cL3dwLWNvbnRlbnRcL3VwbG9hZHNcLzIwMjNcLzA0XC9BQTkuLUNhc2MtZ3JlYy1kZS10aXB1cy1jb3JpbnRpLi1MbGF1dG8taS1jcmVzdGEtZGUtcGVsLWRlLWNhdmFsbC4tU2VnbGUtVi1hLkMuanBnIiwic2xpZGVzaG93IjoiMGZiMDg0NCJ9\">\n\t\t\t\t\t<div class=\"e-gallery-image elementor-gallery-item__image\" data-thumbnail=\"https:\/\/www.ferrangarreta.com\/wp-content\/uploads\/2023\/04\/AA9.-Casc-grec-de-tipus-corinti.-Llauto-i-cresta-de-pel-de-cavall.-Segle-V-a.C.jpg\" data-width=\"320\" data-height=\"533\" aria-label=\"AA9.1. Casco griego de tipo corintio. Lat\u00f3n y cresta de pelo de caballo. Siglo VI y V a.C.\" role=\"img\" ><\/div>\n\t\t\t\t\t\t\t\t\t\t\t<div class=\"elementor-gallery-item__overlay\"><\/div>\n\t\t\t\t\t\t\t\t\t\t\t\t\t\t\t<div class=\"elementor-gallery-item__content\">\n\t\t\t\t\t\t\t\t\t\t\t\t\t\t<div class=\"elementor-gallery-item__title\">\n\t\t\t\t\t\t\t\t\t\t\t\t\t\t\t\t\t\tAA9.1. Casco griego de tipo corintio. Lat\u00f3n y cresta de pelo de caballo. Siglo VI y V a.C.\t\t\t\t\t\t\t\t<\/div>\n\t\t\t\t\t\t\t\t\t\t\t\t<\/div>\n\t\t\t\t\t\t\t\t\t<\/a>\n\t\t\t\t\t\t\t<a class=\"e-gallery-item elementor-gallery-item elementor-animated-content\" href=\"https:\/\/www.ferrangarreta.com\/wp-content\/uploads\/2023\/11\/AA9.2-1.jpg\" data-elementor-open-lightbox=\"yes\" data-elementor-lightbox-slideshow=\"0fb0844\" data-elementor-lightbox-title=\"AA9.2. Casco griego de tipo corintio. Lat\u00f3n. Siglo Vi y V a.C.\" data-e-action-hash=\"#elementor-action%3Aaction%3Dlightbox%26settings%3DeyJpZCI6MTYzODAsInVybCI6Imh0dHBzOlwvXC93d3cuZmVycmFuZ2FycmV0YS5jb21cL3dwLWNvbnRlbnRcL3VwbG9hZHNcLzIwMjNcLzExXC9BQTkuMi0xLmpwZyIsInNsaWRlc2hvdyI6IjBmYjA4NDQifQ%3D%3D\">\n\t\t\t\t\t<div class=\"e-gallery-image elementor-gallery-item__image\" data-thumbnail=\"https:\/\/www.ferrangarreta.com\/wp-content\/uploads\/2023\/11\/AA9.2-1.jpg\" data-width=\"1851\" data-height=\"1851\" aria-label=\"AA9.2. Casco griego de tipo corintio. Lat\u00f3n. Siglo Vi y V a.C.\" role=\"img\" ><\/div>\n\t\t\t\t\t\t\t\t\t\t\t<div class=\"elementor-gallery-item__overlay\"><\/div>\n\t\t\t\t\t\t\t\t\t\t\t\t\t\t\t<div class=\"elementor-gallery-item__content\">\n\t\t\t\t\t\t\t\t\t\t\t\t\t\t<div class=\"elementor-gallery-item__title\">\n\t\t\t\t\t\t\t\t\t\t\t\t\t\t\t\t\t\tAA9.2. Casco griego de tipo corintio. Lat\u00f3n. Siglo Vi y V a.C.\t\t\t\t\t\t\t\t<\/div>\n\t\t\t\t\t\t\t\t\t\t\t\t<\/div>\n\t\t\t\t\t\t\t\t\t<\/a>\n\t\t\t\t\t\t\t<a class=\"e-gallery-item elementor-gallery-item elementor-animated-content\" href=\"https:\/\/www.ferrangarreta.com\/wp-content\/uploads\/2023\/11\/AA9.22-scaled.jpg\" data-elementor-open-lightbox=\"yes\" data-elementor-lightbox-slideshow=\"0fb0844\" data-elementor-lightbox-title=\"AA9.2. Casco griego de tipo corintio. Lat\u00f3n, policrom\u00eda y cresta de pelo de caballo. Siglo Vi y V a.C.\" data-e-action-hash=\"#elementor-action%3Aaction%3Dlightbox%26settings%3DeyJpZCI6MTYzODQsInVybCI6Imh0dHBzOlwvXC93d3cuZmVycmFuZ2FycmV0YS5jb21cL3dwLWNvbnRlbnRcL3VwbG9hZHNcLzIwMjNcLzExXC9BQTkuMjItc2NhbGVkLmpwZyIsInNsaWRlc2hvdyI6IjBmYjA4NDQifQ%3D%3D\">\n\t\t\t\t\t<div class=\"e-gallery-image elementor-gallery-item__image\" data-thumbnail=\"https:\/\/www.ferrangarreta.com\/wp-content\/uploads\/2023\/11\/AA9.22-scaled.jpg\" data-width=\"2021\" data-height=\"2560\" aria-label=\"AA9.2. Casco griego de tipo corintio. Lat\u00f3n, policrom\u00eda y cresta de pelo de caballo. Siglo Vi y V a.C.\" role=\"img\" ><\/div>\n\t\t\t\t\t\t\t\t\t\t\t<div class=\"elementor-gallery-item__overlay\"><\/div>\n\t\t\t\t\t\t\t\t\t\t\t\t\t\t\t<div class=\"elementor-gallery-item__content\">\n\t\t\t\t\t\t\t\t\t\t\t\t\t\t<div class=\"elementor-gallery-item__title\">\n\t\t\t\t\t\t\t\t\t\t\t\t\t\t\t\t\t\tAA9.2. Casco griego de tipo corintio. Lat\u00f3n, policrom\u00eda y cresta de pelo de caballo. Siglo Vi y V a.C.\t\t\t\t\t\t\t\t<\/div>\n\t\t\t\t\t\t\t\t\t\t\t\t<\/div>\n\t\t\t\t\t\t\t\t\t<\/a>\n\t\t\t\t\t\t\t<a class=\"e-gallery-item elementor-gallery-item elementor-animated-content\" href=\"https:\/\/www.ferrangarreta.com\/wp-content\/uploads\/2023\/04\/AA10.1.-Casc-grec-de-tipus-frigi.-Llauto.-Segle-IV-a.C.jpg\" data-elementor-open-lightbox=\"yes\" data-elementor-lightbox-slideshow=\"0fb0844\" data-elementor-lightbox-title=\"AA10.1. Casco griego. Lat\u00f3n y cobre. Siglo IV a.C.\" data-e-action-hash=\"#elementor-action%3Aaction%3Dlightbox%26settings%3DeyJpZCI6MTEzNjUsInVybCI6Imh0dHBzOlwvXC93d3cuZmVycmFuZ2FycmV0YS5jb21cL3dwLWNvbnRlbnRcL3VwbG9hZHNcLzIwMjNcLzA0XC9BQTEwLjEuLUNhc2MtZ3JlYy1kZS10aXB1cy1mcmlnaS4tTGxhdXRvLi1TZWdsZS1JVi1hLkMuanBnIiwic2xpZGVzaG93IjoiMGZiMDg0NCJ9\">\n\t\t\t\t\t<div class=\"e-gallery-image elementor-gallery-item__image\" data-thumbnail=\"https:\/\/www.ferrangarreta.com\/wp-content\/uploads\/2023\/04\/AA10.1.-Casc-grec-de-tipus-frigi.-Llauto.-Segle-IV-a.C.jpg\" data-width=\"330\" data-height=\"413\" aria-label=\"\" role=\"img\" ><\/div>\n\t\t\t\t\t\t\t\t\t\t\t<div class=\"elementor-gallery-item__overlay\"><\/div>\n\t\t\t\t\t\t\t\t\t\t\t\t\t\t\t<div class=\"elementor-gallery-item__content\">\n\t\t\t\t\t\t\t\t\t\t\t\t\t\t<div class=\"elementor-gallery-item__title\">\n\t\t\t\t\t\t\t\t\t\t\t\t\t\t\t\t\t\tAA10.1. Casco griego. Lat\u00f3n y cobre. Siglo IV a.C.\t\t\t\t\t\t\t\t<\/div>\n\t\t\t\t\t\t\t\t\t\t\t\t<\/div>\n\t\t\t\t\t\t\t\t\t<\/a>\n\t\t\t\t\t\t\t<a class=\"e-gallery-item elementor-gallery-item elementor-animated-content\" href=\"https:\/\/www.ferrangarreta.com\/wp-content\/uploads\/2023\/04\/AA10.2.-Casc-grec-de-tipus-frigi.-Llauto.-Segle-IV-a.C-scaled.jpg\" data-elementor-open-lightbox=\"yes\" data-elementor-lightbox-slideshow=\"0fb0844\" data-elementor-lightbox-title=\"AA10.2. Casco griego. Lat\u00f3n, cobre, policrom\u00eda y cresta de pelo de caballo. Siglo IV a.C.\" data-e-action-hash=\"#elementor-action%3Aaction%3Dlightbox%26settings%3DeyJpZCI6MTEzNjgsInVybCI6Imh0dHBzOlwvXC93d3cuZmVycmFuZ2FycmV0YS5jb21cL3dwLWNvbnRlbnRcL3VwbG9hZHNcLzIwMjNcLzA0XC9BQTEwLjIuLUNhc2MtZ3JlYy1kZS10aXB1cy1mcmlnaS4tTGxhdXRvLi1TZWdsZS1JVi1hLkMtc2NhbGVkLmpwZyIsInNsaWRlc2hvdyI6IjBmYjA4NDQifQ%3D%3D\">\n\t\t\t\t\t<div class=\"e-gallery-image elementor-gallery-item__image\" data-thumbnail=\"https:\/\/www.ferrangarreta.com\/wp-content\/uploads\/2023\/04\/AA10.2.-Casc-grec-de-tipus-frigi.-Llauto.-Segle-IV-a.C-scaled.jpg\" data-width=\"1920\" data-height=\"2560\" aria-label=\"\" role=\"img\" ><\/div>\n\t\t\t\t\t\t\t\t\t\t\t<div class=\"elementor-gallery-item__overlay\"><\/div>\n\t\t\t\t\t\t\t\t\t\t\t\t\t\t\t<div class=\"elementor-gallery-item__content\">\n\t\t\t\t\t\t\t\t\t\t\t\t\t\t<div class=\"elementor-gallery-item__title\">\n\t\t\t\t\t\t\t\t\t\t\t\t\t\t\t\t\t\tAA10.2. Casco griego. Lat\u00f3n, cobre, policrom\u00eda y cresta de pelo de caballo. Siglo IV a.C.\t\t\t\t\t\t\t\t<\/div>\n\t\t\t\t\t\t\t\t\t\t\t\t<\/div>\n\t\t\t\t\t\t\t\t\t<\/a>\n\t\t\t\t\t\t\t<a class=\"e-gallery-item elementor-gallery-item elementor-animated-content\" href=\"https:\/\/www.ferrangarreta.com\/wp-content\/uploads\/2023\/04\/AA11.-Casc-grec-de-tipus-frigi.-Llauto.-Segle-IV-a.C.AA11.-Casc-grec-de-tipus-frigi.-Llauto.-Segle-IV-a.C.jpg\" data-elementor-open-lightbox=\"yes\" data-elementor-lightbox-slideshow=\"0fb0844\" data-elementor-lightbox-title=\"AA11. Casco griego de tipo frigio. Lat\u00f3n y cresta de pelo de caballo. Siglo IV a.C.\" data-e-action-hash=\"#elementor-action%3Aaction%3Dlightbox%26settings%3DeyJpZCI6MTEzNzEsInVybCI6Imh0dHBzOlwvXC93d3cuZmVycmFuZ2FycmV0YS5jb21cL3dwLWNvbnRlbnRcL3VwbG9hZHNcLzIwMjNcLzA0XC9BQTExLi1DYXNjLWdyZWMtZGUtdGlwdXMtZnJpZ2kuLUxsYXV0by4tU2VnbGUtSVYtYS5DLkFBMTEuLUNhc2MtZ3JlYy1kZS10aXB1cy1mcmlnaS4tTGxhdXRvLi1TZWdsZS1JVi1hLkMuanBnIiwic2xpZGVzaG93IjoiMGZiMDg0NCJ9\">\n\t\t\t\t\t<div class=\"e-gallery-image elementor-gallery-item__image\" data-thumbnail=\"https:\/\/www.ferrangarreta.com\/wp-content\/uploads\/2023\/04\/AA11.-Casc-grec-de-tipus-frigi.-Llauto.-Segle-IV-a.C.AA11.-Casc-grec-de-tipus-frigi.-Llauto.-Segle-IV-a.C.jpg\" data-width=\"370\" data-height=\"500\" aria-label=\"\" role=\"img\" ><\/div>\n\t\t\t\t\t\t\t\t\t\t\t<div class=\"elementor-gallery-item__overlay\"><\/div>\n\t\t\t\t\t\t\t\t\t\t\t\t\t\t\t<div class=\"elementor-gallery-item__content\">\n\t\t\t\t\t\t\t\t\t\t\t\t\t\t<div class=\"elementor-gallery-item__title\">\n\t\t\t\t\t\t\t\t\t\t\t\t\t\t\t\t\t\tAA11. Casco griego de tipo frigio. Lat\u00f3n y cresta de pelo de caballo. Siglo IV a.C.\t\t\t\t\t\t\t\t<\/div>\n\t\t\t\t\t\t\t\t\t\t\t\t<\/div>\n\t\t\t\t\t\t\t\t\t<\/a>\n\t\t\t\t\t\t\t<a class=\"e-gallery-item elementor-gallery-item elementor-animated-content\" href=\"https:\/\/www.ferrangarreta.com\/wp-content\/uploads\/2023\/04\/AA12.-Casc-grec.-Coure-llauto-i-cresta-de-pel-de-cavall.-Segle-IV-a.C-scaled.jpg\" data-elementor-open-lightbox=\"yes\" data-elementor-lightbox-slideshow=\"0fb0844\" data-elementor-lightbox-title=\"AA12. Casco griego de tipo frigio. Lat\u00f3n. Siglo IV a.C.\" data-e-action-hash=\"#elementor-action%3Aaction%3Dlightbox%26settings%3DeyJpZCI6MTEzNzQsInVybCI6Imh0dHBzOlwvXC93d3cuZmVycmFuZ2FycmV0YS5jb21cL3dwLWNvbnRlbnRcL3VwbG9hZHNcLzIwMjNcLzA0XC9BQTEyLi1DYXNjLWdyZWMuLUNvdXJlLWxsYXV0by1pLWNyZXN0YS1kZS1wZWwtZGUtY2F2YWxsLi1TZWdsZS1JVi1hLkMtc2NhbGVkLmpwZyIsInNsaWRlc2hvdyI6IjBmYjA4NDQifQ%3D%3D\">\n\t\t\t\t\t<div class=\"e-gallery-image elementor-gallery-item__image\" data-thumbnail=\"https:\/\/www.ferrangarreta.com\/wp-content\/uploads\/2023\/04\/AA12.-Casc-grec.-Coure-llauto-i-cresta-de-pel-de-cavall.-Segle-IV-a.C-scaled.jpg\" data-width=\"1920\" data-height=\"2560\" aria-label=\"\" role=\"img\" ><\/div>\n\t\t\t\t\t\t\t\t\t\t\t<div class=\"elementor-gallery-item__overlay\"><\/div>\n\t\t\t\t\t\t\t\t\t\t\t\t\t\t\t<div class=\"elementor-gallery-item__content\">\n\t\t\t\t\t\t\t\t\t\t\t\t\t\t<div class=\"elementor-gallery-item__title\">\n\t\t\t\t\t\t\t\t\t\t\t\t\t\t\t\t\t\tAA12. Casco griego de tipo frigio. Lat\u00f3n. Siglo IV a.C.\t\t\t\t\t\t\t\t<\/div>\n\t\t\t\t\t\t\t\t\t\t\t\t<\/div>\n\t\t\t\t\t\t\t\t\t<\/a>\n\t\t\t\t\t\t\t<a class=\"e-gallery-item elementor-gallery-item elementor-animated-content\" href=\"https:\/\/www.ferrangarreta.com\/wp-content\/uploads\/2023\/04\/AA13.-Casc-grec-de-tipus-pilos.-Llauto-i-cresta-de-pel-de-cavall.-Segle-IV-i-III-a.C-scaled.jpg\" data-elementor-open-lightbox=\"yes\" data-elementor-lightbox-slideshow=\"0fb0844\" data-elementor-lightbox-title=\"AA13. Casco griego de tipos pilos. Lat\u00f3n y cresta de pelo de caballo. Siglo IV y III a.C.\" data-e-action-hash=\"#elementor-action%3Aaction%3Dlightbox%26settings%3DeyJpZCI6MTEzNzcsInVybCI6Imh0dHBzOlwvXC93d3cuZmVycmFuZ2FycmV0YS5jb21cL3dwLWNvbnRlbnRcL3VwbG9hZHNcLzIwMjNcLzA0XC9BQTEzLi1DYXNjLWdyZWMtZGUtdGlwdXMtcGlsb3MuLUxsYXV0by1pLWNyZXN0YS1kZS1wZWwtZGUtY2F2YWxsLi1TZWdsZS1JVi1pLUlJSS1hLkMtc2NhbGVkLmpwZyIsInNsaWRlc2hvdyI6IjBmYjA4NDQifQ%3D%3D\">\n\t\t\t\t\t<div class=\"e-gallery-image elementor-gallery-item__image\" data-thumbnail=\"https:\/\/www.ferrangarreta.com\/wp-content\/uploads\/2023\/04\/AA13.-Casc-grec-de-tipus-pilos.-Llauto-i-cresta-de-pel-de-cavall.-Segle-IV-i-III-a.C-scaled.jpg\" data-width=\"1959\" data-height=\"2560\" aria-label=\"AA13. Casco griego de tipos pilos. Lat\u00f3n y cresta de pelo de caballo. Siglo IV y III a.C.\" role=\"img\" ><\/div>\n\t\t\t\t\t\t\t\t\t\t\t<div class=\"elementor-gallery-item__overlay\"><\/div>\n\t\t\t\t\t\t\t\t\t\t\t\t\t\t\t<div class=\"elementor-gallery-item__content\">\n\t\t\t\t\t\t\t\t\t\t\t\t\t\t<div class=\"elementor-gallery-item__title\">\n\t\t\t\t\t\t\t\t\t\t\t\t\t\t\t\t\t\tAA13. Casco griego de tipos pilos. Lat\u00f3n y cresta de pelo de caballo. Siglo IV y III a.C.\t\t\t\t\t\t\t\t<\/div>\n\t\t\t\t\t\t\t\t\t\t\t\t<\/div>\n\t\t\t\t\t\t\t\t\t<\/a>\n\t\t\t\t\t\t\t<a class=\"e-gallery-item elementor-gallery-item elementor-animated-content\" href=\"https:\/\/www.ferrangarreta.com\/wp-content\/uploads\/2023\/04\/AA14.-Casc-grec-de-tipus-pilos-decorat.-Llauto.-Segle-IV-a.C-scaled.jpg\" data-elementor-open-lightbox=\"yes\" data-elementor-lightbox-slideshow=\"0fb0844\" data-elementor-lightbox-title=\"AA14. Casco griego tipo pilos con decoraci\u00f3n. Lat\u00f3n. Siglo IV a.C.\" data-e-action-hash=\"#elementor-action%3Aaction%3Dlightbox%26settings%3DeyJpZCI6MTEzODAsInVybCI6Imh0dHBzOlwvXC93d3cuZmVycmFuZ2FycmV0YS5jb21cL3dwLWNvbnRlbnRcL3VwbG9hZHNcLzIwMjNcLzA0XC9BQTE0Li1DYXNjLWdyZWMtZGUtdGlwdXMtcGlsb3MtZGVjb3JhdC4tTGxhdXRvLi1TZWdsZS1JVi1hLkMtc2NhbGVkLmpwZyIsInNsaWRlc2hvdyI6IjBmYjA4NDQifQ%3D%3D\">\n\t\t\t\t\t<div class=\"e-gallery-image elementor-gallery-item__image\" data-thumbnail=\"https:\/\/www.ferrangarreta.com\/wp-content\/uploads\/2023\/04\/AA14.-Casc-grec-de-tipus-pilos-decorat.-Llauto.-Segle-IV-a.C-scaled.jpg\" data-width=\"1920\" data-height=\"2560\" aria-label=\"AA14. Casco griego tipo pilos con decoraci\u00f3n. Lat\u00f3n. Siglo IV a.C.\" role=\"img\" ><\/div>\n\t\t\t\t\t\t\t\t\t\t\t<div class=\"elementor-gallery-item__overlay\"><\/div>\n\t\t\t\t\t\t\t\t\t\t\t\t\t\t\t<div class=\"elementor-gallery-item__content\">\n\t\t\t\t\t\t\t\t\t\t\t\t\t\t<div class=\"elementor-gallery-item__title\">\n\t\t\t\t\t\t\t\t\t\t\t\t\t\t\t\t\t\tAA14. Casco griego tipo pilos con decoraci\u00f3n. Lat\u00f3n. Siglo IV a.C.\t\t\t\t\t\t\t\t<\/div>\n\t\t\t\t\t\t\t\t\t\t\t\t<\/div>\n\t\t\t\t\t\t\t\t\t<\/a>\n\t\t\t\t\t\t\t<a class=\"e-gallery-item elementor-gallery-item elementor-animated-content\" href=\"https:\/\/www.ferrangarreta.com\/wp-content\/uploads\/2023\/04\/AA15.-Casc-grec-de-tipus-pilos-amb-carrilleres-amb-grifo-repujat.-Llauto.-Segle-IV-a.C-scaled.jpg\" data-elementor-open-lightbox=\"yes\" data-elementor-lightbox-slideshow=\"0fb0844\" data-elementor-lightbox-title=\"AA15. Casco griego tipo pilos con carrilleras con grifo repujado. Lat\u00f3n. Siglo IV a.C.\" data-e-action-hash=\"#elementor-action%3Aaction%3Dlightbox%26settings%3DeyJpZCI6MTEzODMsInVybCI6Imh0dHBzOlwvXC93d3cuZmVycmFuZ2FycmV0YS5jb21cL3dwLWNvbnRlbnRcL3VwbG9hZHNcLzIwMjNcLzA0XC9BQTE1Li1DYXNjLWdyZWMtZGUtdGlwdXMtcGlsb3MtYW1iLWNhcnJpbGxlcmVzLWFtYi1ncmlmby1yZXB1amF0Li1MbGF1dG8uLVNlZ2xlLUlWLWEuQy1zY2FsZWQuanBnIiwic2xpZGVzaG93IjoiMGZiMDg0NCJ9\">\n\t\t\t\t\t<div class=\"e-gallery-image elementor-gallery-item__image\" data-thumbnail=\"https:\/\/www.ferrangarreta.com\/wp-content\/uploads\/2023\/04\/AA15.-Casc-grec-de-tipus-pilos-amb-carrilleres-amb-grifo-repujat.-Llauto.-Segle-IV-a.C-scaled.jpg\" data-width=\"1920\" data-height=\"2560\" aria-label=\"AA15. Casco griego tipo pilos con carrilleras con grifo repujado. Lat\u00f3n. Siglo IV a.C.\" role=\"img\" ><\/div>\n\t\t\t\t\t\t\t\t\t\t\t<div class=\"elementor-gallery-item__overlay\"><\/div>\n\t\t\t\t\t\t\t\t\t\t\t\t\t\t\t<div class=\"elementor-gallery-item__content\">\n\t\t\t\t\t\t\t\t\t\t\t\t\t\t<div class=\"elementor-gallery-item__title\">\n\t\t\t\t\t\t\t\t\t\t\t\t\t\t\t\t\t\tAA15. Casco griego tipo pilos con carrilleras con grifo repujado. Lat\u00f3n. Siglo IV a.C.\t\t\t\t\t\t\t\t<\/div>\n\t\t\t\t\t\t\t\t\t\t\t\t<\/div>\n\t\t\t\t\t\t\t\t\t<\/a>\n\t\t\t\t\t\t\t<a class=\"e-gallery-item elementor-gallery-item elementor-animated-content\" href=\"https:\/\/www.ferrangarreta.com\/wp-content\/uploads\/2023\/04\/AA16.-Casc-grec-de-tipus-traci.-Llauto.-Segle-V-a.C-scaled.jpg\" data-elementor-open-lightbox=\"yes\" data-elementor-lightbox-slideshow=\"0fb0844\" data-elementor-lightbox-title=\"AA16. Casco griego de tipo tracio. Lat\u00f3n. Siglo V a.C.\" data-e-action-hash=\"#elementor-action%3Aaction%3Dlightbox%26settings%3DeyJpZCI6MTEzODYsInVybCI6Imh0dHBzOlwvXC93d3cuZmVycmFuZ2FycmV0YS5jb21cL3dwLWNvbnRlbnRcL3VwbG9hZHNcLzIwMjNcLzA0XC9BQTE2Li1DYXNjLWdyZWMtZGUtdGlwdXMtdHJhY2kuLUxsYXV0by4tU2VnbGUtVi1hLkMtc2NhbGVkLmpwZyIsInNsaWRlc2hvdyI6IjBmYjA4NDQifQ%3D%3D\">\n\t\t\t\t\t<div class=\"e-gallery-image elementor-gallery-item__image\" data-thumbnail=\"https:\/\/www.ferrangarreta.com\/wp-content\/uploads\/2023\/04\/AA16.-Casc-grec-de-tipus-traci.-Llauto.-Segle-V-a.C-scaled.jpg\" data-width=\"1920\" data-height=\"2560\" aria-label=\"AA16. Casco griego de tipo tracio. Lat\u00f3n. Siglo V a.C.\" role=\"img\" ><\/div>\n\t\t\t\t\t\t\t\t\t\t\t<div class=\"elementor-gallery-item__overlay\"><\/div>\n\t\t\t\t\t\t\t\t\t\t\t\t\t\t\t<div class=\"elementor-gallery-item__content\">\n\t\t\t\t\t\t\t\t\t\t\t\t\t\t<div class=\"elementor-gallery-item__title\">\n\t\t\t\t\t\t\t\t\t\t\t\t\t\t\t\t\t\tAA16. Casco griego de tipo tracio. Lat\u00f3n. Siglo V a.C.\t\t\t\t\t\t\t\t<\/div>\n\t\t\t\t\t\t\t\t\t\t\t\t<\/div>\n\t\t\t\t\t\t\t\t\t<\/a>\n\t\t\t\t\t\t\t<a class=\"e-gallery-item elementor-gallery-item elementor-animated-content\" href=\"https:\/\/www.ferrangarreta.com\/wp-content\/uploads\/2023\/04\/AA17.-Casc-grec-de-tipus-escita.-LLauto.-Segle-IV-a.C.jpg\" data-elementor-open-lightbox=\"yes\" data-elementor-lightbox-slideshow=\"0fb0844\" data-elementor-lightbox-title=\"AA17. Casco griego de tipo escita. Lat\u00f3n. Siglo IV a.C.\" data-e-action-hash=\"#elementor-action%3Aaction%3Dlightbox%26settings%3DeyJpZCI6MTEzODksInVybCI6Imh0dHBzOlwvXC93d3cuZmVycmFuZ2FycmV0YS5jb21cL3dwLWNvbnRlbnRcL3VwbG9hZHNcLzIwMjNcLzA0XC9BQTE3Li1DYXNjLWdyZWMtZGUtdGlwdXMtZXNjaXRhLi1MTGF1dG8uLVNlZ2xlLUlWLWEuQy5qcGciLCJzbGlkZXNob3ciOiIwZmIwODQ0In0%3D\">\n\t\t\t\t\t<div class=\"e-gallery-image elementor-gallery-item__image\" data-thumbnail=\"https:\/\/www.ferrangarreta.com\/wp-content\/uploads\/2023\/04\/AA17.-Casc-grec-de-tipus-escita.-LLauto.-Segle-IV-a.C.jpg\" data-width=\"400\" data-height=\"300\" aria-label=\"AA17. Casco griego de tipo escita. Lat\u00f3n. Siglo IV a.C.\" role=\"img\" ><\/div>\n\t\t\t\t\t\t\t\t\t\t\t<div class=\"elementor-gallery-item__overlay\"><\/div>\n\t\t\t\t\t\t\t\t\t\t\t\t\t\t\t<div class=\"elementor-gallery-item__content\">\n\t\t\t\t\t\t\t\t\t\t\t\t\t\t<div class=\"elementor-gallery-item__title\">\n\t\t\t\t\t\t\t\t\t\t\t\t\t\t\t\t\t\tAA17. Casco griego de tipo escita. Lat\u00f3n. Siglo IV a.C.\t\t\t\t\t\t\t\t<\/div>\n\t\t\t\t\t\t\t\t\t\t\t\t<\/div>\n\t\t\t\t\t\t\t\t\t<\/a>\n\t\t\t\t\t\t\t<a class=\"e-gallery-item elementor-gallery-item elementor-animated-content\" href=\"https:\/\/www.ferrangarreta.com\/wp-content\/uploads\/2023\/04\/AA18.1.-Casc-etrusc-de-Lanuvio.-Llauto.-Segle-V-a.C.-Italic.jpg\" data-elementor-open-lightbox=\"yes\" data-elementor-lightbox-slideshow=\"0fb0844\" data-elementor-lightbox-title=\"AA18.1. Casco etrusco de Lanuvio. Lat\u00f3n. Siglo V a.C. It\u00e1lico.\" data-e-action-hash=\"#elementor-action%3Aaction%3Dlightbox%26settings%3DeyJpZCI6MTEzOTIsInVybCI6Imh0dHBzOlwvXC93d3cuZmVycmFuZ2FycmV0YS5jb21cL3dwLWNvbnRlbnRcL3VwbG9hZHNcLzIwMjNcLzA0XC9BQTE4LjEuLUNhc2MtZXRydXNjLWRlLUxhbnV2aW8uLUxsYXV0by4tU2VnbGUtVi1hLkMuLUl0YWxpYy5qcGciLCJzbGlkZXNob3ciOiIwZmIwODQ0In0%3D\">\n\t\t\t\t\t<div class=\"e-gallery-image elementor-gallery-item__image\" data-thumbnail=\"https:\/\/www.ferrangarreta.com\/wp-content\/uploads\/2023\/04\/AA18.1.-Casc-etrusc-de-Lanuvio.-Llauto.-Segle-V-a.C.-Italic.jpg\" data-width=\"330\" data-height=\"413\" aria-label=\"AA18.1. Casco etrusco de Lanuvio. Lat\u00f3n. Siglo V a.C. It\u00e1lico.\" role=\"img\" ><\/div>\n\t\t\t\t\t\t\t\t\t\t\t<div class=\"elementor-gallery-item__overlay\"><\/div>\n\t\t\t\t\t\t\t\t\t\t\t\t\t\t\t<div class=\"elementor-gallery-item__content\">\n\t\t\t\t\t\t\t\t\t\t\t\t\t\t<div class=\"elementor-gallery-item__title\">\n\t\t\t\t\t\t\t\t\t\t\t\t\t\t\t\t\t\tAA18.1. Casco etrusco de Lanuvio. Lat\u00f3n. Siglo V a.C. It\u00e1lico.\t\t\t\t\t\t\t\t<\/div>\n\t\t\t\t\t\t\t\t\t\t\t\t<\/div>\n\t\t\t\t\t\t\t\t\t<\/a>\n\t\t\t\t\t\t\t<a class=\"e-gallery-item elementor-gallery-item elementor-animated-content\" href=\"https:\/\/www.ferrangarreta.com\/wp-content\/uploads\/2023\/04\/AA18.2.-Casc-etrusc-de-Lanuvio.-Llauto.-Segle-V-a.C.-Italic.jpg\" data-elementor-open-lightbox=\"yes\" data-elementor-lightbox-slideshow=\"0fb0844\" data-elementor-lightbox-title=\"AA18.2. Casco etrusco de Lanuvio. Lat\u00f3n. Siglo V a.C. It\u00e1lico.\" data-e-action-hash=\"#elementor-action%3Aaction%3Dlightbox%26settings%3DeyJpZCI6MTEzOTUsInVybCI6Imh0dHBzOlwvXC93d3cuZmVycmFuZ2FycmV0YS5jb21cL3dwLWNvbnRlbnRcL3VwbG9hZHNcLzIwMjNcLzA0XC9BQTE4LjIuLUNhc2MtZXRydXNjLWRlLUxhbnV2aW8uLUxsYXV0by4tU2VnbGUtVi1hLkMuLUl0YWxpYy5qcGciLCJzbGlkZXNob3ciOiIwZmIwODQ0In0%3D\">\n\t\t\t\t\t<div class=\"e-gallery-image elementor-gallery-item__image\" data-thumbnail=\"https:\/\/www.ferrangarreta.com\/wp-content\/uploads\/2023\/04\/AA18.2.-Casc-etrusc-de-Lanuvio.-Llauto.-Segle-V-a.C.-Italic.jpg\" data-width=\"400\" data-height=\"380\" aria-label=\"AA18.2. Casco etrusco de Lanuvio. Lat\u00f3n. Siglo V a.C. It\u00e1lico.\" role=\"img\" ><\/div>\n\t\t\t\t\t\t\t\t\t\t\t<div class=\"elementor-gallery-item__overlay\"><\/div>\n\t\t\t\t\t\t\t\t\t\t\t\t\t\t\t<div class=\"elementor-gallery-item__content\">\n\t\t\t\t\t\t\t\t\t\t\t\t\t\t<div class=\"elementor-gallery-item__title\">\n\t\t\t\t\t\t\t\t\t\t\t\t\t\t\t\t\t\tAA18.2. Casco etrusco de Lanuvio. Lat\u00f3n. Siglo V a.C. It\u00e1lico.\t\t\t\t\t\t\t\t<\/div>\n\t\t\t\t\t\t\t\t\t\t\t\t<\/div>\n\t\t\t\t\t\t\t\t\t<\/a>\n\t\t\t\t\t\t\t<a class=\"e-gallery-item elementor-gallery-item elementor-animated-content\" href=\"https:\/\/www.ferrangarreta.com\/wp-content\/uploads\/2023\/04\/AA19.1.-Casc-italic-de-tipus-Nego.-Llauto.-Segle-VI-i-V-a.C.jpg\" data-elementor-open-lightbox=\"yes\" data-elementor-lightbox-slideshow=\"0fb0844\" data-elementor-lightbox-title=\"AA19.1. Casco it\u00e1lico de tipo Nego. Lat\u00f3n. Siglo VI y V a.C.\" data-e-action-hash=\"#elementor-action%3Aaction%3Dlightbox%26settings%3DeyJpZCI6MTEzOTgsInVybCI6Imh0dHBzOlwvXC93d3cuZmVycmFuZ2FycmV0YS5jb21cL3dwLWNvbnRlbnRcL3VwbG9hZHNcLzIwMjNcLzA0XC9BQTE5LjEuLUNhc2MtaXRhbGljLWRlLXRpcHVzLU5lZ28uLUxsYXV0by4tU2VnbGUtVkktaS1WLWEuQy5qcGciLCJzbGlkZXNob3ciOiIwZmIwODQ0In0%3D\">\n\t\t\t\t\t<div class=\"e-gallery-image elementor-gallery-item__image\" data-thumbnail=\"https:\/\/www.ferrangarreta.com\/wp-content\/uploads\/2023\/04\/AA19.1.-Casc-italic-de-tipus-Nego.-Llauto.-Segle-VI-i-V-a.C.jpg\" data-width=\"330\" data-height=\"413\" aria-label=\"AA19.1. Casco it\u00e1lico de tipo Nego. Lat\u00f3n. Siglo VI y V a.C.\" role=\"img\" ><\/div>\n\t\t\t\t\t\t\t\t\t\t\t<div class=\"elementor-gallery-item__overlay\"><\/div>\n\t\t\t\t\t\t\t\t\t\t\t\t\t\t\t<div class=\"elementor-gallery-item__content\">\n\t\t\t\t\t\t\t\t\t\t\t\t\t\t<div class=\"elementor-gallery-item__title\">\n\t\t\t\t\t\t\t\t\t\t\t\t\t\t\t\t\t\tAA19.1. Casco it\u00e1lico de tipo Nego. Lat\u00f3n. Siglo VI y V a.C.\t\t\t\t\t\t\t\t<\/div>\n\t\t\t\t\t\t\t\t\t\t\t\t<\/div>\n\t\t\t\t\t\t\t\t\t<\/a>\n\t\t\t\t\t\t\t<a class=\"e-gallery-item elementor-gallery-item elementor-animated-content\" href=\"https:\/\/www.ferrangarreta.com\/wp-content\/uploads\/2023\/04\/AA19.2.-Casc-italic-de-tipus-Nego.-Llauto.-Segle-VI-i-V-a.C.jpg\" data-elementor-open-lightbox=\"yes\" data-elementor-lightbox-slideshow=\"0fb0844\" data-elementor-lightbox-title=\"AA19.2. Casco it\u00e1lico de tipo Nego. Lat\u00f3n, policrom\u00eda y cresta de pelo de caballo. Siglo VI y V a.C.\" data-e-action-hash=\"#elementor-action%3Aaction%3Dlightbox%26settings%3DeyJpZCI6MTE0ODIsInVybCI6Imh0dHBzOlwvXC93d3cuZmVycmFuZ2FycmV0YS5jb21cL3dwLWNvbnRlbnRcL3VwbG9hZHNcLzIwMjNcLzA0XC9BQTE5LjIuLUNhc2MtaXRhbGljLWRlLXRpcHVzLU5lZ28uLUxsYXV0by4tU2VnbGUtVkktaS1WLWEuQy5qcGciLCJzbGlkZXNob3ciOiIwZmIwODQ0In0%3D\">\n\t\t\t\t\t<div class=\"e-gallery-image elementor-gallery-item__image\" data-thumbnail=\"https:\/\/www.ferrangarreta.com\/wp-content\/uploads\/2023\/04\/AA19.2.-Casc-italic-de-tipus-Nego.-Llauto.-Segle-VI-i-V-a.C.jpg\" data-width=\"580\" data-height=\"530\" aria-label=\"AA19.2. Casco it\u00e1lico de tipo Nego. Lat\u00f3n, policrom\u00eda y cresta de pelo de caballo. Siglo VI y V a.C.\" role=\"img\" ><\/div>\n\t\t\t\t\t\t\t\t\t\t\t<div class=\"elementor-gallery-item__overlay\"><\/div>\n\t\t\t\t\t\t\t\t\t\t\t\t\t\t\t<div class=\"elementor-gallery-item__content\">\n\t\t\t\t\t\t\t\t\t\t\t\t\t\t<div class=\"elementor-gallery-item__title\">\n\t\t\t\t\t\t\t\t\t\t\t\t\t\t\t\t\t\tAA19.2. Casco it\u00e1lico de tipo Nego. Lat\u00f3n, policrom\u00eda y cresta de pelo de caballo. Siglo VI y V a.C.\t\t\t\t\t\t\t\t<\/div>\n\t\t\t\t\t\t\t\t\t\t\t\t<\/div>\n\t\t\t\t\t\t\t\t\t<\/a>\n\t\t\t\t\t\t\t<a class=\"e-gallery-item elementor-gallery-item elementor-animated-content\" href=\"https:\/\/www.ferrangarreta.com\/wp-content\/uploads\/2023\/04\/AA20.-Casc-etrusc-de-tipus-Nego.-Llauto.-Segle-V-i-IV-a.C.jpg\" data-elementor-open-lightbox=\"yes\" data-elementor-lightbox-slideshow=\"0fb0844\" data-elementor-lightbox-title=\"AA20. Casco etrusco tipo Nego. Lat\u00f3n. Siglo V y IV a.C.\" data-e-action-hash=\"#elementor-action%3Aaction%3Dlightbox%26settings%3DeyJpZCI6MTE0ODUsInVybCI6Imh0dHBzOlwvXC93d3cuZmVycmFuZ2FycmV0YS5jb21cL3dwLWNvbnRlbnRcL3VwbG9hZHNcLzIwMjNcLzA0XC9BQTIwLi1DYXNjLWV0cnVzYy1kZS10aXB1cy1OZWdvLi1MbGF1dG8uLVNlZ2xlLVYtaS1JVi1hLkMuanBnIiwic2xpZGVzaG93IjoiMGZiMDg0NCJ9\">\n\t\t\t\t\t<div class=\"e-gallery-image elementor-gallery-item__image\" data-thumbnail=\"https:\/\/www.ferrangarreta.com\/wp-content\/uploads\/2023\/04\/AA20.-Casc-etrusc-de-tipus-Nego.-Llauto.-Segle-V-i-IV-a.C.jpg\" data-width=\"300\" data-height=\"450\" aria-label=\"AA20. Casco etrusco tipo Nego. Lat\u00f3n. Siglo V y IV a.C.\" role=\"img\" ><\/div>\n\t\t\t\t\t\t\t\t\t\t\t<div class=\"elementor-gallery-item__overlay\"><\/div>\n\t\t\t\t\t\t\t\t\t\t\t\t\t\t\t<div class=\"elementor-gallery-item__content\">\n\t\t\t\t\t\t\t\t\t\t\t\t\t\t<div class=\"elementor-gallery-item__title\">\n\t\t\t\t\t\t\t\t\t\t\t\t\t\t\t\t\t\tAA20. Casco etrusco tipo Nego. Lat\u00f3n. Siglo V y IV a.C.\t\t\t\t\t\t\t\t<\/div>\n\t\t\t\t\t\t\t\t\t\t\t\t<\/div>\n\t\t\t\t\t\t\t\t\t<\/a>\n\t\t\t\t\t\t\t<a class=\"e-gallery-item elementor-gallery-item elementor-animated-content\" href=\"https:\/\/www.ferrangarreta.com\/wp-content\/uploads\/2023\/04\/AA21.-Casc-Apulo-corinti.-Llauto.-Segle-V-a.C.-Italic.jpg\" data-elementor-open-lightbox=\"yes\" data-elementor-lightbox-slideshow=\"0fb0844\" data-elementor-lightbox-title=\"AA21. Casco Apulo-corintio. Lat\u00f3n. Siglo V a.C. It\u00e1lico.\" data-e-action-hash=\"#elementor-action%3Aaction%3Dlightbox%26settings%3DeyJpZCI6MTE0ODgsInVybCI6Imh0dHBzOlwvXC93d3cuZmVycmFuZ2FycmV0YS5jb21cL3dwLWNvbnRlbnRcL3VwbG9hZHNcLzIwMjNcLzA0XC9BQTIxLi1DYXNjLUFwdWxvLWNvcmludGkuLUxsYXV0by4tU2VnbGUtVi1hLkMuLUl0YWxpYy5qcGciLCJzbGlkZXNob3ciOiIwZmIwODQ0In0%3D\">\n\t\t\t\t\t<div class=\"e-gallery-image elementor-gallery-item__image\" data-thumbnail=\"https:\/\/www.ferrangarreta.com\/wp-content\/uploads\/2023\/04\/AA21.-Casc-Apulo-corinti.-Llauto.-Segle-V-a.C.-Italic.jpg\" data-width=\"1920\" data-height=\"2560\" aria-label=\"AA21. Casco Apulo-corintio. Lat\u00f3n. Siglo V a.C. It\u00e1lico.\" role=\"img\" ><\/div>\n\t\t\t\t\t\t\t\t\t\t\t<div class=\"elementor-gallery-item__overlay\"><\/div>\n\t\t\t\t\t\t\t\t\t\t\t\t\t\t\t<div class=\"elementor-gallery-item__content\">\n\t\t\t\t\t\t\t\t\t\t\t\t\t\t<div class=\"elementor-gallery-item__title\">\n\t\t\t\t\t\t\t\t\t\t\t\t\t\t\t\t\t\tAA21. Casco Apulo-corintio. Lat\u00f3n. Siglo V a.C. It\u00e1lico.\t\t\t\t\t\t\t\t<\/div>\n\t\t\t\t\t\t\t\t\t\t\t\t<\/div>\n\t\t\t\t\t\t\t\t\t<\/a>\n\t\t\t\t\t\t\t<a class=\"e-gallery-item elementor-gallery-item elementor-animated-content\" href=\"https:\/\/www.ferrangarreta.com\/wp-content\/uploads\/2023\/04\/AA22.-Casc-Apulo-corinti.-Llauto.-Segle-V-a.C.-Italic-scaled.jpg\" data-elementor-open-lightbox=\"yes\" data-elementor-lightbox-slideshow=\"0fb0844\" data-elementor-lightbox-title=\"AA22. Casco Apulo-corintio. Lat\u00f3n. Siglo V a.C. It\u00e1lico.\" data-e-action-hash=\"#elementor-action%3Aaction%3Dlightbox%26settings%3DeyJpZCI6MTE0OTEsInVybCI6Imh0dHBzOlwvXC93d3cuZmVycmFuZ2FycmV0YS5jb21cL3dwLWNvbnRlbnRcL3VwbG9hZHNcLzIwMjNcLzA0XC9BQTIyLi1DYXNjLUFwdWxvLWNvcmludGkuLUxsYXV0by4tU2VnbGUtVi1hLkMuLUl0YWxpYy1zY2FsZWQuanBnIiwic2xpZGVzaG93IjoiMGZiMDg0NCJ9\">\n\t\t\t\t\t<div class=\"e-gallery-image elementor-gallery-item__image\" data-thumbnail=\"https:\/\/www.ferrangarreta.com\/wp-content\/uploads\/2023\/04\/AA22.-Casc-Apulo-corinti.-Llauto.-Segle-V-a.C.-Italic-scaled.jpg\" data-width=\"1738\" data-height=\"2560\" aria-label=\"AA22. Casco Apulo-corintio. Lat\u00f3n. Siglo V a.C. It\u00e1lico.\" role=\"img\" ><\/div>\n\t\t\t\t\t\t\t\t\t\t\t<div class=\"elementor-gallery-item__overlay\"><\/div>\n\t\t\t\t\t\t\t\t\t\t\t\t\t\t\t<div class=\"elementor-gallery-item__content\">\n\t\t\t\t\t\t\t\t\t\t\t\t\t\t<div class=\"elementor-gallery-item__title\">\n\t\t\t\t\t\t\t\t\t\t\t\t\t\t\t\t\t\tAA22. Casco Apulo-corintio. Lat\u00f3n. Siglo V a.C. It\u00e1lico.\t\t\t\t\t\t\t\t<\/div>\n\t\t\t\t\t\t\t\t\t\t\t\t<\/div>\n\t\t\t\t\t\t\t\t\t<\/a>\n\t\t\t\t\t\t\t<a class=\"e-gallery-item elementor-gallery-item elementor-animated-content\" href=\"https:\/\/www.ferrangarreta.com\/wp-content\/uploads\/2023\/04\/AA23.-Casc-grec-de-Argos.-Llauto-i-cresta-de-pel-de-cavall.-Segle-VIII-a.C.jpg\" data-elementor-open-lightbox=\"yes\" data-elementor-lightbox-slideshow=\"0fb0844\" data-elementor-lightbox-title=\"AA23. Casco griego de Argos. Lat\u00f3n y cresta de pelo de caballo. Siglo VIII a.C.\" data-e-action-hash=\"#elementor-action%3Aaction%3Dlightbox%26settings%3DeyJpZCI6MTE0OTQsInVybCI6Imh0dHBzOlwvXC93d3cuZmVycmFuZ2FycmV0YS5jb21cL3dwLWNvbnRlbnRcL3VwbG9hZHNcLzIwMjNcLzA0XC9BQTIzLi1DYXNjLWdyZWMtZGUtQXJnb3MuLUxsYXV0by1pLWNyZXN0YS1kZS1wZWwtZGUtY2F2YWxsLi1TZWdsZS1WSUlJLWEuQy5qcGciLCJzbGlkZXNob3ciOiIwZmIwODQ0In0%3D\">\n\t\t\t\t\t<div class=\"e-gallery-image elementor-gallery-item__image\" data-thumbnail=\"https:\/\/www.ferrangarreta.com\/wp-content\/uploads\/2023\/04\/AA23.-Casc-grec-de-Argos.-Llauto-i-cresta-de-pel-de-cavall.-Segle-VIII-a.C.jpg\" data-width=\"360\" data-height=\"491\" aria-label=\"AA23. Casco griego de Argos. Lat\u00f3n y cresta de pelo de caballo. Siglo VIII a.C.\" role=\"img\" ><\/div>\n\t\t\t\t\t\t\t\t\t\t\t<div class=\"elementor-gallery-item__overlay\"><\/div>\n\t\t\t\t\t\t\t\t\t\t\t\t\t\t\t<div class=\"elementor-gallery-item__content\">\n\t\t\t\t\t\t\t\t\t\t\t\t\t\t<div class=\"elementor-gallery-item__title\">\n\t\t\t\t\t\t\t\t\t\t\t\t\t\t\t\t\t\tAA23. Casco griego de Argos. Lat\u00f3n y cresta de pelo de caballo. Siglo VIII a.C.\t\t\t\t\t\t\t\t<\/div>\n\t\t\t\t\t\t\t\t\t\t\t\t<\/div>\n\t\t\t\t\t\t\t\t\t<\/a>\n\t\t\t\t\t\t\t<a class=\"e-gallery-item elementor-gallery-item elementor-animated-content\" href=\"https:\/\/www.ferrangarreta.com\/wp-content\/uploads\/2023\/04\/AA24.-Casc-samnita.-Llauto.-Segle-IV-i-III-a.C.-Italic.jpg\" data-elementor-open-lightbox=\"yes\" data-elementor-lightbox-slideshow=\"0fb0844\" data-elementor-lightbox-title=\"AA24. Casco samnita. Lat\u00f3n. Siglo IV y III a.C. It\u00e1lico.\" data-e-action-hash=\"#elementor-action%3Aaction%3Dlightbox%26settings%3DeyJpZCI6MTE0OTcsInVybCI6Imh0dHBzOlwvXC93d3cuZmVycmFuZ2FycmV0YS5jb21cL3dwLWNvbnRlbnRcL3VwbG9hZHNcLzIwMjNcLzA0XC9BQTI0Li1DYXNjLXNhbW5pdGEuLUxsYXV0by4tU2VnbGUtSVYtaS1JSUktYS5DLi1JdGFsaWMuanBnIiwic2xpZGVzaG93IjoiMGZiMDg0NCJ9\">\n\t\t\t\t\t<div class=\"e-gallery-image elementor-gallery-item__image\" data-thumbnail=\"https:\/\/www.ferrangarreta.com\/wp-content\/uploads\/2023\/04\/AA24.-Casc-samnita.-Llauto.-Segle-IV-i-III-a.C.-Italic.jpg\" data-width=\"1920\" data-height=\"2560\" aria-label=\"AA24. Casco samnita. Lat\u00f3n. Siglo IV y III a.C. It\u00e1lico.\" role=\"img\" ><\/div>\n\t\t\t\t\t\t\t\t\t\t\t<div class=\"elementor-gallery-item__overlay\"><\/div>\n\t\t\t\t\t\t\t\t\t\t\t\t\t\t\t<div class=\"elementor-gallery-item__content\">\n\t\t\t\t\t\t\t\t\t\t\t\t\t\t<div class=\"elementor-gallery-item__title\">\n\t\t\t\t\t\t\t\t\t\t\t\t\t\t\t\t\t\tAA24. Casco samnita. Lat\u00f3n. Siglo IV y III a.C. It\u00e1lico.\t\t\t\t\t\t\t\t<\/div>\n\t\t\t\t\t\t\t\t\t\t\t\t<\/div>\n\t\t\t\t\t\t\t\t\t<\/a>\n\t\t\t\t\t\t\t<a class=\"e-gallery-item elementor-gallery-item elementor-animated-content\" href=\"https:\/\/www.ferrangarreta.com\/wp-content\/uploads\/2023\/04\/AA25.1.-Casc-samnita-de-tipus-italo-atic.-Llauto.-Segle-IV-i-III-a.C-scaled.jpg\" data-elementor-open-lightbox=\"yes\" data-elementor-lightbox-slideshow=\"0fb0844\" data-elementor-lightbox-title=\"AA25.1. Casco samnita de tipo \u00edtalo-\u00e1tico. Lat\u00f3n. Siglo IV y III a.C.\" data-e-action-hash=\"#elementor-action%3Aaction%3Dlightbox%26settings%3DeyJpZCI6MTE1MDAsInVybCI6Imh0dHBzOlwvXC93d3cuZmVycmFuZ2FycmV0YS5jb21cL3dwLWNvbnRlbnRcL3VwbG9hZHNcLzIwMjNcLzA0XC9BQTI1LjEuLUNhc2Mtc2Ftbml0YS1kZS10aXB1cy1pdGFsby1hdGljLi1MbGF1dG8uLVNlZ2xlLUlWLWktSUlJLWEuQy1zY2FsZWQuanBnIiwic2xpZGVzaG93IjoiMGZiMDg0NCJ9\">\n\t\t\t\t\t<div class=\"e-gallery-image elementor-gallery-item__image\" data-thumbnail=\"https:\/\/www.ferrangarreta.com\/wp-content\/uploads\/2023\/04\/AA25.1.-Casc-samnita-de-tipus-italo-atic.-Llauto.-Segle-IV-i-III-a.C-scaled.jpg\" data-width=\"1920\" data-height=\"2560\" aria-label=\"AA25.1. Casco samnita de tipo \u00edtalo-\u00e1tico. Lat\u00f3n. Siglo IV y III a.C.\" role=\"img\" ><\/div>\n\t\t\t\t\t\t\t\t\t\t\t<div class=\"elementor-gallery-item__overlay\"><\/div>\n\t\t\t\t\t\t\t\t\t\t\t\t\t\t\t<div class=\"elementor-gallery-item__content\">\n\t\t\t\t\t\t\t\t\t\t\t\t\t\t<div class=\"elementor-gallery-item__title\">\n\t\t\t\t\t\t\t\t\t\t\t\t\t\t\t\t\t\tAA25.1. Casco samnita de tipo \u00edtalo-\u00e1tico. Lat\u00f3n. Siglo IV y III a.C.\t\t\t\t\t\t\t\t<\/div>\n\t\t\t\t\t\t\t\t\t\t\t\t<\/div>\n\t\t\t\t\t\t\t\t\t<\/a>\n\t\t\t\t\t\t\t<a class=\"e-gallery-item elementor-gallery-item elementor-animated-content\" href=\"https:\/\/www.ferrangarreta.com\/wp-content\/uploads\/2023\/04\/AA25.2.-Casc-samnita-de-tipus-italo-atic.-Llauto.-Segle-IV-i-III-a.C-scaled.jpg\" data-elementor-open-lightbox=\"yes\" data-elementor-lightbox-slideshow=\"0fb0844\" data-elementor-lightbox-title=\"AA25.2. Casco samnita de tipo \u00edtalo-\u00e1tico. Lat\u00f3n. Siglo IV y III a.C.\" data-e-action-hash=\"#elementor-action%3Aaction%3Dlightbox%26settings%3DeyJpZCI6MTE1MDMsInVybCI6Imh0dHBzOlwvXC93d3cuZmVycmFuZ2FycmV0YS5jb21cL3dwLWNvbnRlbnRcL3VwbG9hZHNcLzIwMjNcLzA0XC9BQTI1LjIuLUNhc2Mtc2Ftbml0YS1kZS10aXB1cy1pdGFsby1hdGljLi1MbGF1dG8uLVNlZ2xlLUlWLWktSUlJLWEuQy1zY2FsZWQuanBnIiwic2xpZGVzaG93IjoiMGZiMDg0NCJ9\">\n\t\t\t\t\t<div class=\"e-gallery-image elementor-gallery-item__image\" data-thumbnail=\"https:\/\/www.ferrangarreta.com\/wp-content\/uploads\/2023\/04\/AA25.2.-Casc-samnita-de-tipus-italo-atic.-Llauto.-Segle-IV-i-III-a.C-scaled.jpg\" data-width=\"1920\" data-height=\"2560\" aria-label=\"AA25.2. Casco samnita de tipo \u00edtalo-\u00e1tico. Lat\u00f3n. Siglo IV y III a.C.\" role=\"img\" ><\/div>\n\t\t\t\t\t\t\t\t\t\t\t<div class=\"elementor-gallery-item__overlay\"><\/div>\n\t\t\t\t\t\t\t\t\t\t\t\t\t\t\t<div class=\"elementor-gallery-item__content\">\n\t\t\t\t\t\t\t\t\t\t\t\t\t\t<div class=\"elementor-gallery-item__title\">\n\t\t\t\t\t\t\t\t\t\t\t\t\t\t\t\t\t\tAA25.2. Casco samnita de tipo \u00edtalo-\u00e1tico. Lat\u00f3n. Siglo IV y III a.C.\t\t\t\t\t\t\t\t<\/div>\n\t\t\t\t\t\t\t\t\t\t\t\t<\/div>\n\t\t\t\t\t\t\t\t\t<\/a>\n\t\t\t\t\t\t\t<a class=\"e-gallery-item elementor-gallery-item elementor-animated-content\" href=\"https:\/\/www.ferrangarreta.com\/wp-content\/uploads\/2023\/04\/AA26.-Casc-de-lepoca-de-Vilanova.-Llauto.-Segle-VII-i-VI-a.C.-Italic-scaled.jpg\" data-elementor-open-lightbox=\"yes\" data-elementor-lightbox-slideshow=\"0fb0844\" data-elementor-lightbox-title=\"AA26. Casco del per\u00edodo de Villanova. Lat\u00f3n. Siglo VII y VI a.C. It\u00e1lico.\" data-e-action-hash=\"#elementor-action%3Aaction%3Dlightbox%26settings%3DeyJpZCI6MTE1MDYsInVybCI6Imh0dHBzOlwvXC93d3cuZmVycmFuZ2FycmV0YS5jb21cL3dwLWNvbnRlbnRcL3VwbG9hZHNcLzIwMjNcLzA0XC9BQTI2Li1DYXNjLWRlLWxlcG9jYS1kZS1WaWxhbm92YS4tTGxhdXRvLi1TZWdsZS1WSUktaS1WSS1hLkMuLUl0YWxpYy1zY2FsZWQuanBnIiwic2xpZGVzaG93IjoiMGZiMDg0NCJ9\">\n\t\t\t\t\t<div class=\"e-gallery-image elementor-gallery-item__image\" data-thumbnail=\"https:\/\/www.ferrangarreta.com\/wp-content\/uploads\/2023\/04\/AA26.-Casc-de-lepoca-de-Vilanova.-Llauto.-Segle-VII-i-VI-a.C.-Italic-scaled.jpg\" data-width=\"1920\" data-height=\"2560\" aria-label=\"AA26. Casco del per\u00edodo de Villanova. Lat\u00f3n. Siglo VII y VI a.C. It\u00e1lico.\" role=\"img\" ><\/div>\n\t\t\t\t\t\t\t\t\t\t\t<div class=\"elementor-gallery-item__overlay\"><\/div>\n\t\t\t\t\t\t\t\t\t\t\t\t\t\t\t<div class=\"elementor-gallery-item__content\">\n\t\t\t\t\t\t\t\t\t\t\t\t\t\t<div class=\"elementor-gallery-item__title\">\n\t\t\t\t\t\t\t\t\t\t\t\t\t\t\t\t\t\tAA26. Casco del per\u00edodo de Villanova. Lat\u00f3n. Siglo VII y VI a.C. It\u00e1lico.\t\t\t\t\t\t\t\t<\/div>\n\t\t\t\t\t\t\t\t\t\t\t\t<\/div>\n\t\t\t\t\t\t\t\t\t<\/a>\n\t\t\t\t\t\t\t<a class=\"e-gallery-item elementor-gallery-item elementor-animated-content\" href=\"https:\/\/www.ferrangarreta.com\/wp-content\/uploads\/2023\/04\/AA27.-Casc-celto-italic-de-tipus-Monteforti.-Llauto.-Segle-IV-i-III-a.C-scaled.jpg\" data-elementor-open-lightbox=\"yes\" data-elementor-lightbox-slideshow=\"0fb0844\" data-elementor-lightbox-title=\"AA27. Casco c\u00e9ltico-it\u00e1lico de tipo Montefortino. Lat\u00f3n. Siglo IV y III a.C.\" data-e-action-hash=\"#elementor-action%3Aaction%3Dlightbox%26settings%3DeyJpZCI6MTE1MDksInVybCI6Imh0dHBzOlwvXC93d3cuZmVycmFuZ2FycmV0YS5jb21cL3dwLWNvbnRlbnRcL3VwbG9hZHNcLzIwMjNcLzA0XC9BQTI3Li1DYXNjLWNlbHRvLWl0YWxpYy1kZS10aXB1cy1Nb250ZWZvcnRpLi1MbGF1dG8uLVNlZ2xlLUlWLWktSUlJLWEuQy1zY2FsZWQuanBnIiwic2xpZGVzaG93IjoiMGZiMDg0NCJ9\">\n\t\t\t\t\t<div class=\"e-gallery-image elementor-gallery-item__image\" data-thumbnail=\"https:\/\/www.ferrangarreta.com\/wp-content\/uploads\/2023\/04\/AA27.-Casc-celto-italic-de-tipus-Monteforti.-Llauto.-Segle-IV-i-III-a.C-scaled.jpg\" data-width=\"1920\" data-height=\"2560\" aria-label=\"AA27. Casco c\u00e9ltico-it\u00e1lico de tipo Montefortino. Lat\u00f3n. Siglo IV y III a.C.\" role=\"img\" ><\/div>\n\t\t\t\t\t\t\t\t\t\t\t<div class=\"elementor-gallery-item__overlay\"><\/div>\n\t\t\t\t\t\t\t\t\t\t\t\t\t\t\t<div class=\"elementor-gallery-item__content\">\n\t\t\t\t\t\t\t\t\t\t\t\t\t\t<div class=\"elementor-gallery-item__title\">\n\t\t\t\t\t\t\t\t\t\t\t\t\t\t\t\t\t\tAA27. Casco c\u00e9ltico-it\u00e1lico de tipo Montefortino. Lat\u00f3n. Siglo IV y III a.C.\t\t\t\t\t\t\t\t<\/div>\n\t\t\t\t\t\t\t\t\t\t\t\t<\/div>\n\t\t\t\t\t\t\t\t\t<\/a>\n\t\t\t\t\t\t\t<a class=\"e-gallery-item elementor-gallery-item elementor-animated-content\" href=\"https:\/\/www.ferrangarreta.com\/wp-content\/uploads\/2023\/04\/AA28.-Casc-celta-italic-de-tipus-Casaselvatica.-Llauto.-Segle-III-a.C-scaled.jpg\" data-elementor-open-lightbox=\"yes\" data-elementor-lightbox-slideshow=\"0fb0844\" data-elementor-lightbox-title=\"AA28. Casco c\u00e9ltico-it\u00e1lico de tipo Casaselv\u00e1tica. Lat\u00f3n. Siglo III a.C\" data-e-action-hash=\"#elementor-action%3Aaction%3Dlightbox%26settings%3DeyJpZCI6MTE1MTIsInVybCI6Imh0dHBzOlwvXC93d3cuZmVycmFuZ2FycmV0YS5jb21cL3dwLWNvbnRlbnRcL3VwbG9hZHNcLzIwMjNcLzA0XC9BQTI4Li1DYXNjLWNlbHRhLWl0YWxpYy1kZS10aXB1cy1DYXNhc2VsdmF0aWNhLi1MbGF1dG8uLVNlZ2xlLUlJSS1hLkMtc2NhbGVkLmpwZyIsInNsaWRlc2hvdyI6IjBmYjA4NDQifQ%3D%3D\">\n\t\t\t\t\t<div class=\"e-gallery-image elementor-gallery-item__image\" data-thumbnail=\"https:\/\/www.ferrangarreta.com\/wp-content\/uploads\/2023\/04\/AA28.-Casc-celta-italic-de-tipus-Casaselvatica.-Llauto.-Segle-III-a.C-scaled.jpg\" data-width=\"1920\" data-height=\"2560\" aria-label=\"AA28. Casco c\u00e9ltico-it\u00e1lico de tipo Casaselv\u00e1tica. Lat\u00f3n. Siglo III a.C\" role=\"img\" ><\/div>\n\t\t\t\t\t\t\t\t\t\t\t<div class=\"elementor-gallery-item__overlay\"><\/div>\n\t\t\t\t\t\t\t\t\t\t\t\t\t\t\t<div class=\"elementor-gallery-item__content\">\n\t\t\t\t\t\t\t\t\t\t\t\t\t\t<div class=\"elementor-gallery-item__title\">\n\t\t\t\t\t\t\t\t\t\t\t\t\t\t\t\t\t\tAA28. Casco c\u00e9ltico-it\u00e1lico de tipo Casaselv\u00e1tica. Lat\u00f3n. Siglo III a.C\t\t\t\t\t\t\t\t<\/div>\n\t\t\t\t\t\t\t\t\t\t\t\t<\/div>\n\t\t\t\t\t\t\t\t\t<\/a>\n\t\t\t\t\t\t\t<a class=\"e-gallery-item elementor-gallery-item elementor-animated-content\" href=\"https:\/\/www.ferrangarreta.com\/wp-content\/uploads\/2023\/04\/AA29.-Casc-celta-italic-de-tipus-Gottolengo.-Acer-i-llauto.-Segle-IV-a.C.jpg\" data-elementor-open-lightbox=\"yes\" data-elementor-lightbox-slideshow=\"0fb0844\" data-elementor-lightbox-title=\"AA29. Casco celta-it\u00e1lico de tipo Gottolengo. Acero y lat\u00f3n. Siglo IV a.C.\" data-e-action-hash=\"#elementor-action%3Aaction%3Dlightbox%26settings%3DeyJpZCI6MTE1MTUsInVybCI6Imh0dHBzOlwvXC93d3cuZmVycmFuZ2FycmV0YS5jb21cL3dwLWNvbnRlbnRcL3VwbG9hZHNcLzIwMjNcLzA0XC9BQTI5Li1DYXNjLWNlbHRhLWl0YWxpYy1kZS10aXB1cy1Hb3R0b2xlbmdvLi1BY2VyLWktbGxhdXRvLi1TZWdsZS1JVi1hLkMuanBnIiwic2xpZGVzaG93IjoiMGZiMDg0NCJ9\">\n\t\t\t\t\t<div class=\"e-gallery-image elementor-gallery-item__image\" data-thumbnail=\"https:\/\/www.ferrangarreta.com\/wp-content\/uploads\/2023\/04\/AA29.-Casc-celta-italic-de-tipus-Gottolengo.-Acer-i-llauto.-Segle-IV-a.C.jpg\" data-width=\"1920\" data-height=\"2560\" aria-label=\"AA29. Casco celta-it\u00e1lico de tipo Gottolengo. Acero y lat\u00f3n. Siglo IV a.C.\" role=\"img\" ><\/div>\n\t\t\t\t\t\t\t\t\t\t\t<div class=\"elementor-gallery-item__overlay\"><\/div>\n\t\t\t\t\t\t\t\t\t\t\t\t\t\t\t<div class=\"elementor-gallery-item__content\">\n\t\t\t\t\t\t\t\t\t\t\t\t\t\t<div class=\"elementor-gallery-item__title\">\n\t\t\t\t\t\t\t\t\t\t\t\t\t\t\t\t\t\tAA29. Casco celta-it\u00e1lico de tipo Gottolengo. Acero y lat\u00f3n. Siglo IV a.C.\t\t\t\t\t\t\t\t<\/div>\n\t\t\t\t\t\t\t\t\t\t\t\t<\/div>\n\t\t\t\t\t\t\t\t\t<\/a>\n\t\t\t\t\t\t\t<a class=\"e-gallery-item elementor-gallery-item elementor-animated-content\" href=\"https:\/\/www.ferrangarreta.com\/wp-content\/uploads\/2023\/04\/AA30.-Casc-celta-de-Berru.-Llauto.-Segle-IV-a.C.jpg\" data-elementor-open-lightbox=\"yes\" data-elementor-lightbox-slideshow=\"0fb0844\" data-elementor-lightbox-title=\"AA30. Casco c\u00e9ltico de Berru. Lat\u00f3n. Siglo IV a.C.\" data-e-action-hash=\"#elementor-action%3Aaction%3Dlightbox%26settings%3DeyJpZCI6MTE1MTgsInVybCI6Imh0dHBzOlwvXC93d3cuZmVycmFuZ2FycmV0YS5jb21cL3dwLWNvbnRlbnRcL3VwbG9hZHNcLzIwMjNcLzA0XC9BQTMwLi1DYXNjLWNlbHRhLWRlLUJlcnJ1Li1MbGF1dG8uLVNlZ2xlLUlWLWEuQy5qcGciLCJzbGlkZXNob3ciOiIwZmIwODQ0In0%3D\">\n\t\t\t\t\t<div class=\"e-gallery-image elementor-gallery-item__image\" data-thumbnail=\"https:\/\/www.ferrangarreta.com\/wp-content\/uploads\/2023\/04\/AA30.-Casc-celta-de-Berru.-Llauto.-Segle-IV-a.C.jpg\" data-width=\"400\" data-height=\"600\" aria-label=\"AA30. Casco c\u00e9ltico de Berru. Lat\u00f3n. Siglo IV a.C.\" role=\"img\" ><\/div>\n\t\t\t\t\t\t\t\t\t\t\t<div class=\"elementor-gallery-item__overlay\"><\/div>\n\t\t\t\t\t\t\t\t\t\t\t\t\t\t\t<div class=\"elementor-gallery-item__content\">\n\t\t\t\t\t\t\t\t\t\t\t\t\t\t<div class=\"elementor-gallery-item__title\">\n\t\t\t\t\t\t\t\t\t\t\t\t\t\t\t\t\t\tAA30. Casco c\u00e9ltico de Berru. Lat\u00f3n. Siglo IV a.C.\t\t\t\t\t\t\t\t<\/div>\n\t\t\t\t\t\t\t\t\t\t\t\t<\/div>\n\t\t\t\t\t\t\t\t\t<\/a>\n\t\t\t\t\t\t\t<a class=\"e-gallery-item elementor-gallery-item elementor-animated-content\" href=\"https:\/\/www.ferrangarreta.com\/wp-content\/uploads\/2023\/04\/AA31.-Casc-de-general-roma-de-tipus-beotia-atic.-Llauto.-Segle-II-a.C.jpg\" data-elementor-open-lightbox=\"yes\" data-elementor-lightbox-slideshow=\"0fb0844\" data-elementor-lightbox-title=\"AA31. Casco general romano de tipo beotiano-\u00e1tico. Lat\u00f3n. Siglo II a.C.\" data-e-action-hash=\"#elementor-action%3Aaction%3Dlightbox%26settings%3DeyJpZCI6MTE1MjEsInVybCI6Imh0dHBzOlwvXC93d3cuZmVycmFuZ2FycmV0YS5jb21cL3dwLWNvbnRlbnRcL3VwbG9hZHNcLzIwMjNcLzA0XC9BQTMxLi1DYXNjLWRlLWdlbmVyYWwtcm9tYS1kZS10aXB1cy1iZW90aWEtYXRpYy4tTGxhdXRvLi1TZWdsZS1JSS1hLkMuanBnIiwic2xpZGVzaG93IjoiMGZiMDg0NCJ9\">\n\t\t\t\t\t<div class=\"e-gallery-image elementor-gallery-item__image\" data-thumbnail=\"https:\/\/www.ferrangarreta.com\/wp-content\/uploads\/2023\/04\/AA31.-Casc-de-general-roma-de-tipus-beotia-atic.-Llauto.-Segle-II-a.C.jpg\" data-width=\"300\" data-height=\"430\" aria-label=\"AA31. Casco general romano de tipo beotiano-\u00e1tico. Lat\u00f3n. Siglo II a.C.\" role=\"img\" ><\/div>\n\t\t\t\t\t\t\t\t\t\t\t<div class=\"elementor-gallery-item__overlay\"><\/div>\n\t\t\t\t\t\t\t\t\t\t\t\t\t\t\t<div class=\"elementor-gallery-item__content\">\n\t\t\t\t\t\t\t\t\t\t\t\t\t\t<div class=\"elementor-gallery-item__title\">\n\t\t\t\t\t\t\t\t\t\t\t\t\t\t\t\t\t\tAA31. Casco general romano de tipo beotiano-\u00e1tico. Lat\u00f3n. Siglo II a.C.\t\t\t\t\t\t\t\t<\/div>\n\t\t\t\t\t\t\t\t\t\t\t\t<\/div>\n\t\t\t\t\t\t\t\t\t<\/a>\n\t\t\t\t\t\t\t<a class=\"e-gallery-item elementor-gallery-item elementor-animated-content\" href=\"https:\/\/www.ferrangarreta.com\/wp-content\/uploads\/2023\/04\/AA32.-Casc-doficial-roma.-Llauto-i-llauto-cromat.-Segle-II-a.C.jpg\" data-elementor-open-lightbox=\"yes\" data-elementor-lightbox-slideshow=\"0fb0844\" data-elementor-lightbox-title=\"AA32. Casco de oficial romano. Lat\u00f3n y lat\u00f3n niquelado. Siglo II a.C.\" data-e-action-hash=\"#elementor-action%3Aaction%3Dlightbox%26settings%3DeyJpZCI6MTE1MjQsInVybCI6Imh0dHBzOlwvXC93d3cuZmVycmFuZ2FycmV0YS5jb21cL3dwLWNvbnRlbnRcL3VwbG9hZHNcLzIwMjNcLzA0XC9BQTMyLi1DYXNjLWRvZmljaWFsLXJvbWEuLUxsYXV0by1pLWxsYXV0by1jcm9tYXQuLVNlZ2xlLUlJLWEuQy5qcGciLCJzbGlkZXNob3ciOiIwZmIwODQ0In0%3D\">\n\t\t\t\t\t<div class=\"e-gallery-image elementor-gallery-item__image\" data-thumbnail=\"https:\/\/www.ferrangarreta.com\/wp-content\/uploads\/2023\/04\/AA32.-Casc-doficial-roma.-Llauto-i-llauto-cromat.-Segle-II-a.C.jpg\" data-width=\"330\" data-height=\"413\" aria-label=\"AA32. Casco de oficial romano. Lat\u00f3n y lat\u00f3n niquelado. Siglo II a.C.\" role=\"img\" ><\/div>\n\t\t\t\t\t\t\t\t\t\t\t<div class=\"elementor-gallery-item__overlay\"><\/div>\n\t\t\t\t\t\t\t\t\t\t\t\t\t\t\t<div class=\"elementor-gallery-item__content\">\n\t\t\t\t\t\t\t\t\t\t\t\t\t\t<div class=\"elementor-gallery-item__title\">\n\t\t\t\t\t\t\t\t\t\t\t\t\t\t\t\t\t\tAA32. Casco de oficial romano. Lat\u00f3n y lat\u00f3n niquelado. Siglo II a.C.\t\t\t\t\t\t\t\t<\/div>\n\t\t\t\t\t\t\t\t\t\t\t\t<\/div>\n\t\t\t\t\t\t\t\t\t<\/a>\n\t\t\t\t\t\t\t<a class=\"e-gallery-item elementor-gallery-item elementor-animated-content\" href=\"https:\/\/www.ferrangarreta.com\/wp-content\/uploads\/2023\/04\/AA33.-Casc-de-cavalleria-romana-de-tipus-Weiler-de-Xanten-Wardt.-Llauto-cromat.-Segle-I-i-II-d.C.jpg\" data-elementor-open-lightbox=\"yes\" data-elementor-lightbox-slideshow=\"0fb0844\" data-elementor-lightbox-title=\"AA33. Casco de caballer\u00eda romana de tipo Weiler de Xanten-Wardt. Lat\u00f3n niquelado. Siglo I y II d.C.\" data-e-action-hash=\"#elementor-action%3Aaction%3Dlightbox%26settings%3DeyJpZCI6MTE1MjcsInVybCI6Imh0dHBzOlwvXC93d3cuZmVycmFuZ2FycmV0YS5jb21cL3dwLWNvbnRlbnRcL3VwbG9hZHNcLzIwMjNcLzA0XC9BQTMzLi1DYXNjLWRlLWNhdmFsbGVyaWEtcm9tYW5hLWRlLXRpcHVzLVdlaWxlci1kZS1YYW50ZW4tV2FyZHQuLUxsYXV0by1jcm9tYXQuLVNlZ2xlLUktaS1JSS1kLkMuanBnIiwic2xpZGVzaG93IjoiMGZiMDg0NCJ9\">\n\t\t\t\t\t<div class=\"e-gallery-image elementor-gallery-item__image\" data-thumbnail=\"https:\/\/www.ferrangarreta.com\/wp-content\/uploads\/2023\/04\/AA33.-Casc-de-cavalleria-romana-de-tipus-Weiler-de-Xanten-Wardt.-Llauto-cromat.-Segle-I-i-II-d.C.jpg\" data-width=\"330\" data-height=\"430\" aria-label=\"AA33. Casco de caballer\u00eda romana de tipo Weiler de Xanten-Wardt. Lat\u00f3n niquelado. Siglo I y II d.C.\" role=\"img\" ><\/div>\n\t\t\t\t\t\t\t\t\t\t\t<div class=\"elementor-gallery-item__overlay\"><\/div>\n\t\t\t\t\t\t\t\t\t\t\t\t\t\t\t<div class=\"elementor-gallery-item__content\">\n\t\t\t\t\t\t\t\t\t\t\t\t\t\t<div class=\"elementor-gallery-item__title\">\n\t\t\t\t\t\t\t\t\t\t\t\t\t\t\t\t\t\tAA33. Casco de caballer\u00eda romana de tipo Weiler de Xanten-Wardt. Lat\u00f3n niquelado. Siglo I y II d.C.\t\t\t\t\t\t\t\t<\/div>\n\t\t\t\t\t\t\t\t\t\t\t\t<\/div>\n\t\t\t\t\t\t\t\t\t<\/a>\n\t\t\t\t\t\t\t<a class=\"e-gallery-item elementor-gallery-item elementor-animated-content\" href=\"https:\/\/www.ferrangarreta.com\/wp-content\/uploads\/2023\/04\/AA34.-Casc-roma.-Llauto-i-cresta-de-pel-de-cavall.-Segle-I-a.C.-al-III-d.C.jpg\" data-elementor-open-lightbox=\"yes\" data-elementor-lightbox-slideshow=\"0fb0844\" data-elementor-lightbox-title=\"AA34. Casco romano. Lat\u00f3n y cresta de pelo de caballo. Siglo I a.C. en el III d.C.\" data-e-action-hash=\"#elementor-action%3Aaction%3Dlightbox%26settings%3DeyJpZCI6MTE1MzAsInVybCI6Imh0dHBzOlwvXC93d3cuZmVycmFuZ2FycmV0YS5jb21cL3dwLWNvbnRlbnRcL3VwbG9hZHNcLzIwMjNcLzA0XC9BQTM0Li1DYXNjLXJvbWEuLUxsYXV0by1pLWNyZXN0YS1kZS1wZWwtZGUtY2F2YWxsLi1TZWdsZS1JLWEuQy4tYWwtSUlJLWQuQy5qcGciLCJzbGlkZXNob3ciOiIwZmIwODQ0In0%3D\">\n\t\t\t\t\t<div class=\"e-gallery-image elementor-gallery-item__image\" data-thumbnail=\"https:\/\/www.ferrangarreta.com\/wp-content\/uploads\/2023\/04\/AA34.-Casc-roma.-Llauto-i-cresta-de-pel-de-cavall.-Segle-I-a.C.-al-III-d.C.jpg\" data-width=\"1599\" data-height=\"2277\" aria-label=\"AA34. Casco romano. Lat\u00f3n y cresta de pelo de caballo. Siglo I a.C. en el III d.C.\" role=\"img\" ><\/div>\n\t\t\t\t\t\t\t\t\t\t\t<div class=\"elementor-gallery-item__overlay\"><\/div>\n\t\t\t\t\t\t\t\t\t\t\t\t\t\t\t<div class=\"elementor-gallery-item__content\">\n\t\t\t\t\t\t\t\t\t\t\t\t\t\t<div class=\"elementor-gallery-item__title\">\n\t\t\t\t\t\t\t\t\t\t\t\t\t\t\t\t\t\tAA34. Casco romano. Lat\u00f3n y cresta de pelo de caballo. Siglo I a.C. en el III d.C.\t\t\t\t\t\t\t\t<\/div>\n\t\t\t\t\t\t\t\t\t\t\t\t<\/div>\n\t\t\t\t\t\t\t\t\t<\/a>\n\t\t\t\t\t\t\t<a class=\"e-gallery-item elementor-gallery-item elementor-animated-content\" href=\"https:\/\/www.ferrangarreta.com\/wp-content\/uploads\/2023\/11\/AA35-scaled.jpg\" data-elementor-open-lightbox=\"yes\" data-elementor-lightbox-slideshow=\"0fb0844\" data-elementor-lightbox-title=\"AA35. Casco pseudo corintio de tipo Heddernheim. Lat\u00f3n. Siglo II y III d.C.\" data-e-action-hash=\"#elementor-action%3Aaction%3Dlightbox%26settings%3DeyJpZCI6MTYzODgsInVybCI6Imh0dHBzOlwvXC93d3cuZmVycmFuZ2FycmV0YS5jb21cL3dwLWNvbnRlbnRcL3VwbG9hZHNcLzIwMjNcLzExXC9BQTM1LXNjYWxlZC5qcGciLCJzbGlkZXNob3ciOiIwZmIwODQ0In0%3D\">\n\t\t\t\t\t<div class=\"e-gallery-image elementor-gallery-item__image\" data-thumbnail=\"https:\/\/www.ferrangarreta.com\/wp-content\/uploads\/2023\/11\/AA35-scaled.jpg\" data-width=\"2560\" data-height=\"2560\" aria-label=\"AA35. Casco pseudo corintio de tipo Heddernheim. Lat\u00f3n. Siglo II y III d.C.\" role=\"img\" ><\/div>\n\t\t\t\t\t\t\t\t\t\t\t<div class=\"elementor-gallery-item__overlay\"><\/div>\n\t\t\t\t\t\t\t\t\t\t\t\t\t\t\t<div class=\"elementor-gallery-item__content\">\n\t\t\t\t\t\t\t\t\t\t\t\t\t\t<div class=\"elementor-gallery-item__title\">\n\t\t\t\t\t\t\t\t\t\t\t\t\t\t\t\t\t\tAA35. Casco pseudo corintio de tipo Heddernheim. Lat\u00f3n. Siglo II y III d.C.\t\t\t\t\t\t\t\t<\/div>\n\t\t\t\t\t\t\t\t\t\t\t\t<\/div>\n\t\t\t\t\t\t\t\t\t<\/a>\n\t\t\t\t\t\t\t<a class=\"e-gallery-item elementor-gallery-item elementor-animated-content\" href=\"https:\/\/www.ferrangarreta.com\/wp-content\/uploads\/2023\/04\/AA36.-Casc-etrusc-de-Capestrano.-Llauto-i-cresta-de-pel-de-cavall.-Segle-VI-a.C.-Italic.jpg\" data-elementor-open-lightbox=\"yes\" data-elementor-lightbox-slideshow=\"0fb0844\" data-elementor-lightbox-title=\"AA36. Casco etrusco de Capestrano. Lat\u00f3n y cresta de pelo de caballo. Siglo VI a.C. It\u00e1lico.\" data-e-action-hash=\"#elementor-action%3Aaction%3Dlightbox%26settings%3DeyJpZCI6MTE1MzYsInVybCI6Imh0dHBzOlwvXC93d3cuZmVycmFuZ2FycmV0YS5jb21cL3dwLWNvbnRlbnRcL3VwbG9hZHNcLzIwMjNcLzA0XC9BQTM2Li1DYXNjLWV0cnVzYy1kZS1DYXBlc3RyYW5vLi1MbGF1dG8taS1jcmVzdGEtZGUtcGVsLWRlLWNhdmFsbC4tU2VnbGUtVkktYS5DLi1JdGFsaWMuanBnIiwic2xpZGVzaG93IjoiMGZiMDg0NCJ9\">\n\t\t\t\t\t<div class=\"e-gallery-image elementor-gallery-item__image\" data-thumbnail=\"https:\/\/www.ferrangarreta.com\/wp-content\/uploads\/2023\/04\/AA36.-Casc-etrusc-de-Capestrano.-Llauto-i-cresta-de-pel-de-cavall.-Segle-VI-a.C.-Italic.jpg\" data-width=\"413\" data-height=\"350\" aria-label=\"AA36. Casco etrusco de Capestrano. Lat\u00f3n y cresta de pelo de caballo. Siglo VI a.C. It\u00e1lico.\" role=\"img\" ><\/div>\n\t\t\t\t\t\t\t\t\t\t\t<div class=\"elementor-gallery-item__overlay\"><\/div>\n\t\t\t\t\t\t\t\t\t\t\t\t\t\t\t<div class=\"elementor-gallery-item__content\">\n\t\t\t\t\t\t\t\t\t\t\t\t\t\t<div class=\"elementor-gallery-item__title\">\n\t\t\t\t\t\t\t\t\t\t\t\t\t\t\t\t\t\tAA36. Casco etrusco de Capestrano. Lat\u00f3n y cresta de pelo de caballo. Siglo VI a.C. It\u00e1lico.\t\t\t\t\t\t\t\t<\/div>\n\t\t\t\t\t\t\t\t\t\t\t\t<\/div>\n\t\t\t\t\t\t\t\t\t<\/a>\n\t\t\t\t\t\t\t<a class=\"e-gallery-item elementor-gallery-item elementor-animated-content\" href=\"https:\/\/www.ferrangarreta.com\/wp-content\/uploads\/2023\/11\/AA37.1-scaled.jpg\" data-elementor-open-lightbox=\"yes\" data-elementor-lightbox-slideshow=\"0fb0844\" data-elementor-lightbox-title=\"AA37.1. Casco romano pretoriano. Lat\u00f3n. Siglo I d.C.\" data-e-action-hash=\"#elementor-action%3Aaction%3Dlightbox%26settings%3DeyJpZCI6MTYzOTIsInVybCI6Imh0dHBzOlwvXC93d3cuZmVycmFuZ2FycmV0YS5jb21cL3dwLWNvbnRlbnRcL3VwbG9hZHNcLzIwMjNcLzExXC9BQTM3LjEtc2NhbGVkLmpwZyIsInNsaWRlc2hvdyI6IjBmYjA4NDQifQ%3D%3D\">\n\t\t\t\t\t<div class=\"e-gallery-image elementor-gallery-item__image\" data-thumbnail=\"https:\/\/www.ferrangarreta.com\/wp-content\/uploads\/2023\/11\/AA37.1-scaled.jpg\" data-width=\"2021\" data-height=\"2560\" aria-label=\"AA37.1. Casco romano pretoriano. Lat\u00f3n. Siglo I d.C.\" role=\"img\" ><\/div>\n\t\t\t\t\t\t\t\t\t\t\t<div class=\"elementor-gallery-item__overlay\"><\/div>\n\t\t\t\t\t\t\t\t\t\t\t\t\t\t\t<div class=\"elementor-gallery-item__content\">\n\t\t\t\t\t\t\t\t\t\t\t\t\t\t<div class=\"elementor-gallery-item__title\">\n\t\t\t\t\t\t\t\t\t\t\t\t\t\t\t\t\t\tAA37.1. Casco romano pretoriano. Lat\u00f3n. Siglo I d.C.\t\t\t\t\t\t\t\t<\/div>\n\t\t\t\t\t\t\t\t\t\t\t\t<\/div>\n\t\t\t\t\t\t\t\t\t<\/a>\n\t\t\t\t\t\t\t<a class=\"e-gallery-item elementor-gallery-item elementor-animated-content\" href=\"https:\/\/www.ferrangarreta.com\/wp-content\/uploads\/2023\/11\/AA37.2-1.jpg\" data-elementor-open-lightbox=\"yes\" data-elementor-lightbox-slideshow=\"0fb0844\" data-elementor-lightbox-title=\"AA37.2. Casco romano pretoriano. Lat\u00f3n. Siglo I d.C.\" data-e-action-hash=\"#elementor-action%3Aaction%3Dlightbox%26settings%3DeyJpZCI6MTY0MDAsInVybCI6Imh0dHBzOlwvXC93d3cuZmVycmFuZ2FycmV0YS5jb21cL3dwLWNvbnRlbnRcL3VwbG9hZHNcLzIwMjNcLzExXC9BQTM3LjItMS5qcGciLCJzbGlkZXNob3ciOiIwZmIwODQ0In0%3D\">\n\t\t\t\t\t<div class=\"e-gallery-image elementor-gallery-item__image\" data-thumbnail=\"https:\/\/www.ferrangarreta.com\/wp-content\/uploads\/2023\/11\/AA37.2-1.jpg\" data-width=\"1626\" data-height=\"2059\" aria-label=\"AA37.2. Casco romano pretoriano. Lat\u00f3n. Siglo I d.C.\" role=\"img\" ><\/div>\n\t\t\t\t\t\t\t\t\t\t\t<div class=\"elementor-gallery-item__overlay\"><\/div>\n\t\t\t\t\t\t\t\t\t\t\t\t\t\t\t<div class=\"elementor-gallery-item__content\">\n\t\t\t\t\t\t\t\t\t\t\t\t\t\t<div class=\"elementor-gallery-item__title\">\n\t\t\t\t\t\t\t\t\t\t\t\t\t\t\t\t\t\tAA37.2. Casco romano pretoriano. Lat\u00f3n. Siglo I d.C.\t\t\t\t\t\t\t\t<\/div>\n\t\t\t\t\t\t\t\t\t\t\t\t<\/div>\n\t\t\t\t\t\t\t\t\t<\/a>\n\t\t\t\t\t\t\t<a class=\"e-gallery-item elementor-gallery-item elementor-animated-content\" href=\"https:\/\/www.ferrangarreta.com\/wp-content\/uploads\/2023\/04\/AA38.1.-Casc-roma-pretoria.-Llauto-llauto-cromat-ametista-i-onix.-Segle-I-d.C-scaled.jpg\" data-elementor-open-lightbox=\"yes\" data-elementor-lightbox-slideshow=\"0fb0844\" data-elementor-lightbox-title=\"AA38.1. Casco romano pretoriano. Lat\u00f3n, lat\u00f3n niquelado, amatista y \u00f3nice. Siglo I d.C.\" data-e-action-hash=\"#elementor-action%3Aaction%3Dlightbox%26settings%3DeyJpZCI6MTE1NDUsInVybCI6Imh0dHBzOlwvXC93d3cuZmVycmFuZ2FycmV0YS5jb21cL3dwLWNvbnRlbnRcL3VwbG9hZHNcLzIwMjNcLzA0XC9BQTM4LjEuLUNhc2Mtcm9tYS1wcmV0b3JpYS4tTGxhdXRvLWxsYXV0by1jcm9tYXQtYW1ldGlzdGEtaS1vbml4Li1TZWdsZS1JLWQuQy1zY2FsZWQuanBnIiwic2xpZGVzaG93IjoiMGZiMDg0NCJ9\">\n\t\t\t\t\t<div class=\"e-gallery-image elementor-gallery-item__image\" data-thumbnail=\"https:\/\/www.ferrangarreta.com\/wp-content\/uploads\/2023\/04\/AA38.1.-Casc-roma-pretoria.-Llauto-llauto-cromat-ametista-i-onix.-Segle-I-d.C-scaled.jpg\" data-width=\"1829\" data-height=\"2560\" aria-label=\"AA38.1. Casco romano pretoriano. Lat\u00f3n, lat\u00f3n niquelado, amatista y \u00f3nice. Siglo I d.C.\" role=\"img\" ><\/div>\n\t\t\t\t\t\t\t\t\t\t\t<div class=\"elementor-gallery-item__overlay\"><\/div>\n\t\t\t\t\t\t\t\t\t\t\t\t\t\t\t<div class=\"elementor-gallery-item__content\">\n\t\t\t\t\t\t\t\t\t\t\t\t\t\t<div class=\"elementor-gallery-item__title\">\n\t\t\t\t\t\t\t\t\t\t\t\t\t\t\t\t\t\tAA38.1. Casco romano pretoriano. Lat\u00f3n, lat\u00f3n niquelado, amatista y \u00f3nice. Siglo I d.C.\t\t\t\t\t\t\t\t<\/div>\n\t\t\t\t\t\t\t\t\t\t\t\t<\/div>\n\t\t\t\t\t\t\t\t\t<\/a>\n\t\t\t\t\t\t\t<a class=\"e-gallery-item elementor-gallery-item elementor-animated-content\" href=\"https:\/\/www.ferrangarreta.com\/wp-content\/uploads\/2023\/11\/AA38.2-scaled.jpg\" data-elementor-open-lightbox=\"yes\" data-elementor-lightbox-slideshow=\"0fb0844\" data-elementor-lightbox-title=\"AA38.2. Casco romano pretoriano. Lat\u00f3n, lat\u00f3n niquelado, amatista y \u00f3nice. Siglo I d.C.\" data-e-action-hash=\"#elementor-action%3Aaction%3Dlightbox%26settings%3DeyJpZCI6MTY0MTMsInVybCI6Imh0dHBzOlwvXC93d3cuZmVycmFuZ2FycmV0YS5jb21cL3dwLWNvbnRlbnRcL3VwbG9hZHNcLzIwMjNcLzExXC9BQTM4LjItc2NhbGVkLmpwZyIsInNsaWRlc2hvdyI6IjBmYjA4NDQifQ%3D%3D\">\n\t\t\t\t\t<div class=\"e-gallery-image elementor-gallery-item__image\" data-thumbnail=\"https:\/\/www.ferrangarreta.com\/wp-content\/uploads\/2023\/11\/AA38.2-scaled.jpg\" data-width=\"1829\" data-height=\"2560\" aria-label=\"AA38.2. Casco romano pretoriano. Lat\u00f3n, lat\u00f3n niquelado, amatista y \u00f3nice. Siglo I d.C.\" role=\"img\" ><\/div>\n\t\t\t\t\t\t\t\t\t\t\t<div class=\"elementor-gallery-item__overlay\"><\/div>\n\t\t\t\t\t\t\t\t\t\t\t\t\t\t\t<div class=\"elementor-gallery-item__content\">\n\t\t\t\t\t\t\t\t\t\t\t\t\t\t<div class=\"elementor-gallery-item__title\">\n\t\t\t\t\t\t\t\t\t\t\t\t\t\t\t\t\t\tAA38.2. Casco romano pretoriano. Lat\u00f3n, lat\u00f3n niquelado, amatista y \u00f3nice. Siglo I d.C.\t\t\t\t\t\t\t\t<\/div>\n\t\t\t\t\t\t\t\t\t\t\t\t<\/div>\n\t\t\t\t\t\t\t\t\t<\/a>\n\t\t\t\t\t\t\t<a class=\"e-gallery-item elementor-gallery-item elementor-animated-content\" href=\"https:\/\/www.ferrangarreta.com\/wp-content\/uploads\/2023\/11\/AA38.3-1-scaled.jpg\" data-elementor-open-lightbox=\"yes\" data-elementor-lightbox-slideshow=\"0fb0844\" data-elementor-lightbox-title=\"AA38.3. Casco romano pretoriano. Lat\u00f3n, lat\u00f3n niquelado, amatista y \u00f3nice. Siglo I d.C.\" data-e-action-hash=\"#elementor-action%3Aaction%3Dlightbox%26settings%3DeyJpZCI6MTY0MDgsInVybCI6Imh0dHBzOlwvXC93d3cuZmVycmFuZ2FycmV0YS5jb21cL3dwLWNvbnRlbnRcL3VwbG9hZHNcLzIwMjNcLzExXC9BQTM4LjMtMS1zY2FsZWQuanBnIiwic2xpZGVzaG93IjoiMGZiMDg0NCJ9\">\n\t\t\t\t\t<div class=\"e-gallery-image elementor-gallery-item__image\" data-thumbnail=\"https:\/\/www.ferrangarreta.com\/wp-content\/uploads\/2023\/11\/AA38.3-1-scaled.jpg\" data-width=\"2021\" data-height=\"2560\" aria-label=\"AA38.3. Casco romano pretoriano. Lat\u00f3n, lat\u00f3n niquelado, amatista y \u00f3nice. Siglo I d.C.\" role=\"img\" ><\/div>\n\t\t\t\t\t\t\t\t\t\t\t<div class=\"elementor-gallery-item__overlay\"><\/div>\n\t\t\t\t\t\t\t\t\t\t\t\t\t\t\t<div class=\"elementor-gallery-item__content\">\n\t\t\t\t\t\t\t\t\t\t\t\t\t\t<div class=\"elementor-gallery-item__title\">\n\t\t\t\t\t\t\t\t\t\t\t\t\t\t\t\t\t\tAA38.3. Casco romano pretoriano. Lat\u00f3n, lat\u00f3n niquelado, amatista y \u00f3nice. Siglo I d.C.\t\t\t\t\t\t\t\t<\/div>\n\t\t\t\t\t\t\t\t\t\t\t\t<\/div>\n\t\t\t\t\t\t\t\t\t<\/a>\n\t\t\t\t\t\t\t<a class=\"e-gallery-item elementor-gallery-item elementor-animated-content\" href=\"https:\/\/www.ferrangarreta.com\/wp-content\/uploads\/2023\/04\/AA39.-Casc-roma-de-Cesar-August.-Llauto-i-llauto-cromat.-Segle-I-a.C.-al-I-d.C.jpg\" data-elementor-open-lightbox=\"yes\" data-elementor-lightbox-slideshow=\"0fb0844\" data-elementor-lightbox-title=\"AA39. Casco romano de C\u00e9sar Augusto. Lat\u00f3n y lat\u00f3n niquelado. Siglo I a.C. al siglo I dC.\" data-e-action-hash=\"#elementor-action%3Aaction%3Dlightbox%26settings%3DeyJpZCI6MTE1NTEsInVybCI6Imh0dHBzOlwvXC93d3cuZmVycmFuZ2FycmV0YS5jb21cL3dwLWNvbnRlbnRcL3VwbG9hZHNcLzIwMjNcLzA0XC9BQTM5Li1DYXNjLXJvbWEtZGUtQ2VzYXItQXVndXN0Li1MbGF1dG8taS1sbGF1dG8tY3JvbWF0Li1TZWdsZS1JLWEuQy4tYWwtSS1kLkMuanBnIiwic2xpZGVzaG93IjoiMGZiMDg0NCJ9\">\n\t\t\t\t\t<div class=\"e-gallery-image elementor-gallery-item__image\" data-thumbnail=\"https:\/\/www.ferrangarreta.com\/wp-content\/uploads\/2023\/04\/AA39.-Casc-roma-de-Cesar-August.-Llauto-i-llauto-cromat.-Segle-I-a.C.-al-I-d.C.jpg\" data-width=\"300\" data-height=\"450\" aria-label=\"AA39. Casco romano de C\u00e9sar Augusto. Lat\u00f3n y lat\u00f3n niquelado. Siglo I a.C. al siglo I dC.\" role=\"img\" ><\/div>\n\t\t\t\t\t\t\t\t\t\t\t<div class=\"elementor-gallery-item__overlay\"><\/div>\n\t\t\t\t\t\t\t\t\t\t\t\t\t\t\t<div class=\"elementor-gallery-item__content\">\n\t\t\t\t\t\t\t\t\t\t\t\t\t\t<div class=\"elementor-gallery-item__title\">\n\t\t\t\t\t\t\t\t\t\t\t\t\t\t\t\t\t\tAA39. Casco romano de C\u00e9sar Augusto. Lat\u00f3n y lat\u00f3n niquelado. Siglo I a.C. al siglo I dC.\t\t\t\t\t\t\t\t<\/div>\n\t\t\t\t\t\t\t\t\t\t\t\t<\/div>\n\t\t\t\t\t\t\t\t\t<\/a>\n\t\t\t\t\t\t\t<a class=\"e-gallery-item elementor-gallery-item elementor-animated-content\" href=\"https:\/\/www.ferrangarreta.com\/wp-content\/uploads\/2023\/04\/AA40.1.-Casc-grec-de-tipus-corinti-amb-portacrestes-en-forma-de-serp.-Bronze-i-cresta-de-pel-de-cavall.-Segle-V-a.C.jpg\" data-elementor-open-lightbox=\"yes\" data-elementor-lightbox-slideshow=\"0fb0844\" data-elementor-lightbox-title=\"AA40.1. Casco griego de tipo corintio con soporte de cimera en forma de serpientes. Bronze y crestas de pelo de caballo. Siglo V a.C.\" data-e-action-hash=\"#elementor-action%3Aaction%3Dlightbox%26settings%3DeyJpZCI6MTE1NTQsInVybCI6Imh0dHBzOlwvXC93d3cuZmVycmFuZ2FycmV0YS5jb21cL3dwLWNvbnRlbnRcL3VwbG9hZHNcLzIwMjNcLzA0XC9BQTQwLjEuLUNhc2MtZ3JlYy1kZS10aXB1cy1jb3JpbnRpLWFtYi1wb3J0YWNyZXN0ZXMtZW4tZm9ybWEtZGUtc2VycC4tQnJvbnplLWktY3Jlc3RhLWRlLXBlbC1kZS1jYXZhbGwuLVNlZ2xlLVYtYS5DLmpwZyIsInNsaWRlc2hvdyI6IjBmYjA4NDQifQ%3D%3D\">\n\t\t\t\t\t<div class=\"e-gallery-image elementor-gallery-item__image\" data-thumbnail=\"https:\/\/www.ferrangarreta.com\/wp-content\/uploads\/2023\/04\/AA40.1.-Casc-grec-de-tipus-corinti-amb-portacrestes-en-forma-de-serp.-Bronze-i-cresta-de-pel-de-cavall.-Segle-V-a.C.jpg\" data-width=\"1870\" data-height=\"2338\" aria-label=\"AA40.1. Casco griego de tipo corintio con soporte de cimera en forma de serpientes. Bronze y crestas de pelo de caballo. Siglo V a.C.\" role=\"img\" ><\/div>\n\t\t\t\t\t\t\t\t\t\t\t<div class=\"elementor-gallery-item__overlay\"><\/div>\n\t\t\t\t\t\t\t\t\t\t\t\t\t\t\t<div class=\"elementor-gallery-item__content\">\n\t\t\t\t\t\t\t\t\t\t\t\t\t\t<div class=\"elementor-gallery-item__title\">\n\t\t\t\t\t\t\t\t\t\t\t\t\t\t\t\t\t\tAA40.1. Casco griego de tipo corintio con soporte de cimera en forma de serpientes. Bronze y crestas de pelo de caballo. Siglo V a.C.\t\t\t\t\t\t\t\t<\/div>\n\t\t\t\t\t\t\t\t\t\t\t\t<\/div>\n\t\t\t\t\t\t\t\t\t<\/a>\n\t\t\t\t\t\t\t<a class=\"e-gallery-item elementor-gallery-item elementor-animated-content\" href=\"https:\/\/www.ferrangarreta.com\/wp-content\/uploads\/2023\/04\/AA40.2.-Casc-grec-de-tipus-corinti-amb-portacrestes-en-forma-de-serp.-Bronze-i-cresta-de-pel-de-cavall.-Segle-V-a.C-scaled.jpg\" data-elementor-open-lightbox=\"yes\" data-elementor-lightbox-slideshow=\"0fb0844\" data-elementor-lightbox-title=\"AA40.2. Casco griego de tipo corintio con soporte de cimera en forma de serpientes. Bronze y crestas de pelo de caballo. Siglo V a.C.\" data-e-action-hash=\"#elementor-action%3Aaction%3Dlightbox%26settings%3DeyJpZCI6MTE1NTcsInVybCI6Imh0dHBzOlwvXC93d3cuZmVycmFuZ2FycmV0YS5jb21cL3dwLWNvbnRlbnRcL3VwbG9hZHNcLzIwMjNcLzA0XC9BQTQwLjIuLUNhc2MtZ3JlYy1kZS10aXB1cy1jb3JpbnRpLWFtYi1wb3J0YWNyZXN0ZXMtZW4tZm9ybWEtZGUtc2VycC4tQnJvbnplLWktY3Jlc3RhLWRlLXBlbC1kZS1jYXZhbGwuLVNlZ2xlLVYtYS5DLXNjYWxlZC5qcGciLCJzbGlkZXNob3ciOiIwZmIwODQ0In0%3D\">\n\t\t\t\t\t<div class=\"e-gallery-image elementor-gallery-item__image\" data-thumbnail=\"https:\/\/www.ferrangarreta.com\/wp-content\/uploads\/2023\/04\/AA40.2.-Casc-grec-de-tipus-corinti-amb-portacrestes-en-forma-de-serp.-Bronze-i-cresta-de-pel-de-cavall.-Segle-V-a.C-scaled.jpg\" data-width=\"1707\" data-height=\"2560\" aria-label=\"AA40.2. Casco griego de tipo corintio con soporte de cimera en forma de serpientes. Bronze y crestas de pelo de caballo. Siglo V a.C.\" role=\"img\" ><\/div>\n\t\t\t\t\t\t\t\t\t\t\t<div class=\"elementor-gallery-item__overlay\"><\/div>\n\t\t\t\t\t\t\t\t\t\t\t\t\t\t\t<div class=\"elementor-gallery-item__content\">\n\t\t\t\t\t\t\t\t\t\t\t\t\t\t<div class=\"elementor-gallery-item__title\">\n\t\t\t\t\t\t\t\t\t\t\t\t\t\t\t\t\t\tAA40.2. Casco griego de tipo corintio con soporte de cimera en forma de serpientes. Bronze y crestas de pelo de caballo. Siglo V a.C.\t\t\t\t\t\t\t\t<\/div>\n\t\t\t\t\t\t\t\t\t\t\t\t<\/div>\n\t\t\t\t\t\t\t\t\t<\/a>\n\t\t\t\t\t\t\t<a class=\"e-gallery-item elementor-gallery-item elementor-animated-content\" href=\"https:\/\/www.ferrangarreta.com\/wp-content\/uploads\/2023\/04\/AA41.-Casc-italic-de-tipus-Kegel.-Llauto.-Segle-V-a.C.jpg\" data-elementor-open-lightbox=\"yes\" data-elementor-lightbox-slideshow=\"0fb0844\" data-elementor-lightbox-title=\"AA41. Casco it\u00e1lico de tipo Kegel. Lat\u00f3n. Siglo V a.C.\" data-e-action-hash=\"#elementor-action%3Aaction%3Dlightbox%26settings%3DeyJpZCI6MTE1NjAsInVybCI6Imh0dHBzOlwvXC93d3cuZmVycmFuZ2FycmV0YS5jb21cL3dwLWNvbnRlbnRcL3VwbG9hZHNcLzIwMjNcLzA0XC9BQTQxLi1DYXNjLWl0YWxpYy1kZS10aXB1cy1LZWdlbC4tTGxhdXRvLi1TZWdsZS1WLWEuQy5qcGciLCJzbGlkZXNob3ciOiIwZmIwODQ0In0%3D\">\n\t\t\t\t\t<div class=\"e-gallery-image elementor-gallery-item__image\" data-thumbnail=\"https:\/\/www.ferrangarreta.com\/wp-content\/uploads\/2023\/04\/AA41.-Casc-italic-de-tipus-Kegel.-Llauto.-Segle-V-a.C.jpg\" data-width=\"250\" data-height=\"350\" aria-label=\"AA41. Casco it\u00e1lico de tipo Kegel. Lat\u00f3n. Siglo V a.C.\" role=\"img\" ><\/div>\n\t\t\t\t\t\t\t\t\t\t\t<div class=\"elementor-gallery-item__overlay\"><\/div>\n\t\t\t\t\t\t\t\t\t\t\t\t\t\t\t<div class=\"elementor-gallery-item__content\">\n\t\t\t\t\t\t\t\t\t\t\t\t\t\t<div class=\"elementor-gallery-item__title\">\n\t\t\t\t\t\t\t\t\t\t\t\t\t\t\t\t\t\tAA41. Casco it\u00e1lico de tipo Kegel. Lat\u00f3n. Siglo V a.C.\t\t\t\t\t\t\t\t<\/div>\n\t\t\t\t\t\t\t\t\t\t\t\t<\/div>\n\t\t\t\t\t\t\t\t\t<\/a>\n\t\t\t\t\t\t\t<a class=\"e-gallery-item elementor-gallery-item elementor-animated-content\" href=\"https:\/\/www.ferrangarreta.com\/wp-content\/uploads\/2023\/04\/AA42.-Casc-Lluis-XIV.-Llauto-i-llauto-cromat-amb-cresta-de-plumes.-Segle-XVII-XVIII.-Franca.jpg\" data-elementor-open-lightbox=\"yes\" data-elementor-lightbox-slideshow=\"0fb0844\" data-elementor-lightbox-title=\"AA42. Casco Luis XIV. Lat\u00f3n y lat\u00f3n niquelado con cresta de plumas. Siglo XVII-XVIII. Francia.\" data-e-action-hash=\"#elementor-action%3Aaction%3Dlightbox%26settings%3DeyJpZCI6MTE1NjMsInVybCI6Imh0dHBzOlwvXC93d3cuZmVycmFuZ2FycmV0YS5jb21cL3dwLWNvbnRlbnRcL3VwbG9hZHNcLzIwMjNcLzA0XC9BQTQyLi1DYXNjLUxsdWlzLVhJVi4tTGxhdXRvLWktbGxhdXRvLWNyb21hdC1hbWItY3Jlc3RhLWRlLXBsdW1lcy4tU2VnbGUtWFZJSS1YVklJSS4tRnJhbmNhLmpwZyIsInNsaWRlc2hvdyI6IjBmYjA4NDQifQ%3D%3D\">\n\t\t\t\t\t<div class=\"e-gallery-image elementor-gallery-item__image\" data-thumbnail=\"https:\/\/www.ferrangarreta.com\/wp-content\/uploads\/2023\/04\/AA42.-Casc-Lluis-XIV.-Llauto-i-llauto-cromat-amb-cresta-de-plumes.-Segle-XVII-XVIII.-Franca.jpg\" data-width=\"400\" data-height=\"467\" aria-label=\"AA42. Casco Luis XIV. Lat\u00f3n y lat\u00f3n niquelado con cresta de plumas. Siglo XVII-XVIII. Francia.\" role=\"img\" ><\/div>\n\t\t\t\t\t\t\t\t\t\t\t<div class=\"elementor-gallery-item__overlay\"><\/div>\n\t\t\t\t\t\t\t\t\t\t\t\t\t\t\t<div class=\"elementor-gallery-item__content\">\n\t\t\t\t\t\t\t\t\t\t\t\t\t\t<div class=\"elementor-gallery-item__title\">\n\t\t\t\t\t\t\t\t\t\t\t\t\t\t\t\t\t\tAA42. Casco Luis XIV. Lat\u00f3n y lat\u00f3n niquelado con cresta de plumas. Siglo XVII-XVIII. Francia.\t\t\t\t\t\t\t\t<\/div>\n\t\t\t\t\t\t\t\t\t\t\t\t<\/div>\n\t\t\t\t\t\t\t\t\t<\/a>\n\t\t\t\t\t\t\t<a class=\"e-gallery-item elementor-gallery-item elementor-animated-content\" href=\"https:\/\/www.ferrangarreta.com\/wp-content\/uploads\/2023\/04\/AA43.1.-Casc-de-cavalleria-romana-de-tipus-Weiler-de-Xanten-Wardt.-Llauto-platejat.-Segle-I-i-II-d.C-scaled.jpg\" data-elementor-open-lightbox=\"yes\" data-elementor-lightbox-slideshow=\"0fb0844\" data-elementor-lightbox-title=\"AA43.1. Casco de caballer\u00eda romana tipo Weiler de Xanten-Wardt. Lat\u00f3n plateado. Siglo I y II d.C.\" data-e-action-hash=\"#elementor-action%3Aaction%3Dlightbox%26settings%3DeyJpZCI6MTE1NjYsInVybCI6Imh0dHBzOlwvXC93d3cuZmVycmFuZ2FycmV0YS5jb21cL3dwLWNvbnRlbnRcL3VwbG9hZHNcLzIwMjNcLzA0XC9BQTQzLjEuLUNhc2MtZGUtY2F2YWxsZXJpYS1yb21hbmEtZGUtdGlwdXMtV2VpbGVyLWRlLVhhbnRlbi1XYXJkdC4tTGxhdXRvLXBsYXRlamF0Li1TZWdsZS1JLWktSUktZC5DLXNjYWxlZC5qcGciLCJzbGlkZXNob3ciOiIwZmIwODQ0In0%3D\">\n\t\t\t\t\t<div class=\"e-gallery-image elementor-gallery-item__image\" data-thumbnail=\"https:\/\/www.ferrangarreta.com\/wp-content\/uploads\/2023\/04\/AA43.1.-Casc-de-cavalleria-romana-de-tipus-Weiler-de-Xanten-Wardt.-Llauto-platejat.-Segle-I-i-II-d.C-scaled.jpg\" data-width=\"2363\" data-height=\"2560\" aria-label=\"AA43.1. Casco de caballer\u00eda romana tipo Weiler de Xanten-Wardt. Lat\u00f3n plateado. Siglo I y II d.C.\" role=\"img\" ><\/div>\n\t\t\t\t\t\t\t\t\t\t\t<div class=\"elementor-gallery-item__overlay\"><\/div>\n\t\t\t\t\t\t\t\t\t\t\t\t\t\t\t<div class=\"elementor-gallery-item__content\">\n\t\t\t\t\t\t\t\t\t\t\t\t\t\t<div class=\"elementor-gallery-item__title\">\n\t\t\t\t\t\t\t\t\t\t\t\t\t\t\t\t\t\tAA43.1. Casco de caballer\u00eda romana tipo Weiler de Xanten-Wardt. Lat\u00f3n plateado. Siglo I y II d.C.\t\t\t\t\t\t\t\t<\/div>\n\t\t\t\t\t\t\t\t\t\t\t\t<\/div>\n\t\t\t\t\t\t\t\t\t<\/a>\n\t\t\t\t\t\t\t<a class=\"e-gallery-item elementor-gallery-item elementor-animated-content\" href=\"https:\/\/www.ferrangarreta.com\/wp-content\/uploads\/2023\/04\/AA43.2.-Casc-de-cavalleria-romana-de-tipus-Weiler-de-Xanten-Wardt.-Llauto-platejat.-Segle-I-i-II-d.C-scaled.jpg\" data-elementor-open-lightbox=\"yes\" data-elementor-lightbox-slideshow=\"0fb0844\" data-elementor-lightbox-title=\"AA43.2. Casco de caballer\u00eda romana tipo Weiler de Xanten-Wardt. Lat\u00f3n plateado. Siglo I y II d.C.\" data-e-action-hash=\"#elementor-action%3Aaction%3Dlightbox%26settings%3DeyJpZCI6MTE1NjksInVybCI6Imh0dHBzOlwvXC93d3cuZmVycmFuZ2FycmV0YS5jb21cL3dwLWNvbnRlbnRcL3VwbG9hZHNcLzIwMjNcLzA0XC9BQTQzLjIuLUNhc2MtZGUtY2F2YWxsZXJpYS1yb21hbmEtZGUtdGlwdXMtV2VpbGVyLWRlLVhhbnRlbi1XYXJkdC4tTGxhdXRvLXBsYXRlamF0Li1TZWdsZS1JLWktSUktZC5DLXNjYWxlZC5qcGciLCJzbGlkZXNob3ciOiIwZmIwODQ0In0%3D\">\n\t\t\t\t\t<div class=\"e-gallery-image elementor-gallery-item__image\" data-thumbnail=\"https:\/\/www.ferrangarreta.com\/wp-content\/uploads\/2023\/04\/AA43.2.-Casc-de-cavalleria-romana-de-tipus-Weiler-de-Xanten-Wardt.-Llauto-platejat.-Segle-I-i-II-d.C-scaled.jpg\" data-width=\"2363\" data-height=\"2560\" aria-label=\"AA43.2. Casco de caballer\u00eda romana tipo Weiler de Xanten-Wardt. Lat\u00f3n plateado. Siglo I y II d.C.\" role=\"img\" ><\/div>\n\t\t\t\t\t\t\t\t\t\t\t<div class=\"elementor-gallery-item__overlay\"><\/div>\n\t\t\t\t\t\t\t\t\t\t\t\t\t\t\t<div class=\"elementor-gallery-item__content\">\n\t\t\t\t\t\t\t\t\t\t\t\t\t\t<div class=\"elementor-gallery-item__title\">\n\t\t\t\t\t\t\t\t\t\t\t\t\t\t\t\t\t\tAA43.2. Casco de caballer\u00eda romana tipo Weiler de Xanten-Wardt. Lat\u00f3n plateado. Siglo I y II d.C.\t\t\t\t\t\t\t\t<\/div>\n\t\t\t\t\t\t\t\t\t\t\t\t<\/div>\n\t\t\t\t\t\t\t\t\t<\/a>\n\t\t\t\t\t\t\t<a class=\"e-gallery-item elementor-gallery-item elementor-animated-content\" href=\"https:\/\/www.ferrangarreta.com\/wp-content\/uploads\/2023\/04\/AA43.3.-Casc-de-cavalleria-romana-de-tipus-Weiler-de-Xanten-Wardt.-Llauto-platejat.-Segle-I-i-II-d.C-scaled.jpg\" data-elementor-open-lightbox=\"yes\" data-elementor-lightbox-slideshow=\"0fb0844\" data-elementor-lightbox-title=\"AA43.3. Casco de caballer\u00eda romana tipo Weiler de Xanten-Wardt. Lat\u00f3n plateado. Siglo I y II d.C.\" data-e-action-hash=\"#elementor-action%3Aaction%3Dlightbox%26settings%3DeyJpZCI6MTE1NzIsInVybCI6Imh0dHBzOlwvXC93d3cuZmVycmFuZ2FycmV0YS5jb21cL3dwLWNvbnRlbnRcL3VwbG9hZHNcLzIwMjNcLzA0XC9BQTQzLjMuLUNhc2MtZGUtY2F2YWxsZXJpYS1yb21hbmEtZGUtdGlwdXMtV2VpbGVyLWRlLVhhbnRlbi1XYXJkdC4tTGxhdXRvLXBsYXRlamF0Li1TZWdsZS1JLWktSUktZC5DLXNjYWxlZC5qcGciLCJzbGlkZXNob3ciOiIwZmIwODQ0In0%3D\">\n\t\t\t\t\t<div class=\"e-gallery-image elementor-gallery-item__image\" data-thumbnail=\"https:\/\/www.ferrangarreta.com\/wp-content\/uploads\/2023\/04\/AA43.3.-Casc-de-cavalleria-romana-de-tipus-Weiler-de-Xanten-Wardt.-Llauto-platejat.-Segle-I-i-II-d.C-scaled.jpg\" data-width=\"2363\" data-height=\"2560\" aria-label=\"AA43.3. Casco de caballer\u00eda romana tipo Weiler de Xanten-Wardt. Lat\u00f3n plateado. Siglo I y II d.C.\" role=\"img\" ><\/div>\n\t\t\t\t\t\t\t\t\t\t\t<div class=\"elementor-gallery-item__overlay\"><\/div>\n\t\t\t\t\t\t\t\t\t\t\t\t\t\t\t<div class=\"elementor-gallery-item__content\">\n\t\t\t\t\t\t\t\t\t\t\t\t\t\t<div class=\"elementor-gallery-item__title\">\n\t\t\t\t\t\t\t\t\t\t\t\t\t\t\t\t\t\tAA43.3. Casco de caballer\u00eda romana tipo Weiler de Xanten-Wardt. Lat\u00f3n plateado. Siglo I y II d.C.\t\t\t\t\t\t\t\t<\/div>\n\t\t\t\t\t\t\t\t\t\t\t\t<\/div>\n\t\t\t\t\t\t\t\t\t<\/a>\n\t\t\t\t\t\t\t<a class=\"e-gallery-item elementor-gallery-item elementor-animated-content\" href=\"https:\/\/www.ferrangarreta.com\/wp-content\/uploads\/2023\/11\/D44.jpg\" data-elementor-open-lightbox=\"yes\" data-elementor-lightbox-slideshow=\"0fb0844\" data-elementor-lightbox-title=\"AA44. Casco etrusco. Lat\u00f3n y plata. Siglo V-IV a.C. It\u00e1lico-calc\u00eddico.\" data-e-action-hash=\"#elementor-action%3Aaction%3Dlightbox%26settings%3DeyJpZCI6MTY1NjYsInVybCI6Imh0dHBzOlwvXC93d3cuZmVycmFuZ2FycmV0YS5jb21cL3dwLWNvbnRlbnRcL3VwbG9hZHNcLzIwMjNcLzExXC9ENDQuanBnIiwic2xpZGVzaG93IjoiMGZiMDg0NCJ9\">\n\t\t\t\t\t<div class=\"e-gallery-image elementor-gallery-item__image\" data-thumbnail=\"https:\/\/www.ferrangarreta.com\/wp-content\/uploads\/2023\/11\/D44.jpg\" data-width=\"1200\" data-height=\"1300\" aria-label=\"AA44. Casco etrusco. Lat\u00f3n y plata. Siglo V-IV a.C. It\u00e1lico-calc\u00eddico.\" role=\"img\" ><\/div>\n\t\t\t\t\t\t\t\t\t\t\t<div class=\"elementor-gallery-item__overlay\"><\/div>\n\t\t\t\t\t\t\t\t\t\t\t\t\t\t\t<div class=\"elementor-gallery-item__content\">\n\t\t\t\t\t\t\t\t\t\t\t\t\t\t<div class=\"elementor-gallery-item__title\">\n\t\t\t\t\t\t\t\t\t\t\t\t\t\t\t\t\t\tAA44. Casco etrusco. Lat\u00f3n y plata. Siglo V-IV a.C. It\u00e1lico-calc\u00eddico.\t\t\t\t\t\t\t\t<\/div>\n\t\t\t\t\t\t\t\t\t\t\t\t<\/div>\n\t\t\t\t\t\t\t\t\t<\/a>\n\t\t\t\t\t<\/div>\n\t\t\t\t\t<\/div>\n\t\t\t\t<\/div>\n\t\t\t\t\t<\/div>\n\t\t<\/div>\n\t\t\t\t\t<\/div>\n\t\t<\/section>\n\t\t\t\t<\/div>\n\t\t","protected":false},"excerpt":{"rendered":"<p>Recreaci\u00f3n hist\u00f3rica Cascos A trav\u00e9s de im\u00e1genes y documentaci\u00f3n de piezas aut\u00e9nticas de uso militar de \u00e9poca griega, etrusca, samnita y romana, realizamos r\u00e9plicas en lat\u00f3n, bronce, acero y plata, empleando las mismas t\u00e9cnicas que en la antig\u00fcedad: embutido, grabado, cincelado, forjado y remachado. Obteniendo una pieza \u00fanica, hecha a mano y a medida. AA1. [&hellip;]<\/p>\n","protected":false},"author":4,"featured_media":0,"parent":0,"menu_order":0,"comment_status":"closed","ping_status":"closed","template":"","meta":{"footnotes":""},"class_list":["post-14812","page","type-page","status-publish","hentry"],"yoast_head":"<!-- This site is optimized with the Yoast SEO plugin v27.5 - https:\/\/yoast.com\/product\/yoast-seo-wordpress\/ -->\n<title>Cascos - Ferran Garreta<\/title>\n<meta name=\"robots\" content=\"index, follow, max-snippet:-1, max-image-preview:large, max-video-preview:-1\" \/>\n<link rel=\"canonical\" href=\"https:\/\/www.ferrangarreta.com\/es\/cascos\/\" \/>\n<meta property=\"og:locale\" content=\"es_ES\" \/>\n<meta property=\"og:type\" content=\"article\" \/>\n<meta property=\"og:title\" content=\"Cascos - Ferran Garreta\" \/>\n<meta property=\"og:description\" content=\"Recreaci\u00f3n hist\u00f3rica Cascos A trav\u00e9s de im\u00e1genes y documentaci\u00f3n de piezas aut\u00e9nticas de uso militar de \u00e9poca griega, etrusca, samnita y romana, realizamos r\u00e9plicas en lat\u00f3n, bronce, acero y plata, empleando las mismas t\u00e9cnicas que en la antig\u00fcedad: embutido, grabado, cincelado, forjado y remachado. Obteniendo una pieza \u00fanica, hecha a mano y a medida. AA1. [&hellip;]\" \/>\n<meta property=\"og:url\" content=\"https:\/\/www.ferrangarreta.com\/es\/cascos\/\" \/>\n<meta property=\"og:site_name\" content=\"Ferran Garreta\" \/>\n<meta property=\"article:modified_time\" content=\"2023-12-04T20:37:09+00:00\" \/>\n<meta name=\"twitter:card\" content=\"summary_large_image\" \/>\n<meta name=\"twitter:label1\" content=\"Tiempo de lectura\" \/>\n\t<meta name=\"twitter:data1\" content=\"5 minutos\" \/>\n<script type=\"application\/ld+json\" class=\"yoast-schema-graph\">{\"@context\":\"https:\\\/\\\/schema.org\",\"@graph\":[{\"@type\":\"WebPage\",\"@id\":\"https:\\\/\\\/www.ferrangarreta.com\\\/es\\\/cascos\\\/\",\"url\":\"https:\\\/\\\/www.ferrangarreta.com\\\/es\\\/cascos\\\/\",\"name\":\"Cascos - Ferran Garreta\",\"isPartOf\":{\"@id\":\"https:\\\/\\\/www.ferrangarreta.com\\\/es\\\/#website\"},\"datePublished\":\"2023-03-02T16:06:09+00:00\",\"dateModified\":\"2023-12-04T20:37:09+00:00\",\"breadcrumb\":{\"@id\":\"https:\\\/\\\/www.ferrangarreta.com\\\/es\\\/cascos\\\/#breadcrumb\"},\"inLanguage\":\"es\",\"potentialAction\":[{\"@type\":\"ReadAction\",\"target\":[\"https:\\\/\\\/www.ferrangarreta.com\\\/es\\\/cascos\\\/\"]}]},{\"@type\":\"BreadcrumbList\",\"@id\":\"https:\\\/\\\/www.ferrangarreta.com\\\/es\\\/cascos\\\/#breadcrumb\",\"itemListElement\":[{\"@type\":\"ListItem\",\"position\":1,\"name\":\"Inici\",\"item\":\"https:\\\/\\\/www.ferrangarreta.com\\\/es\\\/inicio\\\/\"},{\"@type\":\"ListItem\",\"position\":2,\"name\":\"Cascos\"}]},{\"@type\":\"WebSite\",\"@id\":\"https:\\\/\\\/www.ferrangarreta.com\\\/es\\\/#website\",\"url\":\"https:\\\/\\\/www.ferrangarreta.com\\\/es\\\/\",\"name\":\"Ferran Garreta\",\"description\":\"Empresa familiar ubicada a la ciutat de Vic (Barcelona), dedicada al treball de l\u2019aram, el llaut\u00f3, la plata i l\u2019or, de forma art\u00edstica i manual.Ferran Garreta \u00e9s una empresa familiar ubicada a la ciutat de Vic (Barcelona), dedicada al treball de l\u2019aram, el llaut\u00f3, la plata i l\u2019or, de forma art\u00edstica i manual.\",\"publisher\":{\"@id\":\"https:\\\/\\\/www.ferrangarreta.com\\\/es\\\/#organization\"},\"potentialAction\":[{\"@type\":\"SearchAction\",\"target\":{\"@type\":\"EntryPoint\",\"urlTemplate\":\"https:\\\/\\\/www.ferrangarreta.com\\\/es\\\/?s={search_term_string}\"},\"query-input\":{\"@type\":\"PropertyValueSpecification\",\"valueRequired\":true,\"valueName\":\"search_term_string\"}}],\"inLanguage\":\"es\"},{\"@type\":\"Organization\",\"@id\":\"https:\\\/\\\/www.ferrangarreta.com\\\/es\\\/#organization\",\"name\":\"Ferran Garreta\",\"url\":\"https:\\\/\\\/www.ferrangarreta.com\\\/es\\\/\",\"logo\":{\"@type\":\"ImageObject\",\"inLanguage\":\"es\",\"@id\":\"https:\\\/\\\/www.ferrangarreta.com\\\/es\\\/#\\\/schema\\\/logo\\\/image\\\/\",\"url\":\"https:\\\/\\\/www.ferrangarreta.com\\\/wp-content\\\/uploads\\\/2023\\\/02\\\/ferran-garreta-logo-w.png\",\"contentUrl\":\"https:\\\/\\\/www.ferrangarreta.com\\\/wp-content\\\/uploads\\\/2023\\\/02\\\/ferran-garreta-logo-w.png\",\"width\":1003,\"height\":184,\"caption\":\"Ferran Garreta\"},\"image\":{\"@id\":\"https:\\\/\\\/www.ferrangarreta.com\\\/es\\\/#\\\/schema\\\/logo\\\/image\\\/\"}}]}<\/script>\n<!-- \/ Yoast SEO plugin. -->","yoast_head_json":{"title":"Cascos - Ferran Garreta","robots":{"index":"index","follow":"follow","max-snippet":"max-snippet:-1","max-image-preview":"max-image-preview:large","max-video-preview":"max-video-preview:-1"},"canonical":"https:\/\/www.ferrangarreta.com\/es\/cascos\/","og_locale":"es_ES","og_type":"article","og_title":"Cascos - Ferran Garreta","og_description":"Recreaci\u00f3n hist\u00f3rica Cascos A trav\u00e9s de im\u00e1genes y documentaci\u00f3n de piezas aut\u00e9nticas de uso militar de \u00e9poca griega, etrusca, samnita y romana, realizamos r\u00e9plicas en lat\u00f3n, bronce, acero y plata, empleando las mismas t\u00e9cnicas que en la antig\u00fcedad: embutido, grabado, cincelado, forjado y remachado. Obteniendo una pieza \u00fanica, hecha a mano y a medida. AA1. [&hellip;]","og_url":"https:\/\/www.ferrangarreta.com\/es\/cascos\/","og_site_name":"Ferran Garreta","article_modified_time":"2023-12-04T20:37:09+00:00","twitter_card":"summary_large_image","twitter_misc":{"Tiempo de lectura":"5 minutos"},"schema":{"@context":"https:\/\/schema.org","@graph":[{"@type":"WebPage","@id":"https:\/\/www.ferrangarreta.com\/es\/cascos\/","url":"https:\/\/www.ferrangarreta.com\/es\/cascos\/","name":"Cascos - Ferran Garreta","isPartOf":{"@id":"https:\/\/www.ferrangarreta.com\/es\/#website"},"datePublished":"2023-03-02T16:06:09+00:00","dateModified":"2023-12-04T20:37:09+00:00","breadcrumb":{"@id":"https:\/\/www.ferrangarreta.com\/es\/cascos\/#breadcrumb"},"inLanguage":"es","potentialAction":[{"@type":"ReadAction","target":["https:\/\/www.ferrangarreta.com\/es\/cascos\/"]}]},{"@type":"BreadcrumbList","@id":"https:\/\/www.ferrangarreta.com\/es\/cascos\/#breadcrumb","itemListElement":[{"@type":"ListItem","position":1,"name":"Inici","item":"https:\/\/www.ferrangarreta.com\/es\/inicio\/"},{"@type":"ListItem","position":2,"name":"Cascos"}]},{"@type":"WebSite","@id":"https:\/\/www.ferrangarreta.com\/es\/#website","url":"https:\/\/www.ferrangarreta.com\/es\/","name":"Ferran Garreta","description":"Empresa familiar ubicada a la ciutat de Vic (Barcelona), dedicada al treball de l\u2019aram, el llaut\u00f3, la plata i l\u2019or, de forma art\u00edstica i manual.Ferran Garreta \u00e9s una empresa familiar ubicada a la ciutat de Vic (Barcelona), dedicada al treball de l\u2019aram, el llaut\u00f3, la plata i l\u2019or, de forma art\u00edstica i manual.","publisher":{"@id":"https:\/\/www.ferrangarreta.com\/es\/#organization"},"potentialAction":[{"@type":"SearchAction","target":{"@type":"EntryPoint","urlTemplate":"https:\/\/www.ferrangarreta.com\/es\/?s={search_term_string}"},"query-input":{"@type":"PropertyValueSpecification","valueRequired":true,"valueName":"search_term_string"}}],"inLanguage":"es"},{"@type":"Organization","@id":"https:\/\/www.ferrangarreta.com\/es\/#organization","name":"Ferran Garreta","url":"https:\/\/www.ferrangarreta.com\/es\/","logo":{"@type":"ImageObject","inLanguage":"es","@id":"https:\/\/www.ferrangarreta.com\/es\/#\/schema\/logo\/image\/","url":"https:\/\/www.ferrangarreta.com\/wp-content\/uploads\/2023\/02\/ferran-garreta-logo-w.png","contentUrl":"https:\/\/www.ferrangarreta.com\/wp-content\/uploads\/2023\/02\/ferran-garreta-logo-w.png","width":1003,"height":184,"caption":"Ferran Garreta"},"image":{"@id":"https:\/\/www.ferrangarreta.com\/es\/#\/schema\/logo\/image\/"}}]}},"_links":{"self":[{"href":"https:\/\/www.ferrangarreta.com\/es\/wp-json\/wp\/v2\/pages\/14812","targetHints":{"allow":["GET"]}}],"collection":[{"href":"https:\/\/www.ferrangarreta.com\/es\/wp-json\/wp\/v2\/pages"}],"about":[{"href":"https:\/\/www.ferrangarreta.com\/es\/wp-json\/wp\/v2\/types\/page"}],"author":[{"embeddable":true,"href":"https:\/\/www.ferrangarreta.com\/es\/wp-json\/wp\/v2\/users\/4"}],"replies":[{"embeddable":true,"href":"https:\/\/www.ferrangarreta.com\/es\/wp-json\/wp\/v2\/comments?post=14812"}],"version-history":[{"count":26,"href":"https:\/\/www.ferrangarreta.com\/es\/wp-json\/wp\/v2\/pages\/14812\/revisions"}],"predecessor-version":[{"id":16751,"href":"https:\/\/www.ferrangarreta.com\/es\/wp-json\/wp\/v2\/pages\/14812\/revisions\/16751"}],"wp:attachment":[{"href":"https:\/\/www.ferrangarreta.com\/es\/wp-json\/wp\/v2\/media?parent=14812"}],"curies":[{"name":"wp","href":"https:\/\/api.w.org\/{rel}","templated":true}]}}