{"id":14826,"date":"2023-03-02T16:29:19","date_gmt":"2023-03-02T16:29:19","guid":{"rendered":"https:\/\/ferrangarreta.net\/corazas\/"},"modified":"2023-12-20T10:19:10","modified_gmt":"2023-12-20T10:19:10","slug":"corazas","status":"publish","type":"page","link":"https:\/\/www.ferrangarreta.com\/es\/corazas\/","title":{"rendered":"Corazas"},"content":{"rendered":"\t\t<div data-elementor-type=\"wp-page\" data-elementor-id=\"14826\" class=\"elementor elementor-14826 elementor-593\" data-elementor-post-type=\"page\">\n\t\t\t\t\t\t<section class=\"elementor-section elementor-top-section elementor-element elementor-element-04025d4 elementor-section-full_width elementor-section-height-min-height elementor-section-height-default elementor-section-items-middle\" data-id=\"04025d4\" data-element_type=\"section\" data-e-type=\"section\">\n\t\t\t\t\t\t<div class=\"elementor-container elementor-column-gap-default\">\n\t\t\t\t\t<div class=\"elementor-column elementor-col-100 elementor-top-column elementor-element elementor-element-807d6ba\" data-id=\"807d6ba\" data-element_type=\"column\" data-e-type=\"column\">\n\t\t\t<div class=\"elementor-widget-wrap elementor-element-populated\">\n\t\t\t\t\t\t<div class=\"elementor-element elementor-element-597c0fb elementor--h-position-center elementor--v-position-middle elementor-arrows-position-inside elementor-pagination-position-inside elementor-widget elementor-widget-slides\" data-id=\"597c0fb\" data-element_type=\"widget\" data-e-type=\"widget\" data-settings=\"{&quot;navigation&quot;:&quot;both&quot;,&quot;autoplay&quot;:&quot;yes&quot;,&quot;pause_on_hover&quot;:&quot;yes&quot;,&quot;pause_on_interaction&quot;:&quot;yes&quot;,&quot;autoplay_speed&quot;:5000,&quot;infinite&quot;:&quot;yes&quot;,&quot;transition&quot;:&quot;slide&quot;,&quot;transition_speed&quot;:500}\" data-widget_type=\"slides.default\">\n\t\t\t\t<div class=\"elementor-widget-container\">\n\t\t\t\t\t\t\t\t\t<div class=\"elementor-swiper\">\n\t\t\t\t\t<div class=\"elementor-slides-wrapper elementor-main-swiper swiper\" role=\"region\" aria-roledescription=\"carousel\" aria-label=\"Diapositivas\" dir=\"ltr\" data-animation=\"fadeInUp\">\n\t\t\t\t<div class=\"swiper-wrapper elementor-slides\">\n\t\t\t\t\t\t\t\t\t\t<div class=\"elementor-repeater-item-85eb97b swiper-slide\" role=\"group\" aria-roledescription=\"slide\"><div class=\"swiper-slide-bg\" role=\"img\" aria-label=\"Cuirassa - categoria\"><\/div><div class=\"swiper-slide-inner\" ><div class=\"swiper-slide-contents\"><\/div><\/div><\/div>\t\t\t\t<\/div>\n\t\t\t\t\t\t\t<\/div>\n\t\t\t\t<\/div>\n\t\t\t\t\t\t\t\t<\/div>\n\t\t\t\t<\/div>\n\t\t\t\t\t<\/div>\n\t\t<\/div>\n\t\t\t\t\t<\/div>\n\t\t<\/section>\n\t\t\t\t<section class=\"elementor-section elementor-top-section elementor-element elementor-element-e85267c elementor-section-boxed elementor-section-height-default elementor-section-height-default\" data-id=\"e85267c\" data-element_type=\"section\" data-e-type=\"section\">\n\t\t\t\t\t\t<div class=\"elementor-container elementor-column-gap-default\">\n\t\t\t\t\t<div class=\"elementor-column elementor-col-100 elementor-top-column elementor-element elementor-element-952689d\" data-id=\"952689d\" data-element_type=\"column\" data-e-type=\"column\">\n\t\t\t<div class=\"elementor-widget-wrap elementor-element-populated\">\n\t\t\t\t\t\t<section class=\"elementor-section elementor-inner-section elementor-element elementor-element-227a34b elementor-section-boxed elementor-section-height-default elementor-section-height-default\" data-id=\"227a34b\" data-element_type=\"section\" data-e-type=\"section\">\n\t\t\t\t\t\t<div class=\"elementor-container elementor-column-gap-default\">\n\t\t\t\t\t<div class=\"elementor-column elementor-col-100 elementor-inner-column elementor-element elementor-element-ac48563\" data-id=\"ac48563\" data-element_type=\"column\" data-e-type=\"column\">\n\t\t\t<div class=\"elementor-widget-wrap elementor-element-populated\">\n\t\t\t\t\t\t<div class=\"elementor-element elementor-element-1768953 elementor-widget elementor-widget-heading\" data-id=\"1768953\" data-element_type=\"widget\" data-e-type=\"widget\" data-widget_type=\"heading.default\">\n\t\t\t\t<div class=\"elementor-widget-container\">\n\t\t\t\t\t<h2 class=\"elementor-heading-title elementor-size-default\">Recreaci\u00f3n hist\u00f3rica<\/h2>\t\t\t\t<\/div>\n\t\t\t\t<\/div>\n\t\t\t\t<div class=\"elementor-element elementor-element-b8d3680 elementor-widget elementor-widget-heading\" data-id=\"b8d3680\" data-element_type=\"widget\" data-e-type=\"widget\" data-widget_type=\"heading.default\">\n\t\t\t\t<div class=\"elementor-widget-container\">\n\t\t\t\t\t<h3 class=\"elementor-heading-title elementor-size-default\">Corazas<\/h3>\t\t\t\t<\/div>\n\t\t\t\t<\/div>\n\t\t\t\t\t<\/div>\n\t\t<\/div>\n\t\t\t\t\t<\/div>\n\t\t<\/section>\n\t\t\t\t<section class=\"elementor-section elementor-inner-section elementor-element elementor-element-95cd307 elementor-section-boxed elementor-section-height-default elementor-section-height-default\" data-id=\"95cd307\" data-element_type=\"section\" data-e-type=\"section\">\n\t\t\t\t\t\t<div class=\"elementor-container elementor-column-gap-default\">\n\t\t\t\t\t<div class=\"elementor-column elementor-col-100 elementor-inner-column elementor-element elementor-element-7f78b2a\" data-id=\"7f78b2a\" data-element_type=\"column\" data-e-type=\"column\">\n\t\t\t<div class=\"elementor-widget-wrap elementor-element-populated\">\n\t\t\t\t\t\t<div class=\"elementor-element elementor-element-cd38624 elementor-widget elementor-widget-text-editor\" data-id=\"cd38624\" data-element_type=\"widget\" data-e-type=\"widget\" data-widget_type=\"text-editor.default\">\n\t\t\t\t<div class=\"elementor-widget-container\">\n\t\t\t\t\t\t\t\t\t<p>A trav\u00e9s de im\u00e1genes y documentaci\u00f3n de piezas aut\u00e9nticas de uso militar de \u00e9poca griega, etrusca, samnita y romana, realizamos r\u00e9plicas en lat\u00f3n, bronce, acero y plata, empleando las mismas t\u00e9cnicas que en la antig\u00fcedad: embutido, grabado, cincelado, forjado y remachado. Obteniendo una pieza \u00fanica, hecha a mano y a medida.<\/p>\n\t\t\t\t\t\t\t\t<\/div>\n\t\t\t\t<\/div>\n\t\t\t\t\t<\/div>\n\t\t<\/div>\n\t\t\t\t\t<\/div>\n\t\t<\/section>\n\t\t\t\t\t<\/div>\n\t\t<\/div>\n\t\t\t\t\t<\/div>\n\t\t<\/section>\n\t\t\t\t<section class=\"elementor-section elementor-top-section elementor-element elementor-element-18ed227 elementor-section-full_width elementor-section-height-default elementor-section-height-default\" data-id=\"18ed227\" data-element_type=\"section\" data-e-type=\"section\">\n\t\t\t\t\t\t<div class=\"elementor-container elementor-column-gap-default\">\n\t\t\t\t\t<div class=\"elementor-column elementor-col-100 elementor-top-column elementor-element elementor-element-ac0cff4\" data-id=\"ac0cff4\" data-element_type=\"column\" data-e-type=\"column\">\n\t\t\t<div class=\"elementor-widget-wrap elementor-element-populated\">\n\t\t\t\t\t\t<div class=\"elementor-element elementor-element-341bad0 elementor-widget elementor-widget-gallery\" data-id=\"341bad0\" data-element_type=\"widget\" data-e-type=\"widget\" data-settings=\"{&quot;columns&quot;:5,&quot;columns_tablet&quot;:&quot;3&quot;,&quot;gap&quot;:{&quot;unit&quot;:&quot;px&quot;,&quot;size&quot;:&quot;25&quot;,&quot;sizes&quot;:[]},&quot;aspect_ratio&quot;:&quot;1:1&quot;,&quot;overlay_title&quot;:&quot;title&quot;,&quot;lazyload&quot;:&quot;yes&quot;,&quot;gallery_layout&quot;:&quot;grid&quot;,&quot;columns_mobile&quot;:1,&quot;gap_tablet&quot;:{&quot;unit&quot;:&quot;px&quot;,&quot;size&quot;:10,&quot;sizes&quot;:[]},&quot;gap_mobile&quot;:{&quot;unit&quot;:&quot;px&quot;,&quot;size&quot;:10,&quot;sizes&quot;:[]},&quot;link_to&quot;:&quot;file&quot;,&quot;overlay_background&quot;:&quot;yes&quot;,&quot;content_hover_animation&quot;:&quot;fade-in&quot;}\" data-widget_type=\"gallery.default\">\n\t\t\t\t<div class=\"elementor-widget-container\">\n\t\t\t\t\t\t\t<div class=\"elementor-gallery__container\">\n\t\t\t\t\t\t\t<a class=\"e-gallery-item elementor-gallery-item elementor-animated-content\" href=\"https:\/\/www.ferrangarreta.com\/wp-content\/uploads\/2023\/04\/AC1.1.-Cuirassa-samnita.-Llauto-i-plata.-Segle-IV-i-III-a.C.-Italica.jpg\" data-elementor-open-lightbox=\"yes\" data-elementor-lightbox-slideshow=\"341bad0\" data-elementor-lightbox-title=\"AC1.1. Coraza samnita. Lat\u00f3n y plata. Siglo IV y III a.C. It\u00e1lica.\" data-e-action-hash=\"#elementor-action%3Aaction%3Dlightbox%26settings%3DeyJpZCI6MTE1NzgsInVybCI6Imh0dHBzOlwvXC93d3cuZmVycmFuZ2FycmV0YS5jb21cL3dwLWNvbnRlbnRcL3VwbG9hZHNcLzIwMjNcLzA0XC9BQzEuMS4tQ3VpcmFzc2Etc2Ftbml0YS4tTGxhdXRvLWktcGxhdGEuLVNlZ2xlLUlWLWktSUlJLWEuQy4tSXRhbGljYS5qcGciLCJzbGlkZXNob3ciOiIzNDFiYWQwIn0%3D\">\n\t\t\t\t\t<div class=\"e-gallery-image elementor-gallery-item__image\" data-thumbnail=\"https:\/\/www.ferrangarreta.com\/wp-content\/uploads\/2023\/04\/AC1.1.-Cuirassa-samnita.-Llauto-i-plata.-Segle-IV-i-III-a.C.-Italica.jpg\" data-width=\"980\" data-height=\"500\" aria-label=\"AC1.1. Coraza samnita. Lat\u00f3n y plata. Siglo IV y III a.C. It\u00e1lica.\" role=\"img\" ><\/div>\n\t\t\t\t\t\t\t\t\t\t\t<div class=\"elementor-gallery-item__overlay\"><\/div>\n\t\t\t\t\t\t\t\t\t\t\t\t\t\t\t<div class=\"elementor-gallery-item__content\">\n\t\t\t\t\t\t\t\t\t\t\t\t\t\t<div class=\"elementor-gallery-item__title\">\n\t\t\t\t\t\t\t\t\t\t\t\t\t\t\t\t\t\tAC1.1. Coraza samnita. Lat\u00f3n y plata. Siglo IV y III a.C. It\u00e1lica.\t\t\t\t\t\t\t\t<\/div>\n\t\t\t\t\t\t\t\t\t\t\t\t<\/div>\n\t\t\t\t\t\t\t\t\t<\/a>\n\t\t\t\t\t\t\t<a class=\"e-gallery-item elementor-gallery-item elementor-animated-content\" href=\"https:\/\/www.ferrangarreta.com\/wp-content\/uploads\/2023\/04\/AC1.2.-Cuirassa-samnita.-Llauto-i-plata.-Segle-IV-i-III-a.C.-Italica.jpg\" data-elementor-open-lightbox=\"yes\" data-elementor-lightbox-slideshow=\"341bad0\" data-elementor-lightbox-title=\"AC1.2. Coraza samnita. Lat\u00f3n y plata. Siglo IV y III a.C. It\u00e1lica.\" data-e-action-hash=\"#elementor-action%3Aaction%3Dlightbox%26settings%3DeyJpZCI6MTE1ODEsInVybCI6Imh0dHBzOlwvXC93d3cuZmVycmFuZ2FycmV0YS5jb21cL3dwLWNvbnRlbnRcL3VwbG9hZHNcLzIwMjNcLzA0XC9BQzEuMi4tQ3VpcmFzc2Etc2Ftbml0YS4tTGxhdXRvLWktcGxhdGEuLVNlZ2xlLUlWLWktSUlJLWEuQy4tSXRhbGljYS5qcGciLCJzbGlkZXNob3ciOiIzNDFiYWQwIn0%3D\">\n\t\t\t\t\t<div class=\"e-gallery-image elementor-gallery-item__image\" data-thumbnail=\"https:\/\/www.ferrangarreta.com\/wp-content\/uploads\/2023\/04\/AC1.2.-Cuirassa-samnita.-Llauto-i-plata.-Segle-IV-i-III-a.C.-Italica.jpg\" data-width=\"425\" data-height=\"478\" aria-label=\"AC1.2. Coraza samnita. Lat\u00f3n y plata. Siglo IV y III a.C. It\u00e1lica.\" role=\"img\" ><\/div>\n\t\t\t\t\t\t\t\t\t\t\t<div class=\"elementor-gallery-item__overlay\"><\/div>\n\t\t\t\t\t\t\t\t\t\t\t\t\t\t\t<div class=\"elementor-gallery-item__content\">\n\t\t\t\t\t\t\t\t\t\t\t\t\t\t<div class=\"elementor-gallery-item__title\">\n\t\t\t\t\t\t\t\t\t\t\t\t\t\t\t\t\t\tAC1.2. Coraza samnita. Lat\u00f3n y plata. Siglo IV y III a.C. It\u00e1lica.\t\t\t\t\t\t\t\t<\/div>\n\t\t\t\t\t\t\t\t\t\t\t\t<\/div>\n\t\t\t\t\t\t\t\t\t<\/a>\n\t\t\t\t\t\t\t<a class=\"e-gallery-item elementor-gallery-item elementor-animated-content\" href=\"https:\/\/www.ferrangarreta.com\/wp-content\/uploads\/2023\/04\/AC1.3.-Cuirassa-samnita.-Llauto-i-plata.-Segle-IV-i-III-a.C.-Italica.jpg\" data-elementor-open-lightbox=\"yes\" data-elementor-lightbox-slideshow=\"341bad0\" data-elementor-lightbox-title=\"AC1.3. Coraza samnita. Lat\u00f3n y plata. Siglo IV y III a.C. It\u00e1lica.\" data-e-action-hash=\"#elementor-action%3Aaction%3Dlightbox%26settings%3DeyJpZCI6MTE1ODQsInVybCI6Imh0dHBzOlwvXC93d3cuZmVycmFuZ2FycmV0YS5jb21cL3dwLWNvbnRlbnRcL3VwbG9hZHNcLzIwMjNcLzA0XC9BQzEuMy4tQ3VpcmFzc2Etc2Ftbml0YS4tTGxhdXRvLWktcGxhdGEuLVNlZ2xlLUlWLWktSUlJLWEuQy4tSXRhbGljYS5qcGciLCJzbGlkZXNob3ciOiIzNDFiYWQwIn0%3D\">\n\t\t\t\t\t<div class=\"e-gallery-image elementor-gallery-item__image\" data-thumbnail=\"https:\/\/www.ferrangarreta.com\/wp-content\/uploads\/2023\/04\/AC1.3.-Cuirassa-samnita.-Llauto-i-plata.-Segle-IV-i-III-a.C.-Italica.jpg\" data-width=\"520\" data-height=\"343\" aria-label=\"AC1.3. Coraza samnita. Lat\u00f3n y plata. Siglo IV y III a.C. It\u00e1lica.\" role=\"img\" ><\/div>\n\t\t\t\t\t\t\t\t\t\t\t<div class=\"elementor-gallery-item__overlay\"><\/div>\n\t\t\t\t\t\t\t\t\t\t\t\t\t\t\t<div class=\"elementor-gallery-item__content\">\n\t\t\t\t\t\t\t\t\t\t\t\t\t\t<div class=\"elementor-gallery-item__title\">\n\t\t\t\t\t\t\t\t\t\t\t\t\t\t\t\t\t\tAC1.3. Coraza samnita. Lat\u00f3n y plata. Siglo IV y III a.C. It\u00e1lica.\t\t\t\t\t\t\t\t<\/div>\n\t\t\t\t\t\t\t\t\t\t\t\t<\/div>\n\t\t\t\t\t\t\t\t\t<\/a>\n\t\t\t\t\t\t\t<a class=\"e-gallery-item elementor-gallery-item elementor-animated-content\" href=\"https:\/\/www.ferrangarreta.com\/wp-content\/uploads\/2023\/04\/AC1.4.-Cuirassa-samnita.-Llauto.-Segle-IV-i-III-a.C.-Italica.jpg\" data-elementor-open-lightbox=\"yes\" data-elementor-lightbox-slideshow=\"341bad0\" data-elementor-lightbox-title=\"AC1.4. Coraza samnita. Lat\u00f3n y plata. Siglo IV y III a.C. It\u00e1lica.\" data-e-action-hash=\"#elementor-action%3Aaction%3Dlightbox%26settings%3DeyJpZCI6MTE1ODcsInVybCI6Imh0dHBzOlwvXC93d3cuZmVycmFuZ2FycmV0YS5jb21cL3dwLWNvbnRlbnRcL3VwbG9hZHNcLzIwMjNcLzA0XC9BQzEuNC4tQ3VpcmFzc2Etc2Ftbml0YS4tTGxhdXRvLi1TZWdsZS1JVi1pLUlJSS1hLkMuLUl0YWxpY2EuanBnIiwic2xpZGVzaG93IjoiMzQxYmFkMCJ9\">\n\t\t\t\t\t<div class=\"e-gallery-image elementor-gallery-item__image\" data-thumbnail=\"https:\/\/www.ferrangarreta.com\/wp-content\/uploads\/2023\/04\/AC1.4.-Cuirassa-samnita.-Llauto.-Segle-IV-i-III-a.C.-Italica.jpg\" data-width=\"330\" data-height=\"480\" aria-label=\"AC1.4. Coraza samnita. Lat\u00f3n y plata. Siglo IV y III a.C. It\u00e1lica.\" role=\"img\" ><\/div>\n\t\t\t\t\t\t\t\t\t\t\t<div class=\"elementor-gallery-item__overlay\"><\/div>\n\t\t\t\t\t\t\t\t\t\t\t\t\t\t\t<div class=\"elementor-gallery-item__content\">\n\t\t\t\t\t\t\t\t\t\t\t\t\t\t<div class=\"elementor-gallery-item__title\">\n\t\t\t\t\t\t\t\t\t\t\t\t\t\t\t\t\t\tAC1.4. Coraza samnita. Lat\u00f3n y plata. Siglo IV y III a.C. It\u00e1lica.\t\t\t\t\t\t\t\t<\/div>\n\t\t\t\t\t\t\t\t\t\t\t\t<\/div>\n\t\t\t\t\t\t\t\t\t<\/a>\n\t\t\t\t\t\t\t<a class=\"e-gallery-item elementor-gallery-item elementor-animated-content\" href=\"https:\/\/www.ferrangarreta.com\/wp-content\/uploads\/2023\/04\/AC2.1.-Cuirassa-samnita-trilovolada-de-Alfedena.-Llauto.-Segle-IV-i-III-a.C.-Italica.jpg\" data-elementor-open-lightbox=\"yes\" data-elementor-lightbox-slideshow=\"341bad0\" data-elementor-lightbox-title=\"AC2.1. Coraza samnita de tres discos de Alfedena. Lat\u00f3n. Siglo IV y III a.C. It\u00e1lica.\" data-e-action-hash=\"#elementor-action%3Aaction%3Dlightbox%26settings%3DeyJpZCI6MTE1OTAsInVybCI6Imh0dHBzOlwvXC93d3cuZmVycmFuZ2FycmV0YS5jb21cL3dwLWNvbnRlbnRcL3VwbG9hZHNcLzIwMjNcLzA0XC9BQzIuMS4tQ3VpcmFzc2Etc2Ftbml0YS10cmlsb3ZvbGFkYS1kZS1BbGZlZGVuYS4tTGxhdXRvLi1TZWdsZS1JVi1pLUlJSS1hLkMuLUl0YWxpY2EuanBnIiwic2xpZGVzaG93IjoiMzQxYmFkMCJ9\">\n\t\t\t\t\t<div class=\"e-gallery-image elementor-gallery-item__image\" data-thumbnail=\"https:\/\/www.ferrangarreta.com\/wp-content\/uploads\/2023\/04\/AC2.1.-Cuirassa-samnita-trilovolada-de-Alfedena.-Llauto.-Segle-IV-i-III-a.C.-Italica.jpg\" data-width=\"315\" data-height=\"394\" aria-label=\"AC2.1. Coraza samnita de tres discos de Alfedena. Lat\u00f3n. Siglo IV y III a.C. It\u00e1lica.\" role=\"img\" ><\/div>\n\t\t\t\t\t\t\t\t\t\t\t<div class=\"elementor-gallery-item__overlay\"><\/div>\n\t\t\t\t\t\t\t\t\t\t\t\t\t\t\t<div class=\"elementor-gallery-item__content\">\n\t\t\t\t\t\t\t\t\t\t\t\t\t\t<div class=\"elementor-gallery-item__title\">\n\t\t\t\t\t\t\t\t\t\t\t\t\t\t\t\t\t\tAC2.1. Coraza samnita de tres discos de Alfedena. Lat\u00f3n. Siglo IV y III a.C. It\u00e1lica.\t\t\t\t\t\t\t\t<\/div>\n\t\t\t\t\t\t\t\t\t\t\t\t<\/div>\n\t\t\t\t\t\t\t\t\t<\/a>\n\t\t\t\t\t\t\t<a class=\"e-gallery-item elementor-gallery-item elementor-animated-content\" href=\"https:\/\/www.ferrangarreta.com\/wp-content\/uploads\/2023\/04\/AC2.2.-Cuirassa-samnita-trilovolada-de-Alfedena.-Llauto.-Segle-IV-i-III-a.C.-Italica.jpg\" data-elementor-open-lightbox=\"yes\" data-elementor-lightbox-slideshow=\"341bad0\" data-elementor-lightbox-title=\"AC2.2. Coraza samnita de tres discos de Alfedena. Lat\u00f3n. Siglo IV y III a.C. It\u00e1lica.\" data-e-action-hash=\"#elementor-action%3Aaction%3Dlightbox%26settings%3DeyJpZCI6MTE1OTMsInVybCI6Imh0dHBzOlwvXC93d3cuZmVycmFuZ2FycmV0YS5jb21cL3dwLWNvbnRlbnRcL3VwbG9hZHNcLzIwMjNcLzA0XC9BQzIuMi4tQ3VpcmFzc2Etc2Ftbml0YS10cmlsb3ZvbGFkYS1kZS1BbGZlZGVuYS4tTGxhdXRvLi1TZWdsZS1JVi1pLUlJSS1hLkMuLUl0YWxpY2EuanBnIiwic2xpZGVzaG93IjoiMzQxYmFkMCJ9\">\n\t\t\t\t\t<div class=\"e-gallery-image elementor-gallery-item__image\" data-thumbnail=\"https:\/\/www.ferrangarreta.com\/wp-content\/uploads\/2023\/04\/AC2.2.-Cuirassa-samnita-trilovolada-de-Alfedena.-Llauto.-Segle-IV-i-III-a.C.-Italica.jpg\" data-width=\"315\" data-height=\"394\" aria-label=\"AC2.2. Coraza samnita de tres discos de Alfedena. Lat\u00f3n. Siglo IV y III a.C. It\u00e1lica.\" role=\"img\" ><\/div>\n\t\t\t\t\t\t\t\t\t\t\t<div class=\"elementor-gallery-item__overlay\"><\/div>\n\t\t\t\t\t\t\t\t\t\t\t\t\t\t\t<div class=\"elementor-gallery-item__content\">\n\t\t\t\t\t\t\t\t\t\t\t\t\t\t<div class=\"elementor-gallery-item__title\">\n\t\t\t\t\t\t\t\t\t\t\t\t\t\t\t\t\t\tAC2.2. Coraza samnita de tres discos de Alfedena. Lat\u00f3n. Siglo IV y III a.C. It\u00e1lica.\t\t\t\t\t\t\t\t<\/div>\n\t\t\t\t\t\t\t\t\t\t\t\t<\/div>\n\t\t\t\t\t\t\t\t\t<\/a>\n\t\t\t\t\t\t\t<a class=\"e-gallery-item elementor-gallery-item elementor-animated-content\" href=\"https:\/\/www.ferrangarreta.com\/wp-content\/uploads\/2023\/04\/AC3.-Cuirassa-samnita.-Llauto.-Segle-IV-al-II-a.C.-Italica.jpg\" data-elementor-open-lightbox=\"yes\" data-elementor-lightbox-slideshow=\"341bad0\" data-elementor-lightbox-title=\"AC3. Coraza samnita. Lat\u00f3n. Siglo IV al II a.C. It\u00e1lica.\" data-e-action-hash=\"#elementor-action%3Aaction%3Dlightbox%26settings%3DeyJpZCI6MTE1OTYsInVybCI6Imh0dHBzOlwvXC93d3cuZmVycmFuZ2FycmV0YS5jb21cL3dwLWNvbnRlbnRcL3VwbG9hZHNcLzIwMjNcLzA0XC9BQzMuLUN1aXJhc3NhLXNhbW5pdGEuLUxsYXV0by4tU2VnbGUtSVYtYWwtSUktYS5DLi1JdGFsaWNhLmpwZyIsInNsaWRlc2hvdyI6IjM0MWJhZDAifQ%3D%3D\">\n\t\t\t\t\t<div class=\"e-gallery-image elementor-gallery-item__image\" data-thumbnail=\"https:\/\/www.ferrangarreta.com\/wp-content\/uploads\/2023\/04\/AC3.-Cuirassa-samnita.-Llauto.-Segle-IV-al-II-a.C.-Italica.jpg\" data-width=\"330\" data-height=\"485\" aria-label=\"AC3. Coraza samnita. Lat\u00f3n. Siglo IV al II a.C. It\u00e1lica.\" role=\"img\" ><\/div>\n\t\t\t\t\t\t\t\t\t\t\t<div class=\"elementor-gallery-item__overlay\"><\/div>\n\t\t\t\t\t\t\t\t\t\t\t\t\t\t\t<div class=\"elementor-gallery-item__content\">\n\t\t\t\t\t\t\t\t\t\t\t\t\t\t<div class=\"elementor-gallery-item__title\">\n\t\t\t\t\t\t\t\t\t\t\t\t\t\t\t\t\t\tAC3. Coraza samnita. Lat\u00f3n. Siglo IV al II a.C. It\u00e1lica.\t\t\t\t\t\t\t\t<\/div>\n\t\t\t\t\t\t\t\t\t\t\t\t<\/div>\n\t\t\t\t\t\t\t\t\t<\/a>\n\t\t\t\t\t\t\t<a class=\"e-gallery-item elementor-gallery-item elementor-animated-content\" href=\"https:\/\/www.ferrangarreta.com\/wp-content\/uploads\/2023\/04\/AC4.1.-Cuirassa-etrusca-de-tipus-Capestrano.-Llauto-i-llauto-cromat.-Segle-VI-a.C.-Italica.jpg\" data-elementor-open-lightbox=\"yes\" data-elementor-lightbox-slideshow=\"341bad0\" data-elementor-lightbox-title=\"AC4.1. Coraza etrusca de tipo Capestrano. Lat\u00f3n y lat\u00f3n cromado. Siglo VI a.C. It\u00e1lica.\" data-e-action-hash=\"#elementor-action%3Aaction%3Dlightbox%26settings%3DeyJpZCI6MTE1OTksInVybCI6Imh0dHBzOlwvXC93d3cuZmVycmFuZ2FycmV0YS5jb21cL3dwLWNvbnRlbnRcL3VwbG9hZHNcLzIwMjNcLzA0XC9BQzQuMS4tQ3VpcmFzc2EtZXRydXNjYS1kZS10aXB1cy1DYXBlc3RyYW5vLi1MbGF1dG8taS1sbGF1dG8tY3JvbWF0Li1TZWdsZS1WSS1hLkMuLUl0YWxpY2EuanBnIiwic2xpZGVzaG93IjoiMzQxYmFkMCJ9\">\n\t\t\t\t\t<div class=\"e-gallery-image elementor-gallery-item__image\" data-thumbnail=\"https:\/\/www.ferrangarreta.com\/wp-content\/uploads\/2023\/04\/AC4.1.-Cuirassa-etrusca-de-tipus-Capestrano.-Llauto-i-llauto-cromat.-Segle-VI-a.C.-Italica.jpg\" data-width=\"1482\" data-height=\"2520\" aria-label=\"AC4.1. Coraza etrusca de tipo Capestrano. Lat\u00f3n y lat\u00f3n cromado. Siglo VI a.C. It\u00e1lica.\" role=\"img\" ><\/div>\n\t\t\t\t\t\t\t\t\t\t\t<div class=\"elementor-gallery-item__overlay\"><\/div>\n\t\t\t\t\t\t\t\t\t\t\t\t\t\t\t<div class=\"elementor-gallery-item__content\">\n\t\t\t\t\t\t\t\t\t\t\t\t\t\t<div class=\"elementor-gallery-item__title\">\n\t\t\t\t\t\t\t\t\t\t\t\t\t\t\t\t\t\tAC4.1. Coraza etrusca de tipo Capestrano. Lat\u00f3n y lat\u00f3n cromado. Siglo VI a.C. It\u00e1lica.\t\t\t\t\t\t\t\t<\/div>\n\t\t\t\t\t\t\t\t\t\t\t\t<\/div>\n\t\t\t\t\t\t\t\t\t<\/a>\n\t\t\t\t\t\t\t<a class=\"e-gallery-item elementor-gallery-item elementor-animated-content\" href=\"https:\/\/www.ferrangarreta.com\/wp-content\/uploads\/2023\/04\/AC4.2.-Cuirassa-etrusca-de-tipus-Capestrano.-Llauto-i-llauto-cromat.-Segle-VI-a.C.-Italica.jpg\" data-elementor-open-lightbox=\"yes\" data-elementor-lightbox-slideshow=\"341bad0\" data-elementor-lightbox-title=\"AC4.2. Coraza etrusca de tipo Capestrano. Lat\u00f3n y lat\u00f3n cromado. Siglo VI a.C. It\u00e1lica.\" data-e-action-hash=\"#elementor-action%3Aaction%3Dlightbox%26settings%3DeyJpZCI6MTE2MDIsInVybCI6Imh0dHBzOlwvXC93d3cuZmVycmFuZ2FycmV0YS5jb21cL3dwLWNvbnRlbnRcL3VwbG9hZHNcLzIwMjNcLzA0XC9BQzQuMi4tQ3VpcmFzc2EtZXRydXNjYS1kZS10aXB1cy1DYXBlc3RyYW5vLi1MbGF1dG8taS1sbGF1dG8tY3JvbWF0Li1TZWdsZS1WSS1hLkMuLUl0YWxpY2EuanBnIiwic2xpZGVzaG93IjoiMzQxYmFkMCJ9\">\n\t\t\t\t\t<div class=\"e-gallery-image elementor-gallery-item__image\" data-thumbnail=\"https:\/\/www.ferrangarreta.com\/wp-content\/uploads\/2023\/04\/AC4.2.-Cuirassa-etrusca-de-tipus-Capestrano.-Llauto-i-llauto-cromat.-Segle-VI-a.C.-Italica.jpg\" data-width=\"480\" data-height=\"330\" aria-label=\"AC4.2. Coraza etrusca de tipo Capestrano. Lat\u00f3n y lat\u00f3n cromado. Siglo VI a.C. It\u00e1lica.\" role=\"img\" ><\/div>\n\t\t\t\t\t\t\t\t\t\t\t<div class=\"elementor-gallery-item__overlay\"><\/div>\n\t\t\t\t\t\t\t\t\t\t\t\t\t\t\t<div class=\"elementor-gallery-item__content\">\n\t\t\t\t\t\t\t\t\t\t\t\t\t\t<div class=\"elementor-gallery-item__title\">\n\t\t\t\t\t\t\t\t\t\t\t\t\t\t\t\t\t\tAC4.2. Coraza etrusca de tipo Capestrano. Lat\u00f3n y lat\u00f3n cromado. Siglo VI a.C. It\u00e1lica.\t\t\t\t\t\t\t\t<\/div>\n\t\t\t\t\t\t\t\t\t\t\t\t<\/div>\n\t\t\t\t\t\t\t\t\t<\/a>\n\t\t\t\t\t\t\t<a class=\"e-gallery-item elementor-gallery-item elementor-animated-content\" href=\"https:\/\/www.ferrangarreta.com\/wp-content\/uploads\/2023\/04\/AC5.1.-Cuirassa-etrusca.-Llauto-i-llauto-cromat.-Segle-IX-al-III-a.C.-Italica.jpg\" data-elementor-open-lightbox=\"yes\" data-elementor-lightbox-slideshow=\"341bad0\" data-elementor-lightbox-title=\"AC5.1. Coraza etrusca. Lat\u00f3n y lat\u00f3n niquelado. Siglo IX al III a. It\u00e1lica.\" data-e-action-hash=\"#elementor-action%3Aaction%3Dlightbox%26settings%3DeyJpZCI6MTE2MDUsInVybCI6Imh0dHBzOlwvXC93d3cuZmVycmFuZ2FycmV0YS5jb21cL3dwLWNvbnRlbnRcL3VwbG9hZHNcLzIwMjNcLzA0XC9BQzUuMS4tQ3VpcmFzc2EtZXRydXNjYS4tTGxhdXRvLWktbGxhdXRvLWNyb21hdC4tU2VnbGUtSVgtYWwtSUlJLWEuQy4tSXRhbGljYS5qcGciLCJzbGlkZXNob3ciOiIzNDFiYWQwIn0%3D\">\n\t\t\t\t\t<div class=\"e-gallery-image elementor-gallery-item__image\" data-thumbnail=\"https:\/\/www.ferrangarreta.com\/wp-content\/uploads\/2023\/04\/AC5.1.-Cuirassa-etrusca.-Llauto-i-llauto-cromat.-Segle-IX-al-III-a.C.-Italica.jpg\" data-width=\"1878\" data-height=\"2518\" aria-label=\"AC5.1. Coraza etrusca. Lat\u00f3n y lat\u00f3n niquelado. Siglo IX al III a. It\u00e1lica.\" role=\"img\" ><\/div>\n\t\t\t\t\t\t\t\t\t\t\t<div class=\"elementor-gallery-item__overlay\"><\/div>\n\t\t\t\t\t\t\t\t\t\t\t\t\t\t\t<div class=\"elementor-gallery-item__content\">\n\t\t\t\t\t\t\t\t\t\t\t\t\t\t<div class=\"elementor-gallery-item__title\">\n\t\t\t\t\t\t\t\t\t\t\t\t\t\t\t\t\t\tAC5.1. Coraza etrusca. Lat\u00f3n y lat\u00f3n niquelado. Siglo IX al III a. It\u00e1lica.\t\t\t\t\t\t\t\t<\/div>\n\t\t\t\t\t\t\t\t\t\t\t\t<\/div>\n\t\t\t\t\t\t\t\t\t<\/a>\n\t\t\t\t\t\t\t<a class=\"e-gallery-item elementor-gallery-item elementor-animated-content\" href=\"https:\/\/www.ferrangarreta.com\/wp-content\/uploads\/2023\/04\/AC5.2.-Cuirassa-etrusca.-Llauto-i-llauto-cromat.-Segle-IX-al-III-a.C.-Italica.jpg\" data-elementor-open-lightbox=\"yes\" data-elementor-lightbox-slideshow=\"341bad0\" data-elementor-lightbox-title=\"AC5.2. Coraza etrusca. Lat\u00f3n y lat\u00f3n niquelado. Siglo IX al III a. It\u00e1lica.\" data-e-action-hash=\"#elementor-action%3Aaction%3Dlightbox%26settings%3DeyJpZCI6MTE2MDgsInVybCI6Imh0dHBzOlwvXC93d3cuZmVycmFuZ2FycmV0YS5jb21cL3dwLWNvbnRlbnRcL3VwbG9hZHNcLzIwMjNcLzA0XC9BQzUuMi4tQ3VpcmFzc2EtZXRydXNjYS4tTGxhdXRvLWktbGxhdXRvLWNyb21hdC4tU2VnbGUtSVgtYWwtSUlJLWEuQy4tSXRhbGljYS5qcGciLCJzbGlkZXNob3ciOiIzNDFiYWQwIn0%3D\">\n\t\t\t\t\t<div class=\"e-gallery-image elementor-gallery-item__image\" data-thumbnail=\"https:\/\/www.ferrangarreta.com\/wp-content\/uploads\/2023\/04\/AC5.2.-Cuirassa-etrusca.-Llauto-i-llauto-cromat.-Segle-IX-al-III-a.C.-Italica.jpg\" data-width=\"650\" data-height=\"300\" aria-label=\"AC5.2. Coraza etrusca. Lat\u00f3n y lat\u00f3n niquelado. Siglo IX al III a. It\u00e1lica.\" role=\"img\" ><\/div>\n\t\t\t\t\t\t\t\t\t\t\t<div class=\"elementor-gallery-item__overlay\"><\/div>\n\t\t\t\t\t\t\t\t\t\t\t\t\t\t\t<div class=\"elementor-gallery-item__content\">\n\t\t\t\t\t\t\t\t\t\t\t\t\t\t<div class=\"elementor-gallery-item__title\">\n\t\t\t\t\t\t\t\t\t\t\t\t\t\t\t\t\t\tAC5.2. Coraza etrusca. Lat\u00f3n y lat\u00f3n niquelado. Siglo IX al III a. It\u00e1lica.\t\t\t\t\t\t\t\t<\/div>\n\t\t\t\t\t\t\t\t\t\t\t\t<\/div>\n\t\t\t\t\t\t\t\t\t<\/a>\n\t\t\t\t\t\t\t<a class=\"e-gallery-item elementor-gallery-item elementor-animated-content\" href=\"https:\/\/www.ferrangarreta.com\/wp-content\/uploads\/2023\/04\/AC6.1.-Cuirassa-etrusca.-Bronze.-Segle-IX-al-III-a.C.-Italica.jpg\" data-elementor-open-lightbox=\"yes\" data-elementor-lightbox-slideshow=\"341bad0\" data-elementor-lightbox-title=\"AC6.1. Coraza etrusca. Bronce. Siglo IX al III a. It\u00e1lica.\" data-e-action-hash=\"#elementor-action%3Aaction%3Dlightbox%26settings%3DeyJpZCI6MTE2MTEsInVybCI6Imh0dHBzOlwvXC93d3cuZmVycmFuZ2FycmV0YS5jb21cL3dwLWNvbnRlbnRcL3VwbG9hZHNcLzIwMjNcLzA0XC9BQzYuMS4tQ3VpcmFzc2EtZXRydXNjYS4tQnJvbnplLi1TZWdsZS1JWC1hbC1JSUktYS5DLi1JdGFsaWNhLmpwZyIsInNsaWRlc2hvdyI6IjM0MWJhZDAifQ%3D%3D\">\n\t\t\t\t\t<div class=\"e-gallery-image elementor-gallery-item__image\" data-thumbnail=\"https:\/\/www.ferrangarreta.com\/wp-content\/uploads\/2023\/04\/AC6.1.-Cuirassa-etrusca.-Bronze.-Segle-IX-al-III-a.C.-Italica.jpg\" data-width=\"235\" data-height=\"460\" aria-label=\"AC6.1. Coraza etrusca. Bronce. Siglo IX al III a. It\u00e1lica.\" role=\"img\" ><\/div>\n\t\t\t\t\t\t\t\t\t\t\t<div class=\"elementor-gallery-item__overlay\"><\/div>\n\t\t\t\t\t\t\t\t\t\t\t\t\t\t\t<div class=\"elementor-gallery-item__content\">\n\t\t\t\t\t\t\t\t\t\t\t\t\t\t<div class=\"elementor-gallery-item__title\">\n\t\t\t\t\t\t\t\t\t\t\t\t\t\t\t\t\t\tAC6.1. Coraza etrusca. Bronce. Siglo IX al III a. It\u00e1lica.\t\t\t\t\t\t\t\t<\/div>\n\t\t\t\t\t\t\t\t\t\t\t\t<\/div>\n\t\t\t\t\t\t\t\t\t<\/a>\n\t\t\t\t\t\t\t<a class=\"e-gallery-item elementor-gallery-item elementor-animated-content\" href=\"https:\/\/www.ferrangarreta.com\/wp-content\/uploads\/2023\/04\/AC6.2.-Cuirassa-etrusca.-Bronze.-Segle-IX-al-III-a.C.-Italica.jpg\" data-elementor-open-lightbox=\"yes\" data-elementor-lightbox-slideshow=\"341bad0\" data-elementor-lightbox-title=\"AC6.2. Coraza etrusca. Bronce. Siglo IX al III a. It\u00e1lica.\" data-e-action-hash=\"#elementor-action%3Aaction%3Dlightbox%26settings%3DeyJpZCI6MTE2MTQsInVybCI6Imh0dHBzOlwvXC93d3cuZmVycmFuZ2FycmV0YS5jb21cL3dwLWNvbnRlbnRcL3VwbG9hZHNcLzIwMjNcLzA0XC9BQzYuMi4tQ3VpcmFzc2EtZXRydXNjYS4tQnJvbnplLi1TZWdsZS1JWC1hbC1JSUktYS5DLi1JdGFsaWNhLmpwZyIsInNsaWRlc2hvdyI6IjM0MWJhZDAifQ%3D%3D\">\n\t\t\t\t\t<div class=\"e-gallery-image elementor-gallery-item__image\" data-thumbnail=\"https:\/\/www.ferrangarreta.com\/wp-content\/uploads\/2023\/04\/AC6.2.-Cuirassa-etrusca.-Bronze.-Segle-IX-al-III-a.C.-Italica.jpg\" data-width=\"460\" data-height=\"300\" aria-label=\"AC6.2. Coraza etrusca. Bronce. Siglo IX al III a. It\u00e1lica.\" role=\"img\" ><\/div>\n\t\t\t\t\t\t\t\t\t\t\t<div class=\"elementor-gallery-item__overlay\"><\/div>\n\t\t\t\t\t\t\t\t\t\t\t\t\t\t\t<div class=\"elementor-gallery-item__content\">\n\t\t\t\t\t\t\t\t\t\t\t\t\t\t<div class=\"elementor-gallery-item__title\">\n\t\t\t\t\t\t\t\t\t\t\t\t\t\t\t\t\t\tAC6.2. Coraza etrusca. Bronce. Siglo IX al III a. It\u00e1lica.\t\t\t\t\t\t\t\t<\/div>\n\t\t\t\t\t\t\t\t\t\t\t\t<\/div>\n\t\t\t\t\t\t\t\t\t<\/a>\n\t\t\t\t\t\t\t<a class=\"e-gallery-item elementor-gallery-item elementor-animated-content\" href=\"https:\/\/www.ferrangarreta.com\/wp-content\/uploads\/2023\/04\/AC6.3.-Cuirassa-etrusca.-Bronze.-Segle-IX-al-III-a.C.-Italica.jpg\" data-elementor-open-lightbox=\"yes\" data-elementor-lightbox-slideshow=\"341bad0\" data-elementor-lightbox-title=\"AC6.3. Coraza etrusca. Bronce. Siglo IX al III a. It\u00e1lica.\" data-e-action-hash=\"#elementor-action%3Aaction%3Dlightbox%26settings%3DeyJpZCI6MTE2MTcsInVybCI6Imh0dHBzOlwvXC93d3cuZmVycmFuZ2FycmV0YS5jb21cL3dwLWNvbnRlbnRcL3VwbG9hZHNcLzIwMjNcLzA0XC9BQzYuMy4tQ3VpcmFzc2EtZXRydXNjYS4tQnJvbnplLi1TZWdsZS1JWC1hbC1JSUktYS5DLi1JdGFsaWNhLmpwZyIsInNsaWRlc2hvdyI6IjM0MWJhZDAifQ%3D%3D\">\n\t\t\t\t\t<div class=\"e-gallery-image elementor-gallery-item__image\" data-thumbnail=\"https:\/\/www.ferrangarreta.com\/wp-content\/uploads\/2023\/04\/AC6.3.-Cuirassa-etrusca.-Bronze.-Segle-IX-al-III-a.C.-Italica.jpg\" data-width=\"220\" data-height=\"460\" aria-label=\"AC6.3. Coraza etrusca. Bronce. Siglo IX al III a. It\u00e1lica.\" role=\"img\" ><\/div>\n\t\t\t\t\t\t\t\t\t\t\t<div class=\"elementor-gallery-item__overlay\"><\/div>\n\t\t\t\t\t\t\t\t\t\t\t\t\t\t\t<div class=\"elementor-gallery-item__content\">\n\t\t\t\t\t\t\t\t\t\t\t\t\t\t<div class=\"elementor-gallery-item__title\">\n\t\t\t\t\t\t\t\t\t\t\t\t\t\t\t\t\t\tAC6.3. Coraza etrusca. Bronce. Siglo IX al III a. It\u00e1lica.\t\t\t\t\t\t\t\t<\/div>\n\t\t\t\t\t\t\t\t\t\t\t\t<\/div>\n\t\t\t\t\t\t\t\t\t<\/a>\n\t\t\t\t\t\t\t<a class=\"e-gallery-item elementor-gallery-item elementor-animated-content\" href=\"https:\/\/www.ferrangarreta.com\/wp-content\/uploads\/2023\/04\/AC7.-Cuirassa-etrusca.-Llauto.-Segle-VII-i-VI-a.C.-Italica.jpg\" data-elementor-open-lightbox=\"yes\" data-elementor-lightbox-slideshow=\"341bad0\" data-elementor-lightbox-title=\"AC7. Coraza etrusca. Lat\u00f3n. Siglo VII y VI a.C. It\u00e1lica.\" data-e-action-hash=\"#elementor-action%3Aaction%3Dlightbox%26settings%3DeyJpZCI6MTE2MjAsInVybCI6Imh0dHBzOlwvXC93d3cuZmVycmFuZ2FycmV0YS5jb21cL3dwLWNvbnRlbnRcL3VwbG9hZHNcLzIwMjNcLzA0XC9BQzcuLUN1aXJhc3NhLWV0cnVzY2EuLUxsYXV0by4tU2VnbGUtVklJLWktVkktYS5DLi1JdGFsaWNhLmpwZyIsInNsaWRlc2hvdyI6IjM0MWJhZDAifQ%3D%3D\">\n\t\t\t\t\t<div class=\"e-gallery-image elementor-gallery-item__image\" data-thumbnail=\"https:\/\/www.ferrangarreta.com\/wp-content\/uploads\/2023\/04\/AC7.-Cuirassa-etrusca.-Llauto.-Segle-VII-i-VI-a.C.-Italica.jpg\" data-width=\"320\" data-height=\"450\" aria-label=\"AC7. Coraza etrusca. Lat\u00f3n. Siglo VII y VI a.C. It\u00e1lica.\" role=\"img\" ><\/div>\n\t\t\t\t\t\t\t\t\t\t\t<div class=\"elementor-gallery-item__overlay\"><\/div>\n\t\t\t\t\t\t\t\t\t\t\t\t\t\t\t<div class=\"elementor-gallery-item__content\">\n\t\t\t\t\t\t\t\t\t\t\t\t\t\t<div class=\"elementor-gallery-item__title\">\n\t\t\t\t\t\t\t\t\t\t\t\t\t\t\t\t\t\tAC7. Coraza etrusca. Lat\u00f3n. Siglo VII y VI a.C. It\u00e1lica.\t\t\t\t\t\t\t\t<\/div>\n\t\t\t\t\t\t\t\t\t\t\t\t<\/div>\n\t\t\t\t\t\t\t\t\t<\/a>\n\t\t\t\t\t\t\t<a class=\"e-gallery-item elementor-gallery-item elementor-animated-content\" href=\"https:\/\/www.ferrangarreta.com\/wp-content\/uploads\/2023\/04\/AC8.1.-Cuirassa-etrusca.-Llauto-i-plata.-Segle-IX-al-IV-a.C.-Italica.jpg\" data-elementor-open-lightbox=\"yes\" data-elementor-lightbox-slideshow=\"341bad0\" data-elementor-lightbox-title=\"AC8.1. Coraza etrusca. Lat\u00f3n y plata. Siglo IX al IV a. It\u00e1lica.\" data-e-action-hash=\"#elementor-action%3Aaction%3Dlightbox%26settings%3DeyJpZCI6MTE2MjMsInVybCI6Imh0dHBzOlwvXC93d3cuZmVycmFuZ2FycmV0YS5jb21cL3dwLWNvbnRlbnRcL3VwbG9hZHNcLzIwMjNcLzA0XC9BQzguMS4tQ3VpcmFzc2EtZXRydXNjYS4tTGxhdXRvLWktcGxhdGEuLVNlZ2xlLUlYLWFsLUlWLWEuQy4tSXRhbGljYS5qcGciLCJzbGlkZXNob3ciOiIzNDFiYWQwIn0%3D\">\n\t\t\t\t\t<div class=\"e-gallery-image elementor-gallery-item__image\" data-thumbnail=\"https:\/\/www.ferrangarreta.com\/wp-content\/uploads\/2023\/04\/AC8.1.-Cuirassa-etrusca.-Llauto-i-plata.-Segle-IX-al-IV-a.C.-Italica.jpg\" data-width=\"330\" data-height=\"413\" aria-label=\"AC8.1. Coraza etrusca. Lat\u00f3n y plata. Siglo IX al IV a. It\u00e1lica.\" role=\"img\" ><\/div>\n\t\t\t\t\t\t\t\t\t\t\t<div class=\"elementor-gallery-item__overlay\"><\/div>\n\t\t\t\t\t\t\t\t\t\t\t\t\t\t\t<div class=\"elementor-gallery-item__content\">\n\t\t\t\t\t\t\t\t\t\t\t\t\t\t<div class=\"elementor-gallery-item__title\">\n\t\t\t\t\t\t\t\t\t\t\t\t\t\t\t\t\t\tAC8.1. Coraza etrusca. Lat\u00f3n y plata. Siglo IX al IV a. It\u00e1lica.\t\t\t\t\t\t\t\t<\/div>\n\t\t\t\t\t\t\t\t\t\t\t\t<\/div>\n\t\t\t\t\t\t\t\t\t<\/a>\n\t\t\t\t\t\t\t<a class=\"e-gallery-item elementor-gallery-item elementor-animated-content\" href=\"https:\/\/www.ferrangarreta.com\/wp-content\/uploads\/2023\/04\/AC8.2.-Cuirassa-etrusca.-Llauto.-Segle-IX-al-IV-a.C.-Italica.jpg\" data-elementor-open-lightbox=\"yes\" data-elementor-lightbox-slideshow=\"341bad0\" data-elementor-lightbox-title=\"AC8.2. Coraza etrusca. Lat\u00f3n. Siglo IX al IV a. It\u00e1lica.\" data-e-action-hash=\"#elementor-action%3Aaction%3Dlightbox%26settings%3DeyJpZCI6MTE2MjYsInVybCI6Imh0dHBzOlwvXC93d3cuZmVycmFuZ2FycmV0YS5jb21cL3dwLWNvbnRlbnRcL3VwbG9hZHNcLzIwMjNcLzA0XC9BQzguMi4tQ3VpcmFzc2EtZXRydXNjYS4tTGxhdXRvLi1TZWdsZS1JWC1hbC1JVi1hLkMuLUl0YWxpY2EuanBnIiwic2xpZGVzaG93IjoiMzQxYmFkMCJ9\">\n\t\t\t\t\t<div class=\"e-gallery-image elementor-gallery-item__image\" data-thumbnail=\"https:\/\/www.ferrangarreta.com\/wp-content\/uploads\/2023\/04\/AC8.2.-Cuirassa-etrusca.-Llauto.-Segle-IX-al-IV-a.C.-Italica.jpg\" data-width=\"330\" data-height=\"460\" aria-label=\"AC8.2. Coraza etrusca. Lat\u00f3n. Siglo IX al IV a. It\u00e1lica.\" role=\"img\" ><\/div>\n\t\t\t\t\t\t\t\t\t\t\t<div class=\"elementor-gallery-item__overlay\"><\/div>\n\t\t\t\t\t\t\t\t\t\t\t\t\t\t\t<div class=\"elementor-gallery-item__content\">\n\t\t\t\t\t\t\t\t\t\t\t\t\t\t<div class=\"elementor-gallery-item__title\">\n\t\t\t\t\t\t\t\t\t\t\t\t\t\t\t\t\t\tAC8.2. Coraza etrusca. Lat\u00f3n. Siglo IX al IV a. It\u00e1lica.\t\t\t\t\t\t\t\t<\/div>\n\t\t\t\t\t\t\t\t\t\t\t\t<\/div>\n\t\t\t\t\t\t\t\t\t<\/a>\n\t\t\t\t\t\t\t<a class=\"e-gallery-item elementor-gallery-item elementor-animated-content\" href=\"https:\/\/www.ferrangarreta.com\/wp-content\/uploads\/2023\/04\/AC9.-Cuirassa-etrusca.-Llauto.-Segle-IX-al-IV-a.C.-Italica.jpg\" data-elementor-open-lightbox=\"yes\" data-elementor-lightbox-slideshow=\"341bad0\" data-elementor-lightbox-title=\"AC9. Coraza etrusca. Lat\u00f3n. Siglo IX al IV a. It\u00e1lica.\" data-e-action-hash=\"#elementor-action%3Aaction%3Dlightbox%26settings%3DeyJpZCI6MTE2MjksInVybCI6Imh0dHBzOlwvXC93d3cuZmVycmFuZ2FycmV0YS5jb21cL3dwLWNvbnRlbnRcL3VwbG9hZHNcLzIwMjNcLzA0XC9BQzkuLUN1aXJhc3NhLWV0cnVzY2EuLUxsYXV0by4tU2VnbGUtSVgtYWwtSVYtYS5DLi1JdGFsaWNhLmpwZyIsInNsaWRlc2hvdyI6IjM0MWJhZDAifQ%3D%3D\">\n\t\t\t\t\t<div class=\"e-gallery-image elementor-gallery-item__image\" data-thumbnail=\"https:\/\/www.ferrangarreta.com\/wp-content\/uploads\/2023\/04\/AC9.-Cuirassa-etrusca.-Llauto.-Segle-IX-al-IV-a.C.-Italica.jpg\" data-width=\"450\" data-height=\"330\" aria-label=\"AC9. Coraza etrusca. Lat\u00f3n. Siglo IX al IV a. It\u00e1lica.\" role=\"img\" ><\/div>\n\t\t\t\t\t\t\t\t\t\t\t<div class=\"elementor-gallery-item__overlay\"><\/div>\n\t\t\t\t\t\t\t\t\t\t\t\t\t\t\t<div class=\"elementor-gallery-item__content\">\n\t\t\t\t\t\t\t\t\t\t\t\t\t\t<div class=\"elementor-gallery-item__title\">\n\t\t\t\t\t\t\t\t\t\t\t\t\t\t\t\t\t\tAC9. Coraza etrusca. Lat\u00f3n. Siglo IX al IV a. It\u00e1lica.\t\t\t\t\t\t\t\t<\/div>\n\t\t\t\t\t\t\t\t\t\t\t\t<\/div>\n\t\t\t\t\t\t\t\t\t<\/a>\n\t\t\t\t\t\t\t<a class=\"e-gallery-item elementor-gallery-item elementor-animated-content\" href=\"https:\/\/www.ferrangarreta.com\/wp-content\/uploads\/2023\/04\/AC10.-Cuirassa-etrusca.-Llauto.-Segle-IX-al-IV-a.C.-Italica.jpg\" data-elementor-open-lightbox=\"yes\" data-elementor-lightbox-slideshow=\"341bad0\" data-elementor-lightbox-title=\"AC10. Coraza etrusca. Lat\u00f3n. Siglo IX al IV a. It\u00e1lica.\" data-e-action-hash=\"#elementor-action%3Aaction%3Dlightbox%26settings%3DeyJpZCI6MTE2MzIsInVybCI6Imh0dHBzOlwvXC93d3cuZmVycmFuZ2FycmV0YS5jb21cL3dwLWNvbnRlbnRcL3VwbG9hZHNcLzIwMjNcLzA0XC9BQzEwLi1DdWlyYXNzYS1ldHJ1c2NhLi1MbGF1dG8uLVNlZ2xlLUlYLWFsLUlWLWEuQy4tSXRhbGljYS5qcGciLCJzbGlkZXNob3ciOiIzNDFiYWQwIn0%3D\">\n\t\t\t\t\t<div class=\"e-gallery-image elementor-gallery-item__image\" data-thumbnail=\"https:\/\/www.ferrangarreta.com\/wp-content\/uploads\/2023\/04\/AC10.-Cuirassa-etrusca.-Llauto.-Segle-IX-al-IV-a.C.-Italica.jpg\" data-width=\"480\" data-height=\"280\" aria-label=\"AC10. Coraza etrusca. Lat\u00f3n. Siglo IX al IV a. It\u00e1lica.\" role=\"img\" ><\/div>\n\t\t\t\t\t\t\t\t\t\t\t<div class=\"elementor-gallery-item__overlay\"><\/div>\n\t\t\t\t\t\t\t\t\t\t\t\t\t\t\t<div class=\"elementor-gallery-item__content\">\n\t\t\t\t\t\t\t\t\t\t\t\t\t\t<div class=\"elementor-gallery-item__title\">\n\t\t\t\t\t\t\t\t\t\t\t\t\t\t\t\t\t\tAC10. Coraza etrusca. Lat\u00f3n. Siglo IX al IV a. It\u00e1lica.\t\t\t\t\t\t\t\t<\/div>\n\t\t\t\t\t\t\t\t\t\t\t\t<\/div>\n\t\t\t\t\t\t\t\t\t<\/a>\n\t\t\t\t\t\t\t<a class=\"e-gallery-item elementor-gallery-item elementor-animated-content\" href=\"https:\/\/www.ferrangarreta.com\/wp-content\/uploads\/2023\/04\/AC11.-Cuirassa-etrusca-Lanuvio.-Llauto-i-plata.-Segle-V-a.C.-Italica.jpg\" data-elementor-open-lightbox=\"yes\" data-elementor-lightbox-slideshow=\"341bad0\" data-elementor-lightbox-title=\"AC11. Coraza etrusca de Lanuvio. Lat\u00f3n y plata. Siglo V a.C. It\u00e1lica.\" data-e-action-hash=\"#elementor-action%3Aaction%3Dlightbox%26settings%3DeyJpZCI6MTE2MzUsInVybCI6Imh0dHBzOlwvXC93d3cuZmVycmFuZ2FycmV0YS5jb21cL3dwLWNvbnRlbnRcL3VwbG9hZHNcLzIwMjNcLzA0XC9BQzExLi1DdWlyYXNzYS1ldHJ1c2NhLUxhbnV2aW8uLUxsYXV0by1pLXBsYXRhLi1TZWdsZS1WLWEuQy4tSXRhbGljYS5qcGciLCJzbGlkZXNob3ciOiIzNDFiYWQwIn0%3D\">\n\t\t\t\t\t<div class=\"e-gallery-image elementor-gallery-item__image\" data-thumbnail=\"https:\/\/www.ferrangarreta.com\/wp-content\/uploads\/2023\/04\/AC11.-Cuirassa-etrusca-Lanuvio.-Llauto-i-plata.-Segle-V-a.C.-Italica.jpg\" data-width=\"330\" data-height=\"413\" aria-label=\"AC11. Coraza etrusca de Lanuvio. Lat\u00f3n y plata. Siglo V a.C. It\u00e1lica.\" role=\"img\" ><\/div>\n\t\t\t\t\t\t\t\t\t\t\t<div class=\"elementor-gallery-item__overlay\"><\/div>\n\t\t\t\t\t\t\t\t\t\t\t\t\t\t\t<div class=\"elementor-gallery-item__content\">\n\t\t\t\t\t\t\t\t\t\t\t\t\t\t<div class=\"elementor-gallery-item__title\">\n\t\t\t\t\t\t\t\t\t\t\t\t\t\t\t\t\t\tAC11. Coraza etrusca de Lanuvio. Lat\u00f3n y plata. Siglo V a.C. It\u00e1lica.\t\t\t\t\t\t\t\t<\/div>\n\t\t\t\t\t\t\t\t\t\t\t\t<\/div>\n\t\t\t\t\t\t\t\t\t<\/a>\n\t\t\t\t\t\t\t<a class=\"e-gallery-item elementor-gallery-item elementor-animated-content\" href=\"https:\/\/www.ferrangarreta.com\/wp-content\/uploads\/2023\/04\/AC12.1.-Cuirassa-grega-de-Argos.-Llauto.-Segle-VIII-a.C.jpg\" data-elementor-open-lightbox=\"yes\" data-elementor-lightbox-slideshow=\"341bad0\" data-elementor-lightbox-title=\"AC12.1. Coraza griega de Argos. Lat\u00f3n. Siglo VIII a.C.\" data-e-action-hash=\"#elementor-action%3Aaction%3Dlightbox%26settings%3DeyJpZCI6MTE2MzgsInVybCI6Imh0dHBzOlwvXC93d3cuZmVycmFuZ2FycmV0YS5jb21cL3dwLWNvbnRlbnRcL3VwbG9hZHNcLzIwMjNcLzA0XC9BQzEyLjEuLUN1aXJhc3NhLWdyZWdhLWRlLUFyZ29zLi1MbGF1dG8uLVNlZ2xlLVZJSUktYS5DLmpwZyIsInNsaWRlc2hvdyI6IjM0MWJhZDAifQ%3D%3D\">\n\t\t\t\t\t<div class=\"e-gallery-image elementor-gallery-item__image\" data-thumbnail=\"https:\/\/www.ferrangarreta.com\/wp-content\/uploads\/2023\/04\/AC12.1.-Cuirassa-grega-de-Argos.-Llauto.-Segle-VIII-a.C.jpg\" data-width=\"250\" data-height=\"400\" aria-label=\"AC12.1. Coraza griega de Argos. Lat\u00f3n. Siglo VIII a.C.\" role=\"img\" ><\/div>\n\t\t\t\t\t\t\t\t\t\t\t<div class=\"elementor-gallery-item__overlay\"><\/div>\n\t\t\t\t\t\t\t\t\t\t\t\t\t\t\t<div class=\"elementor-gallery-item__content\">\n\t\t\t\t\t\t\t\t\t\t\t\t\t\t<div class=\"elementor-gallery-item__title\">\n\t\t\t\t\t\t\t\t\t\t\t\t\t\t\t\t\t\tAC12.1. Coraza griega de Argos. Lat\u00f3n. Siglo VIII a.C.\t\t\t\t\t\t\t\t<\/div>\n\t\t\t\t\t\t\t\t\t\t\t\t<\/div>\n\t\t\t\t\t\t\t\t\t<\/a>\n\t\t\t\t\t\t\t<a class=\"e-gallery-item elementor-gallery-item elementor-animated-content\" href=\"https:\/\/www.ferrangarreta.com\/wp-content\/uploads\/2023\/04\/AC12.2.-Cuirassa-grega-de-Argos.-Llauto.-Segle-VIII-a.C.jpg\" data-elementor-open-lightbox=\"yes\" data-elementor-lightbox-slideshow=\"341bad0\" data-elementor-lightbox-title=\"AC12.2. Coraza griega de Argos. Lat\u00f3n. Siglo VIII a.C.\" data-e-action-hash=\"#elementor-action%3Aaction%3Dlightbox%26settings%3DeyJpZCI6MTE2NDEsInVybCI6Imh0dHBzOlwvXC93d3cuZmVycmFuZ2FycmV0YS5jb21cL3dwLWNvbnRlbnRcL3VwbG9hZHNcLzIwMjNcLzA0XC9BQzEyLjIuLUN1aXJhc3NhLWdyZWdhLWRlLUFyZ29zLi1MbGF1dG8uLVNlZ2xlLVZJSUktYS5DLmpwZyIsInNsaWRlc2hvdyI6IjM0MWJhZDAifQ%3D%3D\">\n\t\t\t\t\t<div class=\"e-gallery-image elementor-gallery-item__image\" data-thumbnail=\"https:\/\/www.ferrangarreta.com\/wp-content\/uploads\/2023\/04\/AC12.2.-Cuirassa-grega-de-Argos.-Llauto.-Segle-VIII-a.C.jpg\" data-width=\"250\" data-height=\"400\" aria-label=\"AC12.2. Coraza griega de Argos. Lat\u00f3n. Siglo VIII a.C.\" role=\"img\" ><\/div>\n\t\t\t\t\t\t\t\t\t\t\t<div class=\"elementor-gallery-item__overlay\"><\/div>\n\t\t\t\t\t\t\t\t\t\t\t\t\t\t\t<div class=\"elementor-gallery-item__content\">\n\t\t\t\t\t\t\t\t\t\t\t\t\t\t<div class=\"elementor-gallery-item__title\">\n\t\t\t\t\t\t\t\t\t\t\t\t\t\t\t\t\t\tAC12.2. Coraza griega de Argos. Lat\u00f3n. Siglo VIII a.C.\t\t\t\t\t\t\t\t<\/div>\n\t\t\t\t\t\t\t\t\t\t\t\t<\/div>\n\t\t\t\t\t\t\t\t\t<\/a>\n\t\t\t\t\t\t\t<a class=\"e-gallery-item elementor-gallery-item elementor-animated-content\" href=\"https:\/\/www.ferrangarreta.com\/wp-content\/uploads\/2023\/04\/AC12.3.-Cuirassa-grega-de-Argos.-Llauto.-Segle-VIII-a.C.jpg\" data-elementor-open-lightbox=\"yes\" data-elementor-lightbox-slideshow=\"341bad0\" data-elementor-lightbox-title=\"AC12.3. Coraza griega de Argos. Lat\u00f3n. Siglo VIII a.C.\" data-e-action-hash=\"#elementor-action%3Aaction%3Dlightbox%26settings%3DeyJpZCI6MTE2NDQsInVybCI6Imh0dHBzOlwvXC93d3cuZmVycmFuZ2FycmV0YS5jb21cL3dwLWNvbnRlbnRcL3VwbG9hZHNcLzIwMjNcLzA0XC9BQzEyLjMuLUN1aXJhc3NhLWdyZWdhLWRlLUFyZ29zLi1MbGF1dG8uLVNlZ2xlLVZJSUktYS5DLmpwZyIsInNsaWRlc2hvdyI6IjM0MWJhZDAifQ%3D%3D\">\n\t\t\t\t\t<div class=\"e-gallery-image elementor-gallery-item__image\" data-thumbnail=\"https:\/\/www.ferrangarreta.com\/wp-content\/uploads\/2023\/04\/AC12.3.-Cuirassa-grega-de-Argos.-Llauto.-Segle-VIII-a.C.jpg\" data-width=\"250\" data-height=\"400\" aria-label=\"AC12.3. Coraza griega de Argos. Lat\u00f3n. Siglo VIII a.C.\" role=\"img\" ><\/div>\n\t\t\t\t\t\t\t\t\t\t\t<div class=\"elementor-gallery-item__overlay\"><\/div>\n\t\t\t\t\t\t\t\t\t\t\t\t\t\t\t<div class=\"elementor-gallery-item__content\">\n\t\t\t\t\t\t\t\t\t\t\t\t\t\t<div class=\"elementor-gallery-item__title\">\n\t\t\t\t\t\t\t\t\t\t\t\t\t\t\t\t\t\tAC12.3. Coraza griega de Argos. Lat\u00f3n. Siglo VIII a.C.\t\t\t\t\t\t\t\t<\/div>\n\t\t\t\t\t\t\t\t\t\t\t\t<\/div>\n\t\t\t\t\t\t\t\t\t<\/a>\n\t\t\t\t\t\t\t<a class=\"e-gallery-item elementor-gallery-item elementor-animated-content\" href=\"https:\/\/www.ferrangarreta.com\/wp-content\/uploads\/2023\/04\/AC13.-Cuirassa-grega-decorada.-Llauto.-Segle-IV-i-III-a.C.jpg\" data-elementor-open-lightbox=\"yes\" data-elementor-lightbox-slideshow=\"341bad0\" data-elementor-lightbox-title=\"AC13. Coraza griega decorada. Lat\u00f3n. Siglo IV y III a.C.\" data-e-action-hash=\"#elementor-action%3Aaction%3Dlightbox%26settings%3DeyJpZCI6MTE2NDcsInVybCI6Imh0dHBzOlwvXC93d3cuZmVycmFuZ2FycmV0YS5jb21cL3dwLWNvbnRlbnRcL3VwbG9hZHNcLzIwMjNcLzA0XC9BQzEzLi1DdWlyYXNzYS1ncmVnYS1kZWNvcmFkYS4tTGxhdXRvLi1TZWdsZS1JVi1pLUlJSS1hLkMuanBnIiwic2xpZGVzaG93IjoiMzQxYmFkMCJ9\">\n\t\t\t\t\t<div class=\"e-gallery-image elementor-gallery-item__image\" data-thumbnail=\"https:\/\/www.ferrangarreta.com\/wp-content\/uploads\/2023\/04\/AC13.-Cuirassa-grega-decorada.-Llauto.-Segle-IV-i-III-a.C.jpg\" data-width=\"320\" data-height=\"430\" aria-label=\"AC13. Coraza griega decorada. Lat\u00f3n. Siglo IV y III a.C.\" role=\"img\" ><\/div>\n\t\t\t\t\t\t\t\t\t\t\t<div class=\"elementor-gallery-item__overlay\"><\/div>\n\t\t\t\t\t\t\t\t\t\t\t\t\t\t\t<div class=\"elementor-gallery-item__content\">\n\t\t\t\t\t\t\t\t\t\t\t\t\t\t<div class=\"elementor-gallery-item__title\">\n\t\t\t\t\t\t\t\t\t\t\t\t\t\t\t\t\t\tAC13. Coraza griega decorada. Lat\u00f3n. Siglo IV y III a.C.\t\t\t\t\t\t\t\t<\/div>\n\t\t\t\t\t\t\t\t\t\t\t\t<\/div>\n\t\t\t\t\t\t\t\t\t<\/a>\n\t\t\t\t\t\t\t<a class=\"e-gallery-item elementor-gallery-item elementor-animated-content\" href=\"https:\/\/www.ferrangarreta.com\/wp-content\/uploads\/2023\/04\/AC14.-Cuirassa-de-tipus-lorica-musculata.-Llauto.-Segle-IV-a.C.-Italica.jpg\" data-elementor-open-lightbox=\"yes\" data-elementor-lightbox-slideshow=\"341bad0\" data-elementor-lightbox-title=\"AC14. Coraza de tipo l\u00f3rica musculata. Lat\u00f3n. Siglo IV a.C. It\u00e1lica.\" data-e-action-hash=\"#elementor-action%3Aaction%3Dlightbox%26settings%3DeyJpZCI6MTE2NTAsInVybCI6Imh0dHBzOlwvXC93d3cuZmVycmFuZ2FycmV0YS5jb21cL3dwLWNvbnRlbnRcL3VwbG9hZHNcLzIwMjNcLzA0XC9BQzE0Li1DdWlyYXNzYS1kZS10aXB1cy1sb3JpY2EtbXVzY3VsYXRhLi1MbGF1dG8uLVNlZ2xlLUlWLWEuQy4tSXRhbGljYS5qcGciLCJzbGlkZXNob3ciOiIzNDFiYWQwIn0%3D\">\n\t\t\t\t\t<div class=\"e-gallery-image elementor-gallery-item__image\" data-thumbnail=\"https:\/\/www.ferrangarreta.com\/wp-content\/uploads\/2023\/04\/AC14.-Cuirassa-de-tipus-lorica-musculata.-Llauto.-Segle-IV-a.C.-Italica.jpg\" data-width=\"330\" data-height=\"440\" aria-label=\"AC14. Coraza de tipo l\u00f3rica musculata. Lat\u00f3n. Siglo IV a.C. It\u00e1lica.\" role=\"img\" ><\/div>\n\t\t\t\t\t\t\t\t\t\t\t<div class=\"elementor-gallery-item__overlay\"><\/div>\n\t\t\t\t\t\t\t\t\t\t\t\t\t\t\t<div class=\"elementor-gallery-item__content\">\n\t\t\t\t\t\t\t\t\t\t\t\t\t\t<div class=\"elementor-gallery-item__title\">\n\t\t\t\t\t\t\t\t\t\t\t\t\t\t\t\t\t\tAC14. Coraza de tipo l\u00f3rica musculata. Lat\u00f3n. Siglo IV a.C. It\u00e1lica.\t\t\t\t\t\t\t\t<\/div>\n\t\t\t\t\t\t\t\t\t\t\t\t<\/div>\n\t\t\t\t\t\t\t\t\t<\/a>\n\t\t\t\t\t\t\t<a class=\"e-gallery-item elementor-gallery-item elementor-animated-content\" href=\"https:\/\/www.ferrangarreta.com\/wp-content\/uploads\/2023\/04\/AC15.-Cuirassa-de-tipus-lorica-musculata.-Llauto-i-plata.-Segle-IV-a.C.-Italica.jpg\" data-elementor-open-lightbox=\"yes\" data-elementor-lightbox-slideshow=\"341bad0\" data-elementor-lightbox-title=\"AC15. Coraza de tipo l\u00f3rica musculata. Lat\u00f3n y plata. Siglo IV a.C. It\u00e1lica.\" data-e-action-hash=\"#elementor-action%3Aaction%3Dlightbox%26settings%3DeyJpZCI6MTE2NTMsInVybCI6Imh0dHBzOlwvXC93d3cuZmVycmFuZ2FycmV0YS5jb21cL3dwLWNvbnRlbnRcL3VwbG9hZHNcLzIwMjNcLzA0XC9BQzE1Li1DdWlyYXNzYS1kZS10aXB1cy1sb3JpY2EtbXVzY3VsYXRhLi1MbGF1dG8taS1wbGF0YS4tU2VnbGUtSVYtYS5DLi1JdGFsaWNhLmpwZyIsInNsaWRlc2hvdyI6IjM0MWJhZDAifQ%3D%3D\">\n\t\t\t\t\t<div class=\"e-gallery-image elementor-gallery-item__image\" data-thumbnail=\"https:\/\/www.ferrangarreta.com\/wp-content\/uploads\/2023\/04\/AC15.-Cuirassa-de-tipus-lorica-musculata.-Llauto-i-plata.-Segle-IV-a.C.-Italica.jpg\" data-width=\"320\" data-height=\"430\" aria-label=\"AC15. Coraza de tipo l\u00f3rica musculata. Lat\u00f3n y plata. Siglo IV a.C. It\u00e1lica.\" role=\"img\" ><\/div>\n\t\t\t\t\t\t\t\t\t\t\t<div class=\"elementor-gallery-item__overlay\"><\/div>\n\t\t\t\t\t\t\t\t\t\t\t\t\t\t\t<div class=\"elementor-gallery-item__content\">\n\t\t\t\t\t\t\t\t\t\t\t\t\t\t<div class=\"elementor-gallery-item__title\">\n\t\t\t\t\t\t\t\t\t\t\t\t\t\t\t\t\t\tAC15. Coraza de tipo l\u00f3rica musculata. Lat\u00f3n y plata. Siglo IV a.C. It\u00e1lica.\t\t\t\t\t\t\t\t<\/div>\n\t\t\t\t\t\t\t\t\t\t\t\t<\/div>\n\t\t\t\t\t\t\t\t\t<\/a>\n\t\t\t\t\t\t\t<a class=\"e-gallery-item elementor-gallery-item elementor-animated-content\" href=\"https:\/\/www.ferrangarreta.com\/wp-content\/uploads\/2023\/04\/AC16.-Cuirassa-romana-de-lepoca-de-vilanova.-Llauto.-Segle-VII-i-VI-a.C.jpg\" data-elementor-open-lightbox=\"yes\" data-elementor-lightbox-slideshow=\"341bad0\" data-elementor-lightbox-title=\"AC16. Coraza romana del per\u00edodo de villanova. Lat\u00f3n. Siglo VII y VI a.C.\" data-e-action-hash=\"#elementor-action%3Aaction%3Dlightbox%26settings%3DeyJpZCI6MTE2NTYsInVybCI6Imh0dHBzOlwvXC93d3cuZmVycmFuZ2FycmV0YS5jb21cL3dwLWNvbnRlbnRcL3VwbG9hZHNcLzIwMjNcLzA0XC9BQzE2Li1DdWlyYXNzYS1yb21hbmEtZGUtbGVwb2NhLWRlLXZpbGFub3ZhLi1MbGF1dG8uLVNlZ2xlLVZJSS1pLVZJLWEuQy5qcGciLCJzbGlkZXNob3ciOiIzNDFiYWQwIn0%3D\">\n\t\t\t\t\t<div class=\"e-gallery-image elementor-gallery-item__image\" data-thumbnail=\"https:\/\/www.ferrangarreta.com\/wp-content\/uploads\/2023\/04\/AC16.-Cuirassa-romana-de-lepoca-de-vilanova.-Llauto.-Segle-VII-i-VI-a.C.jpg\" data-width=\"413\" data-height=\"330\" aria-label=\"AC16. Coraza romana del per\u00edodo de villanova. Lat\u00f3n. Siglo VII y VI a.C.\" role=\"img\" ><\/div>\n\t\t\t\t\t\t\t\t\t\t\t<div class=\"elementor-gallery-item__overlay\"><\/div>\n\t\t\t\t\t\t\t\t\t\t\t\t\t\t\t<div class=\"elementor-gallery-item__content\">\n\t\t\t\t\t\t\t\t\t\t\t\t\t\t<div class=\"elementor-gallery-item__title\">\n\t\t\t\t\t\t\t\t\t\t\t\t\t\t\t\t\t\tAC16. Coraza romana del per\u00edodo de villanova. Lat\u00f3n. Siglo VII y VI a.C.\t\t\t\t\t\t\t\t<\/div>\n\t\t\t\t\t\t\t\t\t\t\t\t<\/div>\n\t\t\t\t\t\t\t\t\t<\/a>\n\t\t\t\t\t\t\t<a class=\"e-gallery-item elementor-gallery-item elementor-animated-content\" href=\"https:\/\/www.ferrangarreta.com\/wp-content\/uploads\/2023\/04\/AC17.-Cuirassa-romana-de-tipus-cardiophilax.-Llauto.-Segle-IV-III-a.C.jpg\" data-elementor-open-lightbox=\"yes\" data-elementor-lightbox-slideshow=\"341bad0\" data-elementor-lightbox-title=\"AC17. Coraza romana de tipo cardiophilax. Lat\u00f3n. Siglo IV - III a.C.\" data-e-action-hash=\"#elementor-action%3Aaction%3Dlightbox%26settings%3DeyJpZCI6MTE2NTksInVybCI6Imh0dHBzOlwvXC93d3cuZmVycmFuZ2FycmV0YS5jb21cL3dwLWNvbnRlbnRcL3VwbG9hZHNcLzIwMjNcLzA0XC9BQzE3Li1DdWlyYXNzYS1yb21hbmEtZGUtdGlwdXMtY2FyZGlvcGhpbGF4Li1MbGF1dG8uLVNlZ2xlLUlWLUlJSS1hLkMuanBnIiwic2xpZGVzaG93IjoiMzQxYmFkMCJ9\">\n\t\t\t\t\t<div class=\"e-gallery-image elementor-gallery-item__image\" data-thumbnail=\"https:\/\/www.ferrangarreta.com\/wp-content\/uploads\/2023\/04\/AC17.-Cuirassa-romana-de-tipus-cardiophilax.-Llauto.-Segle-IV-III-a.C.jpg\" data-width=\"330\" data-height=\"440\" aria-label=\"AC17. Coraza romana de tipo cardiophilax. Lat\u00f3n. Siglo IV - III a.C.\" role=\"img\" ><\/div>\n\t\t\t\t\t\t\t\t\t\t\t<div class=\"elementor-gallery-item__overlay\"><\/div>\n\t\t\t\t\t\t\t\t\t\t\t\t\t\t\t<div class=\"elementor-gallery-item__content\">\n\t\t\t\t\t\t\t\t\t\t\t\t\t\t<div class=\"elementor-gallery-item__title\">\n\t\t\t\t\t\t\t\t\t\t\t\t\t\t\t\t\t\tAC17. Coraza romana de tipo cardiophilax. Lat\u00f3n. Siglo IV - III a.C.\t\t\t\t\t\t\t\t<\/div>\n\t\t\t\t\t\t\t\t\t\t\t\t<\/div>\n\t\t\t\t\t\t\t\t\t<\/a>\n\t\t\t\t\t\t\t<a class=\"e-gallery-item elementor-gallery-item elementor-animated-content\" href=\"https:\/\/www.ferrangarreta.com\/wp-content\/uploads\/2023\/04\/AC18.-Cuirassa-romana-de-tipus-lorica-musculata.-Llauto.-Segle-I-a.C.-al-III-d.C.jpg\" data-elementor-open-lightbox=\"yes\" data-elementor-lightbox-slideshow=\"341bad0\" data-elementor-lightbox-title=\"AC18. Coraza romana de tipo l\u00f3rica musculata. Lat\u00f3n. Siglo I a.C. al III d.C.\" data-e-action-hash=\"#elementor-action%3Aaction%3Dlightbox%26settings%3DeyJpZCI6MTE2NjIsInVybCI6Imh0dHBzOlwvXC93d3cuZmVycmFuZ2FycmV0YS5jb21cL3dwLWNvbnRlbnRcL3VwbG9hZHNcLzIwMjNcLzA0XC9BQzE4Li1DdWlyYXNzYS1yb21hbmEtZGUtdGlwdXMtbG9yaWNhLW11c2N1bGF0YS4tTGxhdXRvLi1TZWdsZS1JLWEuQy4tYWwtSUlJLWQuQy5qcGciLCJzbGlkZXNob3ciOiIzNDFiYWQwIn0%3D\">\n\t\t\t\t\t<div class=\"e-gallery-image elementor-gallery-item__image\" data-thumbnail=\"https:\/\/www.ferrangarreta.com\/wp-content\/uploads\/2023\/04\/AC18.-Cuirassa-romana-de-tipus-lorica-musculata.-Llauto.-Segle-I-a.C.-al-III-d.C.jpg\" data-width=\"320\" data-height=\"450\" aria-label=\"AC18. Coraza romana de tipo l\u00f3rica musculata. Lat\u00f3n. Siglo I a.C. al III d.C.\" role=\"img\" ><\/div>\n\t\t\t\t\t\t\t\t\t\t\t<div class=\"elementor-gallery-item__overlay\"><\/div>\n\t\t\t\t\t\t\t\t\t\t\t\t\t\t\t<div class=\"elementor-gallery-item__content\">\n\t\t\t\t\t\t\t\t\t\t\t\t\t\t<div class=\"elementor-gallery-item__title\">\n\t\t\t\t\t\t\t\t\t\t\t\t\t\t\t\t\t\tAC18. Coraza romana de tipo l\u00f3rica musculata. Lat\u00f3n. Siglo I a.C. al III d.C.\t\t\t\t\t\t\t\t<\/div>\n\t\t\t\t\t\t\t\t\t\t\t\t<\/div>\n\t\t\t\t\t\t\t\t\t<\/a>\n\t\t\t\t\t\t\t<a class=\"e-gallery-item elementor-gallery-item elementor-animated-content\" href=\"https:\/\/www.ferrangarreta.com\/wp-content\/uploads\/2023\/04\/AC19.1.-Cuirassa-romana-de-Cesar-August.-Llauto-i-llauto-cromat.-Segle-I-a.C.-al-I-d.C.jpg\" data-elementor-open-lightbox=\"yes\" data-elementor-lightbox-slideshow=\"341bad0\" data-elementor-lightbox-title=\"AC19.1. Coraza romana de C\u00e9sar Augusto. Lat\u00f3n y lat\u00f3n niquelado. Siglo I a.C. al I d.C.\" data-e-action-hash=\"#elementor-action%3Aaction%3Dlightbox%26settings%3DeyJpZCI6MTE2NjUsInVybCI6Imh0dHBzOlwvXC93d3cuZmVycmFuZ2FycmV0YS5jb21cL3dwLWNvbnRlbnRcL3VwbG9hZHNcLzIwMjNcLzA0XC9BQzE5LjEuLUN1aXJhc3NhLXJvbWFuYS1kZS1DZXNhci1BdWd1c3QuLUxsYXV0by1pLWxsYXV0by1jcm9tYXQuLVNlZ2xlLUktYS5DLi1hbC1JLWQuQy5qcGciLCJzbGlkZXNob3ciOiIzNDFiYWQwIn0%3D\">\n\t\t\t\t\t<div class=\"e-gallery-image elementor-gallery-item__image\" data-thumbnail=\"https:\/\/www.ferrangarreta.com\/wp-content\/uploads\/2023\/04\/AC19.1.-Cuirassa-romana-de-Cesar-August.-Llauto-i-llauto-cromat.-Segle-I-a.C.-al-I-d.C.jpg\" data-width=\"300\" data-height=\"400\" aria-label=\"AC19.1. Coraza romana de C\u00e9sar Augusto. Lat\u00f3n y lat\u00f3n niquelado. Siglo I a.C. al I d.C.\" role=\"img\" ><\/div>\n\t\t\t\t\t\t\t\t\t\t\t<div class=\"elementor-gallery-item__overlay\"><\/div>\n\t\t\t\t\t\t\t\t\t\t\t\t\t\t\t<div class=\"elementor-gallery-item__content\">\n\t\t\t\t\t\t\t\t\t\t\t\t\t\t<div class=\"elementor-gallery-item__title\">\n\t\t\t\t\t\t\t\t\t\t\t\t\t\t\t\t\t\tAC19.1. Coraza romana de C\u00e9sar Augusto. Lat\u00f3n y lat\u00f3n niquelado. Siglo I a.C. al I d.C.\t\t\t\t\t\t\t\t<\/div>\n\t\t\t\t\t\t\t\t\t\t\t\t<\/div>\n\t\t\t\t\t\t\t\t\t<\/a>\n\t\t\t\t\t\t\t<a class=\"e-gallery-item elementor-gallery-item elementor-animated-content\" href=\"https:\/\/www.ferrangarreta.com\/wp-content\/uploads\/2023\/04\/AC19.2.-Cuirassa-romana-de-Cesar-August.-Llauto-i-llauto-cromat.-Segle-I-a.C.-al-I-d.C.jpg\" data-elementor-open-lightbox=\"yes\" data-elementor-lightbox-slideshow=\"341bad0\" data-elementor-lightbox-title=\"AC19.2. Coraza romana de C\u00e9sar Augusto. Lat\u00f3n y lat\u00f3n niquelado. Siglo I a.C. al I d.C.\" data-e-action-hash=\"#elementor-action%3Aaction%3Dlightbox%26settings%3DeyJpZCI6MTE2NjgsInVybCI6Imh0dHBzOlwvXC93d3cuZmVycmFuZ2FycmV0YS5jb21cL3dwLWNvbnRlbnRcL3VwbG9hZHNcLzIwMjNcLzA0XC9BQzE5LjIuLUN1aXJhc3NhLXJvbWFuYS1kZS1DZXNhci1BdWd1c3QuLUxsYXV0by1pLWxsYXV0by1jcm9tYXQuLVNlZ2xlLUktYS5DLi1hbC1JLWQuQy5qcGciLCJzbGlkZXNob3ciOiIzNDFiYWQwIn0%3D\">\n\t\t\t\t\t<div class=\"e-gallery-image elementor-gallery-item__image\" data-thumbnail=\"https:\/\/www.ferrangarreta.com\/wp-content\/uploads\/2023\/04\/AC19.2.-Cuirassa-romana-de-Cesar-August.-Llauto-i-llauto-cromat.-Segle-I-a.C.-al-I-d.C.jpg\" data-width=\"300\" data-height=\"400\" aria-label=\"AC19.2. Coraza romana de C\u00e9sar Augusto. Lat\u00f3n y lat\u00f3n niquelado. Siglo I a.C. al I d.C.\" role=\"img\" ><\/div>\n\t\t\t\t\t\t\t\t\t\t\t<div class=\"elementor-gallery-item__overlay\"><\/div>\n\t\t\t\t\t\t\t\t\t\t\t\t\t\t\t<div class=\"elementor-gallery-item__content\">\n\t\t\t\t\t\t\t\t\t\t\t\t\t\t<div class=\"elementor-gallery-item__title\">\n\t\t\t\t\t\t\t\t\t\t\t\t\t\t\t\t\t\tAC19.2. Coraza romana de C\u00e9sar Augusto. Lat\u00f3n y lat\u00f3n niquelado. Siglo I a.C. al I d.C.\t\t\t\t\t\t\t\t<\/div>\n\t\t\t\t\t\t\t\t\t\t\t\t<\/div>\n\t\t\t\t\t\t\t\t\t<\/a>\n\t\t\t\t\t\t\t<a class=\"e-gallery-item elementor-gallery-item elementor-animated-content\" href=\"https:\/\/www.ferrangarreta.com\/wp-content\/uploads\/2023\/04\/AC19.3.-Cuirassa-romana-de-Cesar-August.-Llauto-i-llauto-cromat.-Segle-I-a.C.-al-I-d.C.jpg\" data-elementor-open-lightbox=\"yes\" data-elementor-lightbox-slideshow=\"341bad0\" data-elementor-lightbox-title=\"AC19.3. Coraza romana de C\u00e9sar Augusto. Lat\u00f3n y lat\u00f3n niquelado. Siglo I a.C. al I d.C.\" data-e-action-hash=\"#elementor-action%3Aaction%3Dlightbox%26settings%3DeyJpZCI6MTE2NzEsInVybCI6Imh0dHBzOlwvXC93d3cuZmVycmFuZ2FycmV0YS5jb21cL3dwLWNvbnRlbnRcL3VwbG9hZHNcLzIwMjNcLzA0XC9BQzE5LjMuLUN1aXJhc3NhLXJvbWFuYS1kZS1DZXNhci1BdWd1c3QuLUxsYXV0by1pLWxsYXV0by1jcm9tYXQuLVNlZ2xlLUktYS5DLi1hbC1JLWQuQy5qcGciLCJzbGlkZXNob3ciOiIzNDFiYWQwIn0%3D\">\n\t\t\t\t\t<div class=\"e-gallery-image elementor-gallery-item__image\" data-thumbnail=\"https:\/\/www.ferrangarreta.com\/wp-content\/uploads\/2023\/04\/AC19.3.-Cuirassa-romana-de-Cesar-August.-Llauto-i-llauto-cromat.-Segle-I-a.C.-al-I-d.C.jpg\" data-width=\"300\" data-height=\"400\" aria-label=\"AC19.3. Coraza romana de C\u00e9sar Augusto. Lat\u00f3n y lat\u00f3n niquelado. Siglo I a.C. al I d.C.\" role=\"img\" ><\/div>\n\t\t\t\t\t\t\t\t\t\t\t<div class=\"elementor-gallery-item__overlay\"><\/div>\n\t\t\t\t\t\t\t\t\t\t\t\t\t\t\t<div class=\"elementor-gallery-item__content\">\n\t\t\t\t\t\t\t\t\t\t\t\t\t\t<div class=\"elementor-gallery-item__title\">\n\t\t\t\t\t\t\t\t\t\t\t\t\t\t\t\t\t\tAC19.3. Coraza romana de C\u00e9sar Augusto. Lat\u00f3n y lat\u00f3n niquelado. Siglo I a.C. al I d.C.\t\t\t\t\t\t\t\t<\/div>\n\t\t\t\t\t\t\t\t\t\t\t\t<\/div>\n\t\t\t\t\t\t\t\t\t<\/a>\n\t\t\t\t\t\t\t<a class=\"e-gallery-item elementor-gallery-item elementor-animated-content\" href=\"https:\/\/www.ferrangarreta.com\/wp-content\/uploads\/2023\/04\/AC20.-Cuirassa-romana-de-tipus-lorica-musculata.-Llauto-estanyat.-Segle-I-a.C.-al-III-d.C.jpg\" data-elementor-open-lightbox=\"yes\" data-elementor-lightbox-slideshow=\"341bad0\" data-elementor-lightbox-title=\"AC20. Coraza romana de tipo l\u00f3rica musculata. Lat\u00f3n esta\u00f1ado. Siglo I a.C. al III d.C.\" data-e-action-hash=\"#elementor-action%3Aaction%3Dlightbox%26settings%3DeyJpZCI6MTE2NzQsInVybCI6Imh0dHBzOlwvXC93d3cuZmVycmFuZ2FycmV0YS5jb21cL3dwLWNvbnRlbnRcL3VwbG9hZHNcLzIwMjNcLzA0XC9BQzIwLi1DdWlyYXNzYS1yb21hbmEtZGUtdGlwdXMtbG9yaWNhLW11c2N1bGF0YS4tTGxhdXRvLWVzdGFueWF0Li1TZWdsZS1JLWEuQy4tYWwtSUlJLWQuQy5qcGciLCJzbGlkZXNob3ciOiIzNDFiYWQwIn0%3D\">\n\t\t\t\t\t<div class=\"e-gallery-image elementor-gallery-item__image\" data-thumbnail=\"https:\/\/www.ferrangarreta.com\/wp-content\/uploads\/2023\/04\/AC20.-Cuirassa-romana-de-tipus-lorica-musculata.-Llauto-estanyat.-Segle-I-a.C.-al-III-d.C.jpg\" data-width=\"300\" data-height=\"400\" aria-label=\"AC20. Coraza romana de tipo l\u00f3rica musculata. Lat\u00f3n esta\u00f1ado. Siglo I a.C. al III d.C.\" role=\"img\" ><\/div>\n\t\t\t\t\t\t\t\t\t\t\t<div class=\"elementor-gallery-item__overlay\"><\/div>\n\t\t\t\t\t\t\t\t\t\t\t\t\t\t\t<div class=\"elementor-gallery-item__content\">\n\t\t\t\t\t\t\t\t\t\t\t\t\t\t<div class=\"elementor-gallery-item__title\">\n\t\t\t\t\t\t\t\t\t\t\t\t\t\t\t\t\t\tAC20. Coraza romana de tipo l\u00f3rica musculata. Lat\u00f3n esta\u00f1ado. Siglo I a.C. al III d.C.\t\t\t\t\t\t\t\t<\/div>\n\t\t\t\t\t\t\t\t\t\t\t\t<\/div>\n\t\t\t\t\t\t\t\t\t<\/a>\n\t\t\t\t\t\t\t<a class=\"e-gallery-item elementor-gallery-item elementor-animated-content\" href=\"https:\/\/www.ferrangarreta.com\/wp-content\/uploads\/2023\/04\/AC21.-Cuirassa-romana-escatada.-Llauto.-Segle-IV-d.C.jpg\" data-elementor-open-lightbox=\"yes\" data-elementor-lightbox-slideshow=\"341bad0\" data-elementor-lightbox-title=\"AC21. Coraza romana de lamas. Lat\u00f3n. Siglo IV d.C.\" data-e-action-hash=\"#elementor-action%3Aaction%3Dlightbox%26settings%3DeyJpZCI6MTE2NzcsInVybCI6Imh0dHBzOlwvXC93d3cuZmVycmFuZ2FycmV0YS5jb21cL3dwLWNvbnRlbnRcL3VwbG9hZHNcLzIwMjNcLzA0XC9BQzIxLi1DdWlyYXNzYS1yb21hbmEtZXNjYXRhZGEuLUxsYXV0by4tU2VnbGUtSVYtZC5DLmpwZyIsInNsaWRlc2hvdyI6IjM0MWJhZDAifQ%3D%3D\">\n\t\t\t\t\t<div class=\"e-gallery-image elementor-gallery-item__image\" data-thumbnail=\"https:\/\/www.ferrangarreta.com\/wp-content\/uploads\/2023\/04\/AC21.-Cuirassa-romana-escatada.-Llauto.-Segle-IV-d.C.jpg\" data-width=\"1285\" data-height=\"1606\" aria-label=\"AC21. Coraza romana de lamas. Lat\u00f3n. Siglo IV d.C.\" role=\"img\" ><\/div>\n\t\t\t\t\t\t\t\t\t\t\t<div class=\"elementor-gallery-item__overlay\"><\/div>\n\t\t\t\t\t\t\t\t\t\t\t\t\t\t\t<div class=\"elementor-gallery-item__content\">\n\t\t\t\t\t\t\t\t\t\t\t\t\t\t<div class=\"elementor-gallery-item__title\">\n\t\t\t\t\t\t\t\t\t\t\t\t\t\t\t\t\t\tAC21. Coraza romana de lamas. Lat\u00f3n. Siglo IV d.C.\t\t\t\t\t\t\t\t<\/div>\n\t\t\t\t\t\t\t\t\t\t\t\t<\/div>\n\t\t\t\t\t\t\t\t\t<\/a>\n\t\t\t\t\t\t\t<a class=\"e-gallery-item elementor-gallery-item elementor-animated-content\" href=\"https:\/\/www.ferrangarreta.com\/wp-content\/uploads\/2023\/04\/AC22.-Cuirassa-romana.-Llauto.-Segle-I-a.C.-al-III-d.C.jpg\" data-elementor-open-lightbox=\"yes\" data-elementor-lightbox-slideshow=\"341bad0\" data-elementor-lightbox-title=\"AC22. Coraza romana. Lat\u00f3n. Siglo I a.C. al III d.C.\" data-e-action-hash=\"#elementor-action%3Aaction%3Dlightbox%26settings%3DeyJpZCI6MTE2ODAsInVybCI6Imh0dHBzOlwvXC93d3cuZmVycmFuZ2FycmV0YS5jb21cL3dwLWNvbnRlbnRcL3VwbG9hZHNcLzIwMjNcLzA0XC9BQzIyLi1DdWlyYXNzYS1yb21hbmEuLUxsYXV0by4tU2VnbGUtSS1hLkMuLWFsLUlJSS1kLkMuanBnIiwic2xpZGVzaG93IjoiMzQxYmFkMCJ9\">\n\t\t\t\t\t<div class=\"e-gallery-image elementor-gallery-item__image\" data-thumbnail=\"https:\/\/www.ferrangarreta.com\/wp-content\/uploads\/2023\/04\/AC22.-Cuirassa-romana.-Llauto.-Segle-I-a.C.-al-III-d.C.jpg\" data-width=\"330\" data-height=\"420\" aria-label=\"AC22. Coraza romana. Lat\u00f3n. Siglo I a.C. al III d.C.\" role=\"img\" ><\/div>\n\t\t\t\t\t\t\t\t\t\t\t<div class=\"elementor-gallery-item__overlay\"><\/div>\n\t\t\t\t\t\t\t\t\t\t\t\t\t\t\t<div class=\"elementor-gallery-item__content\">\n\t\t\t\t\t\t\t\t\t\t\t\t\t\t<div class=\"elementor-gallery-item__title\">\n\t\t\t\t\t\t\t\t\t\t\t\t\t\t\t\t\t\tAC22. Coraza romana. Lat\u00f3n. Siglo I a.C. al III d.C.\t\t\t\t\t\t\t\t<\/div>\n\t\t\t\t\t\t\t\t\t\t\t\t<\/div>\n\t\t\t\t\t\t\t\t\t<\/a>\n\t\t\t\t\t\t\t<a class=\"e-gallery-item elementor-gallery-item elementor-animated-content\" href=\"https:\/\/www.ferrangarreta.com\/wp-content\/uploads\/2023\/04\/AC23.1.-Cuirassa-de-tipus-lorica-musculata.-Bronze.-Segle-V-a.C.-Italica.jpg\" data-elementor-open-lightbox=\"yes\" data-elementor-lightbox-slideshow=\"341bad0\" data-elementor-lightbox-title=\"AC23.1. Coraza de tipo l\u00f3rica musculata. Bronce. Siglo V a.C. It\u00e1lica.\" data-e-action-hash=\"#elementor-action%3Aaction%3Dlightbox%26settings%3DeyJpZCI6MTE2ODMsInVybCI6Imh0dHBzOlwvXC93d3cuZmVycmFuZ2FycmV0YS5jb21cL3dwLWNvbnRlbnRcL3VwbG9hZHNcLzIwMjNcLzA0XC9BQzIzLjEuLUN1aXJhc3NhLWRlLXRpcHVzLWxvcmljYS1tdXNjdWxhdGEuLUJyb256ZS4tU2VnbGUtVi1hLkMuLUl0YWxpY2EuanBnIiwic2xpZGVzaG93IjoiMzQxYmFkMCJ9\">\n\t\t\t\t\t<div class=\"e-gallery-image elementor-gallery-item__image\" data-thumbnail=\"https:\/\/www.ferrangarreta.com\/wp-content\/uploads\/2023\/04\/AC23.1.-Cuirassa-de-tipus-lorica-musculata.-Bronze.-Segle-V-a.C.-Italica.jpg\" data-width=\"300\" data-height=\"400\" aria-label=\"AC23.1. Coraza de tipo l\u00f3rica musculata. Bronce. Siglo V a.C. It\u00e1lica.\" role=\"img\" ><\/div>\n\t\t\t\t\t\t\t\t\t\t\t<div class=\"elementor-gallery-item__overlay\"><\/div>\n\t\t\t\t\t\t\t\t\t\t\t\t\t\t\t<div class=\"elementor-gallery-item__content\">\n\t\t\t\t\t\t\t\t\t\t\t\t\t\t<div class=\"elementor-gallery-item__title\">\n\t\t\t\t\t\t\t\t\t\t\t\t\t\t\t\t\t\tAC23.1. Coraza de tipo l\u00f3rica musculata. Bronce. Siglo V a.C. It\u00e1lica.\t\t\t\t\t\t\t\t<\/div>\n\t\t\t\t\t\t\t\t\t\t\t\t<\/div>\n\t\t\t\t\t\t\t\t\t<\/a>\n\t\t\t\t\t\t\t<a class=\"e-gallery-item elementor-gallery-item elementor-animated-content\" href=\"https:\/\/www.ferrangarreta.com\/wp-content\/uploads\/2023\/04\/AC23.2.-Cuirassa-de-tipus-lorica-musculata.-Bronze.-Segle-V-a.C.-Italica.jpg\" data-elementor-open-lightbox=\"yes\" data-elementor-lightbox-slideshow=\"341bad0\" data-elementor-lightbox-title=\"AC23.2. Coraza de tipo l\u00f3rica musculata. Bronce. Siglo V a.C. It\u00e1lica.\" data-e-action-hash=\"#elementor-action%3Aaction%3Dlightbox%26settings%3DeyJpZCI6MTE2ODYsInVybCI6Imh0dHBzOlwvXC93d3cuZmVycmFuZ2FycmV0YS5jb21cL3dwLWNvbnRlbnRcL3VwbG9hZHNcLzIwMjNcLzA0XC9BQzIzLjIuLUN1aXJhc3NhLWRlLXRpcHVzLWxvcmljYS1tdXNjdWxhdGEuLUJyb256ZS4tU2VnbGUtVi1hLkMuLUl0YWxpY2EuanBnIiwic2xpZGVzaG93IjoiMzQxYmFkMCJ9\">\n\t\t\t\t\t<div class=\"e-gallery-image elementor-gallery-item__image\" data-thumbnail=\"https:\/\/www.ferrangarreta.com\/wp-content\/uploads\/2023\/04\/AC23.2.-Cuirassa-de-tipus-lorica-musculata.-Bronze.-Segle-V-a.C.-Italica.jpg\" data-width=\"300\" data-height=\"400\" aria-label=\"AC23.2. Coraza de tipo l\u00f3rica musculata. Bronce. Siglo V a.C. It\u00e1lica.\" role=\"img\" ><\/div>\n\t\t\t\t\t\t\t\t\t\t\t<div class=\"elementor-gallery-item__overlay\"><\/div>\n\t\t\t\t\t\t\t\t\t\t\t\t\t\t\t<div class=\"elementor-gallery-item__content\">\n\t\t\t\t\t\t\t\t\t\t\t\t\t\t<div class=\"elementor-gallery-item__title\">\n\t\t\t\t\t\t\t\t\t\t\t\t\t\t\t\t\t\tAC23.2. Coraza de tipo l\u00f3rica musculata. Bronce. Siglo V a.C. It\u00e1lica.\t\t\t\t\t\t\t\t<\/div>\n\t\t\t\t\t\t\t\t\t\t\t\t<\/div>\n\t\t\t\t\t\t\t\t\t<\/a>\n\t\t\t\t\t\t\t<a class=\"e-gallery-item elementor-gallery-item elementor-animated-content\" href=\"https:\/\/www.ferrangarreta.com\/wp-content\/uploads\/2023\/04\/AC23.3.-Cuirassa-de-tipus-lorica-musculata.-Bronze.-Segle-V-a.C.-Italica.jpg\" data-elementor-open-lightbox=\"yes\" data-elementor-lightbox-slideshow=\"341bad0\" data-elementor-lightbox-title=\"AC23.3. Coraza de tipo l\u00f3rica musculata. Bronce. Siglo V a.C. It\u00e1lica.\" data-e-action-hash=\"#elementor-action%3Aaction%3Dlightbox%26settings%3DeyJpZCI6MTE2ODksInVybCI6Imh0dHBzOlwvXC93d3cuZmVycmFuZ2FycmV0YS5jb21cL3dwLWNvbnRlbnRcL3VwbG9hZHNcLzIwMjNcLzA0XC9BQzIzLjMuLUN1aXJhc3NhLWRlLXRpcHVzLWxvcmljYS1tdXNjdWxhdGEuLUJyb256ZS4tU2VnbGUtVi1hLkMuLUl0YWxpY2EuanBnIiwic2xpZGVzaG93IjoiMzQxYmFkMCJ9\">\n\t\t\t\t\t<div class=\"e-gallery-image elementor-gallery-item__image\" data-thumbnail=\"https:\/\/www.ferrangarreta.com\/wp-content\/uploads\/2023\/04\/AC23.3.-Cuirassa-de-tipus-lorica-musculata.-Bronze.-Segle-V-a.C.-Italica.jpg\" data-width=\"300\" data-height=\"400\" aria-label=\"AC23.3. Coraza de tipo l\u00f3rica musculata. Bronce. Siglo V a.C. It\u00e1lica.\" role=\"img\" ><\/div>\n\t\t\t\t\t\t\t\t\t\t\t<div class=\"elementor-gallery-item__overlay\"><\/div>\n\t\t\t\t\t\t\t\t\t\t\t\t\t\t\t<div class=\"elementor-gallery-item__content\">\n\t\t\t\t\t\t\t\t\t\t\t\t\t\t<div class=\"elementor-gallery-item__title\">\n\t\t\t\t\t\t\t\t\t\t\t\t\t\t\t\t\t\tAC23.3. Coraza de tipo l\u00f3rica musculata. Bronce. Siglo V a.C. It\u00e1lica.\t\t\t\t\t\t\t\t<\/div>\n\t\t\t\t\t\t\t\t\t\t\t\t<\/div>\n\t\t\t\t\t\t\t\t\t<\/a>\n\t\t\t\t\t\t\t<a class=\"e-gallery-item elementor-gallery-item elementor-animated-content\" href=\"https:\/\/www.ferrangarreta.com\/wp-content\/uploads\/2023\/04\/AC24.1.-Cuirassa-de-tipus-lorica-musculata.-Bronze-i-plata.-Segle-V-a.C.-Italica.jpg\" data-elementor-open-lightbox=\"yes\" data-elementor-lightbox-slideshow=\"341bad0\" data-elementor-lightbox-title=\"AC24.1. Coraza de tipo l\u00f3rica musculata. Bronce y plata. Siglo V a.C. It\u00e1lica.\" data-e-action-hash=\"#elementor-action%3Aaction%3Dlightbox%26settings%3DeyJpZCI6MTE2OTIsInVybCI6Imh0dHBzOlwvXC93d3cuZmVycmFuZ2FycmV0YS5jb21cL3dwLWNvbnRlbnRcL3VwbG9hZHNcLzIwMjNcLzA0XC9BQzI0LjEuLUN1aXJhc3NhLWRlLXRpcHVzLWxvcmljYS1tdXNjdWxhdGEuLUJyb256ZS1pLXBsYXRhLi1TZWdsZS1WLWEuQy4tSXRhbGljYS5qcGciLCJzbGlkZXNob3ciOiIzNDFiYWQwIn0%3D\">\n\t\t\t\t\t<div class=\"e-gallery-image elementor-gallery-item__image\" data-thumbnail=\"https:\/\/www.ferrangarreta.com\/wp-content\/uploads\/2023\/04\/AC24.1.-Cuirassa-de-tipus-lorica-musculata.-Bronze-i-plata.-Segle-V-a.C.-Italica.jpg\" data-width=\"300\" data-height=\"400\" aria-label=\"AC24.1. Coraza de tipo l\u00f3rica musculata. Bronce y plata. Siglo V a.C. It\u00e1lica.\" role=\"img\" ><\/div>\n\t\t\t\t\t\t\t\t\t\t\t<div class=\"elementor-gallery-item__overlay\"><\/div>\n\t\t\t\t\t\t\t\t\t\t\t\t\t\t\t<div class=\"elementor-gallery-item__content\">\n\t\t\t\t\t\t\t\t\t\t\t\t\t\t<div class=\"elementor-gallery-item__title\">\n\t\t\t\t\t\t\t\t\t\t\t\t\t\t\t\t\t\tAC24.1. Coraza de tipo l\u00f3rica musculata. Bronce y plata. Siglo V a.C. It\u00e1lica.\t\t\t\t\t\t\t\t<\/div>\n\t\t\t\t\t\t\t\t\t\t\t\t<\/div>\n\t\t\t\t\t\t\t\t\t<\/a>\n\t\t\t\t\t\t\t<a class=\"e-gallery-item elementor-gallery-item elementor-animated-content\" href=\"https:\/\/www.ferrangarreta.com\/wp-content\/uploads\/2023\/04\/AC24.2.-Cuirassa-de-tipus-lorica-musculata.-Bronze-i-plata.-Segle-V-a.C.-Italica.jpg\" data-elementor-open-lightbox=\"yes\" data-elementor-lightbox-slideshow=\"341bad0\" data-elementor-lightbox-title=\"AC24.2. Coraza de tipo l\u00f3rica musculata. Bronce y plata. Siglo V a.C. It\u00e1lica.\" data-e-action-hash=\"#elementor-action%3Aaction%3Dlightbox%26settings%3DeyJpZCI6MTE2OTUsInVybCI6Imh0dHBzOlwvXC93d3cuZmVycmFuZ2FycmV0YS5jb21cL3dwLWNvbnRlbnRcL3VwbG9hZHNcLzIwMjNcLzA0XC9BQzI0LjIuLUN1aXJhc3NhLWRlLXRpcHVzLWxvcmljYS1tdXNjdWxhdGEuLUJyb256ZS1pLXBsYXRhLi1TZWdsZS1WLWEuQy4tSXRhbGljYS5qcGciLCJzbGlkZXNob3ciOiIzNDFiYWQwIn0%3D\">\n\t\t\t\t\t<div class=\"e-gallery-image elementor-gallery-item__image\" data-thumbnail=\"https:\/\/www.ferrangarreta.com\/wp-content\/uploads\/2023\/04\/AC24.2.-Cuirassa-de-tipus-lorica-musculata.-Bronze-i-plata.-Segle-V-a.C.-Italica.jpg\" data-width=\"300\" data-height=\"400\" aria-label=\"AC24.2. Coraza de tipo l\u00f3rica musculata. Bronce y plata. Siglo V a.C. It\u00e1lica.\" role=\"img\" ><\/div>\n\t\t\t\t\t\t\t\t\t\t\t<div class=\"elementor-gallery-item__overlay\"><\/div>\n\t\t\t\t\t\t\t\t\t\t\t\t\t\t\t<div class=\"elementor-gallery-item__content\">\n\t\t\t\t\t\t\t\t\t\t\t\t\t\t<div class=\"elementor-gallery-item__title\">\n\t\t\t\t\t\t\t\t\t\t\t\t\t\t\t\t\t\tAC24.2. Coraza de tipo l\u00f3rica musculata. Bronce y plata. Siglo V a.C. It\u00e1lica.\t\t\t\t\t\t\t\t<\/div>\n\t\t\t\t\t\t\t\t\t\t\t\t<\/div>\n\t\t\t\t\t\t\t\t\t<\/a>\n\t\t\t\t\t\t\t<a class=\"e-gallery-item elementor-gallery-item elementor-animated-content\" href=\"https:\/\/www.ferrangarreta.com\/wp-content\/uploads\/2023\/04\/AC25.-Cuirassa-Lluis-XIV.-Llauto-i-llauto-cromat.-Segle-XVII-XVIII.-Franca-scaled.jpg\" data-elementor-open-lightbox=\"yes\" data-elementor-lightbox-slideshow=\"341bad0\" data-elementor-lightbox-title=\"AC25. Coraza Luis XIV. Lat\u00f3n y lat\u00f3n niquelado. Siglo XVII-XVIII. Francia.\" data-e-action-hash=\"#elementor-action%3Aaction%3Dlightbox%26settings%3DeyJpZCI6MTE2OTgsInVybCI6Imh0dHBzOlwvXC93d3cuZmVycmFuZ2FycmV0YS5jb21cL3dwLWNvbnRlbnRcL3VwbG9hZHNcLzIwMjNcLzA0XC9BQzI1Li1DdWlyYXNzYS1MbHVpcy1YSVYuLUxsYXV0by1pLWxsYXV0by1jcm9tYXQuLVNlZ2xlLVhWSUktWFZJSUkuLUZyYW5jYS1zY2FsZWQuanBnIiwic2xpZGVzaG93IjoiMzQxYmFkMCJ9\">\n\t\t\t\t\t<div class=\"e-gallery-image elementor-gallery-item__image\" data-thumbnail=\"https:\/\/www.ferrangarreta.com\/wp-content\/uploads\/2023\/04\/AC25.-Cuirassa-Lluis-XIV.-Llauto-i-llauto-cromat.-Segle-XVII-XVIII.-Franca-scaled.jpg\" data-width=\"1689\" data-height=\"2560\" aria-label=\"AC25. Coraza Luis XIV. Lat\u00f3n y lat\u00f3n niquelado. Siglo XVII-XVIII. Francia.\" role=\"img\" ><\/div>\n\t\t\t\t\t\t\t\t\t\t\t<div class=\"elementor-gallery-item__overlay\"><\/div>\n\t\t\t\t\t\t\t\t\t\t\t\t\t\t\t<div class=\"elementor-gallery-item__content\">\n\t\t\t\t\t\t\t\t\t\t\t\t\t\t<div class=\"elementor-gallery-item__title\">\n\t\t\t\t\t\t\t\t\t\t\t\t\t\t\t\t\t\tAC25. Coraza Luis XIV. Lat\u00f3n y lat\u00f3n niquelado. Siglo XVII-XVIII. Francia.\t\t\t\t\t\t\t\t<\/div>\n\t\t\t\t\t\t\t\t\t\t\t\t<\/div>\n\t\t\t\t\t\t\t\t\t<\/a>\n\t\t\t\t\t\t\t<a class=\"e-gallery-item elementor-gallery-item elementor-animated-content\" href=\"https:\/\/www.ferrangarreta.com\/wp-content\/uploads\/2023\/04\/AC26.1.-Cuirassa-de-tipus-lorica-musculata.-Llauto-i-plata.-Segle-V-a.C.-Italica-scaled.jpg\" data-elementor-open-lightbox=\"yes\" data-elementor-lightbox-slideshow=\"341bad0\" data-elementor-lightbox-title=\"AC26.1. Coraza de tipo l\u00f3rica musculata. Lat\u00f3n y plata. Siglo V a.C. It\u00e1lica.\" data-e-action-hash=\"#elementor-action%3Aaction%3Dlightbox%26settings%3DeyJpZCI6MTE3MDEsInVybCI6Imh0dHBzOlwvXC93d3cuZmVycmFuZ2FycmV0YS5jb21cL3dwLWNvbnRlbnRcL3VwbG9hZHNcLzIwMjNcLzA0XC9BQzI2LjEuLUN1aXJhc3NhLWRlLXRpcHVzLWxvcmljYS1tdXNjdWxhdGEuLUxsYXV0by1pLXBsYXRhLi1TZWdsZS1WLWEuQy4tSXRhbGljYS1zY2FsZWQuanBnIiwic2xpZGVzaG93IjoiMzQxYmFkMCJ9\">\n\t\t\t\t\t<div class=\"e-gallery-image elementor-gallery-item__image\" data-thumbnail=\"https:\/\/www.ferrangarreta.com\/wp-content\/uploads\/2023\/04\/AC26.1.-Cuirassa-de-tipus-lorica-musculata.-Llauto-i-plata.-Segle-V-a.C.-Italica-scaled.jpg\" data-width=\"1719\" data-height=\"2560\" aria-label=\"AC26.1. Coraza de tipo l\u00f3rica musculata. Lat\u00f3n y plata. Siglo V a.C. It\u00e1lica.\" role=\"img\" ><\/div>\n\t\t\t\t\t\t\t\t\t\t\t<div class=\"elementor-gallery-item__overlay\"><\/div>\n\t\t\t\t\t\t\t\t\t\t\t\t\t\t\t<div class=\"elementor-gallery-item__content\">\n\t\t\t\t\t\t\t\t\t\t\t\t\t\t<div class=\"elementor-gallery-item__title\">\n\t\t\t\t\t\t\t\t\t\t\t\t\t\t\t\t\t\tAC26.1. Coraza de tipo l\u00f3rica musculata. Lat\u00f3n y plata. Siglo V a.C. It\u00e1lica.\t\t\t\t\t\t\t\t<\/div>\n\t\t\t\t\t\t\t\t\t\t\t\t<\/div>\n\t\t\t\t\t\t\t\t\t<\/a>\n\t\t\t\t\t\t\t<a class=\"e-gallery-item elementor-gallery-item elementor-animated-content\" href=\"https:\/\/www.ferrangarreta.com\/wp-content\/uploads\/2023\/04\/AC26.2.-Cuirassa-de-tipus-lorica-musculata.-Llauto-i-plata.-Segle-V-a.C.-Italica-scaled.jpg\" data-elementor-open-lightbox=\"yes\" data-elementor-lightbox-slideshow=\"341bad0\" data-elementor-lightbox-title=\"AC26.2. Coraza de tipo l\u00f3rica musculata. Lat\u00f3n y plata. Siglo V a.C. It\u00e1lica.\" data-e-action-hash=\"#elementor-action%3Aaction%3Dlightbox%26settings%3DeyJpZCI6MTE3MDQsInVybCI6Imh0dHBzOlwvXC93d3cuZmVycmFuZ2FycmV0YS5jb21cL3dwLWNvbnRlbnRcL3VwbG9hZHNcLzIwMjNcLzA0XC9BQzI2LjIuLUN1aXJhc3NhLWRlLXRpcHVzLWxvcmljYS1tdXNjdWxhdGEuLUxsYXV0by1pLXBsYXRhLi1TZWdsZS1WLWEuQy4tSXRhbGljYS1zY2FsZWQuanBnIiwic2xpZGVzaG93IjoiMzQxYmFkMCJ9\">\n\t\t\t\t\t<div class=\"e-gallery-image elementor-gallery-item__image\" data-thumbnail=\"https:\/\/www.ferrangarreta.com\/wp-content\/uploads\/2023\/04\/AC26.2.-Cuirassa-de-tipus-lorica-musculata.-Llauto-i-plata.-Segle-V-a.C.-Italica-scaled.jpg\" data-width=\"1719\" data-height=\"2560\" aria-label=\"AC26.2. Coraza de tipo l\u00f3rica musculata. Lat\u00f3n y plata. Siglo V a.C. It\u00e1lica.\" role=\"img\" ><\/div>\n\t\t\t\t\t\t\t\t\t\t\t<div class=\"elementor-gallery-item__overlay\"><\/div>\n\t\t\t\t\t\t\t\t\t\t\t\t\t\t\t<div class=\"elementor-gallery-item__content\">\n\t\t\t\t\t\t\t\t\t\t\t\t\t\t<div class=\"elementor-gallery-item__title\">\n\t\t\t\t\t\t\t\t\t\t\t\t\t\t\t\t\t\tAC26.2. Coraza de tipo l\u00f3rica musculata. Lat\u00f3n y plata. Siglo V a.C. It\u00e1lica.\t\t\t\t\t\t\t\t<\/div>\n\t\t\t\t\t\t\t\t\t\t\t\t<\/div>\n\t\t\t\t\t\t\t\t\t<\/a>\n\t\t\t\t\t\t\t<a class=\"e-gallery-item elementor-gallery-item elementor-animated-content\" href=\"https:\/\/www.ferrangarreta.com\/wp-content\/uploads\/2023\/04\/AC26.3.-Cuirassa-de-tipus-lorica-musculata.-Llauto-i-plata.-Segle-V-a.C.-Italica-scaled.jpg\" data-elementor-open-lightbox=\"yes\" data-elementor-lightbox-slideshow=\"341bad0\" data-elementor-lightbox-title=\"AC26.3. Coraza de tipo l\u00f3rica musculata. Lat\u00f3n y plata. Siglo V a.C. It\u00e1lica.\" data-e-action-hash=\"#elementor-action%3Aaction%3Dlightbox%26settings%3DeyJpZCI6MTE3MDcsInVybCI6Imh0dHBzOlwvXC93d3cuZmVycmFuZ2FycmV0YS5jb21cL3dwLWNvbnRlbnRcL3VwbG9hZHNcLzIwMjNcLzA0XC9BQzI2LjMuLUN1aXJhc3NhLWRlLXRpcHVzLWxvcmljYS1tdXNjdWxhdGEuLUxsYXV0by1pLXBsYXRhLi1TZWdsZS1WLWEuQy4tSXRhbGljYS1zY2FsZWQuanBnIiwic2xpZGVzaG93IjoiMzQxYmFkMCJ9\">\n\t\t\t\t\t<div class=\"e-gallery-image elementor-gallery-item__image\" data-thumbnail=\"https:\/\/www.ferrangarreta.com\/wp-content\/uploads\/2023\/04\/AC26.3.-Cuirassa-de-tipus-lorica-musculata.-Llauto-i-plata.-Segle-V-a.C.-Italica-scaled.jpg\" data-width=\"1719\" data-height=\"2560\" aria-label=\"AC26.3. Coraza de tipo l\u00f3rica musculata. Lat\u00f3n y plata. Siglo V a.C. It\u00e1lica.\" role=\"img\" ><\/div>\n\t\t\t\t\t\t\t\t\t\t\t<div class=\"elementor-gallery-item__overlay\"><\/div>\n\t\t\t\t\t\t\t\t\t\t\t\t\t\t\t<div class=\"elementor-gallery-item__content\">\n\t\t\t\t\t\t\t\t\t\t\t\t\t\t<div class=\"elementor-gallery-item__title\">\n\t\t\t\t\t\t\t\t\t\t\t\t\t\t\t\t\t\tAC26.3. Coraza de tipo l\u00f3rica musculata. Lat\u00f3n y plata. Siglo V a.C. It\u00e1lica.\t\t\t\t\t\t\t\t<\/div>\n\t\t\t\t\t\t\t\t\t\t\t\t<\/div>\n\t\t\t\t\t\t\t\t\t<\/a>\n\t\t\t\t\t\t\t<a class=\"e-gallery-item elementor-gallery-item elementor-animated-content\" href=\"https:\/\/www.ferrangarreta.com\/wp-content\/uploads\/2023\/04\/AC27.-Cuirassa-de-tipus-lorica-musculata.-Llauto.-Segle-V-a.C.-Italica.jpg\" data-elementor-open-lightbox=\"yes\" data-elementor-lightbox-slideshow=\"341bad0\" data-elementor-lightbox-title=\"AC27. Coraza de tipo l\u00f3rica musculata. Lat\u00f3n. Siglo V a.C. It\u00e1lica.\" data-e-action-hash=\"#elementor-action%3Aaction%3Dlightbox%26settings%3DeyJpZCI6MTE1NzUsInVybCI6Imh0dHBzOlwvXC93d3cuZmVycmFuZ2FycmV0YS5jb21cL3dwLWNvbnRlbnRcL3VwbG9hZHNcLzIwMjNcLzA0XC9BQzI3Li1DdWlyYXNzYS1kZS10aXB1cy1sb3JpY2EtbXVzY3VsYXRhLi1MbGF1dG8uLVNlZ2xlLVYtYS5DLi1JdGFsaWNhLmpwZyIsInNsaWRlc2hvdyI6IjM0MWJhZDAifQ%3D%3D\">\n\t\t\t\t\t<div class=\"e-gallery-image elementor-gallery-item__image\" data-thumbnail=\"https:\/\/www.ferrangarreta.com\/wp-content\/uploads\/2023\/04\/AC27.-Cuirassa-de-tipus-lorica-musculata.-Llauto.-Segle-V-a.C.-Italica.jpg\" data-width=\"330\" data-height=\"420\" aria-label=\"AC27. Coraza de tipo l\u00f3rica musculata. Lat\u00f3n. Siglo V a.C. It\u00e1lica.\" role=\"img\" ><\/div>\n\t\t\t\t\t\t\t\t\t\t\t<div class=\"elementor-gallery-item__overlay\"><\/div>\n\t\t\t\t\t\t\t\t\t\t\t\t\t\t\t<div class=\"elementor-gallery-item__content\">\n\t\t\t\t\t\t\t\t\t\t\t\t\t\t<div class=\"elementor-gallery-item__title\">\n\t\t\t\t\t\t\t\t\t\t\t\t\t\t\t\t\t\tAC27. Coraza de tipo l\u00f3rica musculata. Lat\u00f3n. Siglo V a.C. It\u00e1lica.\t\t\t\t\t\t\t\t<\/div>\n\t\t\t\t\t\t\t\t\t\t\t\t<\/div>\n\t\t\t\t\t\t\t\t\t<\/a>\n\t\t\t\t\t<\/div>\n\t\t\t\t\t<\/div>\n\t\t\t\t<\/div>\n\t\t\t\t\t<\/div>\n\t\t<\/div>\n\t\t\t\t\t<\/div>\n\t\t<\/section>\n\t\t\t\t<\/div>\n\t\t","protected":false},"excerpt":{"rendered":"<p>Recreaci\u00f3n hist\u00f3rica Corazas A trav\u00e9s de im\u00e1genes y documentaci\u00f3n de piezas aut\u00e9nticas de uso militar de \u00e9poca griega, etrusca, samnita y romana, realizamos r\u00e9plicas en lat\u00f3n, bronce, acero y plata, empleando las mismas t\u00e9cnicas que en la antig\u00fcedad: embutido, grabado, cincelado, forjado y remachado. Obteniendo una pieza \u00fanica, hecha a mano y a medida. AC1.1. [&hellip;]<\/p>\n","protected":false},"author":4,"featured_media":0,"parent":0,"menu_order":0,"comment_status":"closed","ping_status":"closed","template":"","meta":{"footnotes":""},"class_list":["post-14826","page","type-page","status-publish","hentry"],"yoast_head":"<!-- This site is optimized with the Yoast SEO plugin v27.4 - https:\/\/yoast.com\/product\/yoast-seo-wordpress\/ -->\n<title>Corazas - Ferran Garreta<\/title>\n<meta name=\"robots\" content=\"index, follow, max-snippet:-1, max-image-preview:large, max-video-preview:-1\" \/>\n<link rel=\"canonical\" href=\"https:\/\/www.ferrangarreta.com\/es\/corazas\/\" \/>\n<meta property=\"og:locale\" content=\"es_ES\" \/>\n<meta property=\"og:type\" content=\"article\" \/>\n<meta property=\"og:title\" content=\"Corazas - Ferran Garreta\" \/>\n<meta property=\"og:description\" content=\"Recreaci\u00f3n hist\u00f3rica Corazas A trav\u00e9s de im\u00e1genes y documentaci\u00f3n de piezas aut\u00e9nticas de uso militar de \u00e9poca griega, etrusca, samnita y romana, realizamos r\u00e9plicas en lat\u00f3n, bronce, acero y plata, empleando las mismas t\u00e9cnicas que en la antig\u00fcedad: embutido, grabado, cincelado, forjado y remachado. Obteniendo una pieza \u00fanica, hecha a mano y a medida. AC1.1. [&hellip;]\" \/>\n<meta property=\"og:url\" content=\"https:\/\/www.ferrangarreta.com\/es\/corazas\/\" \/>\n<meta property=\"og:site_name\" content=\"Ferran Garreta\" \/>\n<meta property=\"article:modified_time\" content=\"2023-12-20T10:19:10+00:00\" \/>\n<meta name=\"twitter:card\" content=\"summary_large_image\" \/>\n<meta name=\"twitter:label1\" content=\"Tiempo de lectura\" \/>\n\t<meta name=\"twitter:data1\" content=\"3 minutos\" \/>\n<script type=\"application\/ld+json\" class=\"yoast-schema-graph\">{\"@context\":\"https:\\\/\\\/schema.org\",\"@graph\":[{\"@type\":\"WebPage\",\"@id\":\"https:\\\/\\\/www.ferrangarreta.com\\\/es\\\/corazas\\\/\",\"url\":\"https:\\\/\\\/www.ferrangarreta.com\\\/es\\\/corazas\\\/\",\"name\":\"Corazas - Ferran Garreta\",\"isPartOf\":{\"@id\":\"https:\\\/\\\/www.ferrangarreta.com\\\/es\\\/#website\"},\"datePublished\":\"2023-03-02T16:29:19+00:00\",\"dateModified\":\"2023-12-20T10:19:10+00:00\",\"breadcrumb\":{\"@id\":\"https:\\\/\\\/www.ferrangarreta.com\\\/es\\\/corazas\\\/#breadcrumb\"},\"inLanguage\":\"es\",\"potentialAction\":[{\"@type\":\"ReadAction\",\"target\":[\"https:\\\/\\\/www.ferrangarreta.com\\\/es\\\/corazas\\\/\"]}]},{\"@type\":\"BreadcrumbList\",\"@id\":\"https:\\\/\\\/www.ferrangarreta.com\\\/es\\\/corazas\\\/#breadcrumb\",\"itemListElement\":[{\"@type\":\"ListItem\",\"position\":1,\"name\":\"Inici\",\"item\":\"https:\\\/\\\/www.ferrangarreta.com\\\/es\\\/inicio\\\/\"},{\"@type\":\"ListItem\",\"position\":2,\"name\":\"Corazas\"}]},{\"@type\":\"WebSite\",\"@id\":\"https:\\\/\\\/www.ferrangarreta.com\\\/es\\\/#website\",\"url\":\"https:\\\/\\\/www.ferrangarreta.com\\\/es\\\/\",\"name\":\"Ferran Garreta\",\"description\":\"Empresa familiar ubicada a la ciutat de Vic (Barcelona), dedicada al treball de l\u2019aram, el llaut\u00f3, la plata i l\u2019or, de forma art\u00edstica i manual.Ferran Garreta \u00e9s una empresa familiar ubicada a la ciutat de Vic (Barcelona), dedicada al treball de l\u2019aram, el llaut\u00f3, la plata i l\u2019or, de forma art\u00edstica i manual.\",\"publisher\":{\"@id\":\"https:\\\/\\\/www.ferrangarreta.com\\\/es\\\/#organization\"},\"potentialAction\":[{\"@type\":\"SearchAction\",\"target\":{\"@type\":\"EntryPoint\",\"urlTemplate\":\"https:\\\/\\\/www.ferrangarreta.com\\\/es\\\/?s={search_term_string}\"},\"query-input\":{\"@type\":\"PropertyValueSpecification\",\"valueRequired\":true,\"valueName\":\"search_term_string\"}}],\"inLanguage\":\"es\"},{\"@type\":\"Organization\",\"@id\":\"https:\\\/\\\/www.ferrangarreta.com\\\/es\\\/#organization\",\"name\":\"Ferran Garreta\",\"url\":\"https:\\\/\\\/www.ferrangarreta.com\\\/es\\\/\",\"logo\":{\"@type\":\"ImageObject\",\"inLanguage\":\"es\",\"@id\":\"https:\\\/\\\/www.ferrangarreta.com\\\/es\\\/#\\\/schema\\\/logo\\\/image\\\/\",\"url\":\"https:\\\/\\\/www.ferrangarreta.com\\\/wp-content\\\/uploads\\\/2023\\\/02\\\/ferran-garreta-logo-w.png\",\"contentUrl\":\"https:\\\/\\\/www.ferrangarreta.com\\\/wp-content\\\/uploads\\\/2023\\\/02\\\/ferran-garreta-logo-w.png\",\"width\":1003,\"height\":184,\"caption\":\"Ferran Garreta\"},\"image\":{\"@id\":\"https:\\\/\\\/www.ferrangarreta.com\\\/es\\\/#\\\/schema\\\/logo\\\/image\\\/\"}}]}<\/script>\n<!-- \/ Yoast SEO plugin. -->","yoast_head_json":{"title":"Corazas - Ferran Garreta","robots":{"index":"index","follow":"follow","max-snippet":"max-snippet:-1","max-image-preview":"max-image-preview:large","max-video-preview":"max-video-preview:-1"},"canonical":"https:\/\/www.ferrangarreta.com\/es\/corazas\/","og_locale":"es_ES","og_type":"article","og_title":"Corazas - Ferran Garreta","og_description":"Recreaci\u00f3n hist\u00f3rica Corazas A trav\u00e9s de im\u00e1genes y documentaci\u00f3n de piezas aut\u00e9nticas de uso militar de \u00e9poca griega, etrusca, samnita y romana, realizamos r\u00e9plicas en lat\u00f3n, bronce, acero y plata, empleando las mismas t\u00e9cnicas que en la antig\u00fcedad: embutido, grabado, cincelado, forjado y remachado. Obteniendo una pieza \u00fanica, hecha a mano y a medida. AC1.1. [&hellip;]","og_url":"https:\/\/www.ferrangarreta.com\/es\/corazas\/","og_site_name":"Ferran Garreta","article_modified_time":"2023-12-20T10:19:10+00:00","twitter_card":"summary_large_image","twitter_misc":{"Tiempo de lectura":"3 minutos"},"schema":{"@context":"https:\/\/schema.org","@graph":[{"@type":"WebPage","@id":"https:\/\/www.ferrangarreta.com\/es\/corazas\/","url":"https:\/\/www.ferrangarreta.com\/es\/corazas\/","name":"Corazas - Ferran Garreta","isPartOf":{"@id":"https:\/\/www.ferrangarreta.com\/es\/#website"},"datePublished":"2023-03-02T16:29:19+00:00","dateModified":"2023-12-20T10:19:10+00:00","breadcrumb":{"@id":"https:\/\/www.ferrangarreta.com\/es\/corazas\/#breadcrumb"},"inLanguage":"es","potentialAction":[{"@type":"ReadAction","target":["https:\/\/www.ferrangarreta.com\/es\/corazas\/"]}]},{"@type":"BreadcrumbList","@id":"https:\/\/www.ferrangarreta.com\/es\/corazas\/#breadcrumb","itemListElement":[{"@type":"ListItem","position":1,"name":"Inici","item":"https:\/\/www.ferrangarreta.com\/es\/inicio\/"},{"@type":"ListItem","position":2,"name":"Corazas"}]},{"@type":"WebSite","@id":"https:\/\/www.ferrangarreta.com\/es\/#website","url":"https:\/\/www.ferrangarreta.com\/es\/","name":"Ferran Garreta","description":"Empresa familiar ubicada a la ciutat de Vic (Barcelona), dedicada al treball de l\u2019aram, el llaut\u00f3, la plata i l\u2019or, de forma art\u00edstica i manual.Ferran Garreta \u00e9s una empresa familiar ubicada a la ciutat de Vic (Barcelona), dedicada al treball de l\u2019aram, el llaut\u00f3, la plata i l\u2019or, de forma art\u00edstica i manual.","publisher":{"@id":"https:\/\/www.ferrangarreta.com\/es\/#organization"},"potentialAction":[{"@type":"SearchAction","target":{"@type":"EntryPoint","urlTemplate":"https:\/\/www.ferrangarreta.com\/es\/?s={search_term_string}"},"query-input":{"@type":"PropertyValueSpecification","valueRequired":true,"valueName":"search_term_string"}}],"inLanguage":"es"},{"@type":"Organization","@id":"https:\/\/www.ferrangarreta.com\/es\/#organization","name":"Ferran Garreta","url":"https:\/\/www.ferrangarreta.com\/es\/","logo":{"@type":"ImageObject","inLanguage":"es","@id":"https:\/\/www.ferrangarreta.com\/es\/#\/schema\/logo\/image\/","url":"https:\/\/www.ferrangarreta.com\/wp-content\/uploads\/2023\/02\/ferran-garreta-logo-w.png","contentUrl":"https:\/\/www.ferrangarreta.com\/wp-content\/uploads\/2023\/02\/ferran-garreta-logo-w.png","width":1003,"height":184,"caption":"Ferran Garreta"},"image":{"@id":"https:\/\/www.ferrangarreta.com\/es\/#\/schema\/logo\/image\/"}}]}},"_links":{"self":[{"href":"https:\/\/www.ferrangarreta.com\/es\/wp-json\/wp\/v2\/pages\/14826","targetHints":{"allow":["GET"]}}],"collection":[{"href":"https:\/\/www.ferrangarreta.com\/es\/wp-json\/wp\/v2\/pages"}],"about":[{"href":"https:\/\/www.ferrangarreta.com\/es\/wp-json\/wp\/v2\/types\/page"}],"author":[{"embeddable":true,"href":"https:\/\/www.ferrangarreta.com\/es\/wp-json\/wp\/v2\/users\/4"}],"replies":[{"embeddable":true,"href":"https:\/\/www.ferrangarreta.com\/es\/wp-json\/wp\/v2\/comments?post=14826"}],"version-history":[{"count":13,"href":"https:\/\/www.ferrangarreta.com\/es\/wp-json\/wp\/v2\/pages\/14826\/revisions"}],"predecessor-version":[{"id":16879,"href":"https:\/\/www.ferrangarreta.com\/es\/wp-json\/wp\/v2\/pages\/14826\/revisions\/16879"}],"wp:attachment":[{"href":"https:\/\/www.ferrangarreta.com\/es\/wp-json\/wp\/v2\/media?parent=14826"}],"curies":[{"name":"wp","href":"https:\/\/api.w.org\/{rel}","templated":true}]}}