{"id":14862,"date":"2023-03-02T17:14:26","date_gmt":"2023-03-02T17:14:26","guid":{"rendered":"https:\/\/ferrangarreta.net\/joyeria\/"},"modified":"2023-12-04T21:20:38","modified_gmt":"2023-12-04T21:20:38","slug":"joyeria","status":"publish","type":"page","link":"https:\/\/www.ferrangarreta.com\/es\/joyeria\/","title":{"rendered":"Joyer\u00eda"},"content":{"rendered":"\t\t<div data-elementor-type=\"wp-page\" data-elementor-id=\"14862\" class=\"elementor elementor-14862 elementor-959\" data-elementor-post-type=\"page\">\n\t\t\t\t\t\t<section class=\"elementor-section elementor-top-section elementor-element elementor-element-9f40640 elementor-section-full_width elementor-section-height-min-height elementor-section-height-default elementor-section-items-middle\" data-id=\"9f40640\" data-element_type=\"section\" data-e-type=\"section\">\n\t\t\t\t\t\t<div class=\"elementor-container elementor-column-gap-default\">\n\t\t\t\t\t<div class=\"elementor-column elementor-col-100 elementor-top-column elementor-element elementor-element-e1ab535\" data-id=\"e1ab535\" data-element_type=\"column\" data-e-type=\"column\">\n\t\t\t<div class=\"elementor-widget-wrap elementor-element-populated\">\n\t\t\t\t\t\t<div class=\"elementor-element elementor-element-beda9f8 elementor--h-position-center elementor--v-position-middle elementor-arrows-position-inside elementor-pagination-position-inside elementor-widget elementor-widget-slides\" data-id=\"beda9f8\" data-element_type=\"widget\" data-e-type=\"widget\" data-settings=\"{&quot;navigation&quot;:&quot;both&quot;,&quot;autoplay&quot;:&quot;yes&quot;,&quot;pause_on_hover&quot;:&quot;yes&quot;,&quot;pause_on_interaction&quot;:&quot;yes&quot;,&quot;autoplay_speed&quot;:5000,&quot;infinite&quot;:&quot;yes&quot;,&quot;transition&quot;:&quot;slide&quot;,&quot;transition_speed&quot;:500}\" data-widget_type=\"slides.default\">\n\t\t\t\t<div class=\"elementor-widget-container\">\n\t\t\t\t\t\t\t\t\t<div class=\"elementor-swiper\">\n\t\t\t\t\t<div class=\"elementor-slides-wrapper elementor-main-swiper swiper\" role=\"region\" aria-roledescription=\"carousel\" aria-label=\"Diapositivas\" dir=\"ltr\" data-animation=\"fadeInUp\">\n\t\t\t\t<div class=\"swiper-wrapper elementor-slides\">\n\t\t\t\t\t\t\t\t\t\t<div class=\"elementor-repeater-item-85eb97b swiper-slide\" role=\"group\" aria-roledescription=\"slide\"><div class=\"swiper-slide-bg\" role=\"img\" aria-label=\"JN40.1. Anillo de oro amarillo y diamante.\"><\/div><div class=\"swiper-slide-inner\" ><div class=\"swiper-slide-contents\"><\/div><\/div><\/div>\t\t\t\t<\/div>\n\t\t\t\t\t\t\t<\/div>\n\t\t\t\t<\/div>\n\t\t\t\t\t\t\t\t<\/div>\n\t\t\t\t<\/div>\n\t\t\t\t\t<\/div>\n\t\t<\/div>\n\t\t\t\t\t<\/div>\n\t\t<\/section>\n\t\t\t\t<section class=\"elementor-section elementor-top-section elementor-element elementor-element-6cb70c5 elementor-section-boxed elementor-section-height-default elementor-section-height-default\" data-id=\"6cb70c5\" data-element_type=\"section\" data-e-type=\"section\">\n\t\t\t\t\t\t<div class=\"elementor-container elementor-column-gap-default\">\n\t\t\t\t\t<div class=\"elementor-column elementor-col-100 elementor-top-column elementor-element elementor-element-d0abe5b\" data-id=\"d0abe5b\" data-element_type=\"column\" data-e-type=\"column\">\n\t\t\t<div class=\"elementor-widget-wrap elementor-element-populated\">\n\t\t\t\t\t\t<section class=\"elementor-section elementor-inner-section elementor-element elementor-element-8fb6d26 elementor-section-boxed elementor-section-height-default elementor-section-height-default\" data-id=\"8fb6d26\" data-element_type=\"section\" data-e-type=\"section\">\n\t\t\t\t\t\t<div class=\"elementor-container elementor-column-gap-default\">\n\t\t\t\t\t<div class=\"elementor-column elementor-col-100 elementor-inner-column elementor-element elementor-element-a4fc41f\" data-id=\"a4fc41f\" data-element_type=\"column\" data-e-type=\"column\">\n\t\t\t<div class=\"elementor-widget-wrap elementor-element-populated\">\n\t\t\t\t\t\t<div class=\"elementor-element elementor-element-b8d7f52 elementor-widget elementor-widget-heading\" data-id=\"b8d7f52\" data-element_type=\"widget\" data-e-type=\"widget\" data-widget_type=\"heading.default\">\n\t\t\t\t<div class=\"elementor-widget-container\">\n\t\t\t\t\t<h2 class=\"elementor-heading-title elementor-size-default\">Joyer\u00eda<\/h2>\t\t\t\t<\/div>\n\t\t\t\t<\/div>\n\t\t\t\t<div class=\"elementor-element elementor-element-fb81028 elementor-widget elementor-widget-text-editor\" data-id=\"fb81028\" data-element_type=\"widget\" data-e-type=\"widget\" data-widget_type=\"text-editor.default\">\n\t\t\t\t<div class=\"elementor-widget-container\">\n\t\t\t\t\t\t\t\t\t<p>Arte vivo a lo largo de los siglos, que exige una gran maestr\u00eda, combina cuidadosamente diferentes t\u00e9cnicas, entre ellas la joyer\u00eda, el grabado, el engastado y el esmalte. Nuestras creaciones, piezas \u00fanicas, son el resultado de una idea, en la que el deseo del cliente es nuestra prioridad.<\/p>\n\t\t\t\t\t\t\t\t<\/div>\n\t\t\t\t<\/div>\n\t\t\t\t\t<\/div>\n\t\t<\/div>\n\t\t\t\t\t<\/div>\n\t\t<\/section>\n\t\t\t\t\t<\/div>\n\t\t<\/div>\n\t\t\t\t\t<\/div>\n\t\t<\/section>\n\t\t\t\t<section class=\"elementor-section elementor-top-section elementor-element elementor-element-bb43695 elementor-section-full_width elementor-section-height-default elementor-section-height-default\" data-id=\"bb43695\" data-element_type=\"section\" data-e-type=\"section\">\n\t\t\t\t\t\t<div class=\"elementor-container elementor-column-gap-default\">\n\t\t\t\t\t<div class=\"elementor-column elementor-col-100 elementor-top-column elementor-element elementor-element-a6ac7ef\" data-id=\"a6ac7ef\" data-element_type=\"column\" data-e-type=\"column\">\n\t\t\t<div class=\"elementor-widget-wrap elementor-element-populated\">\n\t\t\t\t\t\t<div class=\"elementor-element elementor-element-996b04c elementor-widget elementor-widget-gallery\" data-id=\"996b04c\" data-element_type=\"widget\" data-e-type=\"widget\" data-settings=\"{&quot;columns&quot;:5,&quot;columns_tablet&quot;:&quot;3&quot;,&quot;gap&quot;:{&quot;unit&quot;:&quot;px&quot;,&quot;size&quot;:&quot;25&quot;,&quot;sizes&quot;:[]},&quot;aspect_ratio&quot;:&quot;1:1&quot;,&quot;overlay_title&quot;:&quot;title&quot;,&quot;lazyload&quot;:&quot;yes&quot;,&quot;gallery_layout&quot;:&quot;grid&quot;,&quot;columns_mobile&quot;:1,&quot;gap_tablet&quot;:{&quot;unit&quot;:&quot;px&quot;,&quot;size&quot;:10,&quot;sizes&quot;:[]},&quot;gap_mobile&quot;:{&quot;unit&quot;:&quot;px&quot;,&quot;size&quot;:10,&quot;sizes&quot;:[]},&quot;link_to&quot;:&quot;file&quot;,&quot;overlay_background&quot;:&quot;yes&quot;,&quot;content_hover_animation&quot;:&quot;fade-in&quot;}\" data-widget_type=\"gallery.default\">\n\t\t\t\t<div class=\"elementor-widget-container\">\n\t\t\t\t\t\t\t<div class=\"elementor-gallery__container\">\n\t\t\t\t\t\t\t<a class=\"e-gallery-item elementor-gallery-item elementor-animated-content\" href=\"https:\/\/www.ferrangarreta.com\/wp-content\/uploads\/2023\/04\/1-JP1.-Penjoll-dor-groc-i-topazi-blau-scaled.jpg\" data-elementor-open-lightbox=\"yes\" data-elementor-lightbox-slideshow=\"996b04c\" data-elementor-lightbox-title=\"JP1. Colgante de oro amarillo y topacio azul.\" data-e-action-hash=\"#elementor-action%3Aaction%3Dlightbox%26settings%3DeyJpZCI6MTMyMTYsInVybCI6Imh0dHBzOlwvXC93d3cuZmVycmFuZ2FycmV0YS5jb21cL3dwLWNvbnRlbnRcL3VwbG9hZHNcLzIwMjNcLzA0XC8xLUpQMS4tUGVuam9sbC1kb3ItZ3JvYy1pLXRvcGF6aS1ibGF1LXNjYWxlZC5qcGciLCJzbGlkZXNob3ciOiI5OTZiMDRjIn0%3D\">\n\t\t\t\t\t<div class=\"e-gallery-image elementor-gallery-item__image\" data-thumbnail=\"https:\/\/www.ferrangarreta.com\/wp-content\/uploads\/2023\/04\/1-JP1.-Penjoll-dor-groc-i-topazi-blau-scaled.jpg\" data-width=\"2560\" data-height=\"1371\" aria-label=\"JP1. Yellow gold pendant and blue topaz.\" role=\"img\" ><\/div>\n\t\t\t\t\t\t\t\t\t\t\t<div class=\"elementor-gallery-item__overlay\"><\/div>\n\t\t\t\t\t\t\t\t\t\t\t\t\t\t\t<div class=\"elementor-gallery-item__content\">\n\t\t\t\t\t\t\t\t\t\t\t\t\t\t<div class=\"elementor-gallery-item__title\">\n\t\t\t\t\t\t\t\t\t\t\t\t\t\t\t\t\t\tJP1. Colgante de oro amarillo y topacio azul.\t\t\t\t\t\t\t\t<\/div>\n\t\t\t\t\t\t\t\t\t\t\t\t<\/div>\n\t\t\t\t\t\t\t\t\t<\/a>\n\t\t\t\t\t\t\t<a class=\"e-gallery-item elementor-gallery-item elementor-animated-content\" href=\"https:\/\/www.ferrangarreta.com\/wp-content\/uploads\/2023\/04\/2-JP2.-Penjoll-dor-blanc-i-topazis-blaus.jpg\" data-elementor-open-lightbox=\"yes\" data-elementor-lightbox-slideshow=\"996b04c\" data-elementor-lightbox-title=\"JP2. Colgante de oro blanco y topacios azules.\" data-e-action-hash=\"#elementor-action%3Aaction%3Dlightbox%26settings%3DeyJpZCI6MTMyMTksInVybCI6Imh0dHBzOlwvXC93d3cuZmVycmFuZ2FycmV0YS5jb21cL3dwLWNvbnRlbnRcL3VwbG9hZHNcLzIwMjNcLzA0XC8yLUpQMi4tUGVuam9sbC1kb3ItYmxhbmMtaS10b3BhemlzLWJsYXVzLmpwZyIsInNsaWRlc2hvdyI6Ijk5NmIwNGMifQ%3D%3D\">\n\t\t\t\t\t<div class=\"e-gallery-image elementor-gallery-item__image\" data-thumbnail=\"https:\/\/www.ferrangarreta.com\/wp-content\/uploads\/2023\/04\/2-JP2.-Penjoll-dor-blanc-i-topazis-blaus.jpg\" data-width=\"2412\" data-height=\"2097\" aria-label=\"JP2. Colgante de oro blanco y topacios azules.\" role=\"img\" ><\/div>\n\t\t\t\t\t\t\t\t\t\t\t<div class=\"elementor-gallery-item__overlay\"><\/div>\n\t\t\t\t\t\t\t\t\t\t\t\t\t\t\t<div class=\"elementor-gallery-item__content\">\n\t\t\t\t\t\t\t\t\t\t\t\t\t\t<div class=\"elementor-gallery-item__title\">\n\t\t\t\t\t\t\t\t\t\t\t\t\t\t\t\t\t\tJP2. Colgante de oro blanco y topacios azules.\t\t\t\t\t\t\t\t<\/div>\n\t\t\t\t\t\t\t\t\t\t\t\t<\/div>\n\t\t\t\t\t\t\t\t\t<\/a>\n\t\t\t\t\t\t\t<a class=\"e-gallery-item elementor-gallery-item elementor-animated-content\" href=\"https:\/\/www.ferrangarreta.com\/wp-content\/uploads\/2023\/04\/3-JE1.-Fermalls-dor-goc-esmalts-al-foc-en-vitrall-esmeralda-ametista-robins-aiguamarina-safirs-i-perles-cultivades.--scaled.jpg\" data-elementor-open-lightbox=\"yes\" data-elementor-lightbox-slideshow=\"996b04c\" data-elementor-lightbox-title=\"JE1. Broches de oro amarillo, esmaltes al fuego en vitral, esmeralda, amatista, rub\u00edes, aguamarina, zafiros y perlas cultivadas.\" data-e-action-hash=\"#elementor-action%3Aaction%3Dlightbox%26settings%3DeyJpZCI6MTMyMjIsInVybCI6Imh0dHBzOlwvXC93d3cuZmVycmFuZ2FycmV0YS5jb21cL3dwLWNvbnRlbnRcL3VwbG9hZHNcLzIwMjNcLzA0XC8zLUpFMS4tRmVybWFsbHMtZG9yLWdvYy1lc21hbHRzLWFsLWZvYy1lbi12aXRyYWxsLWVzbWVyYWxkYS1hbWV0aXN0YS1yb2JpbnMtYWlndWFtYXJpbmEtc2FmaXJzLWktcGVybGVzLWN1bHRpdmFkZXMuLS1zY2FsZWQuanBnIiwic2xpZGVzaG93IjoiOTk2YjA0YyJ9\">\n\t\t\t\t\t<div class=\"e-gallery-image elementor-gallery-item__image\" data-thumbnail=\"https:\/\/www.ferrangarreta.com\/wp-content\/uploads\/2023\/04\/3-JE1.-Fermalls-dor-goc-esmalts-al-foc-en-vitrall-esmeralda-ametista-robins-aiguamarina-safirs-i-perles-cultivades.--scaled.jpg\" data-width=\"2560\" data-height=\"1920\" aria-label=\"JE19. Yellow gold ring, fired enamels.\" role=\"img\" ><\/div>\n\t\t\t\t\t\t\t\t\t\t\t<div class=\"elementor-gallery-item__overlay\"><\/div>\n\t\t\t\t\t\t\t\t\t\t\t\t\t\t\t<div class=\"elementor-gallery-item__content\">\n\t\t\t\t\t\t\t\t\t\t\t\t\t\t<div class=\"elementor-gallery-item__title\">\n\t\t\t\t\t\t\t\t\t\t\t\t\t\t\t\t\t\tJE1. Broches de oro amarillo, esmaltes al fuego en vitral, esmeralda, amatista, rub\u00edes, aguamarina, zafiros y perlas cultivadas.\t\t\t\t\t\t\t\t<\/div>\n\t\t\t\t\t\t\t\t\t\t\t\t<\/div>\n\t\t\t\t\t\t\t\t\t<\/a>\n\t\t\t\t\t\t\t<a class=\"e-gallery-item elementor-gallery-item elementor-animated-content\" href=\"https:\/\/www.ferrangarreta.com\/wp-content\/uploads\/2023\/04\/4-JP3.-Penjoll-dor-blanc-perla-cultivada-diamants-i-aiguamarina.jpg\" data-elementor-open-lightbox=\"yes\" data-elementor-lightbox-slideshow=\"996b04c\" data-elementor-lightbox-title=\"JP3. Colgante de oro blanco, perla cultivada, diamantes y aguamarina.\" data-e-action-hash=\"#elementor-action%3Aaction%3Dlightbox%26settings%3DeyJpZCI6MTMyMjUsInVybCI6Imh0dHBzOlwvXC93d3cuZmVycmFuZ2FycmV0YS5jb21cL3dwLWNvbnRlbnRcL3VwbG9hZHNcLzIwMjNcLzA0XC80LUpQMy4tUGVuam9sbC1kb3ItYmxhbmMtcGVybGEtY3VsdGl2YWRhLWRpYW1hbnRzLWktYWlndWFtYXJpbmEuanBnIiwic2xpZGVzaG93IjoiOTk2YjA0YyJ9\">\n\t\t\t\t\t<div class=\"e-gallery-image elementor-gallery-item__image\" data-thumbnail=\"https:\/\/www.ferrangarreta.com\/wp-content\/uploads\/2023\/04\/4-JP3.-Penjoll-dor-blanc-perla-cultivada-diamants-i-aiguamarina.jpg\" data-width=\"2079\" data-height=\"2079\" aria-label=\"JP3. Colgante de oro blanco, perla cultivada, diamantes y aguamarina.\" role=\"img\" ><\/div>\n\t\t\t\t\t\t\t\t\t\t\t<div class=\"elementor-gallery-item__overlay\"><\/div>\n\t\t\t\t\t\t\t\t\t\t\t\t\t\t\t<div class=\"elementor-gallery-item__content\">\n\t\t\t\t\t\t\t\t\t\t\t\t\t\t<div class=\"elementor-gallery-item__title\">\n\t\t\t\t\t\t\t\t\t\t\t\t\t\t\t\t\t\tJP3. Colgante de oro blanco, perla cultivada, diamantes y aguamarina.\t\t\t\t\t\t\t\t<\/div>\n\t\t\t\t\t\t\t\t\t\t\t\t<\/div>\n\t\t\t\t\t\t\t\t\t<\/a>\n\t\t\t\t\t\t\t<a class=\"e-gallery-item elementor-gallery-item elementor-animated-content\" href=\"https:\/\/www.ferrangarreta.com\/wp-content\/uploads\/2023\/04\/5-JB1.-Bracalet-dor-blanc-amb-pave-de-diamants.jpg\" data-elementor-open-lightbox=\"yes\" data-elementor-lightbox-slideshow=\"996b04c\" data-elementor-lightbox-title=\"JB1. Brazalete de oro blanco con pav\u00e9 de diamantes.\" data-e-action-hash=\"#elementor-action%3Aaction%3Dlightbox%26settings%3DeyJpZCI6MTMyMjgsInVybCI6Imh0dHBzOlwvXC93d3cuZmVycmFuZ2FycmV0YS5jb21cL3dwLWNvbnRlbnRcL3VwbG9hZHNcLzIwMjNcLzA0XC81LUpCMS4tQnJhY2FsZXQtZG9yLWJsYW5jLWFtYi1wYXZlLWRlLWRpYW1hbnRzLmpwZyIsInNsaWRlc2hvdyI6Ijk5NmIwNGMifQ%3D%3D\">\n\t\t\t\t\t<div class=\"e-gallery-image elementor-gallery-item__image\" data-thumbnail=\"https:\/\/www.ferrangarreta.com\/wp-content\/uploads\/2023\/04\/5-JB1.-Bracalet-dor-blanc-amb-pave-de-diamants.jpg\" data-width=\"753\" data-height=\"975\" aria-label=\"JB1. Brazalete de oro blanco con pav\u00e9 de diamantes.\" role=\"img\" ><\/div>\n\t\t\t\t\t\t\t\t\t\t\t<div class=\"elementor-gallery-item__overlay\"><\/div>\n\t\t\t\t\t\t\t\t\t\t\t\t\t\t\t<div class=\"elementor-gallery-item__content\">\n\t\t\t\t\t\t\t\t\t\t\t\t\t\t<div class=\"elementor-gallery-item__title\">\n\t\t\t\t\t\t\t\t\t\t\t\t\t\t\t\t\t\tJB1. Brazalete de oro blanco con pav\u00e9 de diamantes.\t\t\t\t\t\t\t\t<\/div>\n\t\t\t\t\t\t\t\t\t\t\t\t<\/div>\n\t\t\t\t\t\t\t\t\t<\/a>\n\t\t\t\t\t\t\t<a class=\"e-gallery-item elementor-gallery-item elementor-animated-content\" href=\"https:\/\/www.ferrangarreta.com\/wp-content\/uploads\/2023\/04\/6-JR2.-Arracades-dor-blanc-i-diamants-blaus.jpg\" data-elementor-open-lightbox=\"yes\" data-elementor-lightbox-slideshow=\"996b04c\" data-elementor-lightbox-title=\"JR2. Pendientes de oro blanco y diamantes azules.\" data-e-action-hash=\"#elementor-action%3Aaction%3Dlightbox%26settings%3DeyJpZCI6MTMyMzEsInVybCI6Imh0dHBzOlwvXC93d3cuZmVycmFuZ2FycmV0YS5jb21cL3dwLWNvbnRlbnRcL3VwbG9hZHNcLzIwMjNcLzA0XC82LUpSMi4tQXJyYWNhZGVzLWRvci1ibGFuYy1pLWRpYW1hbnRzLWJsYXVzLmpwZyIsInNsaWRlc2hvdyI6Ijk5NmIwNGMifQ%3D%3D\">\n\t\t\t\t\t<div class=\"e-gallery-image elementor-gallery-item__image\" data-thumbnail=\"https:\/\/www.ferrangarreta.com\/wp-content\/uploads\/2023\/04\/6-JR2.-Arracades-dor-blanc-i-diamants-blaus.jpg\" data-width=\"1912\" data-height=\"1409\" aria-label=\"JR2. Pendientes de oro blanco y diamantes azules.\" role=\"img\" ><\/div>\n\t\t\t\t\t\t\t\t\t\t\t<div class=\"elementor-gallery-item__overlay\"><\/div>\n\t\t\t\t\t\t\t\t\t\t\t\t\t\t\t<div class=\"elementor-gallery-item__content\">\n\t\t\t\t\t\t\t\t\t\t\t\t\t\t<div class=\"elementor-gallery-item__title\">\n\t\t\t\t\t\t\t\t\t\t\t\t\t\t\t\t\t\tJR2. Pendientes de oro blanco y diamantes azules.\t\t\t\t\t\t\t\t<\/div>\n\t\t\t\t\t\t\t\t\t\t\t\t<\/div>\n\t\t\t\t\t\t\t\t\t<\/a>\n\t\t\t\t\t\t\t<a class=\"e-gallery-item elementor-gallery-item elementor-animated-content\" href=\"https:\/\/www.ferrangarreta.com\/wp-content\/uploads\/2023\/04\/7-JR3.-Arracades-dor-blanc-perles-cultivades-i-diamants-blaus.jpg\" data-elementor-open-lightbox=\"yes\" data-elementor-lightbox-slideshow=\"996b04c\" data-elementor-lightbox-title=\"JR3. Pendientes de oro blanco, perlas cultivadas y diamantes azules.\" data-e-action-hash=\"#elementor-action%3Aaction%3Dlightbox%26settings%3DeyJpZCI6MTMyMzQsInVybCI6Imh0dHBzOlwvXC93d3cuZmVycmFuZ2FycmV0YS5jb21cL3dwLWNvbnRlbnRcL3VwbG9hZHNcLzIwMjNcLzA0XC83LUpSMy4tQXJyYWNhZGVzLWRvci1ibGFuYy1wZXJsZXMtY3VsdGl2YWRlcy1pLWRpYW1hbnRzLWJsYXVzLmpwZyIsInNsaWRlc2hvdyI6Ijk5NmIwNGMifQ%3D%3D\">\n\t\t\t\t\t<div class=\"e-gallery-image elementor-gallery-item__image\" data-thumbnail=\"https:\/\/www.ferrangarreta.com\/wp-content\/uploads\/2023\/04\/7-JR3.-Arracades-dor-blanc-perles-cultivades-i-diamants-blaus.jpg\" data-width=\"728\" data-height=\"832\" aria-label=\"JR3. Pendientes de oro blanco, perlas cultivadas y diamantes azules.\" role=\"img\" ><\/div>\n\t\t\t\t\t\t\t\t\t\t\t<div class=\"elementor-gallery-item__overlay\"><\/div>\n\t\t\t\t\t\t\t\t\t\t\t\t\t\t\t<div class=\"elementor-gallery-item__content\">\n\t\t\t\t\t\t\t\t\t\t\t\t\t\t<div class=\"elementor-gallery-item__title\">\n\t\t\t\t\t\t\t\t\t\t\t\t\t\t\t\t\t\tJR3. Pendientes de oro blanco, perlas cultivadas y diamantes azules.\t\t\t\t\t\t\t\t<\/div>\n\t\t\t\t\t\t\t\t\t\t\t\t<\/div>\n\t\t\t\t\t\t\t\t\t<\/a>\n\t\t\t\t\t\t\t<a class=\"e-gallery-item elementor-gallery-item elementor-animated-content\" href=\"https:\/\/www.ferrangarreta.com\/wp-content\/uploads\/2023\/04\/8-JR4.-Arracades-dor-groc.-Diamants-esmeraldes-robins-peridot-i-espinela.jpg\" data-elementor-open-lightbox=\"yes\" data-elementor-lightbox-slideshow=\"996b04c\" data-elementor-lightbox-title=\"JR4. Pendientes de oro amarillo. Diamantes, esmeraldas, rub\u00edes, peridoto y espinela.\" data-e-action-hash=\"#elementor-action%3Aaction%3Dlightbox%26settings%3DeyJpZCI6MTMyMzcsInVybCI6Imh0dHBzOlwvXC93d3cuZmVycmFuZ2FycmV0YS5jb21cL3dwLWNvbnRlbnRcL3VwbG9hZHNcLzIwMjNcLzA0XC84LUpSNC4tQXJyYWNhZGVzLWRvci1ncm9jLi1EaWFtYW50cy1lc21lcmFsZGVzLXJvYmlucy1wZXJpZG90LWktZXNwaW5lbGEuanBnIiwic2xpZGVzaG93IjoiOTk2YjA0YyJ9\">\n\t\t\t\t\t<div class=\"e-gallery-image elementor-gallery-item__image\" data-thumbnail=\"https:\/\/www.ferrangarreta.com\/wp-content\/uploads\/2023\/04\/8-JR4.-Arracades-dor-groc.-Diamants-esmeraldes-robins-peridot-i-espinela.jpg\" data-width=\"749\" data-height=\"583\" aria-label=\"JR4. Pendientes de oro amarillo. Diamantes, esmeraldas, rub\u00edes, peridoto y espinela.\" role=\"img\" ><\/div>\n\t\t\t\t\t\t\t\t\t\t\t<div class=\"elementor-gallery-item__overlay\"><\/div>\n\t\t\t\t\t\t\t\t\t\t\t\t\t\t\t<div class=\"elementor-gallery-item__content\">\n\t\t\t\t\t\t\t\t\t\t\t\t\t\t<div class=\"elementor-gallery-item__title\">\n\t\t\t\t\t\t\t\t\t\t\t\t\t\t\t\t\t\tJR4. Pendientes de oro amarillo. Diamantes, esmeraldas, rub\u00edes, peridoto y espinela.\t\t\t\t\t\t\t\t<\/div>\n\t\t\t\t\t\t\t\t\t\t\t\t<\/div>\n\t\t\t\t\t\t\t\t\t<\/a>\n\t\t\t\t\t\t\t<a class=\"e-gallery-item elementor-gallery-item elementor-animated-content\" href=\"https:\/\/www.ferrangarreta.com\/wp-content\/uploads\/2023\/04\/9-JR5.-Arracades-dor-groc-i-diamants.jpg\" data-elementor-open-lightbox=\"yes\" data-elementor-lightbox-slideshow=\"996b04c\" data-elementor-lightbox-title=\"JR5. Pendientes de oro amarillo y diamantes.\" data-e-action-hash=\"#elementor-action%3Aaction%3Dlightbox%26settings%3DeyJpZCI6MTMyNDAsInVybCI6Imh0dHBzOlwvXC93d3cuZmVycmFuZ2FycmV0YS5jb21cL3dwLWNvbnRlbnRcL3VwbG9hZHNcLzIwMjNcLzA0XC85LUpSNS4tQXJyYWNhZGVzLWRvci1ncm9jLWktZGlhbWFudHMuanBnIiwic2xpZGVzaG93IjoiOTk2YjA0YyJ9\">\n\t\t\t\t\t<div class=\"e-gallery-image elementor-gallery-item__image\" data-thumbnail=\"https:\/\/www.ferrangarreta.com\/wp-content\/uploads\/2023\/04\/9-JR5.-Arracades-dor-groc-i-diamants.jpg\" data-width=\"624\" data-height=\"624\" aria-label=\"JR5. Pendientes de oro amarillo y diamantes.\" role=\"img\" ><\/div>\n\t\t\t\t\t\t\t\t\t\t\t<div class=\"elementor-gallery-item__overlay\"><\/div>\n\t\t\t\t\t\t\t\t\t\t\t\t\t\t\t<div class=\"elementor-gallery-item__content\">\n\t\t\t\t\t\t\t\t\t\t\t\t\t\t<div class=\"elementor-gallery-item__title\">\n\t\t\t\t\t\t\t\t\t\t\t\t\t\t\t\t\t\tJR5. Pendientes de oro amarillo y diamantes.\t\t\t\t\t\t\t\t<\/div>\n\t\t\t\t\t\t\t\t\t\t\t\t<\/div>\n\t\t\t\t\t\t\t\t\t<\/a>\n\t\t\t\t\t\t\t<a class=\"e-gallery-item elementor-gallery-item elementor-animated-content\" href=\"https:\/\/www.ferrangarreta.com\/wp-content\/uploads\/2023\/04\/10-JR6.-Arracades-dor-blanc-perles-cultivades-i-diamants.jpg\" data-elementor-open-lightbox=\"yes\" data-elementor-lightbox-slideshow=\"996b04c\" data-elementor-lightbox-title=\"JR6. Pendientes de oro blanco, perlas cultivadas y diamantes.\" data-e-action-hash=\"#elementor-action%3Aaction%3Dlightbox%26settings%3DeyJpZCI6MTMyNDMsInVybCI6Imh0dHBzOlwvXC93d3cuZmVycmFuZ2FycmV0YS5jb21cL3dwLWNvbnRlbnRcL3VwbG9hZHNcLzIwMjNcLzA0XC8xMC1KUjYuLUFycmFjYWRlcy1kb3ItYmxhbmMtcGVybGVzLWN1bHRpdmFkZXMtaS1kaWFtYW50cy5qcGciLCJzbGlkZXNob3ciOiI5OTZiMDRjIn0%3D\">\n\t\t\t\t\t<div class=\"e-gallery-image elementor-gallery-item__image\" data-thumbnail=\"https:\/\/www.ferrangarreta.com\/wp-content\/uploads\/2023\/04\/10-JR6.-Arracades-dor-blanc-perles-cultivades-i-diamants.jpg\" data-width=\"2060\" data-height=\"1545\" aria-label=\"JR6. Pendientes de oro blanco, perlas cultivadas y diamantes.\" role=\"img\" ><\/div>\n\t\t\t\t\t\t\t\t\t\t\t<div class=\"elementor-gallery-item__overlay\"><\/div>\n\t\t\t\t\t\t\t\t\t\t\t\t\t\t\t<div class=\"elementor-gallery-item__content\">\n\t\t\t\t\t\t\t\t\t\t\t\t\t\t<div class=\"elementor-gallery-item__title\">\n\t\t\t\t\t\t\t\t\t\t\t\t\t\t\t\t\t\tJR6. Pendientes de oro blanco, perlas cultivadas y diamantes.\t\t\t\t\t\t\t\t<\/div>\n\t\t\t\t\t\t\t\t\t\t\t\t<\/div>\n\t\t\t\t\t\t\t\t\t<\/a>\n\t\t\t\t\t\t\t<a class=\"e-gallery-item elementor-gallery-item elementor-animated-content\" href=\"https:\/\/www.ferrangarreta.com\/wp-content\/uploads\/2023\/04\/11-JP4.-Penjoll-dor-groc-quars-citri-i-diamant-scaled.jpg\" data-elementor-open-lightbox=\"yes\" data-elementor-lightbox-slideshow=\"996b04c\" data-elementor-lightbox-title=\"JP4. Colgante de oro amarillo, cuarzo citrino y diamante.\" data-e-action-hash=\"#elementor-action%3Aaction%3Dlightbox%26settings%3DeyJpZCI6MTMyNDYsInVybCI6Imh0dHBzOlwvXC93d3cuZmVycmFuZ2FycmV0YS5jb21cL3dwLWNvbnRlbnRcL3VwbG9hZHNcLzIwMjNcLzA0XC8xMS1KUDQuLVBlbmpvbGwtZG9yLWdyb2MtcXVhcnMtY2l0cmktaS1kaWFtYW50LXNjYWxlZC5qcGciLCJzbGlkZXNob3ciOiI5OTZiMDRjIn0%3D\">\n\t\t\t\t\t<div class=\"e-gallery-image elementor-gallery-item__image\" data-thumbnail=\"https:\/\/www.ferrangarreta.com\/wp-content\/uploads\/2023\/04\/11-JP4.-Penjoll-dor-groc-quars-citri-i-diamant-scaled.jpg\" data-width=\"2560\" data-height=\"1920\" aria-label=\"JP4. Colgante de oro amarillo, cuarzo citrino y diamante.\" role=\"img\" ><\/div>\n\t\t\t\t\t\t\t\t\t\t\t<div class=\"elementor-gallery-item__overlay\"><\/div>\n\t\t\t\t\t\t\t\t\t\t\t\t\t\t\t<div class=\"elementor-gallery-item__content\">\n\t\t\t\t\t\t\t\t\t\t\t\t\t\t<div class=\"elementor-gallery-item__title\">\n\t\t\t\t\t\t\t\t\t\t\t\t\t\t\t\t\t\tJP4. Colgante de oro amarillo, cuarzo citrino y diamante.\t\t\t\t\t\t\t\t<\/div>\n\t\t\t\t\t\t\t\t\t\t\t\t<\/div>\n\t\t\t\t\t\t\t\t\t<\/a>\n\t\t\t\t\t\t\t<a class=\"e-gallery-item elementor-gallery-item elementor-animated-content\" href=\"https:\/\/www.ferrangarreta.com\/wp-content\/uploads\/2023\/04\/12-JR25.-Anell-i-arracades.-Or-groc-perles-cultivades-i-diamants.jpg\" data-elementor-open-lightbox=\"yes\" data-elementor-lightbox-slideshow=\"996b04c\" data-elementor-lightbox-title=\"JR25. Anillo y pendientes. Oro amarillo, perlas cultivadas y diamantes.\" data-e-action-hash=\"#elementor-action%3Aaction%3Dlightbox%26settings%3DeyJpZCI6MTMyNDksInVybCI6Imh0dHBzOlwvXC93d3cuZmVycmFuZ2FycmV0YS5jb21cL3dwLWNvbnRlbnRcL3VwbG9hZHNcLzIwMjNcLzA0XC8xMi1KUjI1Li1BbmVsbC1pLWFycmFjYWRlcy4tT3ItZ3JvYy1wZXJsZXMtY3VsdGl2YWRlcy1pLWRpYW1hbnRzLmpwZyIsInNsaWRlc2hvdyI6Ijk5NmIwNGMifQ%3D%3D\">\n\t\t\t\t\t<div class=\"e-gallery-image elementor-gallery-item__image\" data-thumbnail=\"https:\/\/www.ferrangarreta.com\/wp-content\/uploads\/2023\/04\/12-JR25.-Anell-i-arracades.-Or-groc-perles-cultivades-i-diamants.jpg\" data-width=\"800\" data-height=\"1168\" aria-label=\"JR25. Anillo y pendientes. Oro amarillo, perlas cultivadas y diamantes.\" role=\"img\" ><\/div>\n\t\t\t\t\t\t\t\t\t\t\t<div class=\"elementor-gallery-item__overlay\"><\/div>\n\t\t\t\t\t\t\t\t\t\t\t\t\t\t\t<div class=\"elementor-gallery-item__content\">\n\t\t\t\t\t\t\t\t\t\t\t\t\t\t<div class=\"elementor-gallery-item__title\">\n\t\t\t\t\t\t\t\t\t\t\t\t\t\t\t\t\t\tJR25. Anillo y pendientes. Oro amarillo, perlas cultivadas y diamantes.\t\t\t\t\t\t\t\t<\/div>\n\t\t\t\t\t\t\t\t\t\t\t\t<\/div>\n\t\t\t\t\t\t\t\t\t<\/a>\n\t\t\t\t\t\t\t<a class=\"e-gallery-item elementor-gallery-item elementor-animated-content\" href=\"https:\/\/www.ferrangarreta.com\/wp-content\/uploads\/2023\/04\/13-JP5.-Penjoll-dor-groc-i-perla-cultivada.jpg\" data-elementor-open-lightbox=\"yes\" data-elementor-lightbox-slideshow=\"996b04c\" data-elementor-lightbox-title=\"JP5. Colgante de oro amarillo y perla cultivada.\" data-e-action-hash=\"#elementor-action%3Aaction%3Dlightbox%26settings%3DeyJpZCI6MTMyNTIsInVybCI6Imh0dHBzOlwvXC93d3cuZmVycmFuZ2FycmV0YS5jb21cL3dwLWNvbnRlbnRcL3VwbG9hZHNcLzIwMjNcLzA0XC8xMy1KUDUuLVBlbmpvbGwtZG9yLWdyb2MtaS1wZXJsYS1jdWx0aXZhZGEuanBnIiwic2xpZGVzaG93IjoiOTk2YjA0YyJ9\">\n\t\t\t\t\t<div class=\"e-gallery-image elementor-gallery-item__image\" data-thumbnail=\"https:\/\/www.ferrangarreta.com\/wp-content\/uploads\/2023\/04\/13-JP5.-Penjoll-dor-groc-i-perla-cultivada.jpg\" data-width=\"1034\" data-height=\"773\" aria-label=\"JP5. Colgante de oro amarillo y perla cultivada.\" role=\"img\" ><\/div>\n\t\t\t\t\t\t\t\t\t\t\t<div class=\"elementor-gallery-item__overlay\"><\/div>\n\t\t\t\t\t\t\t\t\t\t\t\t\t\t\t<div class=\"elementor-gallery-item__content\">\n\t\t\t\t\t\t\t\t\t\t\t\t\t\t<div class=\"elementor-gallery-item__title\">\n\t\t\t\t\t\t\t\t\t\t\t\t\t\t\t\t\t\tJP5. Colgante de oro amarillo y perla cultivada.\t\t\t\t\t\t\t\t<\/div>\n\t\t\t\t\t\t\t\t\t\t\t\t<\/div>\n\t\t\t\t\t\t\t\t\t<\/a>\n\t\t\t\t\t\t\t<a class=\"e-gallery-item elementor-gallery-item elementor-animated-content\" href=\"https:\/\/www.ferrangarreta.com\/wp-content\/uploads\/2023\/04\/14-JB9.1.-Bracalet-dor-groc-quars-fumat-turmalina-verda-i-peridot-scaled.jpg\" data-elementor-open-lightbox=\"yes\" data-elementor-lightbox-slideshow=\"996b04c\" data-elementor-lightbox-title=\"JB9.1. Brazalete de oro amarillo, cuarzo ahumado, turmalina verde y peridoto.\" data-e-action-hash=\"#elementor-action%3Aaction%3Dlightbox%26settings%3DeyJpZCI6MTMyNTUsInVybCI6Imh0dHBzOlwvXC93d3cuZmVycmFuZ2FycmV0YS5jb21cL3dwLWNvbnRlbnRcL3VwbG9hZHNcLzIwMjNcLzA0XC8xNC1KQjkuMS4tQnJhY2FsZXQtZG9yLWdyb2MtcXVhcnMtZnVtYXQtdHVybWFsaW5hLXZlcmRhLWktcGVyaWRvdC1zY2FsZWQuanBnIiwic2xpZGVzaG93IjoiOTk2YjA0YyJ9\">\n\t\t\t\t\t<div class=\"e-gallery-image elementor-gallery-item__image\" data-thumbnail=\"https:\/\/www.ferrangarreta.com\/wp-content\/uploads\/2023\/04\/14-JB9.1.-Bracalet-dor-groc-quars-fumat-turmalina-verda-i-peridot-scaled.jpg\" data-width=\"2560\" data-height=\"1828\" aria-label=\"JB9.1. Brazalete de oro amarillo, cuarzo ahumado, turmalina verde y peridoto.\" role=\"img\" ><\/div>\n\t\t\t\t\t\t\t\t\t\t\t<div class=\"elementor-gallery-item__overlay\"><\/div>\n\t\t\t\t\t\t\t\t\t\t\t\t\t\t\t<div class=\"elementor-gallery-item__content\">\n\t\t\t\t\t\t\t\t\t\t\t\t\t\t<div class=\"elementor-gallery-item__title\">\n\t\t\t\t\t\t\t\t\t\t\t\t\t\t\t\t\t\tJB9.1. Brazalete de oro amarillo, cuarzo ahumado, turmalina verde y peridoto.\t\t\t\t\t\t\t\t<\/div>\n\t\t\t\t\t\t\t\t\t\t\t\t<\/div>\n\t\t\t\t\t\t\t\t\t<\/a>\n\t\t\t\t\t\t\t<a class=\"e-gallery-item elementor-gallery-item elementor-animated-content\" href=\"https:\/\/www.ferrangarreta.com\/wp-content\/uploads\/2023\/04\/15-JB8.-Bracalet-dor-blanc-i-topazis-blaus.jpg\" data-elementor-open-lightbox=\"yes\" data-elementor-lightbox-slideshow=\"996b04c\" data-elementor-lightbox-title=\"JB8. Brazalete de oro blanco y topacios azules.\" data-e-action-hash=\"#elementor-action%3Aaction%3Dlightbox%26settings%3DeyJpZCI6MTMyNTgsInVybCI6Imh0dHBzOlwvXC93d3cuZmVycmFuZ2FycmV0YS5jb21cL3dwLWNvbnRlbnRcL3VwbG9hZHNcLzIwMjNcLzA0XC8xNS1KQjguLUJyYWNhbGV0LWRvci1ibGFuYy1pLXRvcGF6aXMtYmxhdXMuanBnIiwic2xpZGVzaG93IjoiOTk2YjA0YyJ9\">\n\t\t\t\t\t<div class=\"e-gallery-image elementor-gallery-item__image\" data-thumbnail=\"https:\/\/www.ferrangarreta.com\/wp-content\/uploads\/2023\/04\/15-JB8.-Bracalet-dor-blanc-i-topazis-blaus.jpg\" data-width=\"1203\" data-height=\"902\" aria-label=\"JB8. Brazalete de oro blanco y topacios azules.\" role=\"img\" ><\/div>\n\t\t\t\t\t\t\t\t\t\t\t<div class=\"elementor-gallery-item__overlay\"><\/div>\n\t\t\t\t\t\t\t\t\t\t\t\t\t\t\t<div class=\"elementor-gallery-item__content\">\n\t\t\t\t\t\t\t\t\t\t\t\t\t\t<div class=\"elementor-gallery-item__title\">\n\t\t\t\t\t\t\t\t\t\t\t\t\t\t\t\t\t\tJB8. Brazalete de oro blanco y topacios azules.\t\t\t\t\t\t\t\t<\/div>\n\t\t\t\t\t\t\t\t\t\t\t\t<\/div>\n\t\t\t\t\t\t\t\t\t<\/a>\n\t\t\t\t\t\t\t<a class=\"e-gallery-item elementor-gallery-item elementor-animated-content\" href=\"https:\/\/www.ferrangarreta.com\/wp-content\/uploads\/2023\/04\/16-JP6.2.-Collaret-de-perles-cultivades-i-tanca-dor-groc-i-blanc.jpg\" data-elementor-open-lightbox=\"yes\" data-elementor-lightbox-slideshow=\"996b04c\" data-elementor-lightbox-title=\"JP6.2. Collar de perlas cultivadas y cierre de oro amarillo y blanco.\" data-e-action-hash=\"#elementor-action%3Aaction%3Dlightbox%26settings%3DeyJpZCI6MTMyNjEsInVybCI6Imh0dHBzOlwvXC93d3cuZmVycmFuZ2FycmV0YS5jb21cL3dwLWNvbnRlbnRcL3VwbG9hZHNcLzIwMjNcLzA0XC8xNi1KUDYuMi4tQ29sbGFyZXQtZGUtcGVybGVzLWN1bHRpdmFkZXMtaS10YW5jYS1kb3ItZ3JvYy1pLWJsYW5jLmpwZyIsInNsaWRlc2hvdyI6Ijk5NmIwNGMifQ%3D%3D\">\n\t\t\t\t\t<div class=\"e-gallery-image elementor-gallery-item__image\" data-thumbnail=\"https:\/\/www.ferrangarreta.com\/wp-content\/uploads\/2023\/04\/16-JP6.2.-Collaret-de-perles-cultivades-i-tanca-dor-groc-i-blanc.jpg\" data-width=\"2106\" data-height=\"1905\" aria-label=\"JP6.2. Collar de perlas cultivadas y cierre de oro amarillo y blanco.\" role=\"img\" ><\/div>\n\t\t\t\t\t\t\t\t\t\t\t<div class=\"elementor-gallery-item__overlay\"><\/div>\n\t\t\t\t\t\t\t\t\t\t\t\t\t\t\t<div class=\"elementor-gallery-item__content\">\n\t\t\t\t\t\t\t\t\t\t\t\t\t\t<div class=\"elementor-gallery-item__title\">\n\t\t\t\t\t\t\t\t\t\t\t\t\t\t\t\t\t\tJP6.2. Collar de perlas cultivadas y cierre de oro amarillo y blanco.\t\t\t\t\t\t\t\t<\/div>\n\t\t\t\t\t\t\t\t\t\t\t\t<\/div>\n\t\t\t\t\t\t\t\t\t<\/a>\n\t\t\t\t\t\t\t<a class=\"e-gallery-item elementor-gallery-item elementor-animated-content\" href=\"https:\/\/www.ferrangarreta.com\/wp-content\/uploads\/2023\/04\/17-JB5.-Bracalet-dor-groc-i-diamants.jpg\" data-elementor-open-lightbox=\"yes\" data-elementor-lightbox-slideshow=\"996b04c\" data-elementor-lightbox-title=\"JB5. Brazalete de oro amarillo y diamantes.\" data-e-action-hash=\"#elementor-action%3Aaction%3Dlightbox%26settings%3DeyJpZCI6MTMyNjQsInVybCI6Imh0dHBzOlwvXC93d3cuZmVycmFuZ2FycmV0YS5jb21cL3dwLWNvbnRlbnRcL3VwbG9hZHNcLzIwMjNcLzA0XC8xNy1KQjUuLUJyYWNhbGV0LWRvci1ncm9jLWktZGlhbWFudHMuanBnIiwic2xpZGVzaG93IjoiOTk2YjA0YyJ9\">\n\t\t\t\t\t<div class=\"e-gallery-image elementor-gallery-item__image\" data-thumbnail=\"https:\/\/www.ferrangarreta.com\/wp-content\/uploads\/2023\/04\/17-JB5.-Bracalet-dor-groc-i-diamants.jpg\" data-width=\"2313\" data-height=\"1872\" aria-label=\"JB5. Brazalete de oro amarillo y diamantes.\" role=\"img\" ><\/div>\n\t\t\t\t\t\t\t\t\t\t\t<div class=\"elementor-gallery-item__overlay\"><\/div>\n\t\t\t\t\t\t\t\t\t\t\t\t\t\t\t<div class=\"elementor-gallery-item__content\">\n\t\t\t\t\t\t\t\t\t\t\t\t\t\t<div class=\"elementor-gallery-item__title\">\n\t\t\t\t\t\t\t\t\t\t\t\t\t\t\t\t\t\tJB5. Brazalete de oro amarillo y diamantes.\t\t\t\t\t\t\t\t<\/div>\n\t\t\t\t\t\t\t\t\t\t\t\t<\/div>\n\t\t\t\t\t\t\t\t\t<\/a>\n\t\t\t\t\t\t\t<a class=\"e-gallery-item elementor-gallery-item elementor-animated-content\" href=\"https:\/\/www.ferrangarreta.com\/wp-content\/uploads\/2023\/04\/18-JR8.-Arracades-dor-groc-perles-cultivades-i-diamants.jpg\" data-elementor-open-lightbox=\"yes\" data-elementor-lightbox-slideshow=\"996b04c\" data-elementor-lightbox-title=\"JR8. Pendientes de oro amarillo, perlas cultivadas y diamantes.\" data-e-action-hash=\"#elementor-action%3Aaction%3Dlightbox%26settings%3DeyJpZCI6MTMyNjcsInVybCI6Imh0dHBzOlwvXC93d3cuZmVycmFuZ2FycmV0YS5jb21cL3dwLWNvbnRlbnRcL3VwbG9hZHNcLzIwMjNcLzA0XC8xOC1KUjguLUFycmFjYWRlcy1kb3ItZ3JvYy1wZXJsZXMtY3VsdGl2YWRlcy1pLWRpYW1hbnRzLmpwZyIsInNsaWRlc2hvdyI6Ijk5NmIwNGMifQ%3D%3D\">\n\t\t\t\t\t<div class=\"e-gallery-image elementor-gallery-item__image\" data-thumbnail=\"https:\/\/www.ferrangarreta.com\/wp-content\/uploads\/2023\/04\/18-JR8.-Arracades-dor-groc-perles-cultivades-i-diamants.jpg\" data-width=\"2287\" data-height=\"1715\" aria-label=\"JR8. Pendientes de oro amarillo, perlas cultivadas y diamantes.\" role=\"img\" ><\/div>\n\t\t\t\t\t\t\t\t\t\t\t<div class=\"elementor-gallery-item__overlay\"><\/div>\n\t\t\t\t\t\t\t\t\t\t\t\t\t\t\t<div class=\"elementor-gallery-item__content\">\n\t\t\t\t\t\t\t\t\t\t\t\t\t\t<div class=\"elementor-gallery-item__title\">\n\t\t\t\t\t\t\t\t\t\t\t\t\t\t\t\t\t\tJR8. Pendientes de oro amarillo, perlas cultivadas y diamantes.\t\t\t\t\t\t\t\t<\/div>\n\t\t\t\t\t\t\t\t\t\t\t\t<\/div>\n\t\t\t\t\t\t\t\t\t<\/a>\n\t\t\t\t\t\t\t<a class=\"e-gallery-item elementor-gallery-item elementor-animated-content\" href=\"https:\/\/www.ferrangarreta.com\/wp-content\/uploads\/2023\/04\/19-JR10.-Arracades-dor-groc-perles-cultivades-i-diamants.jpg\" data-elementor-open-lightbox=\"yes\" data-elementor-lightbox-slideshow=\"996b04c\" data-elementor-lightbox-title=\"JR10. Pendientes de oro amarillo, perlas cultivadas y diamantes.\" data-e-action-hash=\"#elementor-action%3Aaction%3Dlightbox%26settings%3DeyJpZCI6MTMyNzAsInVybCI6Imh0dHBzOlwvXC93d3cuZmVycmFuZ2FycmV0YS5jb21cL3dwLWNvbnRlbnRcL3VwbG9hZHNcLzIwMjNcLzA0XC8xOS1KUjEwLi1BcnJhY2FkZXMtZG9yLWdyb2MtcGVybGVzLWN1bHRpdmFkZXMtaS1kaWFtYW50cy5qcGciLCJzbGlkZXNob3ciOiI5OTZiMDRjIn0%3D\">\n\t\t\t\t\t<div class=\"e-gallery-image elementor-gallery-item__image\" data-thumbnail=\"https:\/\/www.ferrangarreta.com\/wp-content\/uploads\/2023\/04\/19-JR10.-Arracades-dor-groc-perles-cultivades-i-diamants.jpg\" data-width=\"2500\" data-height=\"2024\" aria-label=\"JR10. Pendientes de oro amarillo, perlas cultivadas y diamantes.\" role=\"img\" ><\/div>\n\t\t\t\t\t\t\t\t\t\t\t<div class=\"elementor-gallery-item__overlay\"><\/div>\n\t\t\t\t\t\t\t\t\t\t\t\t\t\t\t<div class=\"elementor-gallery-item__content\">\n\t\t\t\t\t\t\t\t\t\t\t\t\t\t<div class=\"elementor-gallery-item__title\">\n\t\t\t\t\t\t\t\t\t\t\t\t\t\t\t\t\t\tJR10. Pendientes de oro amarillo, perlas cultivadas y diamantes.\t\t\t\t\t\t\t\t<\/div>\n\t\t\t\t\t\t\t\t\t\t\t\t<\/div>\n\t\t\t\t\t\t\t\t\t<\/a>\n\t\t\t\t\t\t\t<a class=\"e-gallery-item elementor-gallery-item elementor-animated-content\" href=\"https:\/\/www.ferrangarreta.com\/wp-content\/uploads\/2023\/04\/20-JB10.-Bracalet-de-plata-perles-cultivades-i-cuir-scaled.jpg\" data-elementor-open-lightbox=\"yes\" data-elementor-lightbox-slideshow=\"996b04c\" data-elementor-lightbox-title=\"JB10. Brazalete de plata, perlas cultivadas y cuero.\" data-e-action-hash=\"#elementor-action%3Aaction%3Dlightbox%26settings%3DeyJpZCI6MTMyNzMsInVybCI6Imh0dHBzOlwvXC93d3cuZmVycmFuZ2FycmV0YS5jb21cL3dwLWNvbnRlbnRcL3VwbG9hZHNcLzIwMjNcLzA0XC8yMC1KQjEwLi1CcmFjYWxldC1kZS1wbGF0YS1wZXJsZXMtY3VsdGl2YWRlcy1pLWN1aXItc2NhbGVkLmpwZyIsInNsaWRlc2hvdyI6Ijk5NmIwNGMifQ%3D%3D\">\n\t\t\t\t\t<div class=\"e-gallery-image elementor-gallery-item__image\" data-thumbnail=\"https:\/\/www.ferrangarreta.com\/wp-content\/uploads\/2023\/04\/20-JB10.-Bracalet-de-plata-perles-cultivades-i-cuir-scaled.jpg\" data-width=\"2560\" data-height=\"1829\" aria-label=\"JB10. Brazalete de plata, perlas cultivadas y cuero.\" role=\"img\" ><\/div>\n\t\t\t\t\t\t\t\t\t\t\t<div class=\"elementor-gallery-item__overlay\"><\/div>\n\t\t\t\t\t\t\t\t\t\t\t\t\t\t\t<div class=\"elementor-gallery-item__content\">\n\t\t\t\t\t\t\t\t\t\t\t\t\t\t<div class=\"elementor-gallery-item__title\">\n\t\t\t\t\t\t\t\t\t\t\t\t\t\t\t\t\t\tJB10. Brazalete de plata, perlas cultivadas y cuero.\t\t\t\t\t\t\t\t<\/div>\n\t\t\t\t\t\t\t\t\t\t\t\t<\/div>\n\t\t\t\t\t\t\t\t\t<\/a>\n\t\t\t\t\t\t\t<a class=\"e-gallery-item elementor-gallery-item elementor-animated-content\" href=\"https:\/\/www.ferrangarreta.com\/wp-content\/uploads\/2023\/04\/21-JP7.-Penjoll-i-arracades-dor-groc-turquesa-i-diamants.jpg\" data-elementor-open-lightbox=\"yes\" data-elementor-lightbox-slideshow=\"996b04c\" data-elementor-lightbox-title=\"JP7. Colgante y pendientes de oro amarillo, turquesa y diamantes.\" data-e-action-hash=\"#elementor-action%3Aaction%3Dlightbox%26settings%3DeyJpZCI6MTMyNzYsInVybCI6Imh0dHBzOlwvXC93d3cuZmVycmFuZ2FycmV0YS5jb21cL3dwLWNvbnRlbnRcL3VwbG9hZHNcLzIwMjNcLzA0XC8yMS1KUDcuLVBlbmpvbGwtaS1hcnJhY2FkZXMtZG9yLWdyb2MtdHVycXVlc2EtaS1kaWFtYW50cy5qcGciLCJzbGlkZXNob3ciOiI5OTZiMDRjIn0%3D\">\n\t\t\t\t\t<div class=\"e-gallery-image elementor-gallery-item__image\" data-thumbnail=\"https:\/\/www.ferrangarreta.com\/wp-content\/uploads\/2023\/04\/21-JP7.-Penjoll-i-arracades-dor-groc-turquesa-i-diamants.jpg\" data-width=\"1912\" data-height=\"1912\" aria-label=\"JP7. Colgante y pendientes de oro amarillo, turquesa y diamantes.\" role=\"img\" ><\/div>\n\t\t\t\t\t\t\t\t\t\t\t<div class=\"elementor-gallery-item__overlay\"><\/div>\n\t\t\t\t\t\t\t\t\t\t\t\t\t\t\t<div class=\"elementor-gallery-item__content\">\n\t\t\t\t\t\t\t\t\t\t\t\t\t\t<div class=\"elementor-gallery-item__title\">\n\t\t\t\t\t\t\t\t\t\t\t\t\t\t\t\t\t\tJP7. Colgante y pendientes de oro amarillo, turquesa y diamantes.\t\t\t\t\t\t\t\t<\/div>\n\t\t\t\t\t\t\t\t\t\t\t\t<\/div>\n\t\t\t\t\t\t\t\t\t<\/a>\n\t\t\t\t\t\t\t<a class=\"e-gallery-item elementor-gallery-item elementor-animated-content\" href=\"https:\/\/www.ferrangarreta.com\/wp-content\/uploads\/2023\/04\/22-JP8.-Penjoll-de-nacre-or-blanc-ametistes-i-diamants.jpg\" data-elementor-open-lightbox=\"yes\" data-elementor-lightbox-slideshow=\"996b04c\" data-elementor-lightbox-title=\"JP8. Colgante de n\u00e1car, oro blanco, amatistas y diamantes.\" data-e-action-hash=\"#elementor-action%3Aaction%3Dlightbox%26settings%3DeyJpZCI6MTMyNzksInVybCI6Imh0dHBzOlwvXC93d3cuZmVycmFuZ2FycmV0YS5jb21cL3dwLWNvbnRlbnRcL3VwbG9hZHNcLzIwMjNcLzA0XC8yMi1KUDguLVBlbmpvbGwtZGUtbmFjcmUtb3ItYmxhbmMtYW1ldGlzdGVzLWktZGlhbWFudHMuanBnIiwic2xpZGVzaG93IjoiOTk2YjA0YyJ9\">\n\t\t\t\t\t<div class=\"e-gallery-image elementor-gallery-item__image\" data-thumbnail=\"https:\/\/www.ferrangarreta.com\/wp-content\/uploads\/2023\/04\/22-JP8.-Penjoll-de-nacre-or-blanc-ametistes-i-diamants.jpg\" data-width=\"1943\" data-height=\"2040\" aria-label=\"JP8. Colgante de n\u00e1car, oro blanco, amatistas y diamantes.\" role=\"img\" ><\/div>\n\t\t\t\t\t\t\t\t\t\t\t<div class=\"elementor-gallery-item__overlay\"><\/div>\n\t\t\t\t\t\t\t\t\t\t\t\t\t\t\t<div class=\"elementor-gallery-item__content\">\n\t\t\t\t\t\t\t\t\t\t\t\t\t\t<div class=\"elementor-gallery-item__title\">\n\t\t\t\t\t\t\t\t\t\t\t\t\t\t\t\t\t\tJP8. Colgante de n\u00e1car, oro blanco, amatistas y diamantes.\t\t\t\t\t\t\t\t<\/div>\n\t\t\t\t\t\t\t\t\t\t\t\t<\/div>\n\t\t\t\t\t\t\t\t\t<\/a>\n\t\t\t\t\t\t\t<a class=\"e-gallery-item elementor-gallery-item elementor-animated-content\" href=\"https:\/\/www.ferrangarreta.com\/wp-content\/uploads\/2023\/04\/23-JP9.-Penjoll-dor-groc-i-robi-talla-princesa.jpg\" data-elementor-open-lightbox=\"yes\" data-elementor-lightbox-slideshow=\"996b04c\" data-elementor-lightbox-title=\"JP9. Colgante de oro amarillo y rub\u00ed talla princesa.\" data-e-action-hash=\"#elementor-action%3Aaction%3Dlightbox%26settings%3DeyJpZCI6MTMyODIsInVybCI6Imh0dHBzOlwvXC93d3cuZmVycmFuZ2FycmV0YS5jb21cL3dwLWNvbnRlbnRcL3VwbG9hZHNcLzIwMjNcLzA0XC8yMy1KUDkuLVBlbmpvbGwtZG9yLWdyb2MtaS1yb2JpLXRhbGxhLXByaW5jZXNhLmpwZyIsInNsaWRlc2hvdyI6Ijk5NmIwNGMifQ%3D%3D\">\n\t\t\t\t\t<div class=\"e-gallery-image elementor-gallery-item__image\" data-thumbnail=\"https:\/\/www.ferrangarreta.com\/wp-content\/uploads\/2023\/04\/23-JP9.-Penjoll-dor-groc-i-robi-talla-princesa.jpg\" data-width=\"2366\" data-height=\"1690\" aria-label=\"JP9. Colgante de oro amarillo y rub\u00ed talla princesa.\" role=\"img\" ><\/div>\n\t\t\t\t\t\t\t\t\t\t\t<div class=\"elementor-gallery-item__overlay\"><\/div>\n\t\t\t\t\t\t\t\t\t\t\t\t\t\t\t<div class=\"elementor-gallery-item__content\">\n\t\t\t\t\t\t\t\t\t\t\t\t\t\t<div class=\"elementor-gallery-item__title\">\n\t\t\t\t\t\t\t\t\t\t\t\t\t\t\t\t\t\tJP9. Colgante de oro amarillo y rub\u00ed talla princesa.\t\t\t\t\t\t\t\t<\/div>\n\t\t\t\t\t\t\t\t\t\t\t\t<\/div>\n\t\t\t\t\t\t\t\t\t<\/a>\n\t\t\t\t\t\t\t<a class=\"e-gallery-item elementor-gallery-item elementor-animated-content\" href=\"https:\/\/www.ferrangarreta.com\/wp-content\/uploads\/2023\/04\/24-JN5.-Anell-dor-blanc-amb-pave-de-robins-i-diamant-talla-princesa.jpg\" data-elementor-open-lightbox=\"yes\" data-elementor-lightbox-slideshow=\"996b04c\" data-elementor-lightbox-title=\"JN5. Anillo de oro blanco con pav\u00e9 de rub\u00edes y diamante talla princesa.\" data-e-action-hash=\"#elementor-action%3Aaction%3Dlightbox%26settings%3DeyJpZCI6MTMyODUsInVybCI6Imh0dHBzOlwvXC93d3cuZmVycmFuZ2FycmV0YS5jb21cL3dwLWNvbnRlbnRcL3VwbG9hZHNcLzIwMjNcLzA0XC8yNC1KTjUuLUFuZWxsLWRvci1ibGFuYy1hbWItcGF2ZS1kZS1yb2JpbnMtaS1kaWFtYW50LXRhbGxhLXByaW5jZXNhLmpwZyIsInNsaWRlc2hvdyI6Ijk5NmIwNGMifQ%3D%3D\">\n\t\t\t\t\t<div class=\"e-gallery-image elementor-gallery-item__image\" data-thumbnail=\"https:\/\/www.ferrangarreta.com\/wp-content\/uploads\/2023\/04\/24-JN5.-Anell-dor-blanc-amb-pave-de-robins-i-diamant-talla-princesa.jpg\" data-width=\"686\" data-height=\"686\" aria-label=\"JN5. Anillo de oro blanco con pav\u00e9 de rub\u00edes y diamante talla princesa.\" role=\"img\" ><\/div>\n\t\t\t\t\t\t\t\t\t\t\t<div class=\"elementor-gallery-item__overlay\"><\/div>\n\t\t\t\t\t\t\t\t\t\t\t\t\t\t\t<div class=\"elementor-gallery-item__content\">\n\t\t\t\t\t\t\t\t\t\t\t\t\t\t<div class=\"elementor-gallery-item__title\">\n\t\t\t\t\t\t\t\t\t\t\t\t\t\t\t\t\t\tJN5. Anillo de oro blanco con pav\u00e9 de rub\u00edes y diamante talla princesa.\t\t\t\t\t\t\t\t<\/div>\n\t\t\t\t\t\t\t\t\t\t\t\t<\/div>\n\t\t\t\t\t\t\t\t\t<\/a>\n\t\t\t\t\t\t\t<a class=\"e-gallery-item elementor-gallery-item elementor-animated-content\" href=\"https:\/\/www.ferrangarreta.com\/wp-content\/uploads\/2023\/04\/25-JE6.-Fermall-dor-groc-esmalts-al-foc-en-vitrall.jpg\" data-elementor-open-lightbox=\"yes\" data-elementor-lightbox-slideshow=\"996b04c\" data-elementor-lightbox-title=\"JE6. Broche de oro amarillo, esmaltes al fuego en vitral.\" data-e-action-hash=\"#elementor-action%3Aaction%3Dlightbox%26settings%3DeyJpZCI6MTMyODgsInVybCI6Imh0dHBzOlwvXC93d3cuZmVycmFuZ2FycmV0YS5jb21cL3dwLWNvbnRlbnRcL3VwbG9hZHNcLzIwMjNcLzA0XC8yNS1KRTYuLUZlcm1hbGwtZG9yLWdyb2MtZXNtYWx0cy1hbC1mb2MtZW4tdml0cmFsbC5qcGciLCJzbGlkZXNob3ciOiI5OTZiMDRjIn0%3D\">\n\t\t\t\t\t<div class=\"e-gallery-image elementor-gallery-item__image\" data-thumbnail=\"https:\/\/www.ferrangarreta.com\/wp-content\/uploads\/2023\/04\/25-JE6.-Fermall-dor-groc-esmalts-al-foc-en-vitrall.jpg\" data-width=\"1894\" data-height=\"1894\" aria-label=\"JE6. Broche de oro amarillo, esmaltes al fuego en vitral.\" role=\"img\" ><\/div>\n\t\t\t\t\t\t\t\t\t\t\t<div class=\"elementor-gallery-item__overlay\"><\/div>\n\t\t\t\t\t\t\t\t\t\t\t\t\t\t\t<div class=\"elementor-gallery-item__content\">\n\t\t\t\t\t\t\t\t\t\t\t\t\t\t<div class=\"elementor-gallery-item__title\">\n\t\t\t\t\t\t\t\t\t\t\t\t\t\t\t\t\t\tJE6. Broche de oro amarillo, esmaltes al fuego en vitral.\t\t\t\t\t\t\t\t<\/div>\n\t\t\t\t\t\t\t\t\t\t\t\t<\/div>\n\t\t\t\t\t\t\t\t\t<\/a>\n\t\t\t\t\t\t\t<a class=\"e-gallery-item elementor-gallery-item elementor-animated-content\" href=\"https:\/\/www.ferrangarreta.com\/wp-content\/uploads\/2023\/04\/26-JB2.1.-Bracalet-dor-groc-esmalts-al-foc-en-vitrall-crisopras-safirs-i-diamants-scaled.jpg\" data-elementor-open-lightbox=\"yes\" data-elementor-lightbox-slideshow=\"996b04c\" data-elementor-lightbox-title=\"JB2.1. Brazalete de oro amarillo, esmaltes al fuego en vitral, crisoprasa, esmeralda, zafiros y diamantes.\" data-e-action-hash=\"#elementor-action%3Aaction%3Dlightbox%26settings%3DeyJpZCI6MTMyOTEsInVybCI6Imh0dHBzOlwvXC93d3cuZmVycmFuZ2FycmV0YS5jb21cL3dwLWNvbnRlbnRcL3VwbG9hZHNcLzIwMjNcLzA0XC8yNi1KQjIuMS4tQnJhY2FsZXQtZG9yLWdyb2MtZXNtYWx0cy1hbC1mb2MtZW4tdml0cmFsbC1jcmlzb3ByYXMtc2FmaXJzLWktZGlhbWFudHMtc2NhbGVkLmpwZyIsInNsaWRlc2hvdyI6Ijk5NmIwNGMifQ%3D%3D\">\n\t\t\t\t\t<div class=\"e-gallery-image elementor-gallery-item__image\" data-thumbnail=\"https:\/\/www.ferrangarreta.com\/wp-content\/uploads\/2023\/04\/26-JB2.1.-Bracalet-dor-groc-esmalts-al-foc-en-vitrall-crisopras-safirs-i-diamants-scaled.jpg\" data-width=\"2560\" data-height=\"2072\" aria-label=\"JB2.1. Brazalete de oro amarillo, esmaltes al fuego en vitral, crisoprasa, esmeralda, zafiros y diamantes.\" role=\"img\" ><\/div>\n\t\t\t\t\t\t\t\t\t\t\t<div class=\"elementor-gallery-item__overlay\"><\/div>\n\t\t\t\t\t\t\t\t\t\t\t\t\t\t\t<div class=\"elementor-gallery-item__content\">\n\t\t\t\t\t\t\t\t\t\t\t\t\t\t<div class=\"elementor-gallery-item__title\">\n\t\t\t\t\t\t\t\t\t\t\t\t\t\t\t\t\t\tJB2.1. Brazalete de oro amarillo, esmaltes al fuego en vitral, crisoprasa, esmeralda, zafiros y diamantes.\t\t\t\t\t\t\t\t<\/div>\n\t\t\t\t\t\t\t\t\t\t\t\t<\/div>\n\t\t\t\t\t\t\t\t\t<\/a>\n\t\t\t\t\t\t\t<a class=\"e-gallery-item elementor-gallery-item elementor-animated-content\" href=\"https:\/\/www.ferrangarreta.com\/wp-content\/uploads\/2023\/04\/27-JL20.-Aliances-dor-groc-i-diamant.jpg\" data-elementor-open-lightbox=\"yes\" data-elementor-lightbox-slideshow=\"996b04c\" data-elementor-lightbox-title=\"JL20. Alianzas de oro amarillo y diamante.\" data-e-action-hash=\"#elementor-action%3Aaction%3Dlightbox%26settings%3DeyJpZCI6MTMyOTQsInVybCI6Imh0dHBzOlwvXC93d3cuZmVycmFuZ2FycmV0YS5jb21cL3dwLWNvbnRlbnRcL3VwbG9hZHNcLzIwMjNcLzA0XC8yNy1KTDIwLi1BbGlhbmNlcy1kb3ItZ3JvYy1pLWRpYW1hbnQuanBnIiwic2xpZGVzaG93IjoiOTk2YjA0YyJ9\">\n\t\t\t\t\t<div class=\"e-gallery-image elementor-gallery-item__image\" data-thumbnail=\"https:\/\/www.ferrangarreta.com\/wp-content\/uploads\/2023\/04\/27-JL20.-Aliances-dor-groc-i-diamant.jpg\" data-width=\"1848\" data-height=\"1848\" aria-label=\"\" role=\"img\" ><\/div>\n\t\t\t\t\t\t\t\t\t\t\t<div class=\"elementor-gallery-item__overlay\"><\/div>\n\t\t\t\t\t\t\t\t\t\t\t\t\t\t\t<div class=\"elementor-gallery-item__content\">\n\t\t\t\t\t\t\t\t\t\t\t\t\t\t<div class=\"elementor-gallery-item__title\">\n\t\t\t\t\t\t\t\t\t\t\t\t\t\t\t\t\t\tJL20. Alianzas de oro amarillo y diamante.\t\t\t\t\t\t\t\t<\/div>\n\t\t\t\t\t\t\t\t\t\t\t\t<\/div>\n\t\t\t\t\t\t\t\t\t<\/a>\n\t\t\t\t\t\t\t<a class=\"e-gallery-item elementor-gallery-item elementor-animated-content\" href=\"https:\/\/www.ferrangarreta.com\/wp-content\/uploads\/2023\/04\/28-JA9.-Anell-dor-amb-camafeu-de-pasta-vitria-scaled.jpg\" data-elementor-open-lightbox=\"yes\" data-elementor-lightbox-slideshow=\"996b04c\" data-elementor-lightbox-title=\"JA9. Anillo de oro con camafeo de pasta v\u00edtrea.\" data-e-action-hash=\"#elementor-action%3Aaction%3Dlightbox%26settings%3DeyJpZCI6MTMyOTcsInVybCI6Imh0dHBzOlwvXC93d3cuZmVycmFuZ2FycmV0YS5jb21cL3dwLWNvbnRlbnRcL3VwbG9hZHNcLzIwMjNcLzA0XC8yOC1KQTkuLUFuZWxsLWRvci1hbWItY2FtYWZldS1kZS1wYXN0YS12aXRyaWEtc2NhbGVkLmpwZyIsInNsaWRlc2hvdyI6Ijk5NmIwNGMifQ%3D%3D\">\n\t\t\t\t\t<div class=\"e-gallery-image elementor-gallery-item__image\" data-thumbnail=\"https:\/\/www.ferrangarreta.com\/wp-content\/uploads\/2023\/04\/28-JA9.-Anell-dor-amb-camafeu-de-pasta-vitria-scaled.jpg\" data-width=\"2560\" data-height=\"2560\" aria-label=\"JA9. Anillo de oro con camafeo de pasta v\u00edtrea.\" role=\"img\" ><\/div>\n\t\t\t\t\t\t\t\t\t\t\t<div class=\"elementor-gallery-item__overlay\"><\/div>\n\t\t\t\t\t\t\t\t\t\t\t\t\t\t\t<div class=\"elementor-gallery-item__content\">\n\t\t\t\t\t\t\t\t\t\t\t\t\t\t<div class=\"elementor-gallery-item__title\">\n\t\t\t\t\t\t\t\t\t\t\t\t\t\t\t\t\t\tJA9. Anillo de oro con camafeo de pasta v\u00edtrea.\t\t\t\t\t\t\t\t<\/div>\n\t\t\t\t\t\t\t\t\t\t\t\t<\/div>\n\t\t\t\t\t\t\t\t\t<\/a>\n\t\t\t\t\t\t\t<a class=\"e-gallery-item elementor-gallery-item elementor-animated-content\" href=\"https:\/\/www.ferrangarreta.com\/wp-content\/uploads\/2023\/04\/29-JR12.-Arracades-dor-groc-i-diamants.jpg\" data-elementor-open-lightbox=\"yes\" data-elementor-lightbox-slideshow=\"996b04c\" data-elementor-lightbox-title=\"JR12. Pendientes de oro amarillo y diamantes.\" data-e-action-hash=\"#elementor-action%3Aaction%3Dlightbox%26settings%3DeyJpZCI6MTMzMDAsInVybCI6Imh0dHBzOlwvXC93d3cuZmVycmFuZ2FycmV0YS5jb21cL3dwLWNvbnRlbnRcL3VwbG9hZHNcLzIwMjNcLzA0XC8yOS1KUjEyLi1BcnJhY2FkZXMtZG9yLWdyb2MtaS1kaWFtYW50cy5qcGciLCJzbGlkZXNob3ciOiI5OTZiMDRjIn0%3D\">\n\t\t\t\t\t<div class=\"e-gallery-image elementor-gallery-item__image\" data-thumbnail=\"https:\/\/www.ferrangarreta.com\/wp-content\/uploads\/2023\/04\/29-JR12.-Arracades-dor-groc-i-diamants.jpg\" data-width=\"586\" data-height=\"586\" aria-label=\"JR12. Pendientes de oro amarillo y diamantes.\" role=\"img\" ><\/div>\n\t\t\t\t\t\t\t\t\t\t\t<div class=\"elementor-gallery-item__overlay\"><\/div>\n\t\t\t\t\t\t\t\t\t\t\t\t\t\t\t<div class=\"elementor-gallery-item__content\">\n\t\t\t\t\t\t\t\t\t\t\t\t\t\t<div class=\"elementor-gallery-item__title\">\n\t\t\t\t\t\t\t\t\t\t\t\t\t\t\t\t\t\tJR12. Pendientes de oro amarillo y diamantes.\t\t\t\t\t\t\t\t<\/div>\n\t\t\t\t\t\t\t\t\t\t\t\t<\/div>\n\t\t\t\t\t\t\t\t\t<\/a>\n\t\t\t\t\t\t\t<a class=\"e-gallery-item elementor-gallery-item elementor-animated-content\" href=\"https:\/\/www.ferrangarreta.com\/wp-content\/uploads\/2023\/04\/30-JP10.-Penjoll-dor-blanc-perla-cultivada-i-turqueses-scaled.jpg\" data-elementor-open-lightbox=\"yes\" data-elementor-lightbox-slideshow=\"996b04c\" data-elementor-lightbox-title=\"JP10. Colgante de oro blanco, perla cultivada y turquesas.\" data-e-action-hash=\"#elementor-action%3Aaction%3Dlightbox%26settings%3DeyJpZCI6MTMzMDMsInVybCI6Imh0dHBzOlwvXC93d3cuZmVycmFuZ2FycmV0YS5jb21cL3dwLWNvbnRlbnRcL3VwbG9hZHNcLzIwMjNcLzA0XC8zMC1KUDEwLi1QZW5qb2xsLWRvci1ibGFuYy1wZXJsYS1jdWx0aXZhZGEtaS10dXJxdWVzZXMtc2NhbGVkLmpwZyIsInNsaWRlc2hvdyI6Ijk5NmIwNGMifQ%3D%3D\">\n\t\t\t\t\t<div class=\"e-gallery-image elementor-gallery-item__image\" data-thumbnail=\"https:\/\/www.ferrangarreta.com\/wp-content\/uploads\/2023\/04\/30-JP10.-Penjoll-dor-blanc-perla-cultivada-i-turqueses-scaled.jpg\" data-width=\"1646\" data-height=\"2560\" aria-label=\"JP10. Colgante de oro blanco, perla cultivada y turquesas.\" role=\"img\" ><\/div>\n\t\t\t\t\t\t\t\t\t\t\t<div class=\"elementor-gallery-item__overlay\"><\/div>\n\t\t\t\t\t\t\t\t\t\t\t\t\t\t\t<div class=\"elementor-gallery-item__content\">\n\t\t\t\t\t\t\t\t\t\t\t\t\t\t<div class=\"elementor-gallery-item__title\">\n\t\t\t\t\t\t\t\t\t\t\t\t\t\t\t\t\t\tJP10. Colgante de oro blanco, perla cultivada y turquesas.\t\t\t\t\t\t\t\t<\/div>\n\t\t\t\t\t\t\t\t\t\t\t\t<\/div>\n\t\t\t\t\t\t\t\t\t<\/a>\n\t\t\t\t\t\t\t<a class=\"e-gallery-item elementor-gallery-item elementor-animated-content\" href=\"https:\/\/www.ferrangarreta.com\/wp-content\/uploads\/2023\/04\/31-JN14.-Anell-dor-blanc-amb-pave-de-diamants.jpg\" data-elementor-open-lightbox=\"yes\" data-elementor-lightbox-slideshow=\"996b04c\" data-elementor-lightbox-title=\"JN14. Anell d\u2019or blanc amb pav\u00e9 de diamants\" data-e-action-hash=\"#elementor-action%3Aaction%3Dlightbox%26settings%3DeyJpZCI6MTMzMDYsInVybCI6Imh0dHBzOlwvXC93d3cuZmVycmFuZ2FycmV0YS5jb21cL3dwLWNvbnRlbnRcL3VwbG9hZHNcLzIwMjNcLzA0XC8zMS1KTjE0Li1BbmVsbC1kb3ItYmxhbmMtYW1iLXBhdmUtZGUtZGlhbWFudHMuanBnIiwic2xpZGVzaG93IjoiOTk2YjA0YyJ9\">\n\t\t\t\t\t<div class=\"e-gallery-image elementor-gallery-item__image\" data-thumbnail=\"https:\/\/www.ferrangarreta.com\/wp-content\/uploads\/2023\/04\/31-JN14.-Anell-dor-blanc-amb-pave-de-diamants.jpg\" data-width=\"645\" data-height=\"695\" aria-label=\"\" role=\"img\" ><\/div>\n\t\t\t\t\t\t\t\t\t\t\t<div class=\"elementor-gallery-item__overlay\"><\/div>\n\t\t\t\t\t\t\t\t\t\t\t\t\t\t\t<div class=\"elementor-gallery-item__content\">\n\t\t\t\t\t\t\t\t\t\t\t\t\t\t<div class=\"elementor-gallery-item__title\">\n\t\t\t\t\t\t\t\t\t\t\t\t\t\t\t\t\t\tJN14. Anell d\u2019or blanc amb pav\u00e9 de diamants\t\t\t\t\t\t\t\t<\/div>\n\t\t\t\t\t\t\t\t\t\t\t\t<\/div>\n\t\t\t\t\t\t\t\t\t<\/a>\n\t\t\t\t\t\t\t<a class=\"e-gallery-item elementor-gallery-item elementor-animated-content\" href=\"https:\/\/www.ferrangarreta.com\/wp-content\/uploads\/2023\/04\/32-JN27.-Anell-dor-blanc-i-diamants.jpg\" data-elementor-open-lightbox=\"yes\" data-elementor-lightbox-slideshow=\"996b04c\" data-elementor-lightbox-title=\"JN27. Anillo de oro blanco y diamantes.\" data-e-action-hash=\"#elementor-action%3Aaction%3Dlightbox%26settings%3DeyJpZCI6MTMzMDksInVybCI6Imh0dHBzOlwvXC93d3cuZmVycmFuZ2FycmV0YS5jb21cL3dwLWNvbnRlbnRcL3VwbG9hZHNcLzIwMjNcLzA0XC8zMi1KTjI3Li1BbmVsbC1kb3ItYmxhbmMtaS1kaWFtYW50cy5qcGciLCJzbGlkZXNob3ciOiI5OTZiMDRjIn0%3D\">\n\t\t\t\t\t<div class=\"e-gallery-image elementor-gallery-item__image\" data-thumbnail=\"https:\/\/www.ferrangarreta.com\/wp-content\/uploads\/2023\/04\/32-JN27.-Anell-dor-blanc-i-diamants.jpg\" data-width=\"400\" data-height=\"400\" aria-label=\"JN27. Anillo de oro blanco y diamantes.\" role=\"img\" ><\/div>\n\t\t\t\t\t\t\t\t\t\t\t<div class=\"elementor-gallery-item__overlay\"><\/div>\n\t\t\t\t\t\t\t\t\t\t\t\t\t\t\t<div class=\"elementor-gallery-item__content\">\n\t\t\t\t\t\t\t\t\t\t\t\t\t\t<div class=\"elementor-gallery-item__title\">\n\t\t\t\t\t\t\t\t\t\t\t\t\t\t\t\t\t\tJN27. Anillo de oro blanco y diamantes.\t\t\t\t\t\t\t\t<\/div>\n\t\t\t\t\t\t\t\t\t\t\t\t<\/div>\n\t\t\t\t\t\t\t\t\t<\/a>\n\t\t\t\t\t\t\t<a class=\"e-gallery-item elementor-gallery-item elementor-animated-content\" href=\"https:\/\/www.ferrangarreta.com\/wp-content\/uploads\/2023\/04\/33-JR1.-Arracades-dor-blanc-i-aiguamarines-talla-princesa.jpg\" data-elementor-open-lightbox=\"yes\" data-elementor-lightbox-slideshow=\"996b04c\" data-elementor-lightbox-title=\"JR1. Pendientes de oro blanco y aguamarinas talla princesa.\" data-e-action-hash=\"#elementor-action%3Aaction%3Dlightbox%26settings%3DeyJpZCI6MTMzMTIsInVybCI6Imh0dHBzOlwvXC93d3cuZmVycmFuZ2FycmV0YS5jb21cL3dwLWNvbnRlbnRcL3VwbG9hZHNcLzIwMjNcLzA0XC8zMy1KUjEuLUFycmFjYWRlcy1kb3ItYmxhbmMtaS1haWd1YW1hcmluZXMtdGFsbGEtcHJpbmNlc2EuanBnIiwic2xpZGVzaG93IjoiOTk2YjA0YyJ9\">\n\t\t\t\t\t<div class=\"e-gallery-image elementor-gallery-item__image\" data-thumbnail=\"https:\/\/www.ferrangarreta.com\/wp-content\/uploads\/2023\/04\/33-JR1.-Arracades-dor-blanc-i-aiguamarines-talla-princesa.jpg\" data-width=\"2371\" data-height=\"1694\" aria-label=\"JR1. Pendientes de oro blanco y aguamarinas talla princesa.\" role=\"img\" ><\/div>\n\t\t\t\t\t\t\t\t\t\t\t<div class=\"elementor-gallery-item__overlay\"><\/div>\n\t\t\t\t\t\t\t\t\t\t\t\t\t\t\t<div class=\"elementor-gallery-item__content\">\n\t\t\t\t\t\t\t\t\t\t\t\t\t\t<div class=\"elementor-gallery-item__title\">\n\t\t\t\t\t\t\t\t\t\t\t\t\t\t\t\t\t\tJR1. Pendientes de oro blanco y aguamarinas talla princesa.\t\t\t\t\t\t\t\t<\/div>\n\t\t\t\t\t\t\t\t\t\t\t\t<\/div>\n\t\t\t\t\t\t\t\t\t<\/a>\n\t\t\t\t\t\t\t<a class=\"e-gallery-item elementor-gallery-item elementor-animated-content\" href=\"https:\/\/www.ferrangarreta.com\/wp-content\/uploads\/2023\/04\/34-JR22.-Arracades-i-penjoll.-Or-groc-i-quarts-citri.jpg\" data-elementor-open-lightbox=\"yes\" data-elementor-lightbox-slideshow=\"996b04c\" data-elementor-lightbox-title=\"JR22. Pendientes y colgante. Oro amarillo y cuarzo citrino.\" data-e-action-hash=\"#elementor-action%3Aaction%3Dlightbox%26settings%3DeyJpZCI6MTMzMTUsInVybCI6Imh0dHBzOlwvXC93d3cuZmVycmFuZ2FycmV0YS5jb21cL3dwLWNvbnRlbnRcL3VwbG9hZHNcLzIwMjNcLzA0XC8zNC1KUjIyLi1BcnJhY2FkZXMtaS1wZW5qb2xsLi1Pci1ncm9jLWktcXVhcnRzLWNpdHJpLmpwZyIsInNsaWRlc2hvdyI6Ijk5NmIwNGMifQ%3D%3D\">\n\t\t\t\t\t<div class=\"e-gallery-image elementor-gallery-item__image\" data-thumbnail=\"https:\/\/www.ferrangarreta.com\/wp-content\/uploads\/2023\/04\/34-JR22.-Arracades-i-penjoll.-Or-groc-i-quarts-citri.jpg\" data-width=\"2295\" data-height=\"1785\" aria-label=\"JR22. Pendientes y colgante. Oro amarillo y cuarzo citrino.\" role=\"img\" ><\/div>\n\t\t\t\t\t\t\t\t\t\t\t<div class=\"elementor-gallery-item__overlay\"><\/div>\n\t\t\t\t\t\t\t\t\t\t\t\t\t\t\t<div class=\"elementor-gallery-item__content\">\n\t\t\t\t\t\t\t\t\t\t\t\t\t\t<div class=\"elementor-gallery-item__title\">\n\t\t\t\t\t\t\t\t\t\t\t\t\t\t\t\t\t\tJR22. Pendientes y colgante. Oro amarillo y cuarzo citrino.\t\t\t\t\t\t\t\t<\/div>\n\t\t\t\t\t\t\t\t\t\t\t\t<\/div>\n\t\t\t\t\t\t\t\t\t<\/a>\n\t\t\t\t\t\t\t<a class=\"e-gallery-item elementor-gallery-item elementor-animated-content\" href=\"https:\/\/www.ferrangarreta.com\/wp-content\/uploads\/2023\/04\/35-JB14.1.-Bracalet-dor-groc-perles-cultivades-esmalts-al-foc-aiguamarina-i-safirs-blaus-scaled.jpg\" data-elementor-open-lightbox=\"yes\" data-elementor-lightbox-slideshow=\"996b04c\" data-elementor-lightbox-title=\"JB14.1. Brazalete de oro amarillo, perlas cultivadas, esmaltes al fuego en vitral, aguamarina y zafiros azules.\" data-e-action-hash=\"#elementor-action%3Aaction%3Dlightbox%26settings%3DeyJpZCI6MTMzMTgsInVybCI6Imh0dHBzOlwvXC93d3cuZmVycmFuZ2FycmV0YS5jb21cL3dwLWNvbnRlbnRcL3VwbG9hZHNcLzIwMjNcLzA0XC8zNS1KQjE0LjEuLUJyYWNhbGV0LWRvci1ncm9jLXBlcmxlcy1jdWx0aXZhZGVzLWVzbWFsdHMtYWwtZm9jLWFpZ3VhbWFyaW5hLWktc2FmaXJzLWJsYXVzLXNjYWxlZC5qcGciLCJzbGlkZXNob3ciOiI5OTZiMDRjIn0%3D\">\n\t\t\t\t\t<div class=\"e-gallery-image elementor-gallery-item__image\" data-thumbnail=\"https:\/\/www.ferrangarreta.com\/wp-content\/uploads\/2023\/04\/35-JB14.1.-Bracalet-dor-groc-perles-cultivades-esmalts-al-foc-aiguamarina-i-safirs-blaus-scaled.jpg\" data-width=\"2560\" data-height=\"2176\" aria-label=\"JB14.1. Brazalete de oro amarillo, perlas cultivadas, esmaltes al fuego en vitral, aguamarina y zafiros azules.\" role=\"img\" ><\/div>\n\t\t\t\t\t\t\t\t\t\t\t<div class=\"elementor-gallery-item__overlay\"><\/div>\n\t\t\t\t\t\t\t\t\t\t\t\t\t\t\t<div class=\"elementor-gallery-item__content\">\n\t\t\t\t\t\t\t\t\t\t\t\t\t\t<div class=\"elementor-gallery-item__title\">\n\t\t\t\t\t\t\t\t\t\t\t\t\t\t\t\t\t\tJB14.1. Brazalete de oro amarillo, perlas cultivadas, esmaltes al fuego en vitral, aguamarina y zafiros azules.\t\t\t\t\t\t\t\t<\/div>\n\t\t\t\t\t\t\t\t\t\t\t\t<\/div>\n\t\t\t\t\t\t\t\t\t<\/a>\n\t\t\t\t\t\t\t<a class=\"e-gallery-item elementor-gallery-item elementor-animated-content\" href=\"https:\/\/www.ferrangarreta.com\/wp-content\/uploads\/2023\/04\/36-JA1.-Anell-dor-amb-camafeu-de-marfil-antic.jpg\" data-elementor-open-lightbox=\"yes\" data-elementor-lightbox-slideshow=\"996b04c\" data-elementor-lightbox-title=\"JA1. Anillo de oro con camafeo de marfil antiguo.\" data-e-action-hash=\"#elementor-action%3Aaction%3Dlightbox%26settings%3DeyJpZCI6MTMzMjEsInVybCI6Imh0dHBzOlwvXC93d3cuZmVycmFuZ2FycmV0YS5jb21cL3dwLWNvbnRlbnRcL3VwbG9hZHNcLzIwMjNcLzA0XC8zNi1KQTEuLUFuZWxsLWRvci1hbWItY2FtYWZldS1kZS1tYXJmaWwtYW50aWMuanBnIiwic2xpZGVzaG93IjoiOTk2YjA0YyJ9\">\n\t\t\t\t\t<div class=\"e-gallery-image elementor-gallery-item__image\" data-thumbnail=\"https:\/\/www.ferrangarreta.com\/wp-content\/uploads\/2023\/04\/36-JA1.-Anell-dor-amb-camafeu-de-marfil-antic.jpg\" data-width=\"1260\" data-height=\"1260\" aria-label=\"JA1. Anillo de oro con camafeo de marfil antiguo.\" role=\"img\" ><\/div>\n\t\t\t\t\t\t\t\t\t\t\t<div class=\"elementor-gallery-item__overlay\"><\/div>\n\t\t\t\t\t\t\t\t\t\t\t\t\t\t\t<div class=\"elementor-gallery-item__content\">\n\t\t\t\t\t\t\t\t\t\t\t\t\t\t<div class=\"elementor-gallery-item__title\">\n\t\t\t\t\t\t\t\t\t\t\t\t\t\t\t\t\t\tJA1. Anillo de oro con camafeo de marfil antiguo.\t\t\t\t\t\t\t\t<\/div>\n\t\t\t\t\t\t\t\t\t\t\t\t<\/div>\n\t\t\t\t\t\t\t\t\t<\/a>\n\t\t\t\t\t\t\t<a class=\"e-gallery-item elementor-gallery-item elementor-animated-content\" href=\"https:\/\/www.ferrangarreta.com\/wp-content\/uploads\/2023\/04\/37-JN7.-Anell-dor-blanc-amb-pave-de-diamants.jpg\" data-elementor-open-lightbox=\"yes\" data-elementor-lightbox-slideshow=\"996b04c\" data-elementor-lightbox-title=\"JN7. Anillo de oro blanco con pav\u00e9 de diamantes.\" data-e-action-hash=\"#elementor-action%3Aaction%3Dlightbox%26settings%3DeyJpZCI6MTMzMjQsInVybCI6Imh0dHBzOlwvXC93d3cuZmVycmFuZ2FycmV0YS5jb21cL3dwLWNvbnRlbnRcL3VwbG9hZHNcLzIwMjNcLzA0XC8zNy1KTjcuLUFuZWxsLWRvci1ibGFuYy1hbWItcGF2ZS1kZS1kaWFtYW50cy5qcGciLCJzbGlkZXNob3ciOiI5OTZiMDRjIn0%3D\">\n\t\t\t\t\t<div class=\"e-gallery-image elementor-gallery-item__image\" data-thumbnail=\"https:\/\/www.ferrangarreta.com\/wp-content\/uploads\/2023\/04\/37-JN7.-Anell-dor-blanc-amb-pave-de-diamants.jpg\" data-width=\"696\" data-height=\"895\" aria-label=\"JN7. Anillo de oro blanco con pav\u00e9 de diamantes.\" role=\"img\" ><\/div>\n\t\t\t\t\t\t\t\t\t\t\t<div class=\"elementor-gallery-item__overlay\"><\/div>\n\t\t\t\t\t\t\t\t\t\t\t\t\t\t\t<div class=\"elementor-gallery-item__content\">\n\t\t\t\t\t\t\t\t\t\t\t\t\t\t<div class=\"elementor-gallery-item__title\">\n\t\t\t\t\t\t\t\t\t\t\t\t\t\t\t\t\t\tJN7. Anillo de oro blanco con pav\u00e9 de diamantes.\t\t\t\t\t\t\t\t<\/div>\n\t\t\t\t\t\t\t\t\t\t\t\t<\/div>\n\t\t\t\t\t\t\t\t\t<\/a>\n\t\t\t\t\t\t\t<a class=\"e-gallery-item elementor-gallery-item elementor-animated-content\" href=\"https:\/\/www.ferrangarreta.com\/wp-content\/uploads\/2023\/04\/38-JR9.-Fermall-i-arracades.-Or-groc-esmalt-al-foc-en-vitrall-i-robins-scaled.jpg\" data-elementor-open-lightbox=\"yes\" data-elementor-lightbox-slideshow=\"996b04c\" data-elementor-lightbox-title=\"JR9. Broche y pendientes de oro amarillo, esmaltes al fuego en vitral y rub\u00edes.\" data-e-action-hash=\"#elementor-action%3Aaction%3Dlightbox%26settings%3DeyJpZCI6MTMzMjcsInVybCI6Imh0dHBzOlwvXC93d3cuZmVycmFuZ2FycmV0YS5jb21cL3dwLWNvbnRlbnRcL3VwbG9hZHNcLzIwMjNcLzA0XC8zOC1KUjkuLUZlcm1hbGwtaS1hcnJhY2FkZXMuLU9yLWdyb2MtZXNtYWx0LWFsLWZvYy1lbi12aXRyYWxsLWktcm9iaW5zLXNjYWxlZC5qcGciLCJzbGlkZXNob3ciOiI5OTZiMDRjIn0%3D\">\n\t\t\t\t\t<div class=\"e-gallery-image elementor-gallery-item__image\" data-thumbnail=\"https:\/\/www.ferrangarreta.com\/wp-content\/uploads\/2023\/04\/38-JR9.-Fermall-i-arracades.-Or-groc-esmalt-al-foc-en-vitrall-i-robins-scaled.jpg\" data-width=\"2560\" data-height=\"1920\" aria-label=\"JR9. Broche y pendientes de oro amarillo, esmaltes al fuego en vitral y rub\u00edes.\" role=\"img\" ><\/div>\n\t\t\t\t\t\t\t\t\t\t\t<div class=\"elementor-gallery-item__overlay\"><\/div>\n\t\t\t\t\t\t\t\t\t\t\t\t\t\t\t<div class=\"elementor-gallery-item__content\">\n\t\t\t\t\t\t\t\t\t\t\t\t\t\t<div class=\"elementor-gallery-item__title\">\n\t\t\t\t\t\t\t\t\t\t\t\t\t\t\t\t\t\tJR9. Broche y pendientes de oro amarillo, esmaltes al fuego en vitral y rub\u00edes.\t\t\t\t\t\t\t\t<\/div>\n\t\t\t\t\t\t\t\t\t\t\t\t<\/div>\n\t\t\t\t\t\t\t\t\t<\/a>\n\t\t\t\t\t\t\t<a class=\"e-gallery-item elementor-gallery-item elementor-animated-content\" href=\"https:\/\/www.ferrangarreta.com\/wp-content\/uploads\/2023\/04\/39-JL13.-Aliances-dor-blanc-i-diamants-scaled.jpg\" data-elementor-open-lightbox=\"yes\" data-elementor-lightbox-slideshow=\"996b04c\" data-elementor-lightbox-title=\"JL13. Alianzas de oro blanco y diamantes.\" data-e-action-hash=\"#elementor-action%3Aaction%3Dlightbox%26settings%3DeyJpZCI6MTMzMzAsInVybCI6Imh0dHBzOlwvXC93d3cuZmVycmFuZ2FycmV0YS5jb21cL3dwLWNvbnRlbnRcL3VwbG9hZHNcLzIwMjNcLzA0XC8zOS1KTDEzLi1BbGlhbmNlcy1kb3ItYmxhbmMtaS1kaWFtYW50cy1zY2FsZWQuanBnIiwic2xpZGVzaG93IjoiOTk2YjA0YyJ9\">\n\t\t\t\t\t<div class=\"e-gallery-image elementor-gallery-item__image\" data-thumbnail=\"https:\/\/www.ferrangarreta.com\/wp-content\/uploads\/2023\/04\/39-JL13.-Aliances-dor-blanc-i-diamants-scaled.jpg\" data-width=\"2560\" data-height=\"2560\" aria-label=\"JL13. Alianzas de oro blanco y diamantes.\" role=\"img\" ><\/div>\n\t\t\t\t\t\t\t\t\t\t\t<div class=\"elementor-gallery-item__overlay\"><\/div>\n\t\t\t\t\t\t\t\t\t\t\t\t\t\t\t<div class=\"elementor-gallery-item__content\">\n\t\t\t\t\t\t\t\t\t\t\t\t\t\t<div class=\"elementor-gallery-item__title\">\n\t\t\t\t\t\t\t\t\t\t\t\t\t\t\t\t\t\tJL13. Alianzas de oro blanco y diamantes.\t\t\t\t\t\t\t\t<\/div>\n\t\t\t\t\t\t\t\t\t\t\t\t<\/div>\n\t\t\t\t\t\t\t\t\t<\/a>\n\t\t\t\t\t\t\t<a class=\"e-gallery-item elementor-gallery-item elementor-animated-content\" href=\"https:\/\/www.ferrangarreta.com\/wp-content\/uploads\/2023\/04\/40-JN1.-Anell-dor-blanc-i-diamants.jpg\" data-elementor-open-lightbox=\"yes\" data-elementor-lightbox-slideshow=\"996b04c\" data-elementor-lightbox-title=\"JN1. Anillo de oro blanco y diamantes.\" data-e-action-hash=\"#elementor-action%3Aaction%3Dlightbox%26settings%3DeyJpZCI6MTMzMzMsInVybCI6Imh0dHBzOlwvXC93d3cuZmVycmFuZ2FycmV0YS5jb21cL3dwLWNvbnRlbnRcL3VwbG9hZHNcLzIwMjNcLzA0XC80MC1KTjEuLUFuZWxsLWRvci1ibGFuYy1pLWRpYW1hbnRzLmpwZyIsInNsaWRlc2hvdyI6Ijk5NmIwNGMifQ%3D%3D\">\n\t\t\t\t\t<div class=\"e-gallery-image elementor-gallery-item__image\" data-thumbnail=\"https:\/\/www.ferrangarreta.com\/wp-content\/uploads\/2023\/04\/40-JN1.-Anell-dor-blanc-i-diamants.jpg\" data-width=\"736\" data-height=\"920\" aria-label=\"JN1. Anillo de oro blanco y diamantes.\" role=\"img\" ><\/div>\n\t\t\t\t\t\t\t\t\t\t\t<div class=\"elementor-gallery-item__overlay\"><\/div>\n\t\t\t\t\t\t\t\t\t\t\t\t\t\t\t<div class=\"elementor-gallery-item__content\">\n\t\t\t\t\t\t\t\t\t\t\t\t\t\t<div class=\"elementor-gallery-item__title\">\n\t\t\t\t\t\t\t\t\t\t\t\t\t\t\t\t\t\tJN1. Anillo de oro blanco y diamantes.\t\t\t\t\t\t\t\t<\/div>\n\t\t\t\t\t\t\t\t\t\t\t\t<\/div>\n\t\t\t\t\t\t\t\t\t<\/a>\n\t\t\t\t\t\t\t<a class=\"e-gallery-item elementor-gallery-item elementor-animated-content\" href=\"https:\/\/www.ferrangarreta.com\/wp-content\/uploads\/2023\/04\/41-JL1.-Aliances-de-plati.jpg\" data-elementor-open-lightbox=\"yes\" data-elementor-lightbox-slideshow=\"996b04c\" data-elementor-lightbox-title=\"JL1. Alianzas de platino.\" data-e-action-hash=\"#elementor-action%3Aaction%3Dlightbox%26settings%3DeyJpZCI6MTMzMzYsInVybCI6Imh0dHBzOlwvXC93d3cuZmVycmFuZ2FycmV0YS5jb21cL3dwLWNvbnRlbnRcL3VwbG9hZHNcLzIwMjNcLzA0XC80MS1KTDEuLUFsaWFuY2VzLWRlLXBsYXRpLmpwZyIsInNsaWRlc2hvdyI6Ijk5NmIwNGMifQ%3D%3D\">\n\t\t\t\t\t<div class=\"e-gallery-image elementor-gallery-item__image\" data-thumbnail=\"https:\/\/www.ferrangarreta.com\/wp-content\/uploads\/2023\/04\/41-JL1.-Aliances-de-plati.jpg\" data-width=\"2031\" data-height=\"2031\" aria-label=\"JL1. Alianzas de platino.\" role=\"img\" ><\/div>\n\t\t\t\t\t\t\t\t\t\t\t<div class=\"elementor-gallery-item__overlay\"><\/div>\n\t\t\t\t\t\t\t\t\t\t\t\t\t\t\t<div class=\"elementor-gallery-item__content\">\n\t\t\t\t\t\t\t\t\t\t\t\t\t\t<div class=\"elementor-gallery-item__title\">\n\t\t\t\t\t\t\t\t\t\t\t\t\t\t\t\t\t\tJL1. Alianzas de platino.\t\t\t\t\t\t\t\t<\/div>\n\t\t\t\t\t\t\t\t\t\t\t\t<\/div>\n\t\t\t\t\t\t\t\t\t<\/a>\n\t\t\t\t\t\t\t<a class=\"e-gallery-item elementor-gallery-item elementor-animated-content\" href=\"https:\/\/www.ferrangarreta.com\/wp-content\/uploads\/2023\/04\/42-JB15.-Bracalet-dor-blanc-pave-de-diamants-i-safirs-blaus-scaled.jpg\" data-elementor-open-lightbox=\"yes\" data-elementor-lightbox-slideshow=\"996b04c\" data-elementor-lightbox-title=\"JB15. Brazalete de oro blanco, pav\u00e9 de diamantes y zafiros azules.\" data-e-action-hash=\"#elementor-action%3Aaction%3Dlightbox%26settings%3DeyJpZCI6MTMzMzksInVybCI6Imh0dHBzOlwvXC93d3cuZmVycmFuZ2FycmV0YS5jb21cL3dwLWNvbnRlbnRcL3VwbG9hZHNcLzIwMjNcLzA0XC80Mi1KQjE1Li1CcmFjYWxldC1kb3ItYmxhbmMtcGF2ZS1kZS1kaWFtYW50cy1pLXNhZmlycy1ibGF1cy1zY2FsZWQuanBnIiwic2xpZGVzaG93IjoiOTk2YjA0YyJ9\">\n\t\t\t\t\t<div class=\"e-gallery-image elementor-gallery-item__image\" data-thumbnail=\"https:\/\/www.ferrangarreta.com\/wp-content\/uploads\/2023\/04\/42-JB15.-Bracalet-dor-blanc-pave-de-diamants-i-safirs-blaus-scaled.jpg\" data-width=\"2560\" data-height=\"1920\" aria-label=\"JB15. Brazalete de oro blanco, pav\u00e9 de diamantes y zafiros azules.\" role=\"img\" ><\/div>\n\t\t\t\t\t\t\t\t\t\t\t<div class=\"elementor-gallery-item__overlay\"><\/div>\n\t\t\t\t\t\t\t\t\t\t\t\t\t\t\t<div class=\"elementor-gallery-item__content\">\n\t\t\t\t\t\t\t\t\t\t\t\t\t\t<div class=\"elementor-gallery-item__title\">\n\t\t\t\t\t\t\t\t\t\t\t\t\t\t\t\t\t\tJB15. Brazalete de oro blanco, pav\u00e9 de diamantes y zafiros azules.\t\t\t\t\t\t\t\t<\/div>\n\t\t\t\t\t\t\t\t\t\t\t\t<\/div>\n\t\t\t\t\t\t\t\t\t<\/a>\n\t\t\t\t\t\t\t<a class=\"e-gallery-item elementor-gallery-item elementor-animated-content\" href=\"https:\/\/www.ferrangarreta.com\/wp-content\/uploads\/2023\/04\/43-JB4.-Bracalets-dor-groc-esmalts-al-foc-en-vitrall-i-perles-cultivades-scaled.jpg\" data-elementor-open-lightbox=\"yes\" data-elementor-lightbox-slideshow=\"996b04c\" data-elementor-lightbox-title=\"JB4. Brazaletes de oro amarillo, esmaltes al fuego en vitral y perlas cultivadas.\" data-e-action-hash=\"#elementor-action%3Aaction%3Dlightbox%26settings%3DeyJpZCI6MTMzNDIsInVybCI6Imh0dHBzOlwvXC93d3cuZmVycmFuZ2FycmV0YS5jb21cL3dwLWNvbnRlbnRcL3VwbG9hZHNcLzIwMjNcLzA0XC80My1KQjQuLUJyYWNhbGV0cy1kb3ItZ3JvYy1lc21hbHRzLWFsLWZvYy1lbi12aXRyYWxsLWktcGVybGVzLWN1bHRpdmFkZXMtc2NhbGVkLmpwZyIsInNsaWRlc2hvdyI6Ijk5NmIwNGMifQ%3D%3D\">\n\t\t\t\t\t<div class=\"e-gallery-image elementor-gallery-item__image\" data-thumbnail=\"https:\/\/www.ferrangarreta.com\/wp-content\/uploads\/2023\/04\/43-JB4.-Bracalets-dor-groc-esmalts-al-foc-en-vitrall-i-perles-cultivades-scaled.jpg\" data-width=\"2560\" data-height=\"1920\" aria-label=\"JB4. Brazaletes de oro amarillo, esmaltes al fuego en vitral y perlas cultivadas.\" role=\"img\" ><\/div>\n\t\t\t\t\t\t\t\t\t\t\t<div class=\"elementor-gallery-item__overlay\"><\/div>\n\t\t\t\t\t\t\t\t\t\t\t\t\t\t\t<div class=\"elementor-gallery-item__content\">\n\t\t\t\t\t\t\t\t\t\t\t\t\t\t<div class=\"elementor-gallery-item__title\">\n\t\t\t\t\t\t\t\t\t\t\t\t\t\t\t\t\t\tJB4. Brazaletes de oro amarillo, esmaltes al fuego en vitral y perlas cultivadas.\t\t\t\t\t\t\t\t<\/div>\n\t\t\t\t\t\t\t\t\t\t\t\t<\/div>\n\t\t\t\t\t\t\t\t\t<\/a>\n\t\t\t\t\t\t\t<a class=\"e-gallery-item elementor-gallery-item elementor-animated-content\" href=\"https:\/\/www.ferrangarreta.com\/wp-content\/uploads\/2023\/04\/44-JP29.-Penjolls-dor-groc-i-perles-cultivades.jpg\" data-elementor-open-lightbox=\"yes\" data-elementor-lightbox-slideshow=\"996b04c\" data-elementor-lightbox-title=\"JP29. Colgantes de oro amarillo y perlas cultivadas.\" data-e-action-hash=\"#elementor-action%3Aaction%3Dlightbox%26settings%3DeyJpZCI6MTMzNDUsInVybCI6Imh0dHBzOlwvXC93d3cuZmVycmFuZ2FycmV0YS5jb21cL3dwLWNvbnRlbnRcL3VwbG9hZHNcLzIwMjNcLzA0XC80NC1KUDI5Li1QZW5qb2xscy1kb3ItZ3JvYy1pLXBlcmxlcy1jdWx0aXZhZGVzLmpwZyIsInNsaWRlc2hvdyI6Ijk5NmIwNGMifQ%3D%3D\">\n\t\t\t\t\t<div class=\"e-gallery-image elementor-gallery-item__image\" data-thumbnail=\"https:\/\/www.ferrangarreta.com\/wp-content\/uploads\/2023\/04\/44-JP29.-Penjolls-dor-groc-i-perles-cultivades.jpg\" data-width=\"2453\" data-height=\"1927\" aria-label=\"JP29. Colgantes de oro amarillo y perlas cultivadas.\" role=\"img\" ><\/div>\n\t\t\t\t\t\t\t\t\t\t\t<div class=\"elementor-gallery-item__overlay\"><\/div>\n\t\t\t\t\t\t\t\t\t\t\t\t\t\t\t<div class=\"elementor-gallery-item__content\">\n\t\t\t\t\t\t\t\t\t\t\t\t\t\t<div class=\"elementor-gallery-item__title\">\n\t\t\t\t\t\t\t\t\t\t\t\t\t\t\t\t\t\tJP29. Colgantes de oro amarillo y perlas cultivadas.\t\t\t\t\t\t\t\t<\/div>\n\t\t\t\t\t\t\t\t\t\t\t\t<\/div>\n\t\t\t\t\t\t\t\t\t<\/a>\n\t\t\t\t\t\t\t<a class=\"e-gallery-item elementor-gallery-item elementor-animated-content\" href=\"https:\/\/www.ferrangarreta.com\/wp-content\/uploads\/2023\/04\/45-JR31.-Penjoll-i-arracades.-Or-groc-i-ametistes.jpg\" data-elementor-open-lightbox=\"yes\" data-elementor-lightbox-slideshow=\"996b04c\" data-elementor-lightbox-title=\"JR31. Colgante y pendientes. Oro amarillo y amatistas.\" data-e-action-hash=\"#elementor-action%3Aaction%3Dlightbox%26settings%3DeyJpZCI6MTMzNDgsInVybCI6Imh0dHBzOlwvXC93d3cuZmVycmFuZ2FycmV0YS5jb21cL3dwLWNvbnRlbnRcL3VwbG9hZHNcLzIwMjNcLzA0XC80NS1KUjMxLi1QZW5qb2xsLWktYXJyYWNhZGVzLi1Pci1ncm9jLWktYW1ldGlzdGVzLmpwZyIsInNsaWRlc2hvdyI6Ijk5NmIwNGMifQ%3D%3D\">\n\t\t\t\t\t<div class=\"e-gallery-image elementor-gallery-item__image\" data-thumbnail=\"https:\/\/www.ferrangarreta.com\/wp-content\/uploads\/2023\/04\/45-JR31.-Penjoll-i-arracades.-Or-groc-i-ametistes.jpg\" data-width=\"1822\" data-height=\"1518\" aria-label=\"JR31. Colgante y pendientes. Oro amarillo y amatistas.\" role=\"img\" ><\/div>\n\t\t\t\t\t\t\t\t\t\t\t<div class=\"elementor-gallery-item__overlay\"><\/div>\n\t\t\t\t\t\t\t\t\t\t\t\t\t\t\t<div class=\"elementor-gallery-item__content\">\n\t\t\t\t\t\t\t\t\t\t\t\t\t\t<div class=\"elementor-gallery-item__title\">\n\t\t\t\t\t\t\t\t\t\t\t\t\t\t\t\t\t\tJR31. Colgante y pendientes. Oro amarillo y amatistas.\t\t\t\t\t\t\t\t<\/div>\n\t\t\t\t\t\t\t\t\t\t\t\t<\/div>\n\t\t\t\t\t\t\t\t\t<\/a>\n\t\t\t\t\t\t\t<a class=\"e-gallery-item elementor-gallery-item elementor-animated-content\" href=\"https:\/\/www.ferrangarreta.com\/wp-content\/uploads\/2023\/04\/46-JA5.-Anell-de-plata.jpg\" data-elementor-open-lightbox=\"yes\" data-elementor-lightbox-slideshow=\"996b04c\" data-elementor-lightbox-title=\"JA5. Anillo de plata.\" data-e-action-hash=\"#elementor-action%3Aaction%3Dlightbox%26settings%3DeyJpZCI6MTMzNTEsInVybCI6Imh0dHBzOlwvXC93d3cuZmVycmFuZ2FycmV0YS5jb21cL3dwLWNvbnRlbnRcL3VwbG9hZHNcLzIwMjNcLzA0XC80Ni1KQTUuLUFuZWxsLWRlLXBsYXRhLmpwZyIsInNsaWRlc2hvdyI6Ijk5NmIwNGMifQ%3D%3D\">\n\t\t\t\t\t<div class=\"e-gallery-image elementor-gallery-item__image\" data-thumbnail=\"https:\/\/www.ferrangarreta.com\/wp-content\/uploads\/2023\/04\/46-JA5.-Anell-de-plata.jpg\" data-width=\"1816\" data-height=\"1816\" aria-label=\"JA5. Anillo de plata.\" role=\"img\" ><\/div>\n\t\t\t\t\t\t\t\t\t\t\t<div class=\"elementor-gallery-item__overlay\"><\/div>\n\t\t\t\t\t\t\t\t\t\t\t\t\t\t\t<div class=\"elementor-gallery-item__content\">\n\t\t\t\t\t\t\t\t\t\t\t\t\t\t<div class=\"elementor-gallery-item__title\">\n\t\t\t\t\t\t\t\t\t\t\t\t\t\t\t\t\t\tJA5. Anillo de plata.\t\t\t\t\t\t\t\t<\/div>\n\t\t\t\t\t\t\t\t\t\t\t\t<\/div>\n\t\t\t\t\t\t\t\t\t<\/a>\n\t\t\t\t\t\t\t<a class=\"e-gallery-item elementor-gallery-item elementor-animated-content\" href=\"https:\/\/www.ferrangarreta.com\/wp-content\/uploads\/2023\/04\/47-JP21.-Penjoll-dor-blanc-robins-i-diamants-scaled.jpg\" data-elementor-open-lightbox=\"yes\" data-elementor-lightbox-slideshow=\"996b04c\" data-elementor-lightbox-title=\"JP21. Colgante de oro blanco, rub\u00edes y diamantes.\" data-e-action-hash=\"#elementor-action%3Aaction%3Dlightbox%26settings%3DeyJpZCI6MTMzNTQsInVybCI6Imh0dHBzOlwvXC93d3cuZmVycmFuZ2FycmV0YS5jb21cL3dwLWNvbnRlbnRcL3VwbG9hZHNcLzIwMjNcLzA0XC80Ny1KUDIxLi1QZW5qb2xsLWRvci1ibGFuYy1yb2JpbnMtaS1kaWFtYW50cy1zY2FsZWQuanBnIiwic2xpZGVzaG93IjoiOTk2YjA0YyJ9\">\n\t\t\t\t\t<div class=\"e-gallery-image elementor-gallery-item__image\" data-thumbnail=\"https:\/\/www.ferrangarreta.com\/wp-content\/uploads\/2023\/04\/47-JP21.-Penjoll-dor-blanc-robins-i-diamants-scaled.jpg\" data-width=\"2560\" data-height=\"2134\" aria-label=\"JP21. Colgante de oro blanco, rub\u00edes y diamantes.\" role=\"img\" ><\/div>\n\t\t\t\t\t\t\t\t\t\t\t<div class=\"elementor-gallery-item__overlay\"><\/div>\n\t\t\t\t\t\t\t\t\t\t\t\t\t\t\t<div class=\"elementor-gallery-item__content\">\n\t\t\t\t\t\t\t\t\t\t\t\t\t\t<div class=\"elementor-gallery-item__title\">\n\t\t\t\t\t\t\t\t\t\t\t\t\t\t\t\t\t\tJP21. Colgante de oro blanco, rub\u00edes y diamantes.\t\t\t\t\t\t\t\t<\/div>\n\t\t\t\t\t\t\t\t\t\t\t\t<\/div>\n\t\t\t\t\t\t\t\t\t<\/a>\n\t\t\t\t\t\t\t<a class=\"e-gallery-item elementor-gallery-item elementor-animated-content\" href=\"https:\/\/www.ferrangarreta.com\/wp-content\/uploads\/2023\/04\/48-JP23.-Collaret-dor-blanc-perles-cultivades-granat-almandi-i-diamants.jpg\" data-elementor-open-lightbox=\"yes\" data-elementor-lightbox-slideshow=\"996b04c\" data-elementor-lightbox-title=\"JP23. Collar de oro blanco, perlas cultivadas, granate almandino y diamantes.\" data-e-action-hash=\"#elementor-action%3Aaction%3Dlightbox%26settings%3DeyJpZCI6MTMzNTcsInVybCI6Imh0dHBzOlwvXC93d3cuZmVycmFuZ2FycmV0YS5jb21cL3dwLWNvbnRlbnRcL3VwbG9hZHNcLzIwMjNcLzA0XC80OC1KUDIzLi1Db2xsYXJldC1kb3ItYmxhbmMtcGVybGVzLWN1bHRpdmFkZXMtZ3JhbmF0LWFsbWFuZGktaS1kaWFtYW50cy5qcGciLCJzbGlkZXNob3ciOiI5OTZiMDRjIn0%3D\">\n\t\t\t\t\t<div class=\"e-gallery-image elementor-gallery-item__image\" data-thumbnail=\"https:\/\/www.ferrangarreta.com\/wp-content\/uploads\/2023\/04\/48-JP23.-Collaret-dor-blanc-perles-cultivades-granat-almandi-i-diamants.jpg\" data-width=\"1632\" data-height=\"1049\" aria-label=\"JP23. Collier en or blanc, perles de culture, grenat almandin et diamants.\" role=\"img\" ><\/div>\n\t\t\t\t\t\t\t\t\t\t\t<div class=\"elementor-gallery-item__overlay\"><\/div>\n\t\t\t\t\t\t\t\t\t\t\t\t\t\t\t<div class=\"elementor-gallery-item__content\">\n\t\t\t\t\t\t\t\t\t\t\t\t\t\t<div class=\"elementor-gallery-item__title\">\n\t\t\t\t\t\t\t\t\t\t\t\t\t\t\t\t\t\tJP23. Collar de oro blanco, perlas cultivadas, granate almandino y diamantes.\t\t\t\t\t\t\t\t<\/div>\n\t\t\t\t\t\t\t\t\t\t\t\t<\/div>\n\t\t\t\t\t\t\t\t\t<\/a>\n\t\t\t\t\t\t\t<a class=\"e-gallery-item elementor-gallery-item elementor-animated-content\" href=\"https:\/\/www.ferrangarreta.com\/wp-content\/uploads\/2023\/04\/49-JR19.-Arracades-i-penjoll.-Or-groc-esmeraldes-safirs-i-diamants.jpg\" data-elementor-open-lightbox=\"yes\" data-elementor-lightbox-slideshow=\"996b04c\" data-elementor-lightbox-title=\"JR19. Pendientes de oro blanco, esmaltes al fuego en vitral y diamantes.\" data-e-action-hash=\"#elementor-action%3Aaction%3Dlightbox%26settings%3DeyJpZCI6MTMzNjAsInVybCI6Imh0dHBzOlwvXC93d3cuZmVycmFuZ2FycmV0YS5jb21cL3dwLWNvbnRlbnRcL3VwbG9hZHNcLzIwMjNcLzA0XC80OS1KUjE5Li1BcnJhY2FkZXMtaS1wZW5qb2xsLi1Pci1ncm9jLWVzbWVyYWxkZXMtc2FmaXJzLWktZGlhbWFudHMuanBnIiwic2xpZGVzaG93IjoiOTk2YjA0YyJ9\">\n\t\t\t\t\t<div class=\"e-gallery-image elementor-gallery-item__image\" data-thumbnail=\"https:\/\/www.ferrangarreta.com\/wp-content\/uploads\/2023\/04\/49-JR19.-Arracades-i-penjoll.-Or-groc-esmeraldes-safirs-i-diamants.jpg\" data-width=\"1741\" data-height=\"1323\" aria-label=\"JR19. Pendientes de oro blanco, esmaltes al fuego en vitral y diamantes.\" role=\"img\" ><\/div>\n\t\t\t\t\t\t\t\t\t\t\t<div class=\"elementor-gallery-item__overlay\"><\/div>\n\t\t\t\t\t\t\t\t\t\t\t\t\t\t\t<div class=\"elementor-gallery-item__content\">\n\t\t\t\t\t\t\t\t\t\t\t\t\t\t<div class=\"elementor-gallery-item__title\">\n\t\t\t\t\t\t\t\t\t\t\t\t\t\t\t\t\t\tJR19. Pendientes de oro blanco, esmaltes al fuego en vitral y diamantes.\t\t\t\t\t\t\t\t<\/div>\n\t\t\t\t\t\t\t\t\t\t\t\t<\/div>\n\t\t\t\t\t\t\t\t\t<\/a>\n\t\t\t\t\t\t\t<a class=\"e-gallery-item elementor-gallery-item elementor-animated-content\" href=\"https:\/\/www.ferrangarreta.com\/wp-content\/uploads\/2023\/04\/50-JN22.-Anell-dor-blanc-ametista-i-diamants-scaled.jpg\" data-elementor-open-lightbox=\"yes\" data-elementor-lightbox-slideshow=\"996b04c\" data-elementor-lightbox-title=\"JN22. Anillo de oro blanco, amatista y diamantes.\" data-e-action-hash=\"#elementor-action%3Aaction%3Dlightbox%26settings%3DeyJpZCI6MTMzNjMsInVybCI6Imh0dHBzOlwvXC93d3cuZmVycmFuZ2FycmV0YS5jb21cL3dwLWNvbnRlbnRcL3VwbG9hZHNcLzIwMjNcLzA0XC81MC1KTjIyLi1BbmVsbC1kb3ItYmxhbmMtYW1ldGlzdGEtaS1kaWFtYW50cy1zY2FsZWQuanBnIiwic2xpZGVzaG93IjoiOTk2YjA0YyJ9\">\n\t\t\t\t\t<div class=\"e-gallery-image elementor-gallery-item__image\" data-thumbnail=\"https:\/\/www.ferrangarreta.com\/wp-content\/uploads\/2023\/04\/50-JN22.-Anell-dor-blanc-ametista-i-diamants-scaled.jpg\" data-width=\"1828\" data-height=\"2560\" aria-label=\"JN22. Anillo de oro blanco, amatista y diamantes.\" role=\"img\" ><\/div>\n\t\t\t\t\t\t\t\t\t\t\t<div class=\"elementor-gallery-item__overlay\"><\/div>\n\t\t\t\t\t\t\t\t\t\t\t\t\t\t\t<div class=\"elementor-gallery-item__content\">\n\t\t\t\t\t\t\t\t\t\t\t\t\t\t<div class=\"elementor-gallery-item__title\">\n\t\t\t\t\t\t\t\t\t\t\t\t\t\t\t\t\t\tJN22. Anillo de oro blanco, amatista y diamantes.\t\t\t\t\t\t\t\t<\/div>\n\t\t\t\t\t\t\t\t\t\t\t\t<\/div>\n\t\t\t\t\t\t\t\t\t<\/a>\n\t\t\t\t\t<\/div>\n\t\t\t\t\t<\/div>\n\t\t\t\t<\/div>\n\t\t\t\t\t<\/div>\n\t\t<\/div>\n\t\t\t\t\t<\/div>\n\t\t<\/section>\n\t\t\t\t<\/div>\n\t\t","protected":false},"excerpt":{"rendered":"<p>Joyer\u00eda Arte vivo a lo largo de los siglos, que exige una gran maestr\u00eda, combina cuidadosamente diferentes t\u00e9cnicas, entre ellas la joyer\u00eda, el grabado, el engastado y el esmalte. Nuestras creaciones, piezas \u00fanicas, son el resultado de una idea, en la que el deseo del cliente es nuestra prioridad. JP1. Penjoll d\u2019or groc i topazi [&hellip;]<\/p>\n","protected":false},"author":4,"featured_media":0,"parent":0,"menu_order":0,"comment_status":"closed","ping_status":"closed","template":"","meta":{"footnotes":""},"class_list":["post-14862","page","type-page","status-publish","hentry"],"yoast_head":"<!-- This site is optimized with the Yoast SEO plugin v27.5 - https:\/\/yoast.com\/product\/yoast-seo-wordpress\/ -->\n<title>Joyer\u00eda - Ferran Garreta<\/title>\n<meta name=\"robots\" content=\"index, follow, max-snippet:-1, max-image-preview:large, max-video-preview:-1\" \/>\n<link rel=\"canonical\" href=\"https:\/\/www.ferrangarreta.com\/es\/joyeria\/\" \/>\n<meta property=\"og:locale\" content=\"es_ES\" \/>\n<meta property=\"og:type\" content=\"article\" \/>\n<meta property=\"og:title\" content=\"Joyer\u00eda - Ferran Garreta\" \/>\n<meta property=\"og:description\" content=\"Joyer\u00eda Arte vivo a lo largo de los siglos, que exige una gran maestr\u00eda, combina cuidadosamente diferentes t\u00e9cnicas, entre ellas la joyer\u00eda, el grabado, el engastado y el esmalte. Nuestras creaciones, piezas \u00fanicas, son el resultado de una idea, en la que el deseo del cliente es nuestra prioridad. JP1. Penjoll d\u2019or groc i topazi [&hellip;]\" \/>\n<meta property=\"og:url\" content=\"https:\/\/www.ferrangarreta.com\/es\/joyeria\/\" \/>\n<meta property=\"og:site_name\" content=\"Ferran Garreta\" \/>\n<meta property=\"article:modified_time\" content=\"2023-12-04T21:20:38+00:00\" \/>\n<meta name=\"twitter:card\" content=\"summary_large_image\" \/>\n<meta name=\"twitter:label1\" content=\"Tiempo de lectura\" \/>\n\t<meta name=\"twitter:data1\" content=\"3 minutos\" \/>\n<script type=\"application\/ld+json\" class=\"yoast-schema-graph\">{\"@context\":\"https:\\\/\\\/schema.org\",\"@graph\":[{\"@type\":\"WebPage\",\"@id\":\"https:\\\/\\\/www.ferrangarreta.com\\\/es\\\/joyeria\\\/\",\"url\":\"https:\\\/\\\/www.ferrangarreta.com\\\/es\\\/joyeria\\\/\",\"name\":\"Joyer\u00eda - Ferran Garreta\",\"isPartOf\":{\"@id\":\"https:\\\/\\\/www.ferrangarreta.com\\\/es\\\/#website\"},\"datePublished\":\"2023-03-02T17:14:26+00:00\",\"dateModified\":\"2023-12-04T21:20:38+00:00\",\"breadcrumb\":{\"@id\":\"https:\\\/\\\/www.ferrangarreta.com\\\/es\\\/joyeria\\\/#breadcrumb\"},\"inLanguage\":\"es\",\"potentialAction\":[{\"@type\":\"ReadAction\",\"target\":[\"https:\\\/\\\/www.ferrangarreta.com\\\/es\\\/joyeria\\\/\"]}]},{\"@type\":\"BreadcrumbList\",\"@id\":\"https:\\\/\\\/www.ferrangarreta.com\\\/es\\\/joyeria\\\/#breadcrumb\",\"itemListElement\":[{\"@type\":\"ListItem\",\"position\":1,\"name\":\"Inici\",\"item\":\"https:\\\/\\\/www.ferrangarreta.com\\\/es\\\/inicio\\\/\"},{\"@type\":\"ListItem\",\"position\":2,\"name\":\"Joyer\u00eda\"}]},{\"@type\":\"WebSite\",\"@id\":\"https:\\\/\\\/www.ferrangarreta.com\\\/es\\\/#website\",\"url\":\"https:\\\/\\\/www.ferrangarreta.com\\\/es\\\/\",\"name\":\"Ferran Garreta\",\"description\":\"Empresa familiar ubicada a la ciutat de Vic (Barcelona), dedicada al treball de l\u2019aram, el llaut\u00f3, la plata i l\u2019or, de forma art\u00edstica i manual.Ferran Garreta \u00e9s una empresa familiar ubicada a la ciutat de Vic (Barcelona), dedicada al treball de l\u2019aram, el llaut\u00f3, la plata i l\u2019or, de forma art\u00edstica i manual.\",\"publisher\":{\"@id\":\"https:\\\/\\\/www.ferrangarreta.com\\\/es\\\/#organization\"},\"potentialAction\":[{\"@type\":\"SearchAction\",\"target\":{\"@type\":\"EntryPoint\",\"urlTemplate\":\"https:\\\/\\\/www.ferrangarreta.com\\\/es\\\/?s={search_term_string}\"},\"query-input\":{\"@type\":\"PropertyValueSpecification\",\"valueRequired\":true,\"valueName\":\"search_term_string\"}}],\"inLanguage\":\"es\"},{\"@type\":\"Organization\",\"@id\":\"https:\\\/\\\/www.ferrangarreta.com\\\/es\\\/#organization\",\"name\":\"Ferran Garreta\",\"url\":\"https:\\\/\\\/www.ferrangarreta.com\\\/es\\\/\",\"logo\":{\"@type\":\"ImageObject\",\"inLanguage\":\"es\",\"@id\":\"https:\\\/\\\/www.ferrangarreta.com\\\/es\\\/#\\\/schema\\\/logo\\\/image\\\/\",\"url\":\"https:\\\/\\\/www.ferrangarreta.com\\\/wp-content\\\/uploads\\\/2023\\\/02\\\/ferran-garreta-logo-w.png\",\"contentUrl\":\"https:\\\/\\\/www.ferrangarreta.com\\\/wp-content\\\/uploads\\\/2023\\\/02\\\/ferran-garreta-logo-w.png\",\"width\":1003,\"height\":184,\"caption\":\"Ferran Garreta\"},\"image\":{\"@id\":\"https:\\\/\\\/www.ferrangarreta.com\\\/es\\\/#\\\/schema\\\/logo\\\/image\\\/\"}}]}<\/script>\n<!-- \/ Yoast SEO plugin. -->","yoast_head_json":{"title":"Joyer\u00eda - Ferran Garreta","robots":{"index":"index","follow":"follow","max-snippet":"max-snippet:-1","max-image-preview":"max-image-preview:large","max-video-preview":"max-video-preview:-1"},"canonical":"https:\/\/www.ferrangarreta.com\/es\/joyeria\/","og_locale":"es_ES","og_type":"article","og_title":"Joyer\u00eda - Ferran Garreta","og_description":"Joyer\u00eda Arte vivo a lo largo de los siglos, que exige una gran maestr\u00eda, combina cuidadosamente diferentes t\u00e9cnicas, entre ellas la joyer\u00eda, el grabado, el engastado y el esmalte. Nuestras creaciones, piezas \u00fanicas, son el resultado de una idea, en la que el deseo del cliente es nuestra prioridad. JP1. Penjoll d\u2019or groc i topazi [&hellip;]","og_url":"https:\/\/www.ferrangarreta.com\/es\/joyeria\/","og_site_name":"Ferran Garreta","article_modified_time":"2023-12-04T21:20:38+00:00","twitter_card":"summary_large_image","twitter_misc":{"Tiempo de lectura":"3 minutos"},"schema":{"@context":"https:\/\/schema.org","@graph":[{"@type":"WebPage","@id":"https:\/\/www.ferrangarreta.com\/es\/joyeria\/","url":"https:\/\/www.ferrangarreta.com\/es\/joyeria\/","name":"Joyer\u00eda - Ferran Garreta","isPartOf":{"@id":"https:\/\/www.ferrangarreta.com\/es\/#website"},"datePublished":"2023-03-02T17:14:26+00:00","dateModified":"2023-12-04T21:20:38+00:00","breadcrumb":{"@id":"https:\/\/www.ferrangarreta.com\/es\/joyeria\/#breadcrumb"},"inLanguage":"es","potentialAction":[{"@type":"ReadAction","target":["https:\/\/www.ferrangarreta.com\/es\/joyeria\/"]}]},{"@type":"BreadcrumbList","@id":"https:\/\/www.ferrangarreta.com\/es\/joyeria\/#breadcrumb","itemListElement":[{"@type":"ListItem","position":1,"name":"Inici","item":"https:\/\/www.ferrangarreta.com\/es\/inicio\/"},{"@type":"ListItem","position":2,"name":"Joyer\u00eda"}]},{"@type":"WebSite","@id":"https:\/\/www.ferrangarreta.com\/es\/#website","url":"https:\/\/www.ferrangarreta.com\/es\/","name":"Ferran Garreta","description":"Empresa familiar ubicada a la ciutat de Vic (Barcelona), dedicada al treball de l\u2019aram, el llaut\u00f3, la plata i l\u2019or, de forma art\u00edstica i manual.Ferran Garreta \u00e9s una empresa familiar ubicada a la ciutat de Vic (Barcelona), dedicada al treball de l\u2019aram, el llaut\u00f3, la plata i l\u2019or, de forma art\u00edstica i manual.","publisher":{"@id":"https:\/\/www.ferrangarreta.com\/es\/#organization"},"potentialAction":[{"@type":"SearchAction","target":{"@type":"EntryPoint","urlTemplate":"https:\/\/www.ferrangarreta.com\/es\/?s={search_term_string}"},"query-input":{"@type":"PropertyValueSpecification","valueRequired":true,"valueName":"search_term_string"}}],"inLanguage":"es"},{"@type":"Organization","@id":"https:\/\/www.ferrangarreta.com\/es\/#organization","name":"Ferran Garreta","url":"https:\/\/www.ferrangarreta.com\/es\/","logo":{"@type":"ImageObject","inLanguage":"es","@id":"https:\/\/www.ferrangarreta.com\/es\/#\/schema\/logo\/image\/","url":"https:\/\/www.ferrangarreta.com\/wp-content\/uploads\/2023\/02\/ferran-garreta-logo-w.png","contentUrl":"https:\/\/www.ferrangarreta.com\/wp-content\/uploads\/2023\/02\/ferran-garreta-logo-w.png","width":1003,"height":184,"caption":"Ferran Garreta"},"image":{"@id":"https:\/\/www.ferrangarreta.com\/es\/#\/schema\/logo\/image\/"}}]}},"_links":{"self":[{"href":"https:\/\/www.ferrangarreta.com\/es\/wp-json\/wp\/v2\/pages\/14862","targetHints":{"allow":["GET"]}}],"collection":[{"href":"https:\/\/www.ferrangarreta.com\/es\/wp-json\/wp\/v2\/pages"}],"about":[{"href":"https:\/\/www.ferrangarreta.com\/es\/wp-json\/wp\/v2\/types\/page"}],"author":[{"embeddable":true,"href":"https:\/\/www.ferrangarreta.com\/es\/wp-json\/wp\/v2\/users\/4"}],"replies":[{"embeddable":true,"href":"https:\/\/www.ferrangarreta.com\/es\/wp-json\/wp\/v2\/comments?post=14862"}],"version-history":[{"count":8,"href":"https:\/\/www.ferrangarreta.com\/es\/wp-json\/wp\/v2\/pages\/14862\/revisions"}],"predecessor-version":[{"id":16770,"href":"https:\/\/www.ferrangarreta.com\/es\/wp-json\/wp\/v2\/pages\/14862\/revisions\/16770"}],"wp:attachment":[{"href":"https:\/\/www.ferrangarreta.com\/es\/wp-json\/wp\/v2\/media?parent=14862"}],"curies":[{"name":"wp","href":"https:\/\/api.w.org\/{rel}","templated":true}]}}