{"id":14870,"date":"2023-03-03T08:52:54","date_gmt":"2023-03-03T08:52:54","guid":{"rendered":"https:\/\/ferrangarreta.net\/joyeria-esmaltada\/"},"modified":"2023-11-13T19:25:41","modified_gmt":"2023-11-13T19:25:41","slug":"joyeria-esmaltada","status":"publish","type":"page","link":"https:\/\/www.ferrangarreta.com\/es\/joyeria-esmaltada\/","title":{"rendered":"Joyer\u00eda esmaltada"},"content":{"rendered":"\t\t<div data-elementor-type=\"wp-page\" data-elementor-id=\"14870\" class=\"elementor elementor-14870 elementor-1176\" data-elementor-post-type=\"page\">\n\t\t\t\t\t\t<section class=\"elementor-section elementor-top-section elementor-element elementor-element-9a585e0 elementor-section-full_width elementor-section-height-min-height elementor-section-height-default elementor-section-items-middle\" data-id=\"9a585e0\" data-element_type=\"section\" data-e-type=\"section\">\n\t\t\t\t\t\t<div class=\"elementor-container elementor-column-gap-default\">\n\t\t\t\t\t<div class=\"elementor-column elementor-col-100 elementor-top-column elementor-element elementor-element-58d6364\" data-id=\"58d6364\" data-element_type=\"column\" data-e-type=\"column\">\n\t\t\t<div class=\"elementor-widget-wrap elementor-element-populated\">\n\t\t\t\t\t\t<div class=\"elementor-element elementor-element-cd95341 elementor--h-position-center elementor--v-position-middle elementor-arrows-position-inside elementor-pagination-position-inside elementor-widget elementor-widget-slides\" data-id=\"cd95341\" data-element_type=\"widget\" data-e-type=\"widget\" data-settings=\"{&quot;navigation&quot;:&quot;both&quot;,&quot;autoplay&quot;:&quot;yes&quot;,&quot;pause_on_hover&quot;:&quot;yes&quot;,&quot;pause_on_interaction&quot;:&quot;yes&quot;,&quot;autoplay_speed&quot;:5000,&quot;infinite&quot;:&quot;yes&quot;,&quot;transition&quot;:&quot;slide&quot;,&quot;transition_speed&quot;:500}\" data-widget_type=\"slides.default\">\n\t\t\t\t<div class=\"elementor-widget-container\">\n\t\t\t\t\t\t\t\t\t<div class=\"elementor-swiper\">\n\t\t\t\t\t<div class=\"elementor-slides-wrapper elementor-main-swiper swiper\" role=\"region\" aria-roledescription=\"carousel\" aria-label=\"Diapositivas\" dir=\"ltr\" data-animation=\"fadeInUp\">\n\t\t\t\t<div class=\"swiper-wrapper elementor-slides\">\n\t\t\t\t\t\t\t\t\t\t<div class=\"elementor-repeater-item-85eb97b swiper-slide\" role=\"group\" aria-roledescription=\"slide\"><div class=\"swiper-slide-bg\" role=\"img\" aria-label=\"header-esmaltada\"><\/div><div class=\"swiper-slide-inner\" ><div class=\"swiper-slide-contents\"><\/div><\/div><\/div>\t\t\t\t<\/div>\n\t\t\t\t\t\t\t<\/div>\n\t\t\t\t<\/div>\n\t\t\t\t\t\t\t\t<\/div>\n\t\t\t\t<\/div>\n\t\t\t\t\t<\/div>\n\t\t<\/div>\n\t\t\t\t\t<\/div>\n\t\t<\/section>\n\t\t\t\t<section class=\"elementor-section elementor-top-section elementor-element elementor-element-e6c97d5 elementor-section-boxed elementor-section-height-default elementor-section-height-default\" data-id=\"e6c97d5\" data-element_type=\"section\" data-e-type=\"section\">\n\t\t\t\t\t\t<div class=\"elementor-container elementor-column-gap-default\">\n\t\t\t\t\t<div class=\"elementor-column elementor-col-100 elementor-top-column elementor-element elementor-element-f7d45e4\" data-id=\"f7d45e4\" data-element_type=\"column\" data-e-type=\"column\">\n\t\t\t<div class=\"elementor-widget-wrap elementor-element-populated\">\n\t\t\t\t\t\t<section class=\"elementor-section elementor-inner-section elementor-element elementor-element-db65859 elementor-section-boxed elementor-section-height-default elementor-section-height-default\" data-id=\"db65859\" data-element_type=\"section\" data-e-type=\"section\">\n\t\t\t\t\t\t<div class=\"elementor-container elementor-column-gap-default\">\n\t\t\t\t\t<div class=\"elementor-column elementor-col-100 elementor-inner-column elementor-element elementor-element-fb5f17a\" data-id=\"fb5f17a\" data-element_type=\"column\" data-e-type=\"column\">\n\t\t\t<div class=\"elementor-widget-wrap elementor-element-populated\">\n\t\t\t\t\t\t<div class=\"elementor-element elementor-element-50b2d2e elementor-widget elementor-widget-heading\" data-id=\"50b2d2e\" data-element_type=\"widget\" data-e-type=\"widget\" data-widget_type=\"heading.default\">\n\t\t\t\t<div class=\"elementor-widget-container\">\n\t\t\t\t\t<h2 class=\"elementor-heading-title elementor-size-default\">Joyer\u00eda<\/h2>\t\t\t\t<\/div>\n\t\t\t\t<\/div>\n\t\t\t\t<div class=\"elementor-element elementor-element-253fab1 elementor-widget elementor-widget-heading\" data-id=\"253fab1\" data-element_type=\"widget\" data-e-type=\"widget\" data-widget_type=\"heading.default\">\n\t\t\t\t<div class=\"elementor-widget-container\">\n\t\t\t\t\t<h3 class=\"elementor-heading-title elementor-size-default\">Joyer\u00eda esmaltada<\/h3>\t\t\t\t<\/div>\n\t\t\t\t<\/div>\n\t\t\t\t\t<\/div>\n\t\t<\/div>\n\t\t\t\t\t<\/div>\n\t\t<\/section>\n\t\t\t\t<section class=\"elementor-section elementor-inner-section elementor-element elementor-element-92bd51c elementor-section-boxed elementor-section-height-default elementor-section-height-default\" data-id=\"92bd51c\" data-element_type=\"section\" data-e-type=\"section\">\n\t\t\t\t\t\t<div class=\"elementor-container elementor-column-gap-default\">\n\t\t\t\t\t<div class=\"elementor-column elementor-col-100 elementor-inner-column elementor-element elementor-element-51516fc\" data-id=\"51516fc\" data-element_type=\"column\" data-e-type=\"column\">\n\t\t\t<div class=\"elementor-widget-wrap elementor-element-populated\">\n\t\t\t\t\t\t<div class=\"elementor-element elementor-element-fb39167 elementor-widget elementor-widget-text-editor\" data-id=\"fb39167\" data-element_type=\"widget\" data-e-type=\"widget\" data-widget_type=\"text-editor.default\">\n\t\t\t\t<div class=\"elementor-widget-container\">\n\t\t\t\t\t\t\t\t\tArte vivo a lo largo de los siglos, que exige una gran maestr\u00eda, combina cuidadosamente diferentes t\u00e9cnicas, entre ellas la joyer\u00eda, el grabado,\nel engastado y el esmalte. Nuestras creaciones, piezas \u00fanicas, son\nel resultado de una idea, en la que el deseo del cliente es nuestra prioridad.\t\t\t\t\t\t\t\t<\/div>\n\t\t\t\t<\/div>\n\t\t\t\t\t<\/div>\n\t\t<\/div>\n\t\t\t\t\t<\/div>\n\t\t<\/section>\n\t\t\t\t\t<\/div>\n\t\t<\/div>\n\t\t\t\t\t<\/div>\n\t\t<\/section>\n\t\t\t\t<section class=\"elementor-section elementor-top-section elementor-element elementor-element-3c06b05 elementor-section-full_width elementor-section-height-default elementor-section-height-default\" data-id=\"3c06b05\" data-element_type=\"section\" data-e-type=\"section\">\n\t\t\t\t\t\t<div class=\"elementor-container elementor-column-gap-default\">\n\t\t\t\t\t<div class=\"elementor-column elementor-col-100 elementor-top-column elementor-element elementor-element-ba0733a\" data-id=\"ba0733a\" data-element_type=\"column\" data-e-type=\"column\">\n\t\t\t<div class=\"elementor-widget-wrap elementor-element-populated\">\n\t\t\t\t\t\t<div class=\"elementor-element elementor-element-85fae20 elementor-widget elementor-widget-gallery\" data-id=\"85fae20\" data-element_type=\"widget\" data-e-type=\"widget\" data-settings=\"{&quot;columns&quot;:5,&quot;columns_tablet&quot;:&quot;3&quot;,&quot;gap&quot;:{&quot;unit&quot;:&quot;px&quot;,&quot;size&quot;:&quot;25&quot;,&quot;sizes&quot;:[]},&quot;aspect_ratio&quot;:&quot;1:1&quot;,&quot;overlay_title&quot;:&quot;title&quot;,&quot;lazyload&quot;:&quot;yes&quot;,&quot;gallery_layout&quot;:&quot;grid&quot;,&quot;columns_mobile&quot;:1,&quot;gap_tablet&quot;:{&quot;unit&quot;:&quot;px&quot;,&quot;size&quot;:10,&quot;sizes&quot;:[]},&quot;gap_mobile&quot;:{&quot;unit&quot;:&quot;px&quot;,&quot;size&quot;:10,&quot;sizes&quot;:[]},&quot;link_to&quot;:&quot;file&quot;,&quot;overlay_background&quot;:&quot;yes&quot;,&quot;content_hover_animation&quot;:&quot;fade-in&quot;}\" data-widget_type=\"gallery.default\">\n\t\t\t\t<div class=\"elementor-widget-container\">\n\t\t\t\t\t\t\t<div class=\"elementor-gallery__container\">\n\t\t\t\t\t\t\t<a class=\"e-gallery-item elementor-gallery-item elementor-animated-content\" href=\"https:\/\/www.ferrangarreta.com\/wp-content\/uploads\/2023\/04\/JE1.-Fermalls-dor-goc-esmalts-al-foc-en-vitrall-esmeralda-ametista-robins-aiguamarina-safirs-i-perles-cultivades-scaled.jpg\" data-elementor-open-lightbox=\"yes\" data-elementor-lightbox-slideshow=\"85fae20\" data-elementor-lightbox-title=\"JE1. Broches de oro amarillo, esmaltes al fuego en vitral, esmeralda, amatista, rub\u00edes, aguamarina, zafiros y perlas cultivadas.\" data-e-action-hash=\"#elementor-action%3Aaction%3Dlightbox%26settings%3DeyJpZCI6MTQzMDIsInVybCI6Imh0dHBzOlwvXC93d3cuZmVycmFuZ2FycmV0YS5jb21cL3dwLWNvbnRlbnRcL3VwbG9hZHNcLzIwMjNcLzA0XC9KRTEuLUZlcm1hbGxzLWRvci1nb2MtZXNtYWx0cy1hbC1mb2MtZW4tdml0cmFsbC1lc21lcmFsZGEtYW1ldGlzdGEtcm9iaW5zLWFpZ3VhbWFyaW5hLXNhZmlycy1pLXBlcmxlcy1jdWx0aXZhZGVzLXNjYWxlZC5qcGciLCJzbGlkZXNob3ciOiI4NWZhZTIwIn0%3D\">\n\t\t\t\t\t<div class=\"e-gallery-image elementor-gallery-item__image\" data-thumbnail=\"https:\/\/www.ferrangarreta.com\/wp-content\/uploads\/2023\/04\/JE1.-Fermalls-dor-goc-esmalts-al-foc-en-vitrall-esmeralda-ametista-robins-aiguamarina-safirs-i-perles-cultivades-scaled.jpg\" data-width=\"2560\" data-height=\"1920\" aria-label=\"JE1. Broches de oro amarillo, esmaltes al fuego en vitral, esmeralda, amatista, rub\u00edes, aguamarina, zafiros y perlas cultivadas.\" role=\"img\" ><\/div>\n\t\t\t\t\t\t\t\t\t\t\t<div class=\"elementor-gallery-item__overlay\"><\/div>\n\t\t\t\t\t\t\t\t\t\t\t\t\t\t\t<div class=\"elementor-gallery-item__content\">\n\t\t\t\t\t\t\t\t\t\t\t\t\t\t<div class=\"elementor-gallery-item__title\">\n\t\t\t\t\t\t\t\t\t\t\t\t\t\t\t\t\t\tJE1. Broches de oro amarillo, esmaltes al fuego en vitral, esmeralda, amatista, rub\u00edes, aguamarina, zafiros y perlas cultivadas.\t\t\t\t\t\t\t\t<\/div>\n\t\t\t\t\t\t\t\t\t\t\t\t<\/div>\n\t\t\t\t\t\t\t\t\t<\/a>\n\t\t\t\t\t\t\t<a class=\"e-gallery-item elementor-gallery-item elementor-animated-content\" href=\"https:\/\/www.ferrangarreta.com\/wp-content\/uploads\/2023\/04\/JE2.-Fermalls-dor-goc-esmalts-al-foc-en-vitrall-esmeralda-crisoprasa-aiguamarina-safirs-robins-i-perles-cultivades-scaled.jpg\" data-elementor-open-lightbox=\"yes\" data-elementor-lightbox-slideshow=\"85fae20\" data-elementor-lightbox-title=\"JE2. Broches de oro amarillo, esmaltes al fuego en vitral, esmeralda, crisoprasa, aguamarina, zafiros, rub\u00edes y perlas cultivadas.\" data-e-action-hash=\"#elementor-action%3Aaction%3Dlightbox%26settings%3DeyJpZCI6MTQzMDUsInVybCI6Imh0dHBzOlwvXC93d3cuZmVycmFuZ2FycmV0YS5jb21cL3dwLWNvbnRlbnRcL3VwbG9hZHNcLzIwMjNcLzA0XC9KRTIuLUZlcm1hbGxzLWRvci1nb2MtZXNtYWx0cy1hbC1mb2MtZW4tdml0cmFsbC1lc21lcmFsZGEtY3Jpc29wcmFzYS1haWd1YW1hcmluYS1zYWZpcnMtcm9iaW5zLWktcGVybGVzLWN1bHRpdmFkZXMtc2NhbGVkLmpwZyIsInNsaWRlc2hvdyI6Ijg1ZmFlMjAifQ%3D%3D\">\n\t\t\t\t\t<div class=\"e-gallery-image elementor-gallery-item__image\" data-thumbnail=\"https:\/\/www.ferrangarreta.com\/wp-content\/uploads\/2023\/04\/JE2.-Fermalls-dor-goc-esmalts-al-foc-en-vitrall-esmeralda-crisoprasa-aiguamarina-safirs-robins-i-perles-cultivades-scaled.jpg\" data-width=\"2560\" data-height=\"1920\" aria-label=\"JE2. Broches de oro amarillo, esmaltes al fuego en vitral, esmeralda, crisoprasa, aguamarina, zafiros, rub\u00edes y perlas cultivadas.\" role=\"img\" ><\/div>\n\t\t\t\t\t\t\t\t\t\t\t<div class=\"elementor-gallery-item__overlay\"><\/div>\n\t\t\t\t\t\t\t\t\t\t\t\t\t\t\t<div class=\"elementor-gallery-item__content\">\n\t\t\t\t\t\t\t\t\t\t\t\t\t\t<div class=\"elementor-gallery-item__title\">\n\t\t\t\t\t\t\t\t\t\t\t\t\t\t\t\t\t\tJE2. Broches de oro amarillo, esmaltes al fuego en vitral, esmeralda, crisoprasa, aguamarina, zafiros, rub\u00edes y perlas cultivadas.\t\t\t\t\t\t\t\t<\/div>\n\t\t\t\t\t\t\t\t\t\t\t\t<\/div>\n\t\t\t\t\t\t\t\t\t<\/a>\n\t\t\t\t\t\t\t<a class=\"e-gallery-item elementor-gallery-item elementor-animated-content\" href=\"https:\/\/www.ferrangarreta.com\/wp-content\/uploads\/2023\/04\/JE3.-Fermalls-dor-goc-esmalts-al-foc-en-vitrall-aiguamarina-safirs-ametista-i-perles-cultivades-scaled.jpg\" data-elementor-open-lightbox=\"yes\" data-elementor-lightbox-slideshow=\"85fae20\" data-elementor-lightbox-title=\"JE3. Broches de oro amarillo, esmaltes al fuego en vitral, aguamarina, zafiros, amatista y perlas cultivadas.\" data-e-action-hash=\"#elementor-action%3Aaction%3Dlightbox%26settings%3DeyJpZCI6MTQzMDgsInVybCI6Imh0dHBzOlwvXC93d3cuZmVycmFuZ2FycmV0YS5jb21cL3dwLWNvbnRlbnRcL3VwbG9hZHNcLzIwMjNcLzA0XC9KRTMuLUZlcm1hbGxzLWRvci1nb2MtZXNtYWx0cy1hbC1mb2MtZW4tdml0cmFsbC1haWd1YW1hcmluYS1zYWZpcnMtYW1ldGlzdGEtaS1wZXJsZXMtY3VsdGl2YWRlcy1zY2FsZWQuanBnIiwic2xpZGVzaG93IjoiODVmYWUyMCJ9\">\n\t\t\t\t\t<div class=\"e-gallery-image elementor-gallery-item__image\" data-thumbnail=\"https:\/\/www.ferrangarreta.com\/wp-content\/uploads\/2023\/04\/JE3.-Fermalls-dor-goc-esmalts-al-foc-en-vitrall-aiguamarina-safirs-ametista-i-perles-cultivades-scaled.jpg\" data-width=\"2560\" data-height=\"1920\" aria-label=\"JE3. Broches de oro amarillo, esmaltes al fuego en vitral, aguamarina, zafiros, amatista y perlas cultivadas.\" role=\"img\" ><\/div>\n\t\t\t\t\t\t\t\t\t\t\t<div class=\"elementor-gallery-item__overlay\"><\/div>\n\t\t\t\t\t\t\t\t\t\t\t\t\t\t\t<div class=\"elementor-gallery-item__content\">\n\t\t\t\t\t\t\t\t\t\t\t\t\t\t<div class=\"elementor-gallery-item__title\">\n\t\t\t\t\t\t\t\t\t\t\t\t\t\t\t\t\t\tJE3. Broches de oro amarillo, esmaltes al fuego en vitral, aguamarina, zafiros, amatista y perlas cultivadas.\t\t\t\t\t\t\t\t<\/div>\n\t\t\t\t\t\t\t\t\t\t\t\t<\/div>\n\t\t\t\t\t\t\t\t\t<\/a>\n\t\t\t\t\t\t\t<a class=\"e-gallery-item elementor-gallery-item elementor-animated-content\" href=\"https:\/\/www.ferrangarreta.com\/wp-content\/uploads\/2023\/04\/JE4.-Fermalls-dor-groc-esmalts-al-foc-en-vitrall-esmeraldes-i-robins-scaled.jpg\" data-elementor-open-lightbox=\"yes\" data-elementor-lightbox-slideshow=\"85fae20\" data-elementor-lightbox-title=\"JE4. Broches de oro amarillo, esmaltes al fuego en vitral, esmeraldas y rub\u00edes.\" data-e-action-hash=\"#elementor-action%3Aaction%3Dlightbox%26settings%3DeyJpZCI6MTQzMTEsInVybCI6Imh0dHBzOlwvXC93d3cuZmVycmFuZ2FycmV0YS5jb21cL3dwLWNvbnRlbnRcL3VwbG9hZHNcLzIwMjNcLzA0XC9KRTQuLUZlcm1hbGxzLWRvci1ncm9jLWVzbWFsdHMtYWwtZm9jLWVuLXZpdHJhbGwtZXNtZXJhbGRlcy1pLXJvYmlucy1zY2FsZWQuanBnIiwic2xpZGVzaG93IjoiODVmYWUyMCJ9\">\n\t\t\t\t\t<div class=\"e-gallery-image elementor-gallery-item__image\" data-thumbnail=\"https:\/\/www.ferrangarreta.com\/wp-content\/uploads\/2023\/04\/JE4.-Fermalls-dor-groc-esmalts-al-foc-en-vitrall-esmeraldes-i-robins-scaled.jpg\" data-width=\"1920\" data-height=\"2560\" aria-label=\"JE4. Broches de oro amarillo, esmaltes al fuego en vitral, esmeraldas y rub\u00edes.\" role=\"img\" ><\/div>\n\t\t\t\t\t\t\t\t\t\t\t<div class=\"elementor-gallery-item__overlay\"><\/div>\n\t\t\t\t\t\t\t\t\t\t\t\t\t\t\t<div class=\"elementor-gallery-item__content\">\n\t\t\t\t\t\t\t\t\t\t\t\t\t\t<div class=\"elementor-gallery-item__title\">\n\t\t\t\t\t\t\t\t\t\t\t\t\t\t\t\t\t\tJE4. Broches de oro amarillo, esmaltes al fuego en vitral, esmeraldas y rub\u00edes.\t\t\t\t\t\t\t\t<\/div>\n\t\t\t\t\t\t\t\t\t\t\t\t<\/div>\n\t\t\t\t\t\t\t\t\t<\/a>\n\t\t\t\t\t\t\t<a class=\"e-gallery-item elementor-gallery-item elementor-animated-content\" href=\"https:\/\/www.ferrangarreta.com\/wp-content\/uploads\/2023\/04\/JE5.-Fermalls-dor-groc-esmalts-al-foc-en-vitrall-i-perla-cultivada.jpg\" data-elementor-open-lightbox=\"yes\" data-elementor-lightbox-slideshow=\"85fae20\" data-elementor-lightbox-title=\"JE5. Broches de oro amarillo, esmaltes al fuego en vitral y perla cultivada.\" data-e-action-hash=\"#elementor-action%3Aaction%3Dlightbox%26settings%3DeyJpZCI6MTQzMTQsInVybCI6Imh0dHBzOlwvXC93d3cuZmVycmFuZ2FycmV0YS5jb21cL3dwLWNvbnRlbnRcL3VwbG9hZHNcLzIwMjNcLzA0XC9KRTUuLUZlcm1hbGxzLWRvci1ncm9jLWVzbWFsdHMtYWwtZm9jLWVuLXZpdHJhbGwtaS1wZXJsYS1jdWx0aXZhZGEuanBnIiwic2xpZGVzaG93IjoiODVmYWUyMCJ9\">\n\t\t\t\t\t<div class=\"e-gallery-image elementor-gallery-item__image\" data-thumbnail=\"https:\/\/www.ferrangarreta.com\/wp-content\/uploads\/2023\/04\/JE5.-Fermalls-dor-groc-esmalts-al-foc-en-vitrall-i-perla-cultivada.jpg\" data-width=\"2394\" data-height=\"2112\" aria-label=\"JE5. Broches de oro amarillo, esmaltes al fuego en vitral y perla cultivada.\" role=\"img\" ><\/div>\n\t\t\t\t\t\t\t\t\t\t\t<div class=\"elementor-gallery-item__overlay\"><\/div>\n\t\t\t\t\t\t\t\t\t\t\t\t\t\t\t<div class=\"elementor-gallery-item__content\">\n\t\t\t\t\t\t\t\t\t\t\t\t\t\t<div class=\"elementor-gallery-item__title\">\n\t\t\t\t\t\t\t\t\t\t\t\t\t\t\t\t\t\tJE5. Broches de oro amarillo, esmaltes al fuego en vitral y perla cultivada.\t\t\t\t\t\t\t\t<\/div>\n\t\t\t\t\t\t\t\t\t\t\t\t<\/div>\n\t\t\t\t\t\t\t\t\t<\/a>\n\t\t\t\t\t\t\t<a class=\"e-gallery-item elementor-gallery-item elementor-animated-content\" href=\"https:\/\/www.ferrangarreta.com\/wp-content\/uploads\/2023\/04\/JE6.-Fermall-dor-groc-esmalts-al-foc-en-vitrall.jpg\" data-elementor-open-lightbox=\"yes\" data-elementor-lightbox-slideshow=\"85fae20\" data-elementor-lightbox-title=\"JE6. Broche de oro amarillo, esmaltes al fuego en vitral.\" data-e-action-hash=\"#elementor-action%3Aaction%3Dlightbox%26settings%3DeyJpZCI6MTQzMTcsInVybCI6Imh0dHBzOlwvXC93d3cuZmVycmFuZ2FycmV0YS5jb21cL3dwLWNvbnRlbnRcL3VwbG9hZHNcLzIwMjNcLzA0XC9KRTYuLUZlcm1hbGwtZG9yLWdyb2MtZXNtYWx0cy1hbC1mb2MtZW4tdml0cmFsbC5qcGciLCJzbGlkZXNob3ciOiI4NWZhZTIwIn0%3D\">\n\t\t\t\t\t<div class=\"e-gallery-image elementor-gallery-item__image\" data-thumbnail=\"https:\/\/www.ferrangarreta.com\/wp-content\/uploads\/2023\/04\/JE6.-Fermall-dor-groc-esmalts-al-foc-en-vitrall.jpg\" data-width=\"1894\" data-height=\"1894\" aria-label=\"JE6. Broche de oro amarillo, esmaltes al fuego en vitral.\" role=\"img\" ><\/div>\n\t\t\t\t\t\t\t\t\t\t\t<div class=\"elementor-gallery-item__overlay\"><\/div>\n\t\t\t\t\t\t\t\t\t\t\t\t\t\t\t<div class=\"elementor-gallery-item__content\">\n\t\t\t\t\t\t\t\t\t\t\t\t\t\t<div class=\"elementor-gallery-item__title\">\n\t\t\t\t\t\t\t\t\t\t\t\t\t\t\t\t\t\tJE6. Broche de oro amarillo, esmaltes al fuego en vitral.\t\t\t\t\t\t\t\t<\/div>\n\t\t\t\t\t\t\t\t\t\t\t\t<\/div>\n\t\t\t\t\t\t\t\t\t<\/a>\n\t\t\t\t\t\t\t<a class=\"e-gallery-item elementor-gallery-item elementor-animated-content\" href=\"https:\/\/www.ferrangarreta.com\/wp-content\/uploads\/2023\/04\/JE7.-Bracalet-dor-groc-esmalts-al-foc-en-vitrall-crisopras-safirs-i-diamants-scaled.jpg\" data-elementor-open-lightbox=\"yes\" data-elementor-lightbox-slideshow=\"85fae20\" data-elementor-lightbox-title=\"JE7. Brazalete de oro amarillo, esmaltes al fuego en vitral, crisoprasa, zafiros y diamantes.\" data-e-action-hash=\"#elementor-action%3Aaction%3Dlightbox%26settings%3DeyJpZCI6MTQzMjAsInVybCI6Imh0dHBzOlwvXC93d3cuZmVycmFuZ2FycmV0YS5jb21cL3dwLWNvbnRlbnRcL3VwbG9hZHNcLzIwMjNcLzA0XC9KRTcuLUJyYWNhbGV0LWRvci1ncm9jLWVzbWFsdHMtYWwtZm9jLWVuLXZpdHJhbGwtY3Jpc29wcmFzLXNhZmlycy1pLWRpYW1hbnRzLXNjYWxlZC5qcGciLCJzbGlkZXNob3ciOiI4NWZhZTIwIn0%3D\">\n\t\t\t\t\t<div class=\"e-gallery-image elementor-gallery-item__image\" data-thumbnail=\"https:\/\/www.ferrangarreta.com\/wp-content\/uploads\/2023\/04\/JE7.-Bracalet-dor-groc-esmalts-al-foc-en-vitrall-crisopras-safirs-i-diamants-scaled.jpg\" data-width=\"2560\" data-height=\"1958\" aria-label=\"JE7. Brazalete de oro amarillo, esmaltes al fuego en vitral, crisoprasa, zafiros y diamantes.\" role=\"img\" ><\/div>\n\t\t\t\t\t\t\t\t\t\t\t<div class=\"elementor-gallery-item__overlay\"><\/div>\n\t\t\t\t\t\t\t\t\t\t\t\t\t\t\t<div class=\"elementor-gallery-item__content\">\n\t\t\t\t\t\t\t\t\t\t\t\t\t\t<div class=\"elementor-gallery-item__title\">\n\t\t\t\t\t\t\t\t\t\t\t\t\t\t\t\t\t\tJE7. Brazalete de oro amarillo, esmaltes al fuego en vitral, crisoprasa, zafiros y diamantes.\t\t\t\t\t\t\t\t<\/div>\n\t\t\t\t\t\t\t\t\t\t\t\t<\/div>\n\t\t\t\t\t\t\t\t\t<\/a>\n\t\t\t\t\t\t\t<a class=\"e-gallery-item elementor-gallery-item elementor-animated-content\" href=\"https:\/\/www.ferrangarreta.com\/wp-content\/uploads\/2023\/04\/JE8.-Fermall-i-arradaces-dor-groc-esmalts-al-foc-en-vitrall-i-robins-scaled.jpg\" data-elementor-open-lightbox=\"yes\" data-elementor-lightbox-slideshow=\"85fae20\" data-elementor-lightbox-title=\"JE8. Broche y pendientes de oro amarillo, esmaltes al fuego en vitral y rub\u00edes.\" data-e-action-hash=\"#elementor-action%3Aaction%3Dlightbox%26settings%3DeyJpZCI6MTQzMjMsInVybCI6Imh0dHBzOlwvXC93d3cuZmVycmFuZ2FycmV0YS5jb21cL3dwLWNvbnRlbnRcL3VwbG9hZHNcLzIwMjNcLzA0XC9KRTguLUZlcm1hbGwtaS1hcnJhZGFjZXMtZG9yLWdyb2MtZXNtYWx0cy1hbC1mb2MtZW4tdml0cmFsbC1pLXJvYmlucy1zY2FsZWQuanBnIiwic2xpZGVzaG93IjoiODVmYWUyMCJ9\">\n\t\t\t\t\t<div class=\"e-gallery-image elementor-gallery-item__image\" data-thumbnail=\"https:\/\/www.ferrangarreta.com\/wp-content\/uploads\/2023\/04\/JE8.-Fermall-i-arradaces-dor-groc-esmalts-al-foc-en-vitrall-i-robins-scaled.jpg\" data-width=\"2560\" data-height=\"1920\" aria-label=\"JE8. Broche y pendientes de oro amarillo, esmaltes al fuego en vitral y rub\u00edes.\" role=\"img\" ><\/div>\n\t\t\t\t\t\t\t\t\t\t\t<div class=\"elementor-gallery-item__overlay\"><\/div>\n\t\t\t\t\t\t\t\t\t\t\t\t\t\t\t<div class=\"elementor-gallery-item__content\">\n\t\t\t\t\t\t\t\t\t\t\t\t\t\t<div class=\"elementor-gallery-item__title\">\n\t\t\t\t\t\t\t\t\t\t\t\t\t\t\t\t\t\tJE8. Broche y pendientes de oro amarillo, esmaltes al fuego en vitral y rub\u00edes.\t\t\t\t\t\t\t\t<\/div>\n\t\t\t\t\t\t\t\t\t\t\t\t<\/div>\n\t\t\t\t\t\t\t\t\t<\/a>\n\t\t\t\t\t\t\t<a class=\"e-gallery-item elementor-gallery-item elementor-animated-content\" href=\"https:\/\/www.ferrangarreta.com\/wp-content\/uploads\/2023\/04\/JE9.-Fermall-i-arradaces-dor-groc-esmalts-al-foc-en-vitrall-i-robins-scaled.jpg\" data-elementor-open-lightbox=\"yes\" data-elementor-lightbox-slideshow=\"85fae20\" data-elementor-lightbox-title=\"JE9. Broche y pendientes de oro amarillo, esmaltes al fuego en vitral y rub\u00edes.\" data-e-action-hash=\"#elementor-action%3Aaction%3Dlightbox%26settings%3DeyJpZCI6MTQzMjYsInVybCI6Imh0dHBzOlwvXC93d3cuZmVycmFuZ2FycmV0YS5jb21cL3dwLWNvbnRlbnRcL3VwbG9hZHNcLzIwMjNcLzA0XC9KRTkuLUZlcm1hbGwtaS1hcnJhZGFjZXMtZG9yLWdyb2MtZXNtYWx0cy1hbC1mb2MtZW4tdml0cmFsbC1pLXJvYmlucy1zY2FsZWQuanBnIiwic2xpZGVzaG93IjoiODVmYWUyMCJ9\">\n\t\t\t\t\t<div class=\"e-gallery-image elementor-gallery-item__image\" data-thumbnail=\"https:\/\/www.ferrangarreta.com\/wp-content\/uploads\/2023\/04\/JE9.-Fermall-i-arradaces-dor-groc-esmalts-al-foc-en-vitrall-i-robins-scaled.jpg\" data-width=\"2560\" data-height=\"1920\" aria-label=\"JE9. Broche y pendientes de oro amarillo, esmaltes al fuego en vitral y rub\u00edes.\" role=\"img\" ><\/div>\n\t\t\t\t\t\t\t\t\t\t\t<div class=\"elementor-gallery-item__overlay\"><\/div>\n\t\t\t\t\t\t\t\t\t\t\t\t\t\t\t<div class=\"elementor-gallery-item__content\">\n\t\t\t\t\t\t\t\t\t\t\t\t\t\t<div class=\"elementor-gallery-item__title\">\n\t\t\t\t\t\t\t\t\t\t\t\t\t\t\t\t\t\tJE9. Broche y pendientes de oro amarillo, esmaltes al fuego en vitral y rub\u00edes.\t\t\t\t\t\t\t\t<\/div>\n\t\t\t\t\t\t\t\t\t\t\t\t<\/div>\n\t\t\t\t\t\t\t\t\t<\/a>\n\t\t\t\t\t\t\t<a class=\"e-gallery-item elementor-gallery-item elementor-animated-content\" href=\"https:\/\/www.ferrangarreta.com\/wp-content\/uploads\/2023\/04\/JE10.-Fermall-dor-groc-esmalts-al-foc-en-vitrall-i-topazi-blau-scaled.jpg\" data-elementor-open-lightbox=\"yes\" data-elementor-lightbox-slideshow=\"85fae20\" data-elementor-lightbox-title=\"JE10. Broche de oro amarillo, esmaltes al fuego en vitral y topacio azul.\" data-e-action-hash=\"#elementor-action%3Aaction%3Dlightbox%26settings%3DeyJpZCI6MTQzMjksInVybCI6Imh0dHBzOlwvXC93d3cuZmVycmFuZ2FycmV0YS5jb21cL3dwLWNvbnRlbnRcL3VwbG9hZHNcLzIwMjNcLzA0XC9KRTEwLi1GZXJtYWxsLWRvci1ncm9jLWVzbWFsdHMtYWwtZm9jLWVuLXZpdHJhbGwtaS10b3BhemktYmxhdS1zY2FsZWQuanBnIiwic2xpZGVzaG93IjoiODVmYWUyMCJ9\">\n\t\t\t\t\t<div class=\"e-gallery-image elementor-gallery-item__image\" data-thumbnail=\"https:\/\/www.ferrangarreta.com\/wp-content\/uploads\/2023\/04\/JE10.-Fermall-dor-groc-esmalts-al-foc-en-vitrall-i-topazi-blau-scaled.jpg\" data-width=\"2560\" data-height=\"1920\" aria-label=\"JE10. Broche de oro amarillo, esmaltes al fuego en vitral y topacio azul.\" role=\"img\" ><\/div>\n\t\t\t\t\t\t\t\t\t\t\t<div class=\"elementor-gallery-item__overlay\"><\/div>\n\t\t\t\t\t\t\t\t\t\t\t\t\t\t\t<div class=\"elementor-gallery-item__content\">\n\t\t\t\t\t\t\t\t\t\t\t\t\t\t<div class=\"elementor-gallery-item__title\">\n\t\t\t\t\t\t\t\t\t\t\t\t\t\t\t\t\t\tJE10. Broche de oro amarillo, esmaltes al fuego en vitral y topacio azul.\t\t\t\t\t\t\t\t<\/div>\n\t\t\t\t\t\t\t\t\t\t\t\t<\/div>\n\t\t\t\t\t\t\t\t\t<\/a>\n\t\t\t\t\t\t\t<a class=\"e-gallery-item elementor-gallery-item elementor-animated-content\" href=\"https:\/\/www.ferrangarreta.com\/wp-content\/uploads\/2023\/04\/JE11.-Arracades-de-plata-esmalts-al-foc-en-vitrall-aiguamarines-i-nacar-scaled.jpg\" data-elementor-open-lightbox=\"yes\" data-elementor-lightbox-slideshow=\"85fae20\" data-elementor-lightbox-title=\"JE11. Pendientes de plata, esmaltes al fuego en vitral, aguamarinas y n\u00e1car.\" data-e-action-hash=\"#elementor-action%3Aaction%3Dlightbox%26settings%3DeyJpZCI6MTQzMzIsInVybCI6Imh0dHBzOlwvXC93d3cuZmVycmFuZ2FycmV0YS5jb21cL3dwLWNvbnRlbnRcL3VwbG9hZHNcLzIwMjNcLzA0XC9KRTExLi1BcnJhY2FkZXMtZGUtcGxhdGEtZXNtYWx0cy1hbC1mb2MtZW4tdml0cmFsbC1haWd1YW1hcmluZXMtaS1uYWNhci1zY2FsZWQuanBnIiwic2xpZGVzaG93IjoiODVmYWUyMCJ9\">\n\t\t\t\t\t<div class=\"e-gallery-image elementor-gallery-item__image\" data-thumbnail=\"https:\/\/www.ferrangarreta.com\/wp-content\/uploads\/2023\/04\/JE11.-Arracades-de-plata-esmalts-al-foc-en-vitrall-aiguamarines-i-nacar-scaled.jpg\" data-width=\"2560\" data-height=\"1991\" aria-label=\"JE11. Pendientes de plata, esmaltes al fuego en vitral, aguamarinas y n\u00e1car.\" role=\"img\" ><\/div>\n\t\t\t\t\t\t\t\t\t\t\t<div class=\"elementor-gallery-item__overlay\"><\/div>\n\t\t\t\t\t\t\t\t\t\t\t\t\t\t\t<div class=\"elementor-gallery-item__content\">\n\t\t\t\t\t\t\t\t\t\t\t\t\t\t<div class=\"elementor-gallery-item__title\">\n\t\t\t\t\t\t\t\t\t\t\t\t\t\t\t\t\t\tJE11. Pendientes de plata, esmaltes al fuego en vitral, aguamarinas y n\u00e1car.\t\t\t\t\t\t\t\t<\/div>\n\t\t\t\t\t\t\t\t\t\t\t\t<\/div>\n\t\t\t\t\t\t\t\t\t<\/a>\n\t\t\t\t\t\t\t<a class=\"e-gallery-item elementor-gallery-item elementor-animated-content\" href=\"https:\/\/www.ferrangarreta.com\/wp-content\/uploads\/2023\/04\/JE12.-Penjoll-de-plata-esmalts-al-foc-en-vitrall-swarovski-blanc-i-perla-cultivada-scaled.jpg\" data-elementor-open-lightbox=\"yes\" data-elementor-lightbox-slideshow=\"85fae20\" data-elementor-lightbox-title=\"JE12. Colgante de plata, esmaltes al fuego en vitral, circonita y perla cultivada.\" data-e-action-hash=\"#elementor-action%3Aaction%3Dlightbox%26settings%3DeyJpZCI6MTQzMzUsInVybCI6Imh0dHBzOlwvXC93d3cuZmVycmFuZ2FycmV0YS5jb21cL3dwLWNvbnRlbnRcL3VwbG9hZHNcLzIwMjNcLzA0XC9KRTEyLi1QZW5qb2xsLWRlLXBsYXRhLWVzbWFsdHMtYWwtZm9jLWVuLXZpdHJhbGwtc3dhcm92c2tpLWJsYW5jLWktcGVybGEtY3VsdGl2YWRhLXNjYWxlZC5qcGciLCJzbGlkZXNob3ciOiI4NWZhZTIwIn0%3D\">\n\t\t\t\t\t<div class=\"e-gallery-image elementor-gallery-item__image\" data-thumbnail=\"https:\/\/www.ferrangarreta.com\/wp-content\/uploads\/2023\/04\/JE12.-Penjoll-de-plata-esmalts-al-foc-en-vitrall-swarovski-blanc-i-perla-cultivada-scaled.jpg\" data-width=\"2133\" data-height=\"2560\" aria-label=\"JE12. Colgante de plata, esmaltes al fuego en vitral, circonita y perla cultivada.\" role=\"img\" ><\/div>\n\t\t\t\t\t\t\t\t\t\t\t<div class=\"elementor-gallery-item__overlay\"><\/div>\n\t\t\t\t\t\t\t\t\t\t\t\t\t\t\t<div class=\"elementor-gallery-item__content\">\n\t\t\t\t\t\t\t\t\t\t\t\t\t\t<div class=\"elementor-gallery-item__title\">\n\t\t\t\t\t\t\t\t\t\t\t\t\t\t\t\t\t\tJE12. Colgante de plata, esmaltes al fuego en vitral, circonita y perla cultivada.\t\t\t\t\t\t\t\t<\/div>\n\t\t\t\t\t\t\t\t\t\t\t\t<\/div>\n\t\t\t\t\t\t\t\t\t<\/a>\n\t\t\t\t\t\t\t<a class=\"e-gallery-item elementor-gallery-item elementor-animated-content\" href=\"https:\/\/www.ferrangarreta.com\/wp-content\/uploads\/2023\/04\/JE13.-Fermalls-dor-groc-esmalts-al-foc-en-vitrall-esmeralda-espinela-rosa-i-diamant.jpg\" data-elementor-open-lightbox=\"yes\" data-elementor-lightbox-slideshow=\"85fae20\" data-elementor-lightbox-title=\"JE13. Broches de oro amarillo, esmaltes al fuego en vitral, esmeralda, espinela rosa y diamante.\" data-e-action-hash=\"#elementor-action%3Aaction%3Dlightbox%26settings%3DeyJpZCI6MTQzMzgsInVybCI6Imh0dHBzOlwvXC93d3cuZmVycmFuZ2FycmV0YS5jb21cL3dwLWNvbnRlbnRcL3VwbG9hZHNcLzIwMjNcLzA0XC9KRTEzLi1GZXJtYWxscy1kb3ItZ3JvYy1lc21hbHRzLWFsLWZvYy1lbi12aXRyYWxsLWVzbWVyYWxkYS1lc3BpbmVsYS1yb3NhLWktZGlhbWFudC5qcGciLCJzbGlkZXNob3ciOiI4NWZhZTIwIn0%3D\">\n\t\t\t\t\t<div class=\"e-gallery-image elementor-gallery-item__image\" data-thumbnail=\"https:\/\/www.ferrangarreta.com\/wp-content\/uploads\/2023\/04\/JE13.-Fermalls-dor-groc-esmalts-al-foc-en-vitrall-esmeralda-espinela-rosa-i-diamant.jpg\" data-width=\"2471\" data-height=\"1991\" aria-label=\"JE13. Broches de oro amarillo, esmaltes al fuego en vitral, esmeralda, espinela rosa y diamante.\" role=\"img\" ><\/div>\n\t\t\t\t\t\t\t\t\t\t\t<div class=\"elementor-gallery-item__overlay\"><\/div>\n\t\t\t\t\t\t\t\t\t\t\t\t\t\t\t<div class=\"elementor-gallery-item__content\">\n\t\t\t\t\t\t\t\t\t\t\t\t\t\t<div class=\"elementor-gallery-item__title\">\n\t\t\t\t\t\t\t\t\t\t\t\t\t\t\t\t\t\tJE13. Broches de oro amarillo, esmaltes al fuego en vitral, esmeralda, espinela rosa y diamante.\t\t\t\t\t\t\t\t<\/div>\n\t\t\t\t\t\t\t\t\t\t\t\t<\/div>\n\t\t\t\t\t\t\t\t\t<\/a>\n\t\t\t\t\t\t\t<a class=\"e-gallery-item elementor-gallery-item elementor-animated-content\" href=\"https:\/\/www.ferrangarreta.com\/wp-content\/uploads\/2023\/04\/JE14.-Penjoll-dor-groc-esmalts-al-foc-en-vitrall-perla-cultivada-i-diamants.jpg\" data-elementor-open-lightbox=\"yes\" data-elementor-lightbox-slideshow=\"85fae20\" data-elementor-lightbox-title=\"JE14. Colgante de oro amarillo, esmaltes al fuego en vitral, perla cultivada y diamantes.\" data-e-action-hash=\"#elementor-action%3Aaction%3Dlightbox%26settings%3DeyJpZCI6MTQzNDEsInVybCI6Imh0dHBzOlwvXC93d3cuZmVycmFuZ2FycmV0YS5jb21cL3dwLWNvbnRlbnRcL3VwbG9hZHNcLzIwMjNcLzA0XC9KRTE0Li1QZW5qb2xsLWRvci1ncm9jLWVzbWFsdHMtYWwtZm9jLWVuLXZpdHJhbGwtcGVybGEtY3VsdGl2YWRhLWktZGlhbWFudHMuanBnIiwic2xpZGVzaG93IjoiODVmYWUyMCJ9\">\n\t\t\t\t\t<div class=\"e-gallery-image elementor-gallery-item__image\" data-thumbnail=\"https:\/\/www.ferrangarreta.com\/wp-content\/uploads\/2023\/04\/JE14.-Penjoll-dor-groc-esmalts-al-foc-en-vitrall-perla-cultivada-i-diamants.jpg\" data-width=\"1818\" data-height=\"1818\" aria-label=\"JE14. Colgante de oro amarillo, esmaltes al fuego en vitral, perla cultivada y diamantes.\" role=\"img\" ><\/div>\n\t\t\t\t\t\t\t\t\t\t\t<div class=\"elementor-gallery-item__overlay\"><\/div>\n\t\t\t\t\t\t\t\t\t\t\t\t\t\t\t<div class=\"elementor-gallery-item__content\">\n\t\t\t\t\t\t\t\t\t\t\t\t\t\t<div class=\"elementor-gallery-item__title\">\n\t\t\t\t\t\t\t\t\t\t\t\t\t\t\t\t\t\tJE14. Colgante de oro amarillo, esmaltes al fuego en vitral, perla cultivada y diamantes.\t\t\t\t\t\t\t\t<\/div>\n\t\t\t\t\t\t\t\t\t\t\t\t<\/div>\n\t\t\t\t\t\t\t\t\t<\/a>\n\t\t\t\t\t\t\t<a class=\"e-gallery-item elementor-gallery-item elementor-animated-content\" href=\"https:\/\/www.ferrangarreta.com\/wp-content\/uploads\/2023\/04\/JB15.-Arracades-dor-groc-esmalts-al-foc-en-vitrall-perles-cultivades-i-diamants.jpg\" data-elementor-open-lightbox=\"yes\" data-elementor-lightbox-slideshow=\"85fae20\" data-elementor-lightbox-title=\"JE15. Pendientes de oro amarillo, esmaltes al fuego en vitral, perlas cultivadas y diamantes.\" data-e-action-hash=\"#elementor-action%3Aaction%3Dlightbox%26settings%3DeyJpZCI6MTQyOTMsInVybCI6Imh0dHBzOlwvXC93d3cuZmVycmFuZ2FycmV0YS5jb21cL3dwLWNvbnRlbnRcL3VwbG9hZHNcLzIwMjNcLzA0XC9KQjE1Li1BcnJhY2FkZXMtZG9yLWdyb2MtZXNtYWx0cy1hbC1mb2MtZW4tdml0cmFsbC1wZXJsZXMtY3VsdGl2YWRlcy1pLWRpYW1hbnRzLmpwZyIsInNsaWRlc2hvdyI6Ijg1ZmFlMjAifQ%3D%3D\">\n\t\t\t\t\t<div class=\"e-gallery-image elementor-gallery-item__image\" data-thumbnail=\"https:\/\/www.ferrangarreta.com\/wp-content\/uploads\/2023\/04\/JB15.-Arracades-dor-groc-esmalts-al-foc-en-vitrall-perles-cultivades-i-diamants.jpg\" data-width=\"2046\" data-height=\"2046\" aria-label=\"JE15. Pendientes de oro amarillo, esmaltes al fuego en vitral, perlas cultivadas y diamantes.\" role=\"img\" ><\/div>\n\t\t\t\t\t\t\t\t\t\t\t<div class=\"elementor-gallery-item__overlay\"><\/div>\n\t\t\t\t\t\t\t\t\t\t\t\t\t\t\t<div class=\"elementor-gallery-item__content\">\n\t\t\t\t\t\t\t\t\t\t\t\t\t\t<div class=\"elementor-gallery-item__title\">\n\t\t\t\t\t\t\t\t\t\t\t\t\t\t\t\t\t\tJE15. Pendientes de oro amarillo, esmaltes al fuego en vitral, perlas cultivadas y diamantes.\t\t\t\t\t\t\t\t<\/div>\n\t\t\t\t\t\t\t\t\t\t\t\t<\/div>\n\t\t\t\t\t\t\t\t\t<\/a>\n\t\t\t\t\t\t\t<a class=\"e-gallery-item elementor-gallery-item elementor-animated-content\" href=\"https:\/\/www.ferrangarreta.com\/wp-content\/uploads\/2023\/04\/JB16.-Fermall-dor-groc-esmalts-al-foc-en-vitralls-amatista-aiguamarina-i-turmalina-scaled.jpg\" data-elementor-open-lightbox=\"yes\" data-elementor-lightbox-slideshow=\"85fae20\" data-elementor-lightbox-title=\"JE16. Broche de oro amarillo, esmaltes al fuego en vitral, amatista, aguamarina y turmalina.\" data-e-action-hash=\"#elementor-action%3Aaction%3Dlightbox%26settings%3DeyJpZCI6MTQyOTYsInVybCI6Imh0dHBzOlwvXC93d3cuZmVycmFuZ2FycmV0YS5jb21cL3dwLWNvbnRlbnRcL3VwbG9hZHNcLzIwMjNcLzA0XC9KQjE2Li1GZXJtYWxsLWRvci1ncm9jLWVzbWFsdHMtYWwtZm9jLWVuLXZpdHJhbGxzLWFtYXRpc3RhLWFpZ3VhbWFyaW5hLWktdHVybWFsaW5hLXNjYWxlZC5qcGciLCJzbGlkZXNob3ciOiI4NWZhZTIwIn0%3D\">\n\t\t\t\t\t<div class=\"e-gallery-image elementor-gallery-item__image\" data-thumbnail=\"https:\/\/www.ferrangarreta.com\/wp-content\/uploads\/2023\/04\/JB16.-Fermall-dor-groc-esmalts-al-foc-en-vitralls-amatista-aiguamarina-i-turmalina-scaled.jpg\" data-width=\"2560\" data-height=\"1920\" aria-label=\"JE16. Broche de oro amarillo, esmaltes al fuego en vitral, amatista, aguamarina y turmalina.\" role=\"img\" ><\/div>\n\t\t\t\t\t\t\t\t\t\t\t<div class=\"elementor-gallery-item__overlay\"><\/div>\n\t\t\t\t\t\t\t\t\t\t\t\t\t\t\t<div class=\"elementor-gallery-item__content\">\n\t\t\t\t\t\t\t\t\t\t\t\t\t\t<div class=\"elementor-gallery-item__title\">\n\t\t\t\t\t\t\t\t\t\t\t\t\t\t\t\t\t\tJE16. Broche de oro amarillo, esmaltes al fuego en vitral, amatista, aguamarina y turmalina.\t\t\t\t\t\t\t\t<\/div>\n\t\t\t\t\t\t\t\t\t\t\t\t<\/div>\n\t\t\t\t\t\t\t\t\t<\/a>\n\t\t\t\t\t\t\t<a class=\"e-gallery-item elementor-gallery-item elementor-animated-content\" href=\"https:\/\/www.ferrangarreta.com\/wp-content\/uploads\/2023\/04\/JB17.-Penjoll-de-plata-esmalts-al-foc-en-vitralls-i-topazi.jpg\" data-elementor-open-lightbox=\"yes\" data-elementor-lightbox-slideshow=\"85fae20\" data-elementor-lightbox-title=\"JE17. Colgante de plata, esmaltes al fuego en vitral y topacio.\" data-e-action-hash=\"#elementor-action%3Aaction%3Dlightbox%26settings%3DeyJpZCI6MTQyOTksInVybCI6Imh0dHBzOlwvXC93d3cuZmVycmFuZ2FycmV0YS5jb21cL3dwLWNvbnRlbnRcL3VwbG9hZHNcLzIwMjNcLzA0XC9KQjE3Li1QZW5qb2xsLWRlLXBsYXRhLWVzbWFsdHMtYWwtZm9jLWVuLXZpdHJhbGxzLWktdG9wYXppLmpwZyIsInNsaWRlc2hvdyI6Ijg1ZmFlMjAifQ%3D%3D\">\n\t\t\t\t\t<div class=\"e-gallery-image elementor-gallery-item__image\" data-thumbnail=\"https:\/\/www.ferrangarreta.com\/wp-content\/uploads\/2023\/04\/JB17.-Penjoll-de-plata-esmalts-al-foc-en-vitralls-i-topazi.jpg\" data-width=\"1523\" data-height=\"1523\" aria-label=\"JE17. Colgante de plata, esmaltes al fuego en vitral y topacio.\" role=\"img\" ><\/div>\n\t\t\t\t\t\t\t\t\t\t\t<div class=\"elementor-gallery-item__overlay\"><\/div>\n\t\t\t\t\t\t\t\t\t\t\t\t\t\t\t<div class=\"elementor-gallery-item__content\">\n\t\t\t\t\t\t\t\t\t\t\t\t\t\t<div class=\"elementor-gallery-item__title\">\n\t\t\t\t\t\t\t\t\t\t\t\t\t\t\t\t\t\tJE17. Colgante de plata, esmaltes al fuego en vitral y topacio.\t\t\t\t\t\t\t\t<\/div>\n\t\t\t\t\t\t\t\t\t\t\t\t<\/div>\n\t\t\t\t\t\t\t\t\t<\/a>\n\t\t\t\t\t\t\t<a class=\"e-gallery-item elementor-gallery-item elementor-animated-content\" href=\"https:\/\/www.ferrangarreta.com\/wp-content\/uploads\/2023\/04\/JE18.-Bracalet-dor-groc-esmalts-al-foc-aiguamarina-safirs-blaus-i-perles-cultivades.jpg\" data-elementor-open-lightbox=\"yes\" data-elementor-lightbox-slideshow=\"85fae20\" data-elementor-lightbox-title=\"JE18. Brazalete de oro amarillo, esmaltes al fuego en vitral, aguamarina, zafiros azules y perlas cultivadas.\" data-e-action-hash=\"#elementor-action%3Aaction%3Dlightbox%26settings%3DeyJpZCI6MTQzNDQsInVybCI6Imh0dHBzOlwvXC93d3cuZmVycmFuZ2FycmV0YS5jb21cL3dwLWNvbnRlbnRcL3VwbG9hZHNcLzIwMjNcLzA0XC9KRTE4Li1CcmFjYWxldC1kb3ItZ3JvYy1lc21hbHRzLWFsLWZvYy1haWd1YW1hcmluYS1zYWZpcnMtYmxhdXMtaS1wZXJsZXMtY3VsdGl2YWRlcy5qcGciLCJzbGlkZXNob3ciOiI4NWZhZTIwIn0%3D\">\n\t\t\t\t\t<div class=\"e-gallery-image elementor-gallery-item__image\" data-thumbnail=\"https:\/\/www.ferrangarreta.com\/wp-content\/uploads\/2023\/04\/JE18.-Bracalet-dor-groc-esmalts-al-foc-aiguamarina-safirs-blaus-i-perles-cultivades.jpg\" data-width=\"2248\" data-height=\"2248\" aria-label=\"JE18. Brazalete de oro amarillo, esmaltes al fuego en vitral, aguamarina, zafiros azules y perlas cultivadas.\" role=\"img\" ><\/div>\n\t\t\t\t\t\t\t\t\t\t\t<div class=\"elementor-gallery-item__overlay\"><\/div>\n\t\t\t\t\t\t\t\t\t\t\t\t\t\t\t<div class=\"elementor-gallery-item__content\">\n\t\t\t\t\t\t\t\t\t\t\t\t\t\t<div class=\"elementor-gallery-item__title\">\n\t\t\t\t\t\t\t\t\t\t\t\t\t\t\t\t\t\tJE18. Brazalete de oro amarillo, esmaltes al fuego en vitral, aguamarina, zafiros azules y perlas cultivadas.\t\t\t\t\t\t\t\t<\/div>\n\t\t\t\t\t\t\t\t\t\t\t\t<\/div>\n\t\t\t\t\t\t\t\t\t<\/a>\n\t\t\t\t\t\t\t<a class=\"e-gallery-item elementor-gallery-item elementor-animated-content\" href=\"https:\/\/www.ferrangarreta.com\/wp-content\/uploads\/2023\/04\/JE19.jpg\" data-elementor-open-lightbox=\"yes\" data-elementor-lightbox-slideshow=\"85fae20\" data-elementor-lightbox-title=\"JE19. Anillo de oro amarillo, esmaltes al fuego en vitral.\" data-e-action-hash=\"#elementor-action%3Aaction%3Dlightbox%26settings%3DeyJpZCI6MTQzNDcsInVybCI6Imh0dHBzOlwvXC93d3cuZmVycmFuZ2FycmV0YS5jb21cL3dwLWNvbnRlbnRcL3VwbG9hZHNcLzIwMjNcLzA0XC9KRTE5LmpwZyIsInNsaWRlc2hvdyI6Ijg1ZmFlMjAifQ%3D%3D\">\n\t\t\t\t\t<div class=\"e-gallery-image elementor-gallery-item__image\" data-thumbnail=\"https:\/\/www.ferrangarreta.com\/wp-content\/uploads\/2023\/04\/JE19.jpg\" data-width=\"1349\" data-height=\"1349\" aria-label=\"JE19. Anillo de oro amarillo, esmaltes al fuego en vitral.\" role=\"img\" ><\/div>\n\t\t\t\t\t\t\t\t\t\t\t<div class=\"elementor-gallery-item__overlay\"><\/div>\n\t\t\t\t\t\t\t\t\t\t\t\t\t\t\t<div class=\"elementor-gallery-item__content\">\n\t\t\t\t\t\t\t\t\t\t\t\t\t\t<div class=\"elementor-gallery-item__title\">\n\t\t\t\t\t\t\t\t\t\t\t\t\t\t\t\t\t\tJE19. Anillo de oro amarillo, esmaltes al fuego en vitral.\t\t\t\t\t\t\t\t<\/div>\n\t\t\t\t\t\t\t\t\t\t\t\t<\/div>\n\t\t\t\t\t\t\t\t\t<\/a>\n\t\t\t\t\t<\/div>\n\t\t\t\t\t<\/div>\n\t\t\t\t<\/div>\n\t\t\t\t\t<\/div>\n\t\t<\/div>\n\t\t\t\t\t<\/div>\n\t\t<\/section>\n\t\t\t\t<\/div>\n\t\t","protected":false},"excerpt":{"rendered":"<p>Joyer\u00eda Joyer\u00eda esmaltada Arte vivo a lo largo de los siglos, que exige una gran maestr\u00eda, combina cuidadosamente diferentes t\u00e9cnicas, entre ellas la joyer\u00eda, el grabado, el engastado y el esmalte. Nuestras creaciones, piezas \u00fanicas, son el resultado de una idea, en la que el deseo del cliente es nuestra prioridad. JE1. Fermalls d\u2019or goc, [&hellip;]<\/p>\n","protected":false},"author":4,"featured_media":0,"parent":0,"menu_order":0,"comment_status":"closed","ping_status":"closed","template":"","meta":{"footnotes":""},"class_list":["post-14870","page","type-page","status-publish","hentry"],"yoast_head":"<!-- This site is optimized with the Yoast SEO plugin v27.5 - https:\/\/yoast.com\/product\/yoast-seo-wordpress\/ -->\n<title>Joyer\u00eda esmaltada - Ferran Garreta<\/title>\n<meta name=\"robots\" content=\"index, follow, max-snippet:-1, max-image-preview:large, max-video-preview:-1\" \/>\n<link rel=\"canonical\" href=\"https:\/\/www.ferrangarreta.com\/es\/joyeria-esmaltada\/\" \/>\n<meta property=\"og:locale\" content=\"es_ES\" \/>\n<meta property=\"og:type\" content=\"article\" \/>\n<meta property=\"og:title\" content=\"Joyer\u00eda esmaltada - Ferran Garreta\" \/>\n<meta property=\"og:description\" content=\"Joyer\u00eda Joyer\u00eda esmaltada Arte vivo a lo largo de los siglos, que exige una gran maestr\u00eda, combina cuidadosamente diferentes t\u00e9cnicas, entre ellas la joyer\u00eda, el grabado, el engastado y el esmalte. Nuestras creaciones, piezas \u00fanicas, son el resultado de una idea, en la que el deseo del cliente es nuestra prioridad. JE1. Fermalls d\u2019or goc, [&hellip;]\" \/>\n<meta property=\"og:url\" content=\"https:\/\/www.ferrangarreta.com\/es\/joyeria-esmaltada\/\" \/>\n<meta property=\"og:site_name\" content=\"Ferran Garreta\" \/>\n<meta property=\"article:modified_time\" content=\"2023-11-13T19:25:41+00:00\" \/>\n<meta name=\"twitter:card\" content=\"summary_large_image\" \/>\n<meta name=\"twitter:label1\" content=\"Tiempo de lectura\" \/>\n\t<meta name=\"twitter:data1\" content=\"2 minutos\" \/>\n<script type=\"application\/ld+json\" class=\"yoast-schema-graph\">{\"@context\":\"https:\\\/\\\/schema.org\",\"@graph\":[{\"@type\":\"WebPage\",\"@id\":\"https:\\\/\\\/www.ferrangarreta.com\\\/es\\\/joyeria-esmaltada\\\/\",\"url\":\"https:\\\/\\\/www.ferrangarreta.com\\\/es\\\/joyeria-esmaltada\\\/\",\"name\":\"Joyer\u00eda esmaltada - Ferran Garreta\",\"isPartOf\":{\"@id\":\"https:\\\/\\\/www.ferrangarreta.com\\\/es\\\/#website\"},\"datePublished\":\"2023-03-03T08:52:54+00:00\",\"dateModified\":\"2023-11-13T19:25:41+00:00\",\"breadcrumb\":{\"@id\":\"https:\\\/\\\/www.ferrangarreta.com\\\/es\\\/joyeria-esmaltada\\\/#breadcrumb\"},\"inLanguage\":\"es\",\"potentialAction\":[{\"@type\":\"ReadAction\",\"target\":[\"https:\\\/\\\/www.ferrangarreta.com\\\/es\\\/joyeria-esmaltada\\\/\"]}]},{\"@type\":\"BreadcrumbList\",\"@id\":\"https:\\\/\\\/www.ferrangarreta.com\\\/es\\\/joyeria-esmaltada\\\/#breadcrumb\",\"itemListElement\":[{\"@type\":\"ListItem\",\"position\":1,\"name\":\"Inici\",\"item\":\"https:\\\/\\\/www.ferrangarreta.com\\\/es\\\/inicio\\\/\"},{\"@type\":\"ListItem\",\"position\":2,\"name\":\"Joyer\u00eda esmaltada\"}]},{\"@type\":\"WebSite\",\"@id\":\"https:\\\/\\\/www.ferrangarreta.com\\\/es\\\/#website\",\"url\":\"https:\\\/\\\/www.ferrangarreta.com\\\/es\\\/\",\"name\":\"Ferran Garreta\",\"description\":\"Empresa familiar ubicada a la ciutat de Vic (Barcelona), dedicada al treball de l\u2019aram, el llaut\u00f3, la plata i l\u2019or, de forma art\u00edstica i manual.Ferran Garreta \u00e9s una empresa familiar ubicada a la ciutat de Vic (Barcelona), dedicada al treball de l\u2019aram, el llaut\u00f3, la plata i l\u2019or, de forma art\u00edstica i manual.\",\"publisher\":{\"@id\":\"https:\\\/\\\/www.ferrangarreta.com\\\/es\\\/#organization\"},\"potentialAction\":[{\"@type\":\"SearchAction\",\"target\":{\"@type\":\"EntryPoint\",\"urlTemplate\":\"https:\\\/\\\/www.ferrangarreta.com\\\/es\\\/?s={search_term_string}\"},\"query-input\":{\"@type\":\"PropertyValueSpecification\",\"valueRequired\":true,\"valueName\":\"search_term_string\"}}],\"inLanguage\":\"es\"},{\"@type\":\"Organization\",\"@id\":\"https:\\\/\\\/www.ferrangarreta.com\\\/es\\\/#organization\",\"name\":\"Ferran Garreta\",\"url\":\"https:\\\/\\\/www.ferrangarreta.com\\\/es\\\/\",\"logo\":{\"@type\":\"ImageObject\",\"inLanguage\":\"es\",\"@id\":\"https:\\\/\\\/www.ferrangarreta.com\\\/es\\\/#\\\/schema\\\/logo\\\/image\\\/\",\"url\":\"https:\\\/\\\/www.ferrangarreta.com\\\/wp-content\\\/uploads\\\/2023\\\/02\\\/ferran-garreta-logo-w.png\",\"contentUrl\":\"https:\\\/\\\/www.ferrangarreta.com\\\/wp-content\\\/uploads\\\/2023\\\/02\\\/ferran-garreta-logo-w.png\",\"width\":1003,\"height\":184,\"caption\":\"Ferran Garreta\"},\"image\":{\"@id\":\"https:\\\/\\\/www.ferrangarreta.com\\\/es\\\/#\\\/schema\\\/logo\\\/image\\\/\"}}]}<\/script>\n<!-- \/ Yoast SEO plugin. -->","yoast_head_json":{"title":"Joyer\u00eda esmaltada - Ferran Garreta","robots":{"index":"index","follow":"follow","max-snippet":"max-snippet:-1","max-image-preview":"max-image-preview:large","max-video-preview":"max-video-preview:-1"},"canonical":"https:\/\/www.ferrangarreta.com\/es\/joyeria-esmaltada\/","og_locale":"es_ES","og_type":"article","og_title":"Joyer\u00eda esmaltada - Ferran Garreta","og_description":"Joyer\u00eda Joyer\u00eda esmaltada Arte vivo a lo largo de los siglos, que exige una gran maestr\u00eda, combina cuidadosamente diferentes t\u00e9cnicas, entre ellas la joyer\u00eda, el grabado, el engastado y el esmalte. Nuestras creaciones, piezas \u00fanicas, son el resultado de una idea, en la que el deseo del cliente es nuestra prioridad. JE1. Fermalls d\u2019or goc, [&hellip;]","og_url":"https:\/\/www.ferrangarreta.com\/es\/joyeria-esmaltada\/","og_site_name":"Ferran Garreta","article_modified_time":"2023-11-13T19:25:41+00:00","twitter_card":"summary_large_image","twitter_misc":{"Tiempo de lectura":"2 minutos"},"schema":{"@context":"https:\/\/schema.org","@graph":[{"@type":"WebPage","@id":"https:\/\/www.ferrangarreta.com\/es\/joyeria-esmaltada\/","url":"https:\/\/www.ferrangarreta.com\/es\/joyeria-esmaltada\/","name":"Joyer\u00eda esmaltada - Ferran Garreta","isPartOf":{"@id":"https:\/\/www.ferrangarreta.com\/es\/#website"},"datePublished":"2023-03-03T08:52:54+00:00","dateModified":"2023-11-13T19:25:41+00:00","breadcrumb":{"@id":"https:\/\/www.ferrangarreta.com\/es\/joyeria-esmaltada\/#breadcrumb"},"inLanguage":"es","potentialAction":[{"@type":"ReadAction","target":["https:\/\/www.ferrangarreta.com\/es\/joyeria-esmaltada\/"]}]},{"@type":"BreadcrumbList","@id":"https:\/\/www.ferrangarreta.com\/es\/joyeria-esmaltada\/#breadcrumb","itemListElement":[{"@type":"ListItem","position":1,"name":"Inici","item":"https:\/\/www.ferrangarreta.com\/es\/inicio\/"},{"@type":"ListItem","position":2,"name":"Joyer\u00eda esmaltada"}]},{"@type":"WebSite","@id":"https:\/\/www.ferrangarreta.com\/es\/#website","url":"https:\/\/www.ferrangarreta.com\/es\/","name":"Ferran Garreta","description":"Empresa familiar ubicada a la ciutat de Vic (Barcelona), dedicada al treball de l\u2019aram, el llaut\u00f3, la plata i l\u2019or, de forma art\u00edstica i manual.Ferran Garreta \u00e9s una empresa familiar ubicada a la ciutat de Vic (Barcelona), dedicada al treball de l\u2019aram, el llaut\u00f3, la plata i l\u2019or, de forma art\u00edstica i manual.","publisher":{"@id":"https:\/\/www.ferrangarreta.com\/es\/#organization"},"potentialAction":[{"@type":"SearchAction","target":{"@type":"EntryPoint","urlTemplate":"https:\/\/www.ferrangarreta.com\/es\/?s={search_term_string}"},"query-input":{"@type":"PropertyValueSpecification","valueRequired":true,"valueName":"search_term_string"}}],"inLanguage":"es"},{"@type":"Organization","@id":"https:\/\/www.ferrangarreta.com\/es\/#organization","name":"Ferran Garreta","url":"https:\/\/www.ferrangarreta.com\/es\/","logo":{"@type":"ImageObject","inLanguage":"es","@id":"https:\/\/www.ferrangarreta.com\/es\/#\/schema\/logo\/image\/","url":"https:\/\/www.ferrangarreta.com\/wp-content\/uploads\/2023\/02\/ferran-garreta-logo-w.png","contentUrl":"https:\/\/www.ferrangarreta.com\/wp-content\/uploads\/2023\/02\/ferran-garreta-logo-w.png","width":1003,"height":184,"caption":"Ferran Garreta"},"image":{"@id":"https:\/\/www.ferrangarreta.com\/es\/#\/schema\/logo\/image\/"}}]}},"_links":{"self":[{"href":"https:\/\/www.ferrangarreta.com\/es\/wp-json\/wp\/v2\/pages\/14870","targetHints":{"allow":["GET"]}}],"collection":[{"href":"https:\/\/www.ferrangarreta.com\/es\/wp-json\/wp\/v2\/pages"}],"about":[{"href":"https:\/\/www.ferrangarreta.com\/es\/wp-json\/wp\/v2\/types\/page"}],"author":[{"embeddable":true,"href":"https:\/\/www.ferrangarreta.com\/es\/wp-json\/wp\/v2\/users\/4"}],"replies":[{"embeddable":true,"href":"https:\/\/www.ferrangarreta.com\/es\/wp-json\/wp\/v2\/comments?post=14870"}],"version-history":[{"count":6,"href":"https:\/\/www.ferrangarreta.com\/es\/wp-json\/wp\/v2\/pages\/14870\/revisions"}],"predecessor-version":[{"id":15945,"href":"https:\/\/www.ferrangarreta.com\/es\/wp-json\/wp\/v2\/pages\/14870\/revisions\/15945"}],"wp:attachment":[{"href":"https:\/\/www.ferrangarreta.com\/es\/wp-json\/wp\/v2\/media?parent=14870"}],"curies":[{"name":"wp","href":"https:\/\/api.w.org\/{rel}","templated":true}]}}