{"id":14876,"date":"2023-03-15T13:46:37","date_gmt":"2023-03-15T13:46:37","guid":{"rendered":"https:\/\/ferrangarreta.net\/memoria-y-premios\/"},"modified":"2023-12-20T10:32:16","modified_gmt":"2023-12-20T10:32:16","slug":"memoria-y-premios","status":"publish","type":"page","link":"https:\/\/www.ferrangarreta.com\/es\/memoria-y-premios\/","title":{"rendered":"Memoria y premios"},"content":{"rendered":"\t\t<div data-elementor-type=\"wp-page\" data-elementor-id=\"14876\" class=\"elementor elementor-14876 elementor-1515\" data-elementor-post-type=\"page\">\n\t\t\t\t\t\t<section class=\"elementor-section elementor-top-section elementor-element elementor-element-5fdb799 elementor-section-full_width elementor-section-height-default elementor-section-height-default\" data-id=\"5fdb799\" data-element_type=\"section\" data-e-type=\"section\" data-settings=\"{&quot;background_background&quot;:&quot;classic&quot;}\">\n\t\t\t\t\t\t\t<div class=\"elementor-background-overlay\"><\/div>\n\t\t\t\t\t\t\t<div class=\"elementor-container elementor-column-gap-default\">\n\t\t\t\t\t<div class=\"elementor-column elementor-col-100 elementor-top-column elementor-element elementor-element-396d426\" data-id=\"396d426\" data-element_type=\"column\" data-e-type=\"column\">\n\t\t\t<div class=\"elementor-widget-wrap elementor-element-populated\">\n\t\t\t\t\t\t<div class=\"elementor-element elementor-element-891425d elementor--h-position-center elementor--v-position-middle elementor-arrows-position-inside elementor-pagination-position-inside elementor-widget elementor-widget-slides\" data-id=\"891425d\" data-element_type=\"widget\" data-e-type=\"widget\" data-settings=\"{&quot;navigation&quot;:&quot;both&quot;,&quot;autoplay&quot;:&quot;yes&quot;,&quot;pause_on_hover&quot;:&quot;yes&quot;,&quot;pause_on_interaction&quot;:&quot;yes&quot;,&quot;autoplay_speed&quot;:5000,&quot;infinite&quot;:&quot;yes&quot;,&quot;transition&quot;:&quot;slide&quot;,&quot;transition_speed&quot;:500}\" data-widget_type=\"slides.default\">\n\t\t\t\t<div class=\"elementor-widget-container\">\n\t\t\t\t\t\t\t\t\t<div class=\"elementor-swiper\">\n\t\t\t\t\t<div class=\"elementor-slides-wrapper elementor-main-swiper swiper\" role=\"region\" aria-roledescription=\"carousel\" aria-label=\"Diapositivas\" dir=\"ltr\" data-animation=\"fadeInUp\">\n\t\t\t\t<div class=\"swiper-wrapper elementor-slides\">\n\t\t\t\t\t\t\t\t\t\t<div class=\"elementor-repeater-item-85eb97b swiper-slide\" role=\"group\" aria-roledescription=\"slide\"><div class=\"swiper-slide-bg\" role=\"img\" aria-label=\"Memoria y premios\"><\/div><div class=\"swiper-slide-inner\" ><div class=\"swiper-slide-contents\"><div class=\"elementor-slide-heading\">Memoria y premios<\/div><\/div><\/div><\/div>\t\t\t\t<\/div>\n\t\t\t\t\t\t\t<\/div>\n\t\t\t\t<\/div>\n\t\t\t\t\t\t\t\t<\/div>\n\t\t\t\t<\/div>\n\t\t\t\t\t<\/div>\n\t\t<\/div>\n\t\t\t\t\t<\/div>\n\t\t<\/section>\n\t\t\t\t<section class=\"elementor-section elementor-top-section elementor-element elementor-element-559298f elementor-section-full_width elementor-section-height-default elementor-section-height-default\" data-id=\"559298f\" data-element_type=\"section\" data-e-type=\"section\">\n\t\t\t\t\t\t<div class=\"elementor-container elementor-column-gap-default\">\n\t\t\t\t\t<div class=\"elementor-column elementor-col-100 elementor-top-column elementor-element elementor-element-3b4ee56\" data-id=\"3b4ee56\" data-element_type=\"column\" data-e-type=\"column\">\n\t\t\t<div class=\"elementor-widget-wrap elementor-element-populated\">\n\t\t\t\t\t\t<section class=\"elementor-section elementor-inner-section elementor-element elementor-element-9ecb4e7 elementor-section-boxed elementor-section-height-default elementor-section-height-default\" data-id=\"9ecb4e7\" data-element_type=\"section\" data-e-type=\"section\">\n\t\t\t\t\t\t<div class=\"elementor-container elementor-column-gap-default\">\n\t\t\t\t\t<div class=\"elementor-column elementor-col-100 elementor-inner-column elementor-element elementor-element-233b983\" data-id=\"233b983\" data-element_type=\"column\" data-e-type=\"column\">\n\t\t\t<div class=\"elementor-widget-wrap elementor-element-populated\">\n\t\t\t\t\t\t<div class=\"elementor-element elementor-element-df8242e elementor-widget elementor-widget-heading\" data-id=\"df8242e\" data-element_type=\"widget\" data-e-type=\"widget\" data-widget_type=\"heading.default\">\n\t\t\t\t<div class=\"elementor-widget-container\">\n\t\t\t\t\t<h2 class=\"elementor-heading-title elementor-size-default\">Llu\u00eds\nGarreta\nSabadell<\/h2>\t\t\t\t<\/div>\n\t\t\t\t<\/div>\n\t\t\t\t<div class=\"elementor-element elementor-element-b81ab8d elementor-widget elementor-widget-text-editor\" data-id=\"b81ab8d\" data-element_type=\"widget\" data-e-type=\"widget\" data-widget_type=\"text-editor.default\">\n\t\t\t\t<div class=\"elementor-widget-container\">\n\t\t\t\t\t\t\t\t\t<p>(1909 &#8211; 1992)<br \/><span style=\"color: #9d1f22;\">1940<\/span><br \/>Medalla de Plata y Diploma en la Exposici\u00f3n de la Labor de la Artesan\u00eda del Hierro celebrada en Barcelona.<br \/><span style=\"color: #9d1f22;\">1949<\/span><br \/>Diploma de Honor en el Concurso Regional de Artesan\u00eda celebrado en Vic.<br \/>Diploma de Honor en el Concurso Provincial de Artesan\u00eda de Barcelona.<br \/>Primera Medalla en el Concurso Provincial de Oficio Artesano de Barcelona.<br \/>Diploma de Honor en la Exposici\u00f3n Regional de Artesan\u00eda de Barcelona.<br \/>Diploma de 1\u00aa clase en la Primera Exposici\u00f3n Regional de Artesan\u00eda de Manresa.<br \/>Primera Medalla en el Concurso Provincial de Barcelona.<br \/><span style=\"color: #9d1f22;\">1951<\/span><br \/>Segundo Premio de Escultura en la Primera Exposici\u00f3n de Artistas Vicenses en Vic.<br \/><span style=\"color: #9d1f22;\">1953<\/span><br \/>Premio de Honor en la Primera Exposici\u00f3n Internacional de Artesan\u00eda celebrada en Madrid.<br \/><span style=\"color: #9d1f22;\">1970<\/span><br \/>Diploma de Honor en la Exposici\u00f3n de Artesan\u00edas Catalanas del Sal\u00f3n del Tinell de Barcelona.<br \/><span style=\"color: #9d1f22;\">1976<\/span><br \/>Medalla de Artesano Distinguido de Catalunya.<\/p>\n\t\t\t\t\t\t\t\t<\/div>\n\t\t\t\t<\/div>\n\t\t\t\t\t<\/div>\n\t\t<\/div>\n\t\t\t\t\t<\/div>\n\t\t<\/section>\n\t\t\t\t<section class=\"elementor-section elementor-inner-section elementor-element elementor-element-d3caea0 elementor-section-boxed elementor-section-height-default elementor-section-height-default\" data-id=\"d3caea0\" data-element_type=\"section\" data-e-type=\"section\">\n\t\t\t\t\t\t<div class=\"elementor-container elementor-column-gap-default\">\n\t\t\t\t\t<div class=\"elementor-column elementor-col-100 elementor-inner-column elementor-element elementor-element-146ad80\" data-id=\"146ad80\" data-element_type=\"column\" data-e-type=\"column\">\n\t\t\t<div class=\"elementor-widget-wrap elementor-element-populated\">\n\t\t\t\t\t\t<div class=\"elementor-element elementor-element-2923fdd elementor-widget elementor-widget-heading\" data-id=\"2923fdd\" data-element_type=\"widget\" data-e-type=\"widget\" data-widget_type=\"heading.default\">\n\t\t\t\t<div class=\"elementor-widget-container\">\n\t\t\t\t\t<h2 class=\"elementor-heading-title elementor-size-default\">Ferran Garreta Varela<\/h2>\t\t\t\t<\/div>\n\t\t\t\t<\/div>\n\t\t\t\t<div class=\"elementor-element elementor-element-ddf8737 elementor-widget elementor-widget-text-editor\" data-id=\"ddf8737\" data-element_type=\"widget\" data-e-type=\"widget\" data-widget_type=\"text-editor.default\">\n\t\t\t\t<div class=\"elementor-widget-container\">\n\t\t\t\t\t\t\t\t\t<p>Maestro Repujador en metales desde 1976. Junto a su padre Llu\u00eds Garreta Sabadell, participa en la Obra Sindical de Artesan\u00eda en numerosas exposiciones nacionales e internacionales en Barcelona, Madrid, Las Palmas de Gran Canarias, Mil\u00e1n y Nueva York. De forma individual, ha hecho numerosas exposiciones dentro del territorio catal\u00e1n, destacando las de Barcelona, Sabadell, St. Antoni de Calonge i Vic.<br \/>Ha participado en reportajes televisivos y de prensa escrita, explicando el arte del repujado.<br \/>La creaci\u00f3n de trabajos de armaduras y emblemas de \u00e9poca romana, lo ha llevado a colaborar en la realizaci\u00f3n de numerosas procesiones de Semana Santa, entre las cuales destacan, en Catalunya, las de Camprodon, Manresa, Matar\u00f3, Guardiola de Bergued\u00e0 y Vic. Cabe mencionar tambi\u00e9n la realizaci\u00f3n de trabajos de armaduras de la antig\u00fcedad, de la \u00e9poca griega a la medieval, utilizadas en escenificaciones teatrales y de car\u00e1cter hist\u00f3rico en reconstituci\u00f3n militar griega, ib\u00e9rica, etrusca, samnita y romana. Participando, junto con todos los componentes de la empresa Ferran Garreta, en las jornadas europeas de reconstituci\u00f3n hist\u00f3rica antigua en el Museo de Saint-Romain-en-Gal y en las Augustales del Museo de Villa Loupian (Francia).<br \/>Finalmente, mediante la restauraci\u00f3n de objetos antiguos y la creaci\u00f3n de objetos de culto, Ferran Garreta ha realizado trabajos de gran belleza por todo el territorio catal\u00e1n y espa\u00f1ol.<\/p>\n\t\t\t\t\t\t\t\t<\/div>\n\t\t\t\t<\/div>\n\t\t\t\t\t<\/div>\n\t\t<\/div>\n\t\t\t\t\t<\/div>\n\t\t<\/section>\n\t\t\t\t<section class=\"elementor-section elementor-inner-section elementor-element elementor-element-92ff9bf elementor-section-boxed elementor-section-height-default elementor-section-height-default\" data-id=\"92ff9bf\" data-element_type=\"section\" data-e-type=\"section\">\n\t\t\t\t\t\t<div class=\"elementor-container elementor-column-gap-default\">\n\t\t\t\t\t<div class=\"elementor-column elementor-col-100 elementor-inner-column elementor-element elementor-element-b471272\" data-id=\"b471272\" data-element_type=\"column\" data-e-type=\"column\">\n\t\t\t<div class=\"elementor-widget-wrap elementor-element-populated\">\n\t\t\t\t\t\t<div class=\"elementor-element elementor-element-16a7ba6 elementor-widget elementor-widget-heading\" data-id=\"16a7ba6\" data-element_type=\"widget\" data-e-type=\"widget\" data-widget_type=\"heading.default\">\n\t\t\t\t<div class=\"elementor-widget-container\">\n\t\t\t\t\t<h2 class=\"elementor-heading-title elementor-size-default\">Carme Garreta Montmany<\/h2>\t\t\t\t<\/div>\n\t\t\t\t<\/div>\n\t\t\t\t<div class=\"elementor-element elementor-element-ed087ff elementor-widget elementor-widget-text-editor\" data-id=\"ed087ff\" data-element_type=\"widget\" data-e-type=\"widget\" data-widget_type=\"text-editor.default\">\n\t\t\t\t<div class=\"elementor-widget-container\">\n\t\t\t\t\t\t\t\t\t<p>Aprende el oficio del repujado y cincelado en el taller familiar y participa en los trabajos de restauraci\u00f3n de metales llegando a especializarse en esta disciplina. Recibe formaci\u00f3n acad\u00e9mica en escultura y fundici\u00f3n de bronce en la Escuela de Artes y Oficios de Vic. Estudia en la Escuela Llotja de Barcelona la especialidad de esmaltes al fuego sobre metales y realiza un postgrado de especializaci\u00f3n en t\u00e9cnica de esmalte. Miembro del Colectivo de esmaltadores de la Llotja \u2018Grup \u00d2pals\u2019, con el que expuso por Catalunya, ha participado en numerosas exposiciones nacionales e intencionales entre las que destacan: The 10th. Cloisonne Jewerly Contest de Tokio (Jap\u00f3n), The 11th. Exhibition of Contemporary Shippo (Jap\u00f3n), Syosenkyo Rape-way Shippo Museum (Jap\u00f3n), CKI international Exhibition en Himmerod (Alemania), Esmaltes Llotja en Zaragoza y Foc Gallery en Barcelona. En el a\u00f1o 2007 obtiene el Premio Nacional de Esmaltes en la VII Bienal Internacional de Esmaltes de Salou, certamen en el que ya hab\u00eda sido seleccionada en otras ediciones. En el mismo a\u00f1o participa en \u00c9clats d\u2019\u00e9mail exposition internationale sur La Maison du Limousin en Paris y en Limoges (Francia).<br \/>Especializada junto a su padre en la realizaci\u00f3n a medida de armaduras de reconstituci\u00f3n hist\u00f3rica en lat\u00f3n y bronce, participa en las jornadas europeas de reconstituci\u00f3n hist\u00f3rica antigua del Museo de Saint-Romain-en-Gal y en las Augustales del Museo de Villa Loupian (Francia), con reproducciones griegas, ib\u00e9ricas, etruscas, samnitas y romanas.<br \/>Recientemente ha participado en las tres \u00faltimas ediciones del March\u00e9 del Histoire de Pontoise (Francia).<\/p>\n\t\t\t\t\t\t\t\t<\/div>\n\t\t\t\t<\/div>\n\t\t\t\t\t<\/div>\n\t\t<\/div>\n\t\t\t\t\t<\/div>\n\t\t<\/section>\n\t\t\t\t<section class=\"elementor-section elementor-inner-section elementor-element elementor-element-9652546 elementor-section-boxed elementor-section-height-default elementor-section-height-default\" data-id=\"9652546\" data-element_type=\"section\" data-e-type=\"section\">\n\t\t\t\t\t\t<div class=\"elementor-container elementor-column-gap-default\">\n\t\t\t\t\t<div class=\"elementor-column elementor-col-100 elementor-inner-column elementor-element elementor-element-2d02c3e\" data-id=\"2d02c3e\" data-element_type=\"column\" data-e-type=\"column\">\n\t\t\t<div class=\"elementor-widget-wrap elementor-element-populated\">\n\t\t\t\t\t\t<div class=\"elementor-element elementor-element-30c39b1 elementor-widget elementor-widget-heading\" data-id=\"30c39b1\" data-element_type=\"widget\" data-e-type=\"widget\" data-widget_type=\"heading.default\">\n\t\t\t\t<div class=\"elementor-widget-container\">\n\t\t\t\t\t<h2 class=\"elementor-heading-title elementor-size-default\">S\u00edlvia Garreta Montmany<\/h2>\t\t\t\t<\/div>\n\t\t\t\t<\/div>\n\t\t\t\t<div class=\"elementor-element elementor-element-82f9490 elementor-widget elementor-widget-text-editor\" data-id=\"82f9490\" data-element_type=\"widget\" data-e-type=\"widget\" data-widget_type=\"text-editor.default\">\n\t\t\t\t<div class=\"elementor-widget-container\">\n\t\t\t\t\t\t\t\t\t<p>Aprende el oficio del repujado y el cincelado en el taller familiar, donde participa tambi\u00e9n en los trabajos de orfebrer\u00eda y restauraci\u00f3n. Cursa la especialidad de joyer\u00eda y dise\u00f1o de joyas en la Escuela Llotja de Barcelona, donde tambi\u00e9n se forma en microfusi\u00f3n y ceras. Estud\u00eda posteriormente la especialidad de Gemolog\u00eda en la Escuela Industrial de Barcelona, especialidad que utiliza como complemento de sus trabajos.<br \/>Colegiada N\u00ba 02141 en el JORG (Colegio oficial de joyeros, orfebres, relojeros y gem\u00f3logos de Catalunya).<br \/>Por \u00faltimo, ha participado representando a la empresa Ferran Garreta, en las jornadas europeas de reconstituci\u00f3n hist\u00f3rica antigua del Museo de Saint-Romain-en-Gal y en las Augustales del Museo de Villa Loupian (Francia) realizando trabajos de orfebrer\u00eda romana.<\/p>\n\t\t\t\t\t\t\t\t<\/div>\n\t\t\t\t<\/div>\n\t\t\t\t\t<\/div>\n\t\t<\/div>\n\t\t\t\t\t<\/div>\n\t\t<\/section>\n\t\t\t\t\t<\/div>\n\t\t<\/div>\n\t\t\t\t\t<\/div>\n\t\t<\/section>\n\t\t\t\t<\/div>\n\t\t","protected":false},"excerpt":{"rendered":"<p>Memoria y premios Llu\u00eds Garreta Sabadell (1909 &#8211; 1992)1940Medalla de Plata y Diploma en la Exposici\u00f3n de la Labor de la Artesan\u00eda del Hierro celebrada en Barcelona.1949Diploma de Honor en el Concurso Regional de Artesan\u00eda celebrado en Vic.Diploma de Honor en el Concurso Provincial de Artesan\u00eda de Barcelona.Primera Medalla en el Concurso Provincial de Oficio [&hellip;]<\/p>\n","protected":false},"author":4,"featured_media":0,"parent":0,"menu_order":0,"comment_status":"closed","ping_status":"closed","template":"","meta":{"footnotes":""},"class_list":["post-14876","page","type-page","status-publish","hentry"],"yoast_head":"<!-- This site is optimized with the Yoast SEO plugin v27.5 - https:\/\/yoast.com\/product\/yoast-seo-wordpress\/ -->\n<title>Memoria y premios - Ferran Garreta<\/title>\n<meta name=\"robots\" content=\"index, follow, max-snippet:-1, max-image-preview:large, max-video-preview:-1\" \/>\n<link rel=\"canonical\" href=\"https:\/\/www.ferrangarreta.com\/es\/memoria-y-premios\/\" \/>\n<meta property=\"og:locale\" content=\"es_ES\" \/>\n<meta property=\"og:type\" content=\"article\" \/>\n<meta property=\"og:title\" content=\"Memoria y premios - Ferran Garreta\" \/>\n<meta property=\"og:description\" content=\"Memoria y premios Llu\u00eds Garreta Sabadell (1909 &#8211; 1992)1940Medalla de Plata y Diploma en la Exposici\u00f3n de la Labor de la Artesan\u00eda del Hierro celebrada en Barcelona.1949Diploma de Honor en el Concurso Regional de Artesan\u00eda celebrado en Vic.Diploma de Honor en el Concurso Provincial de Artesan\u00eda de Barcelona.Primera Medalla en el Concurso Provincial de Oficio [&hellip;]\" \/>\n<meta property=\"og:url\" content=\"https:\/\/www.ferrangarreta.com\/es\/memoria-y-premios\/\" \/>\n<meta property=\"og:site_name\" content=\"Ferran Garreta\" \/>\n<meta property=\"article:modified_time\" content=\"2023-12-20T10:32:16+00:00\" \/>\n<meta name=\"twitter:card\" content=\"summary_large_image\" \/>\n<meta name=\"twitter:label1\" content=\"Tiempo de lectura\" \/>\n\t<meta name=\"twitter:data1\" content=\"4 minutos\" \/>\n<script type=\"application\/ld+json\" class=\"yoast-schema-graph\">{\"@context\":\"https:\\\/\\\/schema.org\",\"@graph\":[{\"@type\":\"WebPage\",\"@id\":\"https:\\\/\\\/www.ferrangarreta.com\\\/es\\\/memoria-y-premios\\\/\",\"url\":\"https:\\\/\\\/www.ferrangarreta.com\\\/es\\\/memoria-y-premios\\\/\",\"name\":\"Memoria y premios - Ferran Garreta\",\"isPartOf\":{\"@id\":\"https:\\\/\\\/www.ferrangarreta.com\\\/es\\\/#website\"},\"datePublished\":\"2023-03-15T13:46:37+00:00\",\"dateModified\":\"2023-12-20T10:32:16+00:00\",\"breadcrumb\":{\"@id\":\"https:\\\/\\\/www.ferrangarreta.com\\\/es\\\/memoria-y-premios\\\/#breadcrumb\"},\"inLanguage\":\"es\",\"potentialAction\":[{\"@type\":\"ReadAction\",\"target\":[\"https:\\\/\\\/www.ferrangarreta.com\\\/es\\\/memoria-y-premios\\\/\"]}]},{\"@type\":\"BreadcrumbList\",\"@id\":\"https:\\\/\\\/www.ferrangarreta.com\\\/es\\\/memoria-y-premios\\\/#breadcrumb\",\"itemListElement\":[{\"@type\":\"ListItem\",\"position\":1,\"name\":\"Inici\",\"item\":\"https:\\\/\\\/www.ferrangarreta.com\\\/es\\\/inicio\\\/\"},{\"@type\":\"ListItem\",\"position\":2,\"name\":\"Memoria y premios\"}]},{\"@type\":\"WebSite\",\"@id\":\"https:\\\/\\\/www.ferrangarreta.com\\\/es\\\/#website\",\"url\":\"https:\\\/\\\/www.ferrangarreta.com\\\/es\\\/\",\"name\":\"Ferran Garreta\",\"description\":\"Empresa familiar ubicada a la ciutat de Vic (Barcelona), dedicada al treball de l\u2019aram, el llaut\u00f3, la plata i l\u2019or, de forma art\u00edstica i manual.Ferran Garreta \u00e9s una empresa familiar ubicada a la ciutat de Vic (Barcelona), dedicada al treball de l\u2019aram, el llaut\u00f3, la plata i l\u2019or, de forma art\u00edstica i manual.\",\"publisher\":{\"@id\":\"https:\\\/\\\/www.ferrangarreta.com\\\/es\\\/#organization\"},\"potentialAction\":[{\"@type\":\"SearchAction\",\"target\":{\"@type\":\"EntryPoint\",\"urlTemplate\":\"https:\\\/\\\/www.ferrangarreta.com\\\/es\\\/?s={search_term_string}\"},\"query-input\":{\"@type\":\"PropertyValueSpecification\",\"valueRequired\":true,\"valueName\":\"search_term_string\"}}],\"inLanguage\":\"es\"},{\"@type\":\"Organization\",\"@id\":\"https:\\\/\\\/www.ferrangarreta.com\\\/es\\\/#organization\",\"name\":\"Ferran Garreta\",\"url\":\"https:\\\/\\\/www.ferrangarreta.com\\\/es\\\/\",\"logo\":{\"@type\":\"ImageObject\",\"inLanguage\":\"es\",\"@id\":\"https:\\\/\\\/www.ferrangarreta.com\\\/es\\\/#\\\/schema\\\/logo\\\/image\\\/\",\"url\":\"https:\\\/\\\/www.ferrangarreta.com\\\/wp-content\\\/uploads\\\/2023\\\/02\\\/ferran-garreta-logo-w.png\",\"contentUrl\":\"https:\\\/\\\/www.ferrangarreta.com\\\/wp-content\\\/uploads\\\/2023\\\/02\\\/ferran-garreta-logo-w.png\",\"width\":1003,\"height\":184,\"caption\":\"Ferran Garreta\"},\"image\":{\"@id\":\"https:\\\/\\\/www.ferrangarreta.com\\\/es\\\/#\\\/schema\\\/logo\\\/image\\\/\"}}]}<\/script>\n<!-- \/ Yoast SEO plugin. -->","yoast_head_json":{"title":"Memoria y premios - Ferran Garreta","robots":{"index":"index","follow":"follow","max-snippet":"max-snippet:-1","max-image-preview":"max-image-preview:large","max-video-preview":"max-video-preview:-1"},"canonical":"https:\/\/www.ferrangarreta.com\/es\/memoria-y-premios\/","og_locale":"es_ES","og_type":"article","og_title":"Memoria y premios - Ferran Garreta","og_description":"Memoria y premios Llu\u00eds Garreta Sabadell (1909 &#8211; 1992)1940Medalla de Plata y Diploma en la Exposici\u00f3n de la Labor de la Artesan\u00eda del Hierro celebrada en Barcelona.1949Diploma de Honor en el Concurso Regional de Artesan\u00eda celebrado en Vic.Diploma de Honor en el Concurso Provincial de Artesan\u00eda de Barcelona.Primera Medalla en el Concurso Provincial de Oficio [&hellip;]","og_url":"https:\/\/www.ferrangarreta.com\/es\/memoria-y-premios\/","og_site_name":"Ferran Garreta","article_modified_time":"2023-12-20T10:32:16+00:00","twitter_card":"summary_large_image","twitter_misc":{"Tiempo de lectura":"4 minutos"},"schema":{"@context":"https:\/\/schema.org","@graph":[{"@type":"WebPage","@id":"https:\/\/www.ferrangarreta.com\/es\/memoria-y-premios\/","url":"https:\/\/www.ferrangarreta.com\/es\/memoria-y-premios\/","name":"Memoria y premios - Ferran Garreta","isPartOf":{"@id":"https:\/\/www.ferrangarreta.com\/es\/#website"},"datePublished":"2023-03-15T13:46:37+00:00","dateModified":"2023-12-20T10:32:16+00:00","breadcrumb":{"@id":"https:\/\/www.ferrangarreta.com\/es\/memoria-y-premios\/#breadcrumb"},"inLanguage":"es","potentialAction":[{"@type":"ReadAction","target":["https:\/\/www.ferrangarreta.com\/es\/memoria-y-premios\/"]}]},{"@type":"BreadcrumbList","@id":"https:\/\/www.ferrangarreta.com\/es\/memoria-y-premios\/#breadcrumb","itemListElement":[{"@type":"ListItem","position":1,"name":"Inici","item":"https:\/\/www.ferrangarreta.com\/es\/inicio\/"},{"@type":"ListItem","position":2,"name":"Memoria y premios"}]},{"@type":"WebSite","@id":"https:\/\/www.ferrangarreta.com\/es\/#website","url":"https:\/\/www.ferrangarreta.com\/es\/","name":"Ferran Garreta","description":"Empresa familiar ubicada a la ciutat de Vic (Barcelona), dedicada al treball de l\u2019aram, el llaut\u00f3, la plata i l\u2019or, de forma art\u00edstica i manual.Ferran Garreta \u00e9s una empresa familiar ubicada a la ciutat de Vic (Barcelona), dedicada al treball de l\u2019aram, el llaut\u00f3, la plata i l\u2019or, de forma art\u00edstica i manual.","publisher":{"@id":"https:\/\/www.ferrangarreta.com\/es\/#organization"},"potentialAction":[{"@type":"SearchAction","target":{"@type":"EntryPoint","urlTemplate":"https:\/\/www.ferrangarreta.com\/es\/?s={search_term_string}"},"query-input":{"@type":"PropertyValueSpecification","valueRequired":true,"valueName":"search_term_string"}}],"inLanguage":"es"},{"@type":"Organization","@id":"https:\/\/www.ferrangarreta.com\/es\/#organization","name":"Ferran Garreta","url":"https:\/\/www.ferrangarreta.com\/es\/","logo":{"@type":"ImageObject","inLanguage":"es","@id":"https:\/\/www.ferrangarreta.com\/es\/#\/schema\/logo\/image\/","url":"https:\/\/www.ferrangarreta.com\/wp-content\/uploads\/2023\/02\/ferran-garreta-logo-w.png","contentUrl":"https:\/\/www.ferrangarreta.com\/wp-content\/uploads\/2023\/02\/ferran-garreta-logo-w.png","width":1003,"height":184,"caption":"Ferran Garreta"},"image":{"@id":"https:\/\/www.ferrangarreta.com\/es\/#\/schema\/logo\/image\/"}}]}},"_links":{"self":[{"href":"https:\/\/www.ferrangarreta.com\/es\/wp-json\/wp\/v2\/pages\/14876","targetHints":{"allow":["GET"]}}],"collection":[{"href":"https:\/\/www.ferrangarreta.com\/es\/wp-json\/wp\/v2\/pages"}],"about":[{"href":"https:\/\/www.ferrangarreta.com\/es\/wp-json\/wp\/v2\/types\/page"}],"author":[{"embeddable":true,"href":"https:\/\/www.ferrangarreta.com\/es\/wp-json\/wp\/v2\/users\/4"}],"replies":[{"embeddable":true,"href":"https:\/\/www.ferrangarreta.com\/es\/wp-json\/wp\/v2\/comments?post=14876"}],"version-history":[{"count":13,"href":"https:\/\/www.ferrangarreta.com\/es\/wp-json\/wp\/v2\/pages\/14876\/revisions"}],"predecessor-version":[{"id":16717,"href":"https:\/\/www.ferrangarreta.com\/es\/wp-json\/wp\/v2\/pages\/14876\/revisions\/16717"}],"wp:attachment":[{"href":"https:\/\/www.ferrangarreta.com\/es\/wp-json\/wp\/v2\/media?parent=14876"}],"curies":[{"name":"wp","href":"https:\/\/api.w.org\/{rel}","templated":true}]}}