{"id":14884,"date":"2023-03-03T08:49:41","date_gmt":"2023-03-03T08:49:41","guid":{"rendered":"https:\/\/ferrangarreta.net\/colgantes-y-collares\/"},"modified":"2023-11-20T16:28:08","modified_gmt":"2023-11-20T16:28:08","slug":"colgantes-y-collares","status":"publish","type":"page","link":"https:\/\/www.ferrangarreta.com\/es\/colgantes-y-collares\/","title":{"rendered":"Colgantes y collares"},"content":{"rendered":"\t\t<div data-elementor-type=\"wp-page\" data-elementor-id=\"14884\" class=\"elementor elementor-14884 elementor-1148\" data-elementor-post-type=\"page\">\n\t\t\t\t\t\t<section class=\"elementor-section elementor-top-section elementor-element elementor-element-b9693c3 elementor-section-full_width elementor-section-height-min-height elementor-section-height-default elementor-section-items-middle\" data-id=\"b9693c3\" data-element_type=\"section\" data-e-type=\"section\">\n\t\t\t\t\t\t<div class=\"elementor-container elementor-column-gap-default\">\n\t\t\t\t\t<div class=\"elementor-column elementor-col-100 elementor-top-column elementor-element elementor-element-d37c19d\" data-id=\"d37c19d\" data-element_type=\"column\" data-e-type=\"column\">\n\t\t\t<div class=\"elementor-widget-wrap elementor-element-populated\">\n\t\t\t\t\t\t<div class=\"elementor-element elementor-element-c89a614 elementor--h-position-center elementor--v-position-middle elementor-arrows-position-inside elementor-pagination-position-inside elementor-widget elementor-widget-slides\" data-id=\"c89a614\" data-element_type=\"widget\" data-e-type=\"widget\" data-settings=\"{&quot;navigation&quot;:&quot;both&quot;,&quot;autoplay&quot;:&quot;yes&quot;,&quot;pause_on_hover&quot;:&quot;yes&quot;,&quot;pause_on_interaction&quot;:&quot;yes&quot;,&quot;autoplay_speed&quot;:5000,&quot;infinite&quot;:&quot;yes&quot;,&quot;transition&quot;:&quot;slide&quot;,&quot;transition_speed&quot;:500}\" data-widget_type=\"slides.default\">\n\t\t\t\t<div class=\"elementor-widget-container\">\n\t\t\t\t\t\t\t\t\t<div class=\"elementor-swiper\">\n\t\t\t\t\t<div class=\"elementor-slides-wrapper elementor-main-swiper swiper\" role=\"region\" aria-roledescription=\"carousel\" aria-label=\"Diapositivas\" dir=\"ltr\" data-animation=\"fadeInUp\">\n\t\t\t\t<div class=\"swiper-wrapper elementor-slides\">\n\t\t\t\t\t\t\t\t\t\t<div class=\"elementor-repeater-item-85eb97b swiper-slide\" role=\"group\" aria-roledescription=\"slide\"><div class=\"swiper-slide-bg\" role=\"img\" aria-label=\"penjolls-header\"><\/div><div class=\"swiper-slide-inner\" ><div class=\"swiper-slide-contents\"><\/div><\/div><\/div>\t\t\t\t<\/div>\n\t\t\t\t\t\t\t<\/div>\n\t\t\t\t<\/div>\n\t\t\t\t\t\t\t\t<\/div>\n\t\t\t\t<\/div>\n\t\t\t\t\t<\/div>\n\t\t<\/div>\n\t\t\t\t\t<\/div>\n\t\t<\/section>\n\t\t\t\t<section class=\"elementor-section elementor-top-section elementor-element elementor-element-312ccc7 elementor-section-boxed elementor-section-height-default elementor-section-height-default\" data-id=\"312ccc7\" data-element_type=\"section\" data-e-type=\"section\">\n\t\t\t\t\t\t<div class=\"elementor-container elementor-column-gap-default\">\n\t\t\t\t\t<div class=\"elementor-column elementor-col-100 elementor-top-column elementor-element elementor-element-4fa50ec\" data-id=\"4fa50ec\" data-element_type=\"column\" data-e-type=\"column\">\n\t\t\t<div class=\"elementor-widget-wrap elementor-element-populated\">\n\t\t\t\t\t\t<section class=\"elementor-section elementor-inner-section elementor-element elementor-element-f609e91 elementor-section-boxed elementor-section-height-default elementor-section-height-default\" data-id=\"f609e91\" data-element_type=\"section\" data-e-type=\"section\">\n\t\t\t\t\t\t<div class=\"elementor-container elementor-column-gap-default\">\n\t\t\t\t\t<div class=\"elementor-column elementor-col-100 elementor-inner-column elementor-element elementor-element-e82722a\" data-id=\"e82722a\" data-element_type=\"column\" data-e-type=\"column\">\n\t\t\t<div class=\"elementor-widget-wrap elementor-element-populated\">\n\t\t\t\t\t\t<div class=\"elementor-element elementor-element-2253ca7 elementor-widget elementor-widget-heading\" data-id=\"2253ca7\" data-element_type=\"widget\" data-e-type=\"widget\" data-widget_type=\"heading.default\">\n\t\t\t\t<div class=\"elementor-widget-container\">\n\t\t\t\t\t<h2 class=\"elementor-heading-title elementor-size-default\">Joyer\u00eda<\/h2>\t\t\t\t<\/div>\n\t\t\t\t<\/div>\n\t\t\t\t<div class=\"elementor-element elementor-element-01ad999 elementor-widget elementor-widget-heading\" data-id=\"01ad999\" data-element_type=\"widget\" data-e-type=\"widget\" data-widget_type=\"heading.default\">\n\t\t\t\t<div class=\"elementor-widget-container\">\n\t\t\t\t\t<h3 class=\"elementor-heading-title elementor-size-default\">Colgantes y collares<\/h3>\t\t\t\t<\/div>\n\t\t\t\t<\/div>\n\t\t\t\t\t<\/div>\n\t\t<\/div>\n\t\t\t\t\t<\/div>\n\t\t<\/section>\n\t\t\t\t<section class=\"elementor-section elementor-inner-section elementor-element elementor-element-fe4aefb elementor-section-boxed elementor-section-height-default elementor-section-height-default\" data-id=\"fe4aefb\" data-element_type=\"section\" data-e-type=\"section\">\n\t\t\t\t\t\t<div class=\"elementor-container elementor-column-gap-default\">\n\t\t\t\t\t<div class=\"elementor-column elementor-col-100 elementor-inner-column elementor-element elementor-element-076315f\" data-id=\"076315f\" data-element_type=\"column\" data-e-type=\"column\">\n\t\t\t<div class=\"elementor-widget-wrap elementor-element-populated\">\n\t\t\t\t\t\t<div class=\"elementor-element elementor-element-fb8a620 elementor-widget elementor-widget-text-editor\" data-id=\"fb8a620\" data-element_type=\"widget\" data-e-type=\"widget\" data-widget_type=\"text-editor.default\">\n\t\t\t\t<div class=\"elementor-widget-container\">\n\t\t\t\t\t\t\t\t\tArte vivo a lo largo de los siglos, que exige una gran maestr\u00eda, combina cuidadosamente diferentes t\u00e9cnicas, entre ellas la joyer\u00eda, el grabado,\nel engastado y el esmalte. Nuestras creaciones, piezas \u00fanicas, son\nel resultado de una idea, en la que el deseo del cliente es nuestra prioridad.\t\t\t\t\t\t\t\t<\/div>\n\t\t\t\t<\/div>\n\t\t\t\t\t<\/div>\n\t\t<\/div>\n\t\t\t\t\t<\/div>\n\t\t<\/section>\n\t\t\t\t\t<\/div>\n\t\t<\/div>\n\t\t\t\t\t<\/div>\n\t\t<\/section>\n\t\t\t\t<section class=\"elementor-section elementor-top-section elementor-element elementor-element-3224e41 elementor-section-full_width elementor-section-height-default elementor-section-height-default\" data-id=\"3224e41\" data-element_type=\"section\" data-e-type=\"section\">\n\t\t\t\t\t\t<div class=\"elementor-container elementor-column-gap-default\">\n\t\t\t\t\t<div class=\"elementor-column elementor-col-100 elementor-top-column elementor-element elementor-element-e27472a\" data-id=\"e27472a\" data-element_type=\"column\" data-e-type=\"column\">\n\t\t\t<div class=\"elementor-widget-wrap elementor-element-populated\">\n\t\t\t\t\t\t<div class=\"elementor-element elementor-element-2758d1e elementor-widget elementor-widget-gallery\" data-id=\"2758d1e\" data-element_type=\"widget\" data-e-type=\"widget\" data-settings=\"{&quot;columns&quot;:5,&quot;columns_tablet&quot;:&quot;3&quot;,&quot;gap&quot;:{&quot;unit&quot;:&quot;px&quot;,&quot;size&quot;:&quot;25&quot;,&quot;sizes&quot;:[]},&quot;aspect_ratio&quot;:&quot;1:1&quot;,&quot;overlay_title&quot;:&quot;title&quot;,&quot;lazyload&quot;:&quot;yes&quot;,&quot;gallery_layout&quot;:&quot;grid&quot;,&quot;columns_mobile&quot;:1,&quot;gap_tablet&quot;:{&quot;unit&quot;:&quot;px&quot;,&quot;size&quot;:10,&quot;sizes&quot;:[]},&quot;gap_mobile&quot;:{&quot;unit&quot;:&quot;px&quot;,&quot;size&quot;:10,&quot;sizes&quot;:[]},&quot;link_to&quot;:&quot;file&quot;,&quot;overlay_background&quot;:&quot;yes&quot;,&quot;content_hover_animation&quot;:&quot;fade-in&quot;}\" data-widget_type=\"gallery.default\">\n\t\t\t\t<div class=\"elementor-widget-container\">\n\t\t\t\t\t\t\t<div class=\"elementor-gallery__container\">\n\t\t\t\t\t\t\t<a class=\"e-gallery-item elementor-gallery-item elementor-animated-content\" href=\"https:\/\/www.ferrangarreta.com\/wp-content\/uploads\/2023\/11\/JP1.-Penjoll-dor-groc-i-topazi-blau-scaled.jpg\" data-elementor-open-lightbox=\"yes\" data-elementor-lightbox-slideshow=\"2758d1e\" data-elementor-lightbox-title=\"JP1. Colgante de oro amarillo y topacio azul.\" data-e-action-hash=\"#elementor-action%3Aaction%3Dlightbox%26settings%3DeyJpZCI6MTYwNTIsInVybCI6Imh0dHBzOlwvXC93d3cuZmVycmFuZ2FycmV0YS5jb21cL3dwLWNvbnRlbnRcL3VwbG9hZHNcLzIwMjNcLzExXC9KUDEuLVBlbmpvbGwtZG9yLWdyb2MtaS10b3BhemktYmxhdS1zY2FsZWQuanBnIiwic2xpZGVzaG93IjoiMjc1OGQxZSJ9\">\n\t\t\t\t\t<div class=\"e-gallery-image elementor-gallery-item__image\" data-thumbnail=\"https:\/\/www.ferrangarreta.com\/wp-content\/uploads\/2023\/11\/JP1.-Penjoll-dor-groc-i-topazi-blau-scaled.jpg\" data-width=\"2560\" data-height=\"1371\" aria-label=\"JP1. Colgante de oro amarillo y topacio azul.\" role=\"img\" ><\/div>\n\t\t\t\t\t\t\t\t\t\t\t<div class=\"elementor-gallery-item__overlay\"><\/div>\n\t\t\t\t\t\t\t\t\t\t\t\t\t\t\t<div class=\"elementor-gallery-item__content\">\n\t\t\t\t\t\t\t\t\t\t\t\t\t\t<div class=\"elementor-gallery-item__title\">\n\t\t\t\t\t\t\t\t\t\t\t\t\t\t\t\t\t\tJP1. Colgante de oro amarillo y topacio azul.\t\t\t\t\t\t\t\t<\/div>\n\t\t\t\t\t\t\t\t\t\t\t\t<\/div>\n\t\t\t\t\t\t\t\t\t<\/a>\n\t\t\t\t\t\t\t<a class=\"e-gallery-item elementor-gallery-item elementor-animated-content\" href=\"https:\/\/www.ferrangarreta.com\/wp-content\/uploads\/2023\/11\/JP2.-Penjoll-dor-blanc-i-topazis-blaus.jpg\" data-elementor-open-lightbox=\"yes\" data-elementor-lightbox-slideshow=\"2758d1e\" data-elementor-lightbox-title=\"JP2. Colgante de oro blanco y topacios azules.\" data-e-action-hash=\"#elementor-action%3Aaction%3Dlightbox%26settings%3DeyJpZCI6MTYwNTYsInVybCI6Imh0dHBzOlwvXC93d3cuZmVycmFuZ2FycmV0YS5jb21cL3dwLWNvbnRlbnRcL3VwbG9hZHNcLzIwMjNcLzExXC9KUDIuLVBlbmpvbGwtZG9yLWJsYW5jLWktdG9wYXppcy1ibGF1cy5qcGciLCJzbGlkZXNob3ciOiIyNzU4ZDFlIn0%3D\">\n\t\t\t\t\t<div class=\"e-gallery-image elementor-gallery-item__image\" data-thumbnail=\"https:\/\/www.ferrangarreta.com\/wp-content\/uploads\/2023\/11\/JP2.-Penjoll-dor-blanc-i-topazis-blaus.jpg\" data-width=\"2412\" data-height=\"2097\" aria-label=\"JP2. Colgante de oro blanco y topacios azules.\" role=\"img\" ><\/div>\n\t\t\t\t\t\t\t\t\t\t\t<div class=\"elementor-gallery-item__overlay\"><\/div>\n\t\t\t\t\t\t\t\t\t\t\t\t\t\t\t<div class=\"elementor-gallery-item__content\">\n\t\t\t\t\t\t\t\t\t\t\t\t\t\t<div class=\"elementor-gallery-item__title\">\n\t\t\t\t\t\t\t\t\t\t\t\t\t\t\t\t\t\tJP2. Colgante de oro blanco y topacios azules.\t\t\t\t\t\t\t\t<\/div>\n\t\t\t\t\t\t\t\t\t\t\t\t<\/div>\n\t\t\t\t\t\t\t\t\t<\/a>\n\t\t\t\t\t\t\t<a class=\"e-gallery-item elementor-gallery-item elementor-animated-content\" href=\"https:\/\/www.ferrangarreta.com\/wp-content\/uploads\/2023\/11\/JP3.-Penjoll-dor-blanc-perla-cultivada-diamants-i-aiguamarina.jpg\" data-elementor-open-lightbox=\"yes\" data-elementor-lightbox-slideshow=\"2758d1e\" data-elementor-lightbox-title=\"JP3. Colgante de oro blanco, perla cultivada, diamantes y aguamarina.\" data-e-action-hash=\"#elementor-action%3Aaction%3Dlightbox%26settings%3DeyJpZCI6MTYwNjAsInVybCI6Imh0dHBzOlwvXC93d3cuZmVycmFuZ2FycmV0YS5jb21cL3dwLWNvbnRlbnRcL3VwbG9hZHNcLzIwMjNcLzExXC9KUDMuLVBlbmpvbGwtZG9yLWJsYW5jLXBlcmxhLWN1bHRpdmFkYS1kaWFtYW50cy1pLWFpZ3VhbWFyaW5hLmpwZyIsInNsaWRlc2hvdyI6IjI3NThkMWUifQ%3D%3D\">\n\t\t\t\t\t<div class=\"e-gallery-image elementor-gallery-item__image\" data-thumbnail=\"https:\/\/www.ferrangarreta.com\/wp-content\/uploads\/2023\/11\/JP3.-Penjoll-dor-blanc-perla-cultivada-diamants-i-aiguamarina.jpg\" data-width=\"2079\" data-height=\"2079\" aria-label=\"JP3. Colgante de oro blanco, perla cultivada, diamantes y aguamarina.\" role=\"img\" ><\/div>\n\t\t\t\t\t\t\t\t\t\t\t<div class=\"elementor-gallery-item__overlay\"><\/div>\n\t\t\t\t\t\t\t\t\t\t\t\t\t\t\t<div class=\"elementor-gallery-item__content\">\n\t\t\t\t\t\t\t\t\t\t\t\t\t\t<div class=\"elementor-gallery-item__title\">\n\t\t\t\t\t\t\t\t\t\t\t\t\t\t\t\t\t\tJP3. Colgante de oro blanco, perla cultivada, diamantes y aguamarina.\t\t\t\t\t\t\t\t<\/div>\n\t\t\t\t\t\t\t\t\t\t\t\t<\/div>\n\t\t\t\t\t\t\t\t\t<\/a>\n\t\t\t\t\t\t\t<a class=\"e-gallery-item elementor-gallery-item elementor-animated-content\" href=\"https:\/\/www.ferrangarreta.com\/wp-content\/uploads\/2023\/11\/JP4.-Penjoll-dor-groc-quars-citri-i-diamant-scaled.jpg\" data-elementor-open-lightbox=\"yes\" data-elementor-lightbox-slideshow=\"2758d1e\" data-elementor-lightbox-title=\"JP4. Colgante de oro amarillo, cuarzo citrino y diamante.\" data-e-action-hash=\"#elementor-action%3Aaction%3Dlightbox%26settings%3DeyJpZCI6MTYwNjQsInVybCI6Imh0dHBzOlwvXC93d3cuZmVycmFuZ2FycmV0YS5jb21cL3dwLWNvbnRlbnRcL3VwbG9hZHNcLzIwMjNcLzExXC9KUDQuLVBlbmpvbGwtZG9yLWdyb2MtcXVhcnMtY2l0cmktaS1kaWFtYW50LXNjYWxlZC5qcGciLCJzbGlkZXNob3ciOiIyNzU4ZDFlIn0%3D\">\n\t\t\t\t\t<div class=\"e-gallery-image elementor-gallery-item__image\" data-thumbnail=\"https:\/\/www.ferrangarreta.com\/wp-content\/uploads\/2023\/11\/JP4.-Penjoll-dor-groc-quars-citri-i-diamant-scaled.jpg\" data-width=\"2560\" data-height=\"1920\" aria-label=\"JP4. Colgante de oro amarillo, cuarzo citrino y diamante.\" role=\"img\" ><\/div>\n\t\t\t\t\t\t\t\t\t\t\t<div class=\"elementor-gallery-item__overlay\"><\/div>\n\t\t\t\t\t\t\t\t\t\t\t\t\t\t\t<div class=\"elementor-gallery-item__content\">\n\t\t\t\t\t\t\t\t\t\t\t\t\t\t<div class=\"elementor-gallery-item__title\">\n\t\t\t\t\t\t\t\t\t\t\t\t\t\t\t\t\t\tJP4. Colgante de oro amarillo, cuarzo citrino y diamante.\t\t\t\t\t\t\t\t<\/div>\n\t\t\t\t\t\t\t\t\t\t\t\t<\/div>\n\t\t\t\t\t\t\t\t\t<\/a>\n\t\t\t\t\t\t\t<a class=\"e-gallery-item elementor-gallery-item elementor-animated-content\" href=\"https:\/\/www.ferrangarreta.com\/wp-content\/uploads\/2023\/11\/JP5.-Penjoll-dor-groc-i-perla-cultivada.jpg\" data-elementor-open-lightbox=\"yes\" data-elementor-lightbox-slideshow=\"2758d1e\" data-elementor-lightbox-title=\"JP5. Colgante de oro amarillo y perla cultivada.\" data-e-action-hash=\"#elementor-action%3Aaction%3Dlightbox%26settings%3DeyJpZCI6MTYwNjgsInVybCI6Imh0dHBzOlwvXC93d3cuZmVycmFuZ2FycmV0YS5jb21cL3dwLWNvbnRlbnRcL3VwbG9hZHNcLzIwMjNcLzExXC9KUDUuLVBlbmpvbGwtZG9yLWdyb2MtaS1wZXJsYS1jdWx0aXZhZGEuanBnIiwic2xpZGVzaG93IjoiMjc1OGQxZSJ9\">\n\t\t\t\t\t<div class=\"e-gallery-image elementor-gallery-item__image\" data-thumbnail=\"https:\/\/www.ferrangarreta.com\/wp-content\/uploads\/2023\/11\/JP5.-Penjoll-dor-groc-i-perla-cultivada.jpg\" data-width=\"1034\" data-height=\"773\" aria-label=\"JP5. Colgante de oro amarillo y perla cultivada.\" role=\"img\" ><\/div>\n\t\t\t\t\t\t\t\t\t\t\t<div class=\"elementor-gallery-item__overlay\"><\/div>\n\t\t\t\t\t\t\t\t\t\t\t\t\t\t\t<div class=\"elementor-gallery-item__content\">\n\t\t\t\t\t\t\t\t\t\t\t\t\t\t<div class=\"elementor-gallery-item__title\">\n\t\t\t\t\t\t\t\t\t\t\t\t\t\t\t\t\t\tJP5. Colgante de oro amarillo y perla cultivada.\t\t\t\t\t\t\t\t<\/div>\n\t\t\t\t\t\t\t\t\t\t\t\t<\/div>\n\t\t\t\t\t\t\t\t\t<\/a>\n\t\t\t\t\t\t\t<a class=\"e-gallery-item elementor-gallery-item elementor-animated-content\" href=\"https:\/\/www.ferrangarreta.com\/wp-content\/uploads\/2023\/11\/JP6.1.-Collaret-de-perles-cultivades-i-tanca-dor-groc-i-blanc.jpg\" data-elementor-open-lightbox=\"yes\" data-elementor-lightbox-slideshow=\"2758d1e\" data-elementor-lightbox-title=\"JP6.1. Collar de perlas cultivadas y cierre de oro amarillo y blanco.\" data-e-action-hash=\"#elementor-action%3Aaction%3Dlightbox%26settings%3DeyJpZCI6MTYwNzIsInVybCI6Imh0dHBzOlwvXC93d3cuZmVycmFuZ2FycmV0YS5jb21cL3dwLWNvbnRlbnRcL3VwbG9hZHNcLzIwMjNcLzExXC9KUDYuMS4tQ29sbGFyZXQtZGUtcGVybGVzLWN1bHRpdmFkZXMtaS10YW5jYS1kb3ItZ3JvYy1pLWJsYW5jLmpwZyIsInNsaWRlc2hvdyI6IjI3NThkMWUifQ%3D%3D\">\n\t\t\t\t\t<div class=\"e-gallery-image elementor-gallery-item__image\" data-thumbnail=\"https:\/\/www.ferrangarreta.com\/wp-content\/uploads\/2023\/11\/JP6.1.-Collaret-de-perles-cultivades-i-tanca-dor-groc-i-blanc.jpg\" data-width=\"1863\" data-height=\"2484\" aria-label=\"JP6.1. Collar de perlas cultivadas y cierre de oro amarillo y blanco.\" role=\"img\" ><\/div>\n\t\t\t\t\t\t\t\t\t\t\t<div class=\"elementor-gallery-item__overlay\"><\/div>\n\t\t\t\t\t\t\t\t\t\t\t\t\t\t\t<div class=\"elementor-gallery-item__content\">\n\t\t\t\t\t\t\t\t\t\t\t\t\t\t<div class=\"elementor-gallery-item__title\">\n\t\t\t\t\t\t\t\t\t\t\t\t\t\t\t\t\t\tJP6.1. Collar de perlas cultivadas y cierre de oro amarillo y blanco.\t\t\t\t\t\t\t\t<\/div>\n\t\t\t\t\t\t\t\t\t\t\t\t<\/div>\n\t\t\t\t\t\t\t\t\t<\/a>\n\t\t\t\t\t\t\t<a class=\"e-gallery-item elementor-gallery-item elementor-animated-content\" href=\"https:\/\/www.ferrangarreta.com\/wp-content\/uploads\/2023\/11\/JP6.2.-Collaret-de-perles-cultivades-i-tanca-dor-groc-i-blanc.jpg\" data-elementor-open-lightbox=\"yes\" data-elementor-lightbox-slideshow=\"2758d1e\" data-elementor-lightbox-title=\"JP6.2. Collar de perlas cultivadas y cierre de oro amarillo y blanco.\" data-e-action-hash=\"#elementor-action%3Aaction%3Dlightbox%26settings%3DeyJpZCI6MTYwNzYsInVybCI6Imh0dHBzOlwvXC93d3cuZmVycmFuZ2FycmV0YS5jb21cL3dwLWNvbnRlbnRcL3VwbG9hZHNcLzIwMjNcLzExXC9KUDYuMi4tQ29sbGFyZXQtZGUtcGVybGVzLWN1bHRpdmFkZXMtaS10YW5jYS1kb3ItZ3JvYy1pLWJsYW5jLmpwZyIsInNsaWRlc2hvdyI6IjI3NThkMWUifQ%3D%3D\">\n\t\t\t\t\t<div class=\"e-gallery-image elementor-gallery-item__image\" data-thumbnail=\"https:\/\/www.ferrangarreta.com\/wp-content\/uploads\/2023\/11\/JP6.2.-Collaret-de-perles-cultivades-i-tanca-dor-groc-i-blanc.jpg\" data-width=\"2106\" data-height=\"1905\" aria-label=\"JP6.2. Collar de perlas cultivadas y cierre de oro amarillo y blanco.\" role=\"img\" ><\/div>\n\t\t\t\t\t\t\t\t\t\t\t<div class=\"elementor-gallery-item__overlay\"><\/div>\n\t\t\t\t\t\t\t\t\t\t\t\t\t\t\t<div class=\"elementor-gallery-item__content\">\n\t\t\t\t\t\t\t\t\t\t\t\t\t\t<div class=\"elementor-gallery-item__title\">\n\t\t\t\t\t\t\t\t\t\t\t\t\t\t\t\t\t\tJP6.2. Collar de perlas cultivadas y cierre de oro amarillo y blanco.\t\t\t\t\t\t\t\t<\/div>\n\t\t\t\t\t\t\t\t\t\t\t\t<\/div>\n\t\t\t\t\t\t\t\t\t<\/a>\n\t\t\t\t\t\t\t<a class=\"e-gallery-item elementor-gallery-item elementor-animated-content\" href=\"https:\/\/www.ferrangarreta.com\/wp-content\/uploads\/2023\/11\/JP7.-Penjoll-i-arracades-dor-groc-turquesa-i-diamants.jpg\" data-elementor-open-lightbox=\"yes\" data-elementor-lightbox-slideshow=\"2758d1e\" data-elementor-lightbox-title=\"JP7. Colgante y pendientes de oro amarillo, turquesa y diamantes.\" data-e-action-hash=\"#elementor-action%3Aaction%3Dlightbox%26settings%3DeyJpZCI6MTYwODAsInVybCI6Imh0dHBzOlwvXC93d3cuZmVycmFuZ2FycmV0YS5jb21cL3dwLWNvbnRlbnRcL3VwbG9hZHNcLzIwMjNcLzExXC9KUDcuLVBlbmpvbGwtaS1hcnJhY2FkZXMtZG9yLWdyb2MtdHVycXVlc2EtaS1kaWFtYW50cy5qcGciLCJzbGlkZXNob3ciOiIyNzU4ZDFlIn0%3D\">\n\t\t\t\t\t<div class=\"e-gallery-image elementor-gallery-item__image\" data-thumbnail=\"https:\/\/www.ferrangarreta.com\/wp-content\/uploads\/2023\/11\/JP7.-Penjoll-i-arracades-dor-groc-turquesa-i-diamants.jpg\" data-width=\"1912\" data-height=\"1912\" aria-label=\"JP7. Colgante y pendientes de oro amarillo, turquesa y diamantes.\" role=\"img\" ><\/div>\n\t\t\t\t\t\t\t\t\t\t\t<div class=\"elementor-gallery-item__overlay\"><\/div>\n\t\t\t\t\t\t\t\t\t\t\t\t\t\t\t<div class=\"elementor-gallery-item__content\">\n\t\t\t\t\t\t\t\t\t\t\t\t\t\t<div class=\"elementor-gallery-item__title\">\n\t\t\t\t\t\t\t\t\t\t\t\t\t\t\t\t\t\tJP7. Colgante y pendientes de oro amarillo, turquesa y diamantes.\t\t\t\t\t\t\t\t<\/div>\n\t\t\t\t\t\t\t\t\t\t\t\t<\/div>\n\t\t\t\t\t\t\t\t\t<\/a>\n\t\t\t\t\t\t\t<a class=\"e-gallery-item elementor-gallery-item elementor-animated-content\" href=\"https:\/\/www.ferrangarreta.com\/wp-content\/uploads\/2023\/11\/JP8.-Penjoll-de-nacre-or-blanc-ametistes-i-diamants.jpg\" data-elementor-open-lightbox=\"yes\" data-elementor-lightbox-slideshow=\"2758d1e\" data-elementor-lightbox-title=\"JP8. Colgante de n\u00e1car, oro blanco, amatistas y diamantes.\" data-e-action-hash=\"#elementor-action%3Aaction%3Dlightbox%26settings%3DeyJpZCI6MTYwODQsInVybCI6Imh0dHBzOlwvXC93d3cuZmVycmFuZ2FycmV0YS5jb21cL3dwLWNvbnRlbnRcL3VwbG9hZHNcLzIwMjNcLzExXC9KUDguLVBlbmpvbGwtZGUtbmFjcmUtb3ItYmxhbmMtYW1ldGlzdGVzLWktZGlhbWFudHMuanBnIiwic2xpZGVzaG93IjoiMjc1OGQxZSJ9\">\n\t\t\t\t\t<div class=\"e-gallery-image elementor-gallery-item__image\" data-thumbnail=\"https:\/\/www.ferrangarreta.com\/wp-content\/uploads\/2023\/11\/JP8.-Penjoll-de-nacre-or-blanc-ametistes-i-diamants.jpg\" data-width=\"1943\" data-height=\"2040\" aria-label=\"JP8. Colgante de n\u00e1car, oro blanco, amatistas y diamantes.\" role=\"img\" ><\/div>\n\t\t\t\t\t\t\t\t\t\t\t<div class=\"elementor-gallery-item__overlay\"><\/div>\n\t\t\t\t\t\t\t\t\t\t\t\t\t\t\t<div class=\"elementor-gallery-item__content\">\n\t\t\t\t\t\t\t\t\t\t\t\t\t\t<div class=\"elementor-gallery-item__title\">\n\t\t\t\t\t\t\t\t\t\t\t\t\t\t\t\t\t\tJP8. Colgante de n\u00e1car, oro blanco, amatistas y diamantes.\t\t\t\t\t\t\t\t<\/div>\n\t\t\t\t\t\t\t\t\t\t\t\t<\/div>\n\t\t\t\t\t\t\t\t\t<\/a>\n\t\t\t\t\t\t\t<a class=\"e-gallery-item elementor-gallery-item elementor-animated-content\" href=\"https:\/\/www.ferrangarreta.com\/wp-content\/uploads\/2023\/11\/JP9.-Penjoll-dor-groc-i-robi-talla-princesa.jpg\" data-elementor-open-lightbox=\"yes\" data-elementor-lightbox-slideshow=\"2758d1e\" data-elementor-lightbox-title=\"JP9. Colgante de oro amarillo y rub\u00ed talla princesa.\" data-e-action-hash=\"#elementor-action%3Aaction%3Dlightbox%26settings%3DeyJpZCI6MTYwODgsInVybCI6Imh0dHBzOlwvXC93d3cuZmVycmFuZ2FycmV0YS5jb21cL3dwLWNvbnRlbnRcL3VwbG9hZHNcLzIwMjNcLzExXC9KUDkuLVBlbmpvbGwtZG9yLWdyb2MtaS1yb2JpLXRhbGxhLXByaW5jZXNhLmpwZyIsInNsaWRlc2hvdyI6IjI3NThkMWUifQ%3D%3D\">\n\t\t\t\t\t<div class=\"e-gallery-image elementor-gallery-item__image\" data-thumbnail=\"https:\/\/www.ferrangarreta.com\/wp-content\/uploads\/2023\/11\/JP9.-Penjoll-dor-groc-i-robi-talla-princesa.jpg\" data-width=\"2366\" data-height=\"1690\" aria-label=\"JP9. Colgante de oro amarillo y rub\u00ed talla princesa.\" role=\"img\" ><\/div>\n\t\t\t\t\t\t\t\t\t\t\t<div class=\"elementor-gallery-item__overlay\"><\/div>\n\t\t\t\t\t\t\t\t\t\t\t\t\t\t\t<div class=\"elementor-gallery-item__content\">\n\t\t\t\t\t\t\t\t\t\t\t\t\t\t<div class=\"elementor-gallery-item__title\">\n\t\t\t\t\t\t\t\t\t\t\t\t\t\t\t\t\t\tJP9. Colgante de oro amarillo y rub\u00ed talla princesa.\t\t\t\t\t\t\t\t<\/div>\n\t\t\t\t\t\t\t\t\t\t\t\t<\/div>\n\t\t\t\t\t\t\t\t\t<\/a>\n\t\t\t\t\t\t\t<a class=\"e-gallery-item elementor-gallery-item elementor-animated-content\" href=\"https:\/\/www.ferrangarreta.com\/wp-content\/uploads\/2023\/11\/JP10.-Penjoll-dor-blanc-perla-cultivada-i-turqueses-scaled.jpg\" data-elementor-open-lightbox=\"yes\" data-elementor-lightbox-slideshow=\"2758d1e\" data-elementor-lightbox-title=\"JP10. Colgante de oro blanco, perla cultivada y turquesas.\" data-e-action-hash=\"#elementor-action%3Aaction%3Dlightbox%26settings%3DeyJpZCI6MTYwOTIsInVybCI6Imh0dHBzOlwvXC93d3cuZmVycmFuZ2FycmV0YS5jb21cL3dwLWNvbnRlbnRcL3VwbG9hZHNcLzIwMjNcLzExXC9KUDEwLi1QZW5qb2xsLWRvci1ibGFuYy1wZXJsYS1jdWx0aXZhZGEtaS10dXJxdWVzZXMtc2NhbGVkLmpwZyIsInNsaWRlc2hvdyI6IjI3NThkMWUifQ%3D%3D\">\n\t\t\t\t\t<div class=\"e-gallery-image elementor-gallery-item__image\" data-thumbnail=\"https:\/\/www.ferrangarreta.com\/wp-content\/uploads\/2023\/11\/JP10.-Penjoll-dor-blanc-perla-cultivada-i-turqueses-scaled.jpg\" data-width=\"1646\" data-height=\"2560\" aria-label=\"JP10. Colgante de oro blanco, perla cultivada y turquesas.\" role=\"img\" ><\/div>\n\t\t\t\t\t\t\t\t\t\t\t<div class=\"elementor-gallery-item__overlay\"><\/div>\n\t\t\t\t\t\t\t\t\t\t\t\t\t\t\t<div class=\"elementor-gallery-item__content\">\n\t\t\t\t\t\t\t\t\t\t\t\t\t\t<div class=\"elementor-gallery-item__title\">\n\t\t\t\t\t\t\t\t\t\t\t\t\t\t\t\t\t\tJP10. Colgante de oro blanco, perla cultivada y turquesas.\t\t\t\t\t\t\t\t<\/div>\n\t\t\t\t\t\t\t\t\t\t\t\t<\/div>\n\t\t\t\t\t\t\t\t\t<\/a>\n\t\t\t\t\t\t\t<a class=\"e-gallery-item elementor-gallery-item elementor-animated-content\" href=\"https:\/\/www.ferrangarreta.com\/wp-content\/uploads\/2023\/11\/JP11.-Penjoll-i-agulla-dor-groc-amb-esmalts-al-foc-en-vitrall.jpg\" data-elementor-open-lightbox=\"yes\" data-elementor-lightbox-slideshow=\"2758d1e\" data-elementor-lightbox-title=\"JP11. Colgante y broche de oro amarillo con esmaltes al fuego en vitral.\" data-e-action-hash=\"#elementor-action%3Aaction%3Dlightbox%26settings%3DeyJpZCI6MTYwOTYsInVybCI6Imh0dHBzOlwvXC93d3cuZmVycmFuZ2FycmV0YS5jb21cL3dwLWNvbnRlbnRcL3VwbG9hZHNcLzIwMjNcLzExXC9KUDExLi1QZW5qb2xsLWktYWd1bGxhLWRvci1ncm9jLWFtYi1lc21hbHRzLWFsLWZvYy1lbi12aXRyYWxsLmpwZyIsInNsaWRlc2hvdyI6IjI3NThkMWUifQ%3D%3D\">\n\t\t\t\t\t<div class=\"e-gallery-image elementor-gallery-item__image\" data-thumbnail=\"https:\/\/www.ferrangarreta.com\/wp-content\/uploads\/2023\/11\/JP11.-Penjoll-i-agulla-dor-groc-amb-esmalts-al-foc-en-vitrall.jpg\" data-width=\"1894\" data-height=\"1894\" aria-label=\"JP11. Colgante y broche de oro amarillo con esmaltes al fuego en vitral.\" role=\"img\" ><\/div>\n\t\t\t\t\t\t\t\t\t\t\t<div class=\"elementor-gallery-item__overlay\"><\/div>\n\t\t\t\t\t\t\t\t\t\t\t\t\t\t\t<div class=\"elementor-gallery-item__content\">\n\t\t\t\t\t\t\t\t\t\t\t\t\t\t<div class=\"elementor-gallery-item__title\">\n\t\t\t\t\t\t\t\t\t\t\t\t\t\t\t\t\t\tJP11. Colgante y broche de oro amarillo con esmaltes al fuego en vitral.\t\t\t\t\t\t\t\t<\/div>\n\t\t\t\t\t\t\t\t\t\t\t\t<\/div>\n\t\t\t\t\t\t\t\t\t<\/a>\n\t\t\t\t\t\t\t<a class=\"e-gallery-item elementor-gallery-item elementor-animated-content\" href=\"https:\/\/www.ferrangarreta.com\/wp-content\/uploads\/2023\/11\/JP12.-Penjoll-de-plata-emalts-al-foc-en-vitral-swarovski-blanc-i-perla-cultivada-scaled.jpg\" data-elementor-open-lightbox=\"yes\" data-elementor-lightbox-slideshow=\"2758d1e\" data-elementor-lightbox-title=\"JP12. Colgante de plata, esmaltes al fuego en vitral y perla cultivada.\" data-e-action-hash=\"#elementor-action%3Aaction%3Dlightbox%26settings%3DeyJpZCI6MTYxMDAsInVybCI6Imh0dHBzOlwvXC93d3cuZmVycmFuZ2FycmV0YS5jb21cL3dwLWNvbnRlbnRcL3VwbG9hZHNcLzIwMjNcLzExXC9KUDEyLi1QZW5qb2xsLWRlLXBsYXRhLWVtYWx0cy1hbC1mb2MtZW4tdml0cmFsLXN3YXJvdnNraS1ibGFuYy1pLXBlcmxhLWN1bHRpdmFkYS1zY2FsZWQuanBnIiwic2xpZGVzaG93IjoiMjc1OGQxZSJ9\">\n\t\t\t\t\t<div class=\"e-gallery-image elementor-gallery-item__image\" data-thumbnail=\"https:\/\/www.ferrangarreta.com\/wp-content\/uploads\/2023\/11\/JP12.-Penjoll-de-plata-emalts-al-foc-en-vitral-swarovski-blanc-i-perla-cultivada-scaled.jpg\" data-width=\"2133\" data-height=\"2560\" aria-label=\"JP12. Colgante de plata, esmaltes al fuego en vitral y perla cultivada.\" role=\"img\" ><\/div>\n\t\t\t\t\t\t\t\t\t\t\t<div class=\"elementor-gallery-item__overlay\"><\/div>\n\t\t\t\t\t\t\t\t\t\t\t\t\t\t\t<div class=\"elementor-gallery-item__content\">\n\t\t\t\t\t\t\t\t\t\t\t\t\t\t<div class=\"elementor-gallery-item__title\">\n\t\t\t\t\t\t\t\t\t\t\t\t\t\t\t\t\t\tJP12. Colgante de plata, esmaltes al fuego en vitral y perla cultivada.\t\t\t\t\t\t\t\t<\/div>\n\t\t\t\t\t\t\t\t\t\t\t\t<\/div>\n\t\t\t\t\t\t\t\t\t<\/a>\n\t\t\t\t\t\t\t<a class=\"e-gallery-item elementor-gallery-item elementor-animated-content\" href=\"https:\/\/www.ferrangarreta.com\/wp-content\/uploads\/2023\/11\/JP13.-Penjoll-dor-groc-esmalts-al-foc-en-vitrall-perla-cultivada-i-diamants.jpg\" data-elementor-open-lightbox=\"yes\" data-elementor-lightbox-slideshow=\"2758d1e\" data-elementor-lightbox-title=\"JP13. Colgante de oro amarillo, esmaltes al fuego en vitral, perla cultivada y diamantes.\" data-e-action-hash=\"#elementor-action%3Aaction%3Dlightbox%26settings%3DeyJpZCI6MTYxMDQsInVybCI6Imh0dHBzOlwvXC93d3cuZmVycmFuZ2FycmV0YS5jb21cL3dwLWNvbnRlbnRcL3VwbG9hZHNcLzIwMjNcLzExXC9KUDEzLi1QZW5qb2xsLWRvci1ncm9jLWVzbWFsdHMtYWwtZm9jLWVuLXZpdHJhbGwtcGVybGEtY3VsdGl2YWRhLWktZGlhbWFudHMuanBnIiwic2xpZGVzaG93IjoiMjc1OGQxZSJ9\">\n\t\t\t\t\t<div class=\"e-gallery-image elementor-gallery-item__image\" data-thumbnail=\"https:\/\/www.ferrangarreta.com\/wp-content\/uploads\/2023\/11\/JP13.-Penjoll-dor-groc-esmalts-al-foc-en-vitrall-perla-cultivada-i-diamants.jpg\" data-width=\"1818\" data-height=\"1818\" aria-label=\"JP13. Colgante de oro amarillo, esmaltes al fuego en vitral, perla cultivada y diamantes.\" role=\"img\" ><\/div>\n\t\t\t\t\t\t\t\t\t\t\t<div class=\"elementor-gallery-item__overlay\"><\/div>\n\t\t\t\t\t\t\t\t\t\t\t\t\t\t\t<div class=\"elementor-gallery-item__content\">\n\t\t\t\t\t\t\t\t\t\t\t\t\t\t<div class=\"elementor-gallery-item__title\">\n\t\t\t\t\t\t\t\t\t\t\t\t\t\t\t\t\t\tJP13. Colgante de oro amarillo, esmaltes al fuego en vitral, perla cultivada y diamantes.\t\t\t\t\t\t\t\t<\/div>\n\t\t\t\t\t\t\t\t\t\t\t\t<\/div>\n\t\t\t\t\t\t\t\t\t<\/a>\n\t\t\t\t\t\t\t<a class=\"e-gallery-item elementor-gallery-item elementor-animated-content\" href=\"https:\/\/www.ferrangarreta.com\/wp-content\/uploads\/2023\/03\/www.ferrangarreta.com_joieria.JP1_.g-1.jpg\" data-elementor-open-lightbox=\"yes\" data-elementor-lightbox-slideshow=\"2758d1e\" data-elementor-lightbox-title=\"JP14. Colgante de oro amarillo, perla cultivada y diamantes.\" data-e-action-hash=\"#elementor-action%3Aaction%3Dlightbox%26settings%3DeyJpZCI6MTAxNjcsInVybCI6Imh0dHBzOlwvXC93d3cuZmVycmFuZ2FycmV0YS5jb21cL3dwLWNvbnRlbnRcL3VwbG9hZHNcLzIwMjNcLzAzXC93d3cuZmVycmFuZ2FycmV0YS5jb21fam9pZXJpYS5KUDFfLmctMS5qcGciLCJzbGlkZXNob3ciOiIyNzU4ZDFlIn0%3D\">\n\t\t\t\t\t<div class=\"e-gallery-image elementor-gallery-item__image\" data-thumbnail=\"https:\/\/www.ferrangarreta.com\/wp-content\/uploads\/2023\/03\/www.ferrangarreta.com_joieria.JP1_.g-1.jpg\" data-width=\"450\" data-height=\"350\" aria-label=\"JP14. Colgante de oro amarillo, perla cultivada y diamantes.\" role=\"img\" ><\/div>\n\t\t\t\t\t\t\t\t\t\t\t<div class=\"elementor-gallery-item__overlay\"><\/div>\n\t\t\t\t\t\t\t\t\t\t\t\t\t\t\t<div class=\"elementor-gallery-item__content\">\n\t\t\t\t\t\t\t\t\t\t\t\t\t\t<div class=\"elementor-gallery-item__title\">\n\t\t\t\t\t\t\t\t\t\t\t\t\t\t\t\t\t\tJP14. Colgante de oro amarillo, perla cultivada y diamantes.\t\t\t\t\t\t\t\t<\/div>\n\t\t\t\t\t\t\t\t\t\t\t\t<\/div>\n\t\t\t\t\t\t\t\t\t<\/a>\n\t\t\t\t\t\t\t<a class=\"e-gallery-item elementor-gallery-item elementor-animated-content\" href=\"https:\/\/www.ferrangarreta.com\/wp-content\/uploads\/2023\/03\/www.ferrangarreta.com_joieria.JP2_.g-1.jpg\" data-elementor-open-lightbox=\"yes\" data-elementor-lightbox-slideshow=\"2758d1e\" data-elementor-lightbox-title=\"JP15. Colgante de oro blanco, zafiro azul y diamantes.\" data-e-action-hash=\"#elementor-action%3Aaction%3Dlightbox%26settings%3DeyJpZCI6MTAxNzAsInVybCI6Imh0dHBzOlwvXC93d3cuZmVycmFuZ2FycmV0YS5jb21cL3dwLWNvbnRlbnRcL3VwbG9hZHNcLzIwMjNcLzAzXC93d3cuZmVycmFuZ2FycmV0YS5jb21fam9pZXJpYS5KUDJfLmctMS5qcGciLCJzbGlkZXNob3ciOiIyNzU4ZDFlIn0%3D\">\n\t\t\t\t\t<div class=\"e-gallery-image elementor-gallery-item__image\" data-thumbnail=\"https:\/\/www.ferrangarreta.com\/wp-content\/uploads\/2023\/03\/www.ferrangarreta.com_joieria.JP2_.g-1.jpg\" data-width=\"400\" data-height=\"325\" aria-label=\"JP15. Colgante de oro blanco, zafiro azul y diamantes.\" role=\"img\" ><\/div>\n\t\t\t\t\t\t\t\t\t\t\t<div class=\"elementor-gallery-item__overlay\"><\/div>\n\t\t\t\t\t\t\t\t\t\t\t\t\t\t\t<div class=\"elementor-gallery-item__content\">\n\t\t\t\t\t\t\t\t\t\t\t\t\t\t<div class=\"elementor-gallery-item__title\">\n\t\t\t\t\t\t\t\t\t\t\t\t\t\t\t\t\t\tJP15. Colgante de oro blanco, zafiro azul y diamantes.\t\t\t\t\t\t\t\t<\/div>\n\t\t\t\t\t\t\t\t\t\t\t\t<\/div>\n\t\t\t\t\t\t\t\t\t<\/a>\n\t\t\t\t\t\t\t<a class=\"e-gallery-item elementor-gallery-item elementor-animated-content\" href=\"https:\/\/www.ferrangarreta.com\/wp-content\/uploads\/2023\/03\/www.ferrangarreta.com_joieria.JP3_.g-1.jpg\" data-elementor-open-lightbox=\"yes\" data-elementor-lightbox-slideshow=\"2758d1e\" data-elementor-lightbox-title=\"JP16. Colgante de oro amarillo y rub\u00edes.\" data-e-action-hash=\"#elementor-action%3Aaction%3Dlightbox%26settings%3DeyJpZCI6MTAxNzMsInVybCI6Imh0dHBzOlwvXC93d3cuZmVycmFuZ2FycmV0YS5jb21cL3dwLWNvbnRlbnRcL3VwbG9hZHNcLzIwMjNcLzAzXC93d3cuZmVycmFuZ2FycmV0YS5jb21fam9pZXJpYS5KUDNfLmctMS5qcGciLCJzbGlkZXNob3ciOiIyNzU4ZDFlIn0%3D\">\n\t\t\t\t\t<div class=\"e-gallery-image elementor-gallery-item__image\" data-thumbnail=\"https:\/\/www.ferrangarreta.com\/wp-content\/uploads\/2023\/03\/www.ferrangarreta.com_joieria.JP3_.g-1.jpg\" data-width=\"400\" data-height=\"350\" aria-label=\"JP16. Colgante de oro amarillo y rub\u00edes.\" role=\"img\" ><\/div>\n\t\t\t\t\t\t\t\t\t\t\t<div class=\"elementor-gallery-item__overlay\"><\/div>\n\t\t\t\t\t\t\t\t\t\t\t\t\t\t\t<div class=\"elementor-gallery-item__content\">\n\t\t\t\t\t\t\t\t\t\t\t\t\t\t<div class=\"elementor-gallery-item__title\">\n\t\t\t\t\t\t\t\t\t\t\t\t\t\t\t\t\t\tJP16. Colgante de oro amarillo y rub\u00edes.\t\t\t\t\t\t\t\t<\/div>\n\t\t\t\t\t\t\t\t\t\t\t\t<\/div>\n\t\t\t\t\t\t\t\t\t<\/a>\n\t\t\t\t\t\t\t<a class=\"e-gallery-item elementor-gallery-item elementor-animated-content\" href=\"https:\/\/www.ferrangarreta.com\/wp-content\/uploads\/2023\/03\/www.ferrangarreta.com_joieria.JP4_.g-1.jpg\" data-elementor-open-lightbox=\"yes\" data-elementor-lightbox-slideshow=\"2758d1e\" data-elementor-lightbox-title=\"JP17. Collar de perlas cultivadas y cierre de oro amarillo con esmaltes al fuego en vitral y rub\u00edes.\" data-e-action-hash=\"#elementor-action%3Aaction%3Dlightbox%26settings%3DeyJpZCI6MTAxNzYsInVybCI6Imh0dHBzOlwvXC93d3cuZmVycmFuZ2FycmV0YS5jb21cL3dwLWNvbnRlbnRcL3VwbG9hZHNcLzIwMjNcLzAzXC93d3cuZmVycmFuZ2FycmV0YS5jb21fam9pZXJpYS5KUDRfLmctMS5qcGciLCJzbGlkZXNob3ciOiIyNzU4ZDFlIn0%3D\">\n\t\t\t\t\t<div class=\"e-gallery-image elementor-gallery-item__image\" data-thumbnail=\"https:\/\/www.ferrangarreta.com\/wp-content\/uploads\/2023\/03\/www.ferrangarreta.com_joieria.JP4_.g-1.jpg\" data-width=\"275\" data-height=\"400\" aria-label=\"JP17. Collar de perlas cultivadas y cierre de oro amarillo con esmaltes al fuego en vitral y rub\u00edes.\" role=\"img\" ><\/div>\n\t\t\t\t\t\t\t\t\t\t\t<div class=\"elementor-gallery-item__overlay\"><\/div>\n\t\t\t\t\t\t\t\t\t\t\t\t\t\t\t<div class=\"elementor-gallery-item__content\">\n\t\t\t\t\t\t\t\t\t\t\t\t\t\t<div class=\"elementor-gallery-item__title\">\n\t\t\t\t\t\t\t\t\t\t\t\t\t\t\t\t\t\tJP17. Collar de perlas cultivadas y cierre de oro amarillo con esmaltes al fuego en vitral y rub\u00edes.\t\t\t\t\t\t\t\t<\/div>\n\t\t\t\t\t\t\t\t\t\t\t\t<\/div>\n\t\t\t\t\t\t\t\t\t<\/a>\n\t\t\t\t\t\t\t<a class=\"e-gallery-item elementor-gallery-item elementor-animated-content\" href=\"https:\/\/www.ferrangarreta.com\/wp-content\/uploads\/2023\/03\/www.ferrangarreta.com_joieria.JP5_.g-1.jpg\" data-elementor-open-lightbox=\"yes\" data-elementor-lightbox-slideshow=\"2758d1e\" data-elementor-lightbox-title=\"JP18. Colgante de oro amarillo y peridoto.\" data-e-action-hash=\"#elementor-action%3Aaction%3Dlightbox%26settings%3DeyJpZCI6MTAxNzksInVybCI6Imh0dHBzOlwvXC93d3cuZmVycmFuZ2FycmV0YS5jb21cL3dwLWNvbnRlbnRcL3VwbG9hZHNcLzIwMjNcLzAzXC93d3cuZmVycmFuZ2FycmV0YS5jb21fam9pZXJpYS5KUDVfLmctMS5qcGciLCJzbGlkZXNob3ciOiIyNzU4ZDFlIn0%3D\">\n\t\t\t\t\t<div class=\"e-gallery-image elementor-gallery-item__image\" data-thumbnail=\"https:\/\/www.ferrangarreta.com\/wp-content\/uploads\/2023\/03\/www.ferrangarreta.com_joieria.JP5_.g-1.jpg\" data-width=\"400\" data-height=\"300\" aria-label=\"JP18. Colgante de oro amarillo y peridoto.\" role=\"img\" ><\/div>\n\t\t\t\t\t\t\t\t\t\t\t<div class=\"elementor-gallery-item__overlay\"><\/div>\n\t\t\t\t\t\t\t\t\t\t\t\t\t\t\t<div class=\"elementor-gallery-item__content\">\n\t\t\t\t\t\t\t\t\t\t\t\t\t\t<div class=\"elementor-gallery-item__title\">\n\t\t\t\t\t\t\t\t\t\t\t\t\t\t\t\t\t\tJP18. Colgante de oro amarillo y peridoto.\t\t\t\t\t\t\t\t<\/div>\n\t\t\t\t\t\t\t\t\t\t\t\t<\/div>\n\t\t\t\t\t\t\t\t\t<\/a>\n\t\t\t\t\t\t\t<a class=\"e-gallery-item elementor-gallery-item elementor-animated-content\" href=\"https:\/\/www.ferrangarreta.com\/wp-content\/uploads\/2023\/03\/www.ferrangarreta.com_joieria.JP6_.g-1.jpg\" data-elementor-open-lightbox=\"yes\" data-elementor-lightbox-slideshow=\"2758d1e\" data-elementor-lightbox-title=\"JP19. Colgante de oro amarillo y blanco, y diamantes.\" data-e-action-hash=\"#elementor-action%3Aaction%3Dlightbox%26settings%3DeyJpZCI6MTAxODIsInVybCI6Imh0dHBzOlwvXC93d3cuZmVycmFuZ2FycmV0YS5jb21cL3dwLWNvbnRlbnRcL3VwbG9hZHNcLzIwMjNcLzAzXC93d3cuZmVycmFuZ2FycmV0YS5jb21fam9pZXJpYS5KUDZfLmctMS5qcGciLCJzbGlkZXNob3ciOiIyNzU4ZDFlIn0%3D\">\n\t\t\t\t\t<div class=\"e-gallery-image elementor-gallery-item__image\" data-thumbnail=\"https:\/\/www.ferrangarreta.com\/wp-content\/uploads\/2023\/03\/www.ferrangarreta.com_joieria.JP6_.g-1.jpg\" data-width=\"400\" data-height=\"250\" aria-label=\"JP19. Colgante de oro amarillo y blanco, y diamantes.\" role=\"img\" ><\/div>\n\t\t\t\t\t\t\t\t\t\t\t<div class=\"elementor-gallery-item__overlay\"><\/div>\n\t\t\t\t\t\t\t\t\t\t\t\t\t\t\t<div class=\"elementor-gallery-item__content\">\n\t\t\t\t\t\t\t\t\t\t\t\t\t\t<div class=\"elementor-gallery-item__title\">\n\t\t\t\t\t\t\t\t\t\t\t\t\t\t\t\t\t\tJP19. Colgante de oro amarillo y blanco, y diamantes.\t\t\t\t\t\t\t\t<\/div>\n\t\t\t\t\t\t\t\t\t\t\t\t<\/div>\n\t\t\t\t\t\t\t\t\t<\/a>\n\t\t\t\t\t\t\t<a class=\"e-gallery-item elementor-gallery-item elementor-animated-content\" href=\"https:\/\/www.ferrangarreta.com\/wp-content\/uploads\/2023\/03\/www.ferrangarreta.com_joieria.JP7_.g-1.jpg\" data-elementor-open-lightbox=\"yes\" data-elementor-lightbox-slideshow=\"2758d1e\" data-elementor-lightbox-title=\"JP20. Colgante de oro amarillo, esmeralda, zafiro azul y diamantes.\" data-e-action-hash=\"#elementor-action%3Aaction%3Dlightbox%26settings%3DeyJpZCI6MTAxODUsInVybCI6Imh0dHBzOlwvXC93d3cuZmVycmFuZ2FycmV0YS5jb21cL3dwLWNvbnRlbnRcL3VwbG9hZHNcLzIwMjNcLzAzXC93d3cuZmVycmFuZ2FycmV0YS5jb21fam9pZXJpYS5KUDdfLmctMS5qcGciLCJzbGlkZXNob3ciOiIyNzU4ZDFlIn0%3D\">\n\t\t\t\t\t<div class=\"e-gallery-image elementor-gallery-item__image\" data-thumbnail=\"https:\/\/www.ferrangarreta.com\/wp-content\/uploads\/2023\/03\/www.ferrangarreta.com_joieria.JP7_.g-1.jpg\" data-width=\"300\" data-height=\"400\" aria-label=\"JP20. Colgante de oro amarillo, esmeralda, zafiro azul y diamantes.\" role=\"img\" ><\/div>\n\t\t\t\t\t\t\t\t\t\t\t<div class=\"elementor-gallery-item__overlay\"><\/div>\n\t\t\t\t\t\t\t\t\t\t\t\t\t\t\t<div class=\"elementor-gallery-item__content\">\n\t\t\t\t\t\t\t\t\t\t\t\t\t\t<div class=\"elementor-gallery-item__title\">\n\t\t\t\t\t\t\t\t\t\t\t\t\t\t\t\t\t\tJP20. Colgante de oro amarillo, esmeralda, zafiro azul y diamantes.\t\t\t\t\t\t\t\t<\/div>\n\t\t\t\t\t\t\t\t\t\t\t\t<\/div>\n\t\t\t\t\t\t\t\t\t<\/a>\n\t\t\t\t\t\t\t<a class=\"e-gallery-item elementor-gallery-item elementor-animated-content\" href=\"https:\/\/www.ferrangarreta.com\/wp-content\/uploads\/2023\/03\/ferrangarreta.com_JP18.g-1.jpg\" data-elementor-open-lightbox=\"yes\" data-elementor-lightbox-slideshow=\"2758d1e\" data-elementor-lightbox-title=\"JP21. Colgante de oro blanco, rub\u00edes y diamantes.\" data-e-action-hash=\"#elementor-action%3Aaction%3Dlightbox%26settings%3DeyJpZCI6MTAxNDAsInVybCI6Imh0dHBzOlwvXC93d3cuZmVycmFuZ2FycmV0YS5jb21cL3dwLWNvbnRlbnRcL3VwbG9hZHNcLzIwMjNcLzAzXC9mZXJyYW5nYXJyZXRhLmNvbV9KUDE4LmctMS5qcGciLCJzbGlkZXNob3ciOiIyNzU4ZDFlIn0%3D\">\n\t\t\t\t\t<div class=\"e-gallery-image elementor-gallery-item__image\" data-thumbnail=\"https:\/\/www.ferrangarreta.com\/wp-content\/uploads\/2023\/03\/ferrangarreta.com_JP18.g-1.jpg\" data-width=\"420\" data-height=\"350\" aria-label=\"JP21. Colgante de oro blanco, rub\u00edes y diamantes.\" role=\"img\" ><\/div>\n\t\t\t\t\t\t\t\t\t\t\t<div class=\"elementor-gallery-item__overlay\"><\/div>\n\t\t\t\t\t\t\t\t\t\t\t\t\t\t\t<div class=\"elementor-gallery-item__content\">\n\t\t\t\t\t\t\t\t\t\t\t\t\t\t<div class=\"elementor-gallery-item__title\">\n\t\t\t\t\t\t\t\t\t\t\t\t\t\t\t\t\t\tJP21. Colgante de oro blanco, rub\u00edes y diamantes.\t\t\t\t\t\t\t\t<\/div>\n\t\t\t\t\t\t\t\t\t\t\t\t<\/div>\n\t\t\t\t\t\t\t\t\t<\/a>\n\t\t\t\t\t\t\t<a class=\"e-gallery-item elementor-gallery-item elementor-animated-content\" href=\"https:\/\/www.ferrangarreta.com\/wp-content\/uploads\/2023\/11\/JP22.-Collaret-dor-blanc-perles-cultivades-i-diamants.jpg\" data-elementor-open-lightbox=\"yes\" data-elementor-lightbox-slideshow=\"2758d1e\" data-elementor-lightbox-title=\"JP22. Collar de oro blanco, perlas cultivadas y diamantes.\" data-e-action-hash=\"#elementor-action%3Aaction%3Dlightbox%26settings%3DeyJpZCI6MTYxMDgsInVybCI6Imh0dHBzOlwvXC93d3cuZmVycmFuZ2FycmV0YS5jb21cL3dwLWNvbnRlbnRcL3VwbG9hZHNcLzIwMjNcLzExXC9KUDIyLi1Db2xsYXJldC1kb3ItYmxhbmMtcGVybGVzLWN1bHRpdmFkZXMtaS1kaWFtYW50cy5qcGciLCJzbGlkZXNob3ciOiIyNzU4ZDFlIn0%3D\">\n\t\t\t\t\t<div class=\"e-gallery-image elementor-gallery-item__image\" data-thumbnail=\"https:\/\/www.ferrangarreta.com\/wp-content\/uploads\/2023\/11\/JP22.-Collaret-dor-blanc-perles-cultivades-i-diamants.jpg\" data-width=\"1896\" data-height=\"1896\" aria-label=\"JP22. Collar de oro blanco, perlas cultivadas y diamantes.\" role=\"img\" ><\/div>\n\t\t\t\t\t\t\t\t\t\t\t<div class=\"elementor-gallery-item__overlay\"><\/div>\n\t\t\t\t\t\t\t\t\t\t\t\t\t\t\t<div class=\"elementor-gallery-item__content\">\n\t\t\t\t\t\t\t\t\t\t\t\t\t\t<div class=\"elementor-gallery-item__title\">\n\t\t\t\t\t\t\t\t\t\t\t\t\t\t\t\t\t\tJP22. Collar de oro blanco, perlas cultivadas y diamantes.\t\t\t\t\t\t\t\t<\/div>\n\t\t\t\t\t\t\t\t\t\t\t\t<\/div>\n\t\t\t\t\t\t\t\t\t<\/a>\n\t\t\t\t\t\t\t<a class=\"e-gallery-item elementor-gallery-item elementor-animated-content\" href=\"https:\/\/www.ferrangarreta.com\/wp-content\/uploads\/2023\/03\/ferrangarreta.com_JP20.g-1.jpg\" data-elementor-open-lightbox=\"yes\" data-elementor-lightbox-slideshow=\"2758d1e\" data-elementor-lightbox-title=\"JP23. Collar de oro blanco, perlas cultivadas, granate almandino y diamantes.\" data-e-action-hash=\"#elementor-action%3Aaction%3Dlightbox%26settings%3DeyJpZCI6MTAxNDYsInVybCI6Imh0dHBzOlwvXC93d3cuZmVycmFuZ2FycmV0YS5jb21cL3dwLWNvbnRlbnRcL3VwbG9hZHNcLzIwMjNcLzAzXC9mZXJyYW5nYXJyZXRhLmNvbV9KUDIwLmctMS5qcGciLCJzbGlkZXNob3ciOiIyNzU4ZDFlIn0%3D\">\n\t\t\t\t\t<div class=\"e-gallery-image elementor-gallery-item__image\" data-thumbnail=\"https:\/\/www.ferrangarreta.com\/wp-content\/uploads\/2023\/03\/ferrangarreta.com_JP20.g-1.jpg\" data-width=\"400\" data-height=\"300\" aria-label=\"JP23. Collar de oro blanco, perlas cultivadas, granate almandino y diamantes.\" role=\"img\" ><\/div>\n\t\t\t\t\t\t\t\t\t\t\t<div class=\"elementor-gallery-item__overlay\"><\/div>\n\t\t\t\t\t\t\t\t\t\t\t\t\t\t\t<div class=\"elementor-gallery-item__content\">\n\t\t\t\t\t\t\t\t\t\t\t\t\t\t<div class=\"elementor-gallery-item__title\">\n\t\t\t\t\t\t\t\t\t\t\t\t\t\t\t\t\t\tJP23. Collar de oro blanco, perlas cultivadas, granate almandino y diamantes.\t\t\t\t\t\t\t\t<\/div>\n\t\t\t\t\t\t\t\t\t\t\t\t<\/div>\n\t\t\t\t\t\t\t\t\t<\/a>\n\t\t\t\t\t\t\t<a class=\"e-gallery-item elementor-gallery-item elementor-animated-content\" href=\"https:\/\/www.ferrangarreta.com\/wp-content\/uploads\/2023\/03\/ferrangarreta.com_JP21.g-1.jpg\" data-elementor-open-lightbox=\"yes\" data-elementor-lightbox-slideshow=\"2758d1e\" data-elementor-lightbox-title=\"JP24. Collar. Oro amarillo, rub\u00edes, espinela y circonita.\" data-e-action-hash=\"#elementor-action%3Aaction%3Dlightbox%26settings%3DeyJpZCI6MTAxNDksInVybCI6Imh0dHBzOlwvXC93d3cuZmVycmFuZ2FycmV0YS5jb21cL3dwLWNvbnRlbnRcL3VwbG9hZHNcLzIwMjNcLzAzXC9mZXJyYW5nYXJyZXRhLmNvbV9KUDIxLmctMS5qcGciLCJzbGlkZXNob3ciOiIyNzU4ZDFlIn0%3D\">\n\t\t\t\t\t<div class=\"e-gallery-image elementor-gallery-item__image\" data-thumbnail=\"https:\/\/www.ferrangarreta.com\/wp-content\/uploads\/2023\/03\/ferrangarreta.com_JP21.g-1.jpg\" data-width=\"400\" data-height=\"250\" aria-label=\"JP24. Collar. Oro amarillo, rub\u00edes, espinela y circonita.\" role=\"img\" ><\/div>\n\t\t\t\t\t\t\t\t\t\t\t<div class=\"elementor-gallery-item__overlay\"><\/div>\n\t\t\t\t\t\t\t\t\t\t\t\t\t\t\t<div class=\"elementor-gallery-item__content\">\n\t\t\t\t\t\t\t\t\t\t\t\t\t\t<div class=\"elementor-gallery-item__title\">\n\t\t\t\t\t\t\t\t\t\t\t\t\t\t\t\t\t\tJP24. Collar. Oro amarillo, rub\u00edes, espinela y circonita.\t\t\t\t\t\t\t\t<\/div>\n\t\t\t\t\t\t\t\t\t\t\t\t<\/div>\n\t\t\t\t\t\t\t\t\t<\/a>\n\t\t\t\t\t\t\t<a class=\"e-gallery-item elementor-gallery-item elementor-animated-content\" href=\"https:\/\/www.ferrangarreta.com\/wp-content\/uploads\/2023\/03\/ferrangarreta.com_JP22.g-1.jpg\" data-elementor-open-lightbox=\"yes\" data-elementor-lightbox-slideshow=\"2758d1e\" data-elementor-lightbox-title=\"JP25. Colgante de oro amarillo.\" data-e-action-hash=\"#elementor-action%3Aaction%3Dlightbox%26settings%3DeyJpZCI6MTAxNTIsInVybCI6Imh0dHBzOlwvXC93d3cuZmVycmFuZ2FycmV0YS5jb21cL3dwLWNvbnRlbnRcL3VwbG9hZHNcLzIwMjNcLzAzXC9mZXJyYW5nYXJyZXRhLmNvbV9KUDIyLmctMS5qcGciLCJzbGlkZXNob3ciOiIyNzU4ZDFlIn0%3D\">\n\t\t\t\t\t<div class=\"e-gallery-image elementor-gallery-item__image\" data-thumbnail=\"https:\/\/www.ferrangarreta.com\/wp-content\/uploads\/2023\/03\/ferrangarreta.com_JP22.g-1.jpg\" data-width=\"400\" data-height=\"400\" aria-label=\"JP25. Colgante de oro amarillo.\" role=\"img\" ><\/div>\n\t\t\t\t\t\t\t\t\t\t\t<div class=\"elementor-gallery-item__overlay\"><\/div>\n\t\t\t\t\t\t\t\t\t\t\t\t\t\t\t<div class=\"elementor-gallery-item__content\">\n\t\t\t\t\t\t\t\t\t\t\t\t\t\t<div class=\"elementor-gallery-item__title\">\n\t\t\t\t\t\t\t\t\t\t\t\t\t\t\t\t\t\tJP25. Colgante de oro amarillo.\t\t\t\t\t\t\t\t<\/div>\n\t\t\t\t\t\t\t\t\t\t\t\t<\/div>\n\t\t\t\t\t\t\t\t\t<\/a>\n\t\t\t\t\t\t\t<a class=\"e-gallery-item elementor-gallery-item elementor-animated-content\" href=\"https:\/\/www.ferrangarreta.com\/wp-content\/uploads\/2023\/03\/ferrangarreta.com_JP23.g-1.jpg\" data-elementor-open-lightbox=\"yes\" data-elementor-lightbox-slideshow=\"2758d1e\" data-elementor-lightbox-title=\"JP26. Colgante y pendientes de oro amarillo y amatistas.\" data-e-action-hash=\"#elementor-action%3Aaction%3Dlightbox%26settings%3DeyJpZCI6MTAxNTUsInVybCI6Imh0dHBzOlwvXC93d3cuZmVycmFuZ2FycmV0YS5jb21cL3dwLWNvbnRlbnRcL3VwbG9hZHNcLzIwMjNcLzAzXC9mZXJyYW5nYXJyZXRhLmNvbV9KUDIzLmctMS5qcGciLCJzbGlkZXNob3ciOiIyNzU4ZDFlIn0%3D\">\n\t\t\t\t\t<div class=\"e-gallery-image elementor-gallery-item__image\" data-thumbnail=\"https:\/\/www.ferrangarreta.com\/wp-content\/uploads\/2023\/03\/ferrangarreta.com_JP23.g-1.jpg\" data-width=\"280\" data-height=\"400\" aria-label=\"JP26. Colgante y pendientes de oro amarillo y amatistas.\" role=\"img\" ><\/div>\n\t\t\t\t\t\t\t\t\t\t\t<div class=\"elementor-gallery-item__overlay\"><\/div>\n\t\t\t\t\t\t\t\t\t\t\t\t\t\t\t<div class=\"elementor-gallery-item__content\">\n\t\t\t\t\t\t\t\t\t\t\t\t\t\t<div class=\"elementor-gallery-item__title\">\n\t\t\t\t\t\t\t\t\t\t\t\t\t\t\t\t\t\tJP26. Colgante y pendientes de oro amarillo y amatistas.\t\t\t\t\t\t\t\t<\/div>\n\t\t\t\t\t\t\t\t\t\t\t\t<\/div>\n\t\t\t\t\t\t\t\t\t<\/a>\n\t\t\t\t\t\t\t<a class=\"e-gallery-item elementor-gallery-item elementor-animated-content\" href=\"https:\/\/www.ferrangarreta.com\/wp-content\/uploads\/2023\/03\/ferrangarreta.com_JP24.g-1.jpg\" data-elementor-open-lightbox=\"yes\" data-elementor-lightbox-slideshow=\"2758d1e\" data-elementor-lightbox-title=\"JP27. Colgantes de plata y cristal de roca.\" data-e-action-hash=\"#elementor-action%3Aaction%3Dlightbox%26settings%3DeyJpZCI6MTAxNTgsInVybCI6Imh0dHBzOlwvXC93d3cuZmVycmFuZ2FycmV0YS5jb21cL3dwLWNvbnRlbnRcL3VwbG9hZHNcLzIwMjNcLzAzXC9mZXJyYW5nYXJyZXRhLmNvbV9KUDI0LmctMS5qcGciLCJzbGlkZXNob3ciOiIyNzU4ZDFlIn0%3D\">\n\t\t\t\t\t<div class=\"e-gallery-image elementor-gallery-item__image\" data-thumbnail=\"https:\/\/www.ferrangarreta.com\/wp-content\/uploads\/2023\/03\/ferrangarreta.com_JP24.g-1.jpg\" data-width=\"400\" data-height=\"280\" aria-label=\"JP27. Colgantes de plata y cristal de roca.\" role=\"img\" ><\/div>\n\t\t\t\t\t\t\t\t\t\t\t<div class=\"elementor-gallery-item__overlay\"><\/div>\n\t\t\t\t\t\t\t\t\t\t\t\t\t\t\t<div class=\"elementor-gallery-item__content\">\n\t\t\t\t\t\t\t\t\t\t\t\t\t\t<div class=\"elementor-gallery-item__title\">\n\t\t\t\t\t\t\t\t\t\t\t\t\t\t\t\t\t\tJP27. Colgantes de plata y cristal de roca.\t\t\t\t\t\t\t\t<\/div>\n\t\t\t\t\t\t\t\t\t\t\t\t<\/div>\n\t\t\t\t\t\t\t\t\t<\/a>\n\t\t\t\t\t\t\t<a class=\"e-gallery-item elementor-gallery-item elementor-animated-content\" href=\"https:\/\/www.ferrangarreta.com\/wp-content\/uploads\/2023\/11\/JP28.-Collaret-de-cuir-plata-i-onix-scaled.jpg\" data-elementor-open-lightbox=\"yes\" data-elementor-lightbox-slideshow=\"2758d1e\" data-elementor-lightbox-title=\"JP28. Collar de cuero, plata y \u00f3nice.\" data-e-action-hash=\"#elementor-action%3Aaction%3Dlightbox%26settings%3DeyJpZCI6MTYxMTIsInVybCI6Imh0dHBzOlwvXC93d3cuZmVycmFuZ2FycmV0YS5jb21cL3dwLWNvbnRlbnRcL3VwbG9hZHNcLzIwMjNcLzExXC9KUDI4Li1Db2xsYXJldC1kZS1jdWlyLXBsYXRhLWktb25peC1zY2FsZWQuanBnIiwic2xpZGVzaG93IjoiMjc1OGQxZSJ9\">\n\t\t\t\t\t<div class=\"e-gallery-image elementor-gallery-item__image\" data-thumbnail=\"https:\/\/www.ferrangarreta.com\/wp-content\/uploads\/2023\/11\/JP28.-Collaret-de-cuir-plata-i-onix-scaled.jpg\" data-width=\"2560\" data-height=\"1536\" aria-label=\"JP28. Collar de cuero, plata y \u00f3nice.\" role=\"img\" ><\/div>\n\t\t\t\t\t\t\t\t\t\t\t<div class=\"elementor-gallery-item__overlay\"><\/div>\n\t\t\t\t\t\t\t\t\t\t\t\t\t\t\t<div class=\"elementor-gallery-item__content\">\n\t\t\t\t\t\t\t\t\t\t\t\t\t\t<div class=\"elementor-gallery-item__title\">\n\t\t\t\t\t\t\t\t\t\t\t\t\t\t\t\t\t\tJP28. Collar de cuero, plata y \u00f3nice.\t\t\t\t\t\t\t\t<\/div>\n\t\t\t\t\t\t\t\t\t\t\t\t<\/div>\n\t\t\t\t\t\t\t\t\t<\/a>\n\t\t\t\t\t\t\t<a class=\"e-gallery-item elementor-gallery-item elementor-animated-content\" href=\"https:\/\/www.ferrangarreta.com\/wp-content\/uploads\/2023\/11\/JP29.-Penjolls-dor-groc-i-perles-cultivades.jpg\" data-elementor-open-lightbox=\"yes\" data-elementor-lightbox-slideshow=\"2758d1e\" data-elementor-lightbox-title=\"JP29. Colgantes de oro amarillo y perlas cultivadas.\" data-e-action-hash=\"#elementor-action%3Aaction%3Dlightbox%26settings%3DeyJpZCI6MTYxMTYsInVybCI6Imh0dHBzOlwvXC93d3cuZmVycmFuZ2FycmV0YS5jb21cL3dwLWNvbnRlbnRcL3VwbG9hZHNcLzIwMjNcLzExXC9KUDI5Li1QZW5qb2xscy1kb3ItZ3JvYy1pLXBlcmxlcy1jdWx0aXZhZGVzLmpwZyIsInNsaWRlc2hvdyI6IjI3NThkMWUifQ%3D%3D\">\n\t\t\t\t\t<div class=\"e-gallery-image elementor-gallery-item__image\" data-thumbnail=\"https:\/\/www.ferrangarreta.com\/wp-content\/uploads\/2023\/11\/JP29.-Penjolls-dor-groc-i-perles-cultivades.jpg\" data-width=\"2453\" data-height=\"1927\" aria-label=\"JP29. Colgantes de oro amarillo y perlas cultivadas.\" role=\"img\" ><\/div>\n\t\t\t\t\t\t\t\t\t\t\t<div class=\"elementor-gallery-item__overlay\"><\/div>\n\t\t\t\t\t\t\t\t\t\t\t\t\t\t\t<div class=\"elementor-gallery-item__content\">\n\t\t\t\t\t\t\t\t\t\t\t\t\t\t<div class=\"elementor-gallery-item__title\">\n\t\t\t\t\t\t\t\t\t\t\t\t\t\t\t\t\t\tJP29. Colgantes de oro amarillo y perlas cultivadas.\t\t\t\t\t\t\t\t<\/div>\n\t\t\t\t\t\t\t\t\t\t\t\t<\/div>\n\t\t\t\t\t\t\t\t\t<\/a>\n\t\t\t\t\t\t\t<a class=\"e-gallery-item elementor-gallery-item elementor-animated-content\" href=\"https:\/\/www.ferrangarreta.com\/wp-content\/uploads\/2023\/11\/JP30.-Penjoll-dor-blanc-i-topazi-blau-scaled.jpg\" data-elementor-open-lightbox=\"yes\" data-elementor-lightbox-slideshow=\"2758d1e\" data-elementor-lightbox-title=\"JP30. Colgante de oro blanco y topacio azul.\" data-e-action-hash=\"#elementor-action%3Aaction%3Dlightbox%26settings%3DeyJpZCI6MTYxMjAsInVybCI6Imh0dHBzOlwvXC93d3cuZmVycmFuZ2FycmV0YS5jb21cL3dwLWNvbnRlbnRcL3VwbG9hZHNcLzIwMjNcLzExXC9KUDMwLi1QZW5qb2xsLWRvci1ibGFuYy1pLXRvcGF6aS1ibGF1LXNjYWxlZC5qcGciLCJzbGlkZXNob3ciOiIyNzU4ZDFlIn0%3D\">\n\t\t\t\t\t<div class=\"e-gallery-image elementor-gallery-item__image\" data-thumbnail=\"https:\/\/www.ferrangarreta.com\/wp-content\/uploads\/2023\/11\/JP30.-Penjoll-dor-blanc-i-topazi-blau-scaled.jpg\" data-width=\"2560\" data-height=\"2285\" aria-label=\"JP30. Colgante de oro blanco y topacio azul.\" role=\"img\" ><\/div>\n\t\t\t\t\t\t\t\t\t\t\t<div class=\"elementor-gallery-item__overlay\"><\/div>\n\t\t\t\t\t\t\t\t\t\t\t\t\t\t\t<div class=\"elementor-gallery-item__content\">\n\t\t\t\t\t\t\t\t\t\t\t\t\t\t<div class=\"elementor-gallery-item__title\">\n\t\t\t\t\t\t\t\t\t\t\t\t\t\t\t\t\t\tJP30. Colgante de oro blanco y topacio azul.\t\t\t\t\t\t\t\t<\/div>\n\t\t\t\t\t\t\t\t\t\t\t\t<\/div>\n\t\t\t\t\t\t\t\t\t<\/a>\n\t\t\t\t\t<\/div>\n\t\t\t\t\t<\/div>\n\t\t\t\t<\/div>\n\t\t\t\t\t<\/div>\n\t\t<\/div>\n\t\t\t\t\t<\/div>\n\t\t<\/section>\n\t\t\t\t<\/div>\n\t\t","protected":false},"excerpt":{"rendered":"<p>Joyer\u00eda Colgantes y collares Arte vivo a lo largo de los siglos, que exige una gran maestr\u00eda, combina cuidadosamente diferentes t\u00e9cnicas, entre ellas la joyer\u00eda, el grabado, el engastado y el esmalte. Nuestras creaciones, piezas \u00fanicas, son el resultado de una idea, en la que el deseo del cliente es nuestra prioridad. JP1. Penjoll d\u2019or [&hellip;]<\/p>\n","protected":false},"author":4,"featured_media":0,"parent":0,"menu_order":0,"comment_status":"closed","ping_status":"closed","template":"","meta":{"footnotes":""},"class_list":["post-14884","page","type-page","status-publish","hentry"],"yoast_head":"<!-- This site is optimized with the Yoast SEO plugin v27.5 - https:\/\/yoast.com\/product\/yoast-seo-wordpress\/ -->\n<title>Colgantes y collares - Ferran Garreta<\/title>\n<meta name=\"robots\" content=\"index, follow, max-snippet:-1, max-image-preview:large, max-video-preview:-1\" \/>\n<link rel=\"canonical\" href=\"https:\/\/www.ferrangarreta.com\/es\/colgantes-y-collares\/\" \/>\n<meta property=\"og:locale\" content=\"es_ES\" \/>\n<meta property=\"og:type\" content=\"article\" \/>\n<meta property=\"og:title\" content=\"Colgantes y collares - Ferran Garreta\" \/>\n<meta property=\"og:description\" content=\"Joyer\u00eda Colgantes y collares Arte vivo a lo largo de los siglos, que exige una gran maestr\u00eda, combina cuidadosamente diferentes t\u00e9cnicas, entre ellas la joyer\u00eda, el grabado, el engastado y el esmalte. Nuestras creaciones, piezas \u00fanicas, son el resultado de una idea, en la que el deseo del cliente es nuestra prioridad. JP1. Penjoll d\u2019or [&hellip;]\" \/>\n<meta property=\"og:url\" content=\"https:\/\/www.ferrangarreta.com\/es\/colgantes-y-collares\/\" \/>\n<meta property=\"og:site_name\" content=\"Ferran Garreta\" \/>\n<meta property=\"article:modified_time\" content=\"2023-11-20T16:28:08+00:00\" \/>\n<meta name=\"twitter:card\" content=\"summary_large_image\" \/>\n<meta name=\"twitter:label1\" content=\"Tiempo de lectura\" \/>\n\t<meta name=\"twitter:data1\" content=\"2 minutos\" \/>\n<script type=\"application\/ld+json\" class=\"yoast-schema-graph\">{\"@context\":\"https:\\\/\\\/schema.org\",\"@graph\":[{\"@type\":\"WebPage\",\"@id\":\"https:\\\/\\\/www.ferrangarreta.com\\\/es\\\/colgantes-y-collares\\\/\",\"url\":\"https:\\\/\\\/www.ferrangarreta.com\\\/es\\\/colgantes-y-collares\\\/\",\"name\":\"Colgantes y collares - Ferran Garreta\",\"isPartOf\":{\"@id\":\"https:\\\/\\\/www.ferrangarreta.com\\\/es\\\/#website\"},\"datePublished\":\"2023-03-03T08:49:41+00:00\",\"dateModified\":\"2023-11-20T16:28:08+00:00\",\"breadcrumb\":{\"@id\":\"https:\\\/\\\/www.ferrangarreta.com\\\/es\\\/colgantes-y-collares\\\/#breadcrumb\"},\"inLanguage\":\"es\",\"potentialAction\":[{\"@type\":\"ReadAction\",\"target\":[\"https:\\\/\\\/www.ferrangarreta.com\\\/es\\\/colgantes-y-collares\\\/\"]}]},{\"@type\":\"BreadcrumbList\",\"@id\":\"https:\\\/\\\/www.ferrangarreta.com\\\/es\\\/colgantes-y-collares\\\/#breadcrumb\",\"itemListElement\":[{\"@type\":\"ListItem\",\"position\":1,\"name\":\"Inici\",\"item\":\"https:\\\/\\\/www.ferrangarreta.com\\\/es\\\/inicio\\\/\"},{\"@type\":\"ListItem\",\"position\":2,\"name\":\"Colgantes y collares\"}]},{\"@type\":\"WebSite\",\"@id\":\"https:\\\/\\\/www.ferrangarreta.com\\\/es\\\/#website\",\"url\":\"https:\\\/\\\/www.ferrangarreta.com\\\/es\\\/\",\"name\":\"Ferran Garreta\",\"description\":\"Empresa familiar ubicada a la ciutat de Vic (Barcelona), dedicada al treball de l\u2019aram, el llaut\u00f3, la plata i l\u2019or, de forma art\u00edstica i manual.Ferran Garreta \u00e9s una empresa familiar ubicada a la ciutat de Vic (Barcelona), dedicada al treball de l\u2019aram, el llaut\u00f3, la plata i l\u2019or, de forma art\u00edstica i manual.\",\"publisher\":{\"@id\":\"https:\\\/\\\/www.ferrangarreta.com\\\/es\\\/#organization\"},\"potentialAction\":[{\"@type\":\"SearchAction\",\"target\":{\"@type\":\"EntryPoint\",\"urlTemplate\":\"https:\\\/\\\/www.ferrangarreta.com\\\/es\\\/?s={search_term_string}\"},\"query-input\":{\"@type\":\"PropertyValueSpecification\",\"valueRequired\":true,\"valueName\":\"search_term_string\"}}],\"inLanguage\":\"es\"},{\"@type\":\"Organization\",\"@id\":\"https:\\\/\\\/www.ferrangarreta.com\\\/es\\\/#organization\",\"name\":\"Ferran Garreta\",\"url\":\"https:\\\/\\\/www.ferrangarreta.com\\\/es\\\/\",\"logo\":{\"@type\":\"ImageObject\",\"inLanguage\":\"es\",\"@id\":\"https:\\\/\\\/www.ferrangarreta.com\\\/es\\\/#\\\/schema\\\/logo\\\/image\\\/\",\"url\":\"https:\\\/\\\/www.ferrangarreta.com\\\/wp-content\\\/uploads\\\/2023\\\/02\\\/ferran-garreta-logo-w.png\",\"contentUrl\":\"https:\\\/\\\/www.ferrangarreta.com\\\/wp-content\\\/uploads\\\/2023\\\/02\\\/ferran-garreta-logo-w.png\",\"width\":1003,\"height\":184,\"caption\":\"Ferran Garreta\"},\"image\":{\"@id\":\"https:\\\/\\\/www.ferrangarreta.com\\\/es\\\/#\\\/schema\\\/logo\\\/image\\\/\"}}]}<\/script>\n<!-- \/ Yoast SEO plugin. -->","yoast_head_json":{"title":"Colgantes y collares - Ferran Garreta","robots":{"index":"index","follow":"follow","max-snippet":"max-snippet:-1","max-image-preview":"max-image-preview:large","max-video-preview":"max-video-preview:-1"},"canonical":"https:\/\/www.ferrangarreta.com\/es\/colgantes-y-collares\/","og_locale":"es_ES","og_type":"article","og_title":"Colgantes y collares - Ferran Garreta","og_description":"Joyer\u00eda Colgantes y collares Arte vivo a lo largo de los siglos, que exige una gran maestr\u00eda, combina cuidadosamente diferentes t\u00e9cnicas, entre ellas la joyer\u00eda, el grabado, el engastado y el esmalte. Nuestras creaciones, piezas \u00fanicas, son el resultado de una idea, en la que el deseo del cliente es nuestra prioridad. JP1. Penjoll d\u2019or [&hellip;]","og_url":"https:\/\/www.ferrangarreta.com\/es\/colgantes-y-collares\/","og_site_name":"Ferran Garreta","article_modified_time":"2023-11-20T16:28:08+00:00","twitter_card":"summary_large_image","twitter_misc":{"Tiempo de lectura":"2 minutos"},"schema":{"@context":"https:\/\/schema.org","@graph":[{"@type":"WebPage","@id":"https:\/\/www.ferrangarreta.com\/es\/colgantes-y-collares\/","url":"https:\/\/www.ferrangarreta.com\/es\/colgantes-y-collares\/","name":"Colgantes y collares - Ferran Garreta","isPartOf":{"@id":"https:\/\/www.ferrangarreta.com\/es\/#website"},"datePublished":"2023-03-03T08:49:41+00:00","dateModified":"2023-11-20T16:28:08+00:00","breadcrumb":{"@id":"https:\/\/www.ferrangarreta.com\/es\/colgantes-y-collares\/#breadcrumb"},"inLanguage":"es","potentialAction":[{"@type":"ReadAction","target":["https:\/\/www.ferrangarreta.com\/es\/colgantes-y-collares\/"]}]},{"@type":"BreadcrumbList","@id":"https:\/\/www.ferrangarreta.com\/es\/colgantes-y-collares\/#breadcrumb","itemListElement":[{"@type":"ListItem","position":1,"name":"Inici","item":"https:\/\/www.ferrangarreta.com\/es\/inicio\/"},{"@type":"ListItem","position":2,"name":"Colgantes y collares"}]},{"@type":"WebSite","@id":"https:\/\/www.ferrangarreta.com\/es\/#website","url":"https:\/\/www.ferrangarreta.com\/es\/","name":"Ferran Garreta","description":"Empresa familiar ubicada a la ciutat de Vic (Barcelona), dedicada al treball de l\u2019aram, el llaut\u00f3, la plata i l\u2019or, de forma art\u00edstica i manual.Ferran Garreta \u00e9s una empresa familiar ubicada a la ciutat de Vic (Barcelona), dedicada al treball de l\u2019aram, el llaut\u00f3, la plata i l\u2019or, de forma art\u00edstica i manual.","publisher":{"@id":"https:\/\/www.ferrangarreta.com\/es\/#organization"},"potentialAction":[{"@type":"SearchAction","target":{"@type":"EntryPoint","urlTemplate":"https:\/\/www.ferrangarreta.com\/es\/?s={search_term_string}"},"query-input":{"@type":"PropertyValueSpecification","valueRequired":true,"valueName":"search_term_string"}}],"inLanguage":"es"},{"@type":"Organization","@id":"https:\/\/www.ferrangarreta.com\/es\/#organization","name":"Ferran Garreta","url":"https:\/\/www.ferrangarreta.com\/es\/","logo":{"@type":"ImageObject","inLanguage":"es","@id":"https:\/\/www.ferrangarreta.com\/es\/#\/schema\/logo\/image\/","url":"https:\/\/www.ferrangarreta.com\/wp-content\/uploads\/2023\/02\/ferran-garreta-logo-w.png","contentUrl":"https:\/\/www.ferrangarreta.com\/wp-content\/uploads\/2023\/02\/ferran-garreta-logo-w.png","width":1003,"height":184,"caption":"Ferran Garreta"},"image":{"@id":"https:\/\/www.ferrangarreta.com\/es\/#\/schema\/logo\/image\/"}}]}},"_links":{"self":[{"href":"https:\/\/www.ferrangarreta.com\/es\/wp-json\/wp\/v2\/pages\/14884","targetHints":{"allow":["GET"]}}],"collection":[{"href":"https:\/\/www.ferrangarreta.com\/es\/wp-json\/wp\/v2\/pages"}],"about":[{"href":"https:\/\/www.ferrangarreta.com\/es\/wp-json\/wp\/v2\/types\/page"}],"author":[{"embeddable":true,"href":"https:\/\/www.ferrangarreta.com\/es\/wp-json\/wp\/v2\/users\/4"}],"replies":[{"embeddable":true,"href":"https:\/\/www.ferrangarreta.com\/es\/wp-json\/wp\/v2\/comments?post=14884"}],"version-history":[{"count":7,"href":"https:\/\/www.ferrangarreta.com\/es\/wp-json\/wp\/v2\/pages\/14884\/revisions"}],"predecessor-version":[{"id":16320,"href":"https:\/\/www.ferrangarreta.com\/es\/wp-json\/wp\/v2\/pages\/14884\/revisions\/16320"}],"wp:attachment":[{"href":"https:\/\/www.ferrangarreta.com\/es\/wp-json\/wp\/v2\/media?parent=14884"}],"curies":[{"name":"wp","href":"https:\/\/api.w.org\/{rel}","templated":true}]}}